{"id":1193,"date":"2024-02-19T10:35:17","date_gmt":"2024-02-19T09:35:17","guid":{"rendered":"https:\/\/lemelville.fr\/?post_type=tribe_events&#038;p=1193"},"modified":"2024-06-11T11:49:31","modified_gmt":"2024-06-11T09:49:31","slug":"fete-de-la-musique-le-21-juin-de-la-salsa","status":"publish","type":"tribe_events","link":"https:\/\/lemelville.fr\/accueil\/evenements\/fete-de-la-musique-le-21-juin-de-la-salsa\/","title":{"rendered":"F\u00eate de la musique, le 21 juin de la Salsa avec MONTUNO DOS TRES"},"content":{"rendered":"<p>On c\u00e9l\u00e8bre tout en Salsa ce 21 juin, f\u00eate de la Musique, au Melville.<\/p>\n<p>Avec MONTUNO DOS TRES :<\/p>\n<p>Samy Babiker : percussions<br \/>\nAdrien Duterte : chant et fl\u00fbte<br \/>\nArlet Feuillard : piano<br \/>\nJonathan Meyer : basse<br \/>\nLaur\u00e8ne Le Barazer : chant et maracas<\/p>\n<p>&nbsp;<\/p>\n","protected":false},"excerpt":{"rendered":"<p>On c\u00e9l\u00e8bre tout en Salsa ce 21 juin, f\u00eate de la Musique, au Melville. Avec MONTUNO DOS TRES : Samy Babiker : percussions Adrien Duterte : chant et fl\u00fbte Arlet&hellip; <a class=\"more-link\" href=\"https:\/\/lemelville.fr\/accueil\/evenements\/fete-de-la-musique-le-21-juin-de-la-salsa\/\">Poursuivre la lecture <span class=\"screen-reader-text\">F\u00eate de la musique, le 21 juin de la Salsa avec MONTUNO DOS TRES<\/span><\/a><\/p>\n","protected":false},"author":1,"featured_media":1721,"template":"","meta":{"_tribe_events_status":"","_tribe_events_status_reason":"","_tribe_events_is_hybrid":"","_tribe_events_is_virtual":"","_tribe_events_virtual_video_source":"","_tribe_events_virtual_embed_video":"","_tribe_events_virtual_linked_button_text":"","_tribe_events_virtual_linked_button":"","_tribe_events_virtual_show_embed_at":"","_tribe_events_virtual_show_embed_to":[],"_tribe_events_virtual_show_on_event":"","_tribe_events_virtual_show_on_views":"","_tribe_events_virtual_url":"","footnotes":""},"tags":[],"tribe_events_cat":[],"class_list":["post-1193","tribe_events","type-tribe_events","status-publish","has-post-thumbnail","hentry","entry"],"yoast_head":"<!-- This site is optimized with the Yoast SEO Premium plugin v24.3 (Yoast SEO v27.1.1) - https:\/\/yoast.com\/product\/yoast-seo-premium-wordpress\/ -->\n<title>F\u00eate de la musique, le 21 juin de la Salsa avec MONTUNO DOS TRES - Le Melville<\/title>\n<meta name=\"robots\" content=\"index, follow, max-snippet:-1, max-image-preview:large, max-video-preview:-1\" \/>\n<link rel=\"canonical\" href=\"https:\/\/lemelville.fr\/accueil\/evenements\/fete-de-la-musique-le-21-juin-de-la-salsa\/\" \/>\n<meta property=\"og:locale\" content=\"fr_FR\" \/>\n<meta property=\"og:type\" content=\"article\" \/>\n<meta property=\"og:title\" content=\"F\u00eate de la musique, le 21 juin de la Salsa avec MONTUNO DOS TRES\" \/>\n<meta property=\"og:description\" content=\"On c\u00e9l\u00e8bre tout en Salsa ce 21 juin, f\u00eate de la Musique, au Melville. Avec MONTUNO DOS TRES : Samy Babiker : percussions Adrien Duterte : chant et fl\u00fbte Arlet&hellip; Poursuivre la lecture F\u00eate de la musique, le 21 juin de la Salsa avec MONTUNO DOS TRES\" \/>\n<meta property=\"og:url\" content=\"https:\/\/lemelville.fr\/accueil\/evenements\/fete-de-la-musique-le-21-juin-de-la-salsa\/\" \/>\n<meta property=\"og:site_name\" content=\"Le Melville\" \/>\n<meta property=\"article:publisher\" content=\"https:\/\/www.facebook.com\/people\/Le-Melville\/100085390055277\/\" \/>\n<meta property=\"article:modified_time\" content=\"2024-06-11T09:49:31+00:00\" \/>\n<meta property=\"og:image\" content=\"http:\/\/lemelville.fr\/wp-content\/uploads\/2024\/02\/Fete-musique-Salsa-Super-Son-Heroes.png\" \/>\n\t<meta property=\"og:image:width\" content=\"1529\" \/>\n\t<meta property=\"og:image:height\" content=\"1081\" \/>\n\t<meta property=\"og:image:type\" content=\"image\/png\" \/>\n<meta name=\"twitter:card\" content=\"summary_large_image\" \/>\n<script type=\"application\/ld+json\" class=\"yoast-schema-graph\">{\"@context\":\"https:\/\/schema.org\",\"@graph\":[{\"@type\":\"WebPage\",\"@id\":\"https:\/\/lemelville.fr\/accueil\/evenements\/fete-de-la-musique-le-21-juin-de-la-salsa\/\",\"url\":\"https:\/\/lemelville.fr\/accueil\/evenements\/fete-de-la-musique-le-21-juin-de-la-salsa\/\",\"name\":\"F\u00eate de la musique, le 21 juin de la Salsa avec MONTUNO DOS TRES - Le Melville\",\"isPartOf\":{\"@id\":\"https:\/\/lemelville.fr\/accueil\/#website\"},\"primaryImageOfPage\":{\"@id\":\"https:\/\/lemelville.fr\/accueil\/evenements\/fete-de-la-musique-le-21-juin-de-la-salsa\/#primaryimage\"},\"image\":{\"@id\":\"https:\/\/lemelville.fr\/accueil\/evenements\/fete-de-la-musique-le-21-juin-de-la-salsa\/#primaryimage\"},\"thumbnailUrl\":\"https:\/\/lemelville.fr\/wp-content\/uploads\/2024\/02\/Fete-musique-Salsa-Super-Son-Heroes.png\",\"datePublished\":\"2024-02-19T09:35:17+00:00\",\"dateModified\":\"2024-06-11T09:49:31+00:00\",\"breadcrumb\":{\"@id\":\"https:\/\/lemelville.fr\/accueil\/evenements\/fete-de-la-musique-le-21-juin-de-la-salsa\/#breadcrumb\"},\"inLanguage\":\"fr-FR\",\"potentialAction\":[{\"@type\":\"ReadAction\",\"target\":[\"https:\/\/lemelville.fr\/accueil\/evenements\/fete-de-la-musique-le-21-juin-de-la-salsa\/\"]}]},{\"@type\":\"ImageObject\",\"inLanguage\":\"fr-FR\",\"@id\":\"https:\/\/lemelville.fr\/accueil\/evenements\/fete-de-la-musique-le-21-juin-de-la-salsa\/#primaryimage\",\"url\":\"https:\/\/lemelville.fr\/wp-content\/uploads\/2024\/02\/Fete-musique-Salsa-Super-Son-Heroes.png\",\"contentUrl\":\"https:\/\/lemelville.fr\/wp-content\/uploads\/2024\/02\/Fete-musique-Salsa-Super-Son-Heroes.png\",\"width\":1529,\"height\":1081},{\"@type\":\"BreadcrumbList\",\"@id\":\"https:\/\/lemelville.fr\/accueil\/evenements\/fete-de-la-musique-le-21-juin-de-la-salsa\/#breadcrumb\",\"itemListElement\":[{\"@type\":\"ListItem\",\"position\":1,\"name\":\"Accueil\",\"item\":\"https:\/\/lemelville.fr\/accueil\/\"},{\"@type\":\"ListItem\",\"position\":2,\"name\":\"\u00c9v\u00e8nements\",\"item\":\"https:\/\/lemelville.fr\/accueil\/evenements\/\"},{\"@type\":\"ListItem\",\"position\":3,\"name\":\"F\u00eate de la musique, le 21 juin de la Salsa avec MONTUNO DOS TRES\"}]},{\"@type\":\"WebSite\",\"@id\":\"https:\/\/lemelville.fr\/accueil\/#website\",\"url\":\"https:\/\/lemelville.fr\/accueil\/\",\"name\":\"Le Melville\",\"description\":\"Le Melville c\u2019est l\u2019\u00e9clectisme dans les verres, les assiettes et dans les oreilles. Du Jazz, de la world Music, souvent en live, une carte \u00e9l\u00e9gante de mets \u00e0 picorer et des cocktails sur mesure, le tout dans un \u00e9crin de bois et de velours.\",\"publisher\":{\"@id\":\"https:\/\/lemelville.fr\/accueil\/#organization\"},\"potentialAction\":[{\"@type\":\"SearchAction\",\"target\":{\"@type\":\"EntryPoint\",\"urlTemplate\":\"https:\/\/lemelville.fr\/accueil\/?s={search_term_string}\"},\"query-input\":{\"@type\":\"PropertyValueSpecification\",\"valueRequired\":true,\"valueName\":\"search_term_string\"}}],\"inLanguage\":\"fr-FR\"},{\"@type\":\"Organization\",\"@id\":\"https:\/\/lemelville.fr\/accueil\/#organization\",\"name\":\"Le Melville\",\"url\":\"https:\/\/lemelville.fr\/accueil\/\",\"logo\":{\"@type\":\"ImageObject\",\"inLanguage\":\"fr-FR\",\"@id\":\"https:\/\/lemelville.fr\/accueil\/#\/schema\/logo\/image\/\",\"url\":\"https:\/\/lemelville.fr\/wp-content\/uploads\/2023\/09\/Logo-transparent-1-e1720022580951.png\",\"contentUrl\":\"https:\/\/lemelville.fr\/wp-content\/uploads\/2023\/09\/Logo-transparent-1-e1720022580951.png\",\"width\":2000,\"height\":656,\"caption\":\"Le Melville\"},\"image\":{\"@id\":\"https:\/\/lemelville.fr\/accueil\/#\/schema\/logo\/image\/\"},\"sameAs\":[\"https:\/\/www.facebook.com\/people\/Le-Melville\/100085390055277\/\",\"https:\/\/www.instagram.com\/lemelville_paris\/\"]}]}<\/script>\n<!-- \/ Yoast SEO Premium plugin. -->","yoast_head_json":{"title":"F\u00eate de la musique, le 21 juin de la Salsa avec MONTUNO DOS TRES - Le Melville","robots":{"index":"index","follow":"follow","max-snippet":"max-snippet:-1","max-image-preview":"max-image-preview:large","max-video-preview":"max-video-preview:-1"},"canonical":"https:\/\/lemelville.fr\/accueil\/evenements\/fete-de-la-musique-le-21-juin-de-la-salsa\/","og_locale":"fr_FR","og_type":"article","og_title":"F\u00eate de la musique, le 21 juin de la Salsa avec MONTUNO DOS TRES","og_description":"On c\u00e9l\u00e8bre tout en Salsa ce 21 juin, f\u00eate de la Musique, au Melville. Avec MONTUNO DOS TRES : Samy Babiker : percussions Adrien Duterte : chant et fl\u00fbte Arlet&hellip; Poursuivre la lecture F\u00eate de la musique, le 21 juin de la Salsa avec MONTUNO DOS TRES","og_url":"https:\/\/lemelville.fr\/accueil\/evenements\/fete-de-la-musique-le-21-juin-de-la-salsa\/","og_site_name":"Le Melville","article_publisher":"https:\/\/www.facebook.com\/people\/Le-Melville\/100085390055277\/","article_modified_time":"2024-06-11T09:49:31+00:00","og_image":[{"width":1529,"height":1081,"url":"http:\/\/lemelville.fr\/wp-content\/uploads\/2024\/02\/Fete-musique-Salsa-Super-Son-Heroes.png","type":"image\/png"}],"twitter_card":"summary_large_image","schema":{"@context":"https:\/\/schema.org","@graph":[{"@type":"WebPage","@id":"https:\/\/lemelville.fr\/accueil\/evenements\/fete-de-la-musique-le-21-juin-de-la-salsa\/","url":"https:\/\/lemelville.fr\/accueil\/evenements\/fete-de-la-musique-le-21-juin-de-la-salsa\/","name":"F\u00eate de la musique, le 21 juin de la Salsa avec MONTUNO DOS TRES - Le Melville","isPartOf":{"@id":"https:\/\/lemelville.fr\/accueil\/#website"},"primaryImageOfPage":{"@id":"https:\/\/lemelville.fr\/accueil\/evenements\/fete-de-la-musique-le-21-juin-de-la-salsa\/#primaryimage"},"image":{"@id":"https:\/\/lemelville.fr\/accueil\/evenements\/fete-de-la-musique-le-21-juin-de-la-salsa\/#primaryimage"},"thumbnailUrl":"https:\/\/lemelville.fr\/wp-content\/uploads\/2024\/02\/Fete-musique-Salsa-Super-Son-Heroes.png","datePublished":"2024-02-19T09:35:17+00:00","dateModified":"2024-06-11T09:49:31+00:00","breadcrumb":{"@id":"https:\/\/lemelville.fr\/accueil\/evenements\/fete-de-la-musique-le-21-juin-de-la-salsa\/#breadcrumb"},"inLanguage":"fr-FR","potentialAction":[{"@type":"ReadAction","target":["https:\/\/lemelville.fr\/accueil\/evenements\/fete-de-la-musique-le-21-juin-de-la-salsa\/"]}]},{"@type":"ImageObject","inLanguage":"fr-FR","@id":"https:\/\/lemelville.fr\/accueil\/evenements\/fete-de-la-musique-le-21-juin-de-la-salsa\/#primaryimage","url":"https:\/\/lemelville.fr\/wp-content\/uploads\/2024\/02\/Fete-musique-Salsa-Super-Son-Heroes.png","contentUrl":"https:\/\/lemelville.fr\/wp-content\/uploads\/2024\/02\/Fete-musique-Salsa-Super-Son-Heroes.png","width":1529,"height":1081},{"@type":"BreadcrumbList","@id":"https:\/\/lemelville.fr\/accueil\/evenements\/fete-de-la-musique-le-21-juin-de-la-salsa\/#breadcrumb","itemListElement":[{"@type":"ListItem","position":1,"name":"Accueil","item":"https:\/\/lemelville.fr\/accueil\/"},{"@type":"ListItem","position":2,"name":"\u00c9v\u00e8nements","item":"https:\/\/lemelville.fr\/accueil\/evenements\/"},{"@type":"ListItem","position":3,"name":"F\u00eate de la musique, le 21 juin de la Salsa avec MONTUNO DOS TRES"}]},{"@type":"WebSite","@id":"https:\/\/lemelville.fr\/accueil\/#website","url":"https:\/\/lemelville.fr\/accueil\/","name":"Le Melville","description":"Le Melville c\u2019est l\u2019\u00e9clectisme dans les verres, les assiettes et dans les oreilles. Du Jazz, de la world Music, souvent en live, une carte \u00e9l\u00e9gante de mets \u00e0 picorer et des cocktails sur mesure, le tout dans un \u00e9crin de bois et de velours.","publisher":{"@id":"https:\/\/lemelville.fr\/accueil\/#organization"},"potentialAction":[{"@type":"SearchAction","target":{"@type":"EntryPoint","urlTemplate":"https:\/\/lemelville.fr\/accueil\/?s={search_term_string}"},"query-input":{"@type":"PropertyValueSpecification","valueRequired":true,"valueName":"search_term_string"}}],"inLanguage":"fr-FR"},{"@type":"Organization","@id":"https:\/\/lemelville.fr\/accueil\/#organization","name":"Le Melville","url":"https:\/\/lemelville.fr\/accueil\/","logo":{"@type":"ImageObject","inLanguage":"fr-FR","@id":"https:\/\/lemelville.fr\/accueil\/#\/schema\/logo\/image\/","url":"https:\/\/lemelville.fr\/wp-content\/uploads\/2023\/09\/Logo-transparent-1-e1720022580951.png","contentUrl":"https:\/\/lemelville.fr\/wp-content\/uploads\/2023\/09\/Logo-transparent-1-e1720022580951.png","width":2000,"height":656,"caption":"Le Melville"},"image":{"@id":"https:\/\/lemelville.fr\/accueil\/#\/schema\/logo\/image\/"},"sameAs":["https:\/\/www.facebook.com\/people\/Le-Melville\/100085390055277\/","https:\/\/www.instagram.com\/lemelville_paris\/"]}]}},"_links":{"self":[{"href":"https:\/\/lemelville.fr\/accueil\/wp-json\/wp\/v2\/tribe_events\/1193","targetHints":{"allow":["GET"]}}],"collection":[{"href":"https:\/\/lemelville.fr\/accueil\/wp-json\/wp\/v2\/tribe_events"}],"about":[{"href":"https:\/\/lemelville.fr\/accueil\/wp-json\/wp\/v2\/types\/tribe_events"}],"author":[{"embeddable":true,"href":"https:\/\/lemelville.fr\/accueil\/wp-json\/wp\/v2\/users\/1"}],"version-history":[{"count":5,"href":"https:\/\/lemelville.fr\/accueil\/wp-json\/wp\/v2\/tribe_events\/1193\/revisions"}],"predecessor-version":[{"id":1722,"href":"https:\/\/lemelville.fr\/accueil\/wp-json\/wp\/v2\/tribe_events\/1193\/revisions\/1722"}],"wp:featuredmedia":[{"embeddable":true,"href":"https:\/\/lemelville.fr\/accueil\/wp-json\/wp\/v2\/media\/1721"}],"wp:attachment":[{"href":"https:\/\/lemelville.fr\/accueil\/wp-json\/wp\/v2\/media?parent=1193"}],"wp:term":[{"taxonomy":"post_tag","embeddable":true,"href":"https:\/\/lemelville.fr\/accueil\/wp-json\/wp\/v2\/tags?post=1193"},{"taxonomy":"tribe_events_cat","embeddable":true,"href":"https:\/\/lemelville.fr\/accueil\/wp-json\/wp\/v2\/tribe_events_cat?post=1193"}],"curies":[{"name":"wp","href":"https:\/\/api.w.org\/{rel}","templated":true}]}}