{"id":1276,"date":"2024-03-25T21:29:37","date_gmt":"2024-03-25T20:29:37","guid":{"rendered":"https:\/\/lemelville.fr\/?post_type=tribe_events&#038;p=1276"},"modified":"2024-03-25T21:29:37","modified_gmt":"2024-03-25T20:29:37","slug":"donato-isnard-labaye-bresil-et-cap-vert","status":"publish","type":"tribe_events","link":"https:\/\/lemelville.fr\/accueil\/evenements\/donato-isnard-labaye-bresil-et-cap-vert\/","title":{"rendered":"Donato Isnard Labaye &#8211; Br\u00e9sil et Cap Vert"},"content":{"rendered":"<p><span class=\"TextRun SCXW149331302 BCX0\" lang=\"FR-FR\" xml:lang=\"FR-FR\" data-contrast=\"auto\"><span class=\"NormalTextRun SCXW149331302 BCX0\">Musique br\u00e9silienne et cap verdienne avec ce trio formidable. <\/span><span class=\"NormalTextRun SpellingErrorV2Themed SCXW149331302 BCX0\">Matheus<\/span><span class=\"NormalTextRun SCXW149331302 BCX0\"> Donato est l&#8217;un des meilleurs <\/span><span class=\"NormalTextRun SpellingErrorV2Themed SCXW149331302 BCX0\">cavaquinhistes<\/span><span class=\"NormalTextRun SCXW149331302 BCX0\"> (il joue sur un tr\u00e8s rare cavaquinho \u00e0 six cordes).\u00a0 Timoth\u00e9e Isnard nous a habitu\u00e9 \u00e0 ses d\u00e9chirantes m\u00e9lodies cap verdiennes qu&#8217;il interpr\u00e8te \u00e0 la guitare et au chant. Ils seront accompagn\u00e9s ce soir de <\/span><span class=\"NormalTextRun SCXW149331302 BCX0\">Romain <\/span><span class=\"NormalTextRun SpellingErrorV2Themed SCXW149331302 BCX0\">Labaye<\/span><span class=\"NormalTextRun SCXW149331302 BCX0\"> \u00e0 la contrebasse.<\/span><\/span><span class=\"EOP SCXW149331302 BCX0\" data-ccp-props=\"{&quot;201341983&quot;:0,&quot;335559739&quot;:160,&quot;335559740&quot;:278}\">\u00a0<\/span><\/p>\n<p><span data-contrast=\"auto\">Matheus Donato\u202f: cavaquino<\/span><span data-ccp-props=\"{&quot;201341983&quot;:0,&quot;335559739&quot;:160,&quot;335559740&quot;:278}\">\u00a0<\/span><\/p>\n<p><span data-contrast=\"auto\">Romain Labaye\u202f: basse<\/span><span data-ccp-props=\"{&quot;201341983&quot;:0,&quot;335559739&quot;:160,&quot;335559740&quot;:278}\">\u00a0<\/span><\/p>\n<p><span data-contrast=\"auto\">Timoth\u00e9e Isnard\u202f: guitare, chant<\/span><span data-ccp-props=\"{&quot;201341983&quot;:0,&quot;335559739&quot;:160,&quot;335559740&quot;:278}\">\u00a0<\/span><\/p>\n<p><span data-ccp-props=\"{&quot;201341983&quot;:0,&quot;335559739&quot;:160,&quot;335559740&quot;:278}\">\u00a0<\/span><\/p>\n","protected":false},"excerpt":{"rendered":"<p>Musique br\u00e9silienne et cap verdienne avec ce trio formidable. Matheus Donato est l&#8217;un des meilleurs cavaquinhistes (il joue sur un tr\u00e8s rare cavaquinho \u00e0 six cordes).\u00a0 Timoth\u00e9e Isnard nous a&hellip; <a class=\"more-link\" href=\"https:\/\/lemelville.fr\/accueil\/evenements\/donato-isnard-labaye-bresil-et-cap-vert\/\">Poursuivre la lecture <span class=\"screen-reader-text\">Donato Isnard Labaye &#8211; Br\u00e9sil et Cap Vert<\/span><\/a><\/p>\n","protected":false},"author":1,"featured_media":1277,"template":"","meta":{"_tribe_events_status":"","_tribe_events_status_reason":"","_tribe_events_is_hybrid":"","_tribe_events_is_virtual":"","_tribe_events_virtual_video_source":"","_tribe_events_virtual_embed_video":"","_tribe_events_virtual_linked_button_text":"","_tribe_events_virtual_linked_button":"","_tribe_events_virtual_show_embed_at":"","_tribe_events_virtual_show_embed_to":[],"_tribe_events_virtual_show_on_event":"","_tribe_events_virtual_show_on_views":"","_tribe_events_virtual_url":"","footnotes":""},"tags":[58,30,9,21,13,23,11,16,14],"tribe_events_cat":[],"class_list":["post-1276","tribe_events","type-tribe_events","status-publish","has-post-thumbnail","hentry","tag-bresil","tag-cap-vert-musique","tag-jazz","tag-jazz-standard","tag-jazzclub","tag-latin-jazz","tag-lemelville","tag-paris","tag-restaurant","entry"],"yoast_head":"<!-- This site is optimized with the Yoast SEO Premium plugin v24.3 (Yoast SEO v27.1.1) - https:\/\/yoast.com\/product\/yoast-seo-premium-wordpress\/ -->\n<title>Donato Isnard Labaye - Br\u00e9sil et Cap Vert - Le Melville<\/title>\n<meta name=\"robots\" content=\"index, follow, max-snippet:-1, max-image-preview:large, max-video-preview:-1\" \/>\n<link rel=\"canonical\" href=\"https:\/\/lemelville.fr\/accueil\/evenements\/donato-isnard-labaye-bresil-et-cap-vert\/\" \/>\n<meta property=\"og:locale\" content=\"fr_FR\" \/>\n<meta property=\"og:type\" content=\"article\" \/>\n<meta property=\"og:title\" content=\"Donato Isnard Labaye - Br\u00e9sil et Cap Vert\" \/>\n<meta property=\"og:description\" content=\"Musique br\u00e9silienne et cap verdienne avec ce trio formidable. Matheus Donato est l&#8217;un des meilleurs cavaquinhistes (il joue sur un tr\u00e8s rare cavaquinho \u00e0 six cordes).\u00a0 Timoth\u00e9e Isnard nous a&hellip; Poursuivre la lecture Donato Isnard Labaye &#8211; Br\u00e9sil et Cap Vert\" \/>\n<meta property=\"og:url\" content=\"https:\/\/lemelville.fr\/accueil\/evenements\/donato-isnard-labaye-bresil-et-cap-vert\/\" \/>\n<meta property=\"og:site_name\" content=\"Le Melville\" \/>\n<meta property=\"article:publisher\" content=\"https:\/\/www.facebook.com\/people\/Le-Melville\/100085390055277\/\" \/>\n<meta property=\"og:image\" content=\"http:\/\/lemelville.fr\/wp-content\/uploads\/2024\/03\/Donato-Isnard-Labaye-Affiche.png\" \/>\n\t<meta property=\"og:image:width\" content=\"1529\" \/>\n\t<meta property=\"og:image:height\" content=\"1081\" \/>\n\t<meta property=\"og:image:type\" content=\"image\/png\" \/>\n<meta name=\"twitter:card\" content=\"summary_large_image\" \/>\n<script type=\"application\/ld+json\" class=\"yoast-schema-graph\">{\"@context\":\"https:\/\/schema.org\",\"@graph\":[{\"@type\":\"WebPage\",\"@id\":\"https:\/\/lemelville.fr\/accueil\/evenements\/donato-isnard-labaye-bresil-et-cap-vert\/\",\"url\":\"https:\/\/lemelville.fr\/accueil\/evenements\/donato-isnard-labaye-bresil-et-cap-vert\/\",\"name\":\"Donato Isnard Labaye - Br\u00e9sil et Cap Vert - Le Melville\",\"isPartOf\":{\"@id\":\"https:\/\/lemelville.fr\/accueil\/#website\"},\"primaryImageOfPage\":{\"@id\":\"https:\/\/lemelville.fr\/accueil\/evenements\/donato-isnard-labaye-bresil-et-cap-vert\/#primaryimage\"},\"image\":{\"@id\":\"https:\/\/lemelville.fr\/accueil\/evenements\/donato-isnard-labaye-bresil-et-cap-vert\/#primaryimage\"},\"thumbnailUrl\":\"https:\/\/lemelville.fr\/wp-content\/uploads\/2024\/03\/Donato-Isnard-Labaye-Affiche.png\",\"datePublished\":\"2024-03-25T20:29:37+00:00\",\"breadcrumb\":{\"@id\":\"https:\/\/lemelville.fr\/accueil\/evenements\/donato-isnard-labaye-bresil-et-cap-vert\/#breadcrumb\"},\"inLanguage\":\"fr-FR\",\"potentialAction\":[{\"@type\":\"ReadAction\",\"target\":[\"https:\/\/lemelville.fr\/accueil\/evenements\/donato-isnard-labaye-bresil-et-cap-vert\/\"]}]},{\"@type\":\"ImageObject\",\"inLanguage\":\"fr-FR\",\"@id\":\"https:\/\/lemelville.fr\/accueil\/evenements\/donato-isnard-labaye-bresil-et-cap-vert\/#primaryimage\",\"url\":\"https:\/\/lemelville.fr\/wp-content\/uploads\/2024\/03\/Donato-Isnard-Labaye-Affiche.png\",\"contentUrl\":\"https:\/\/lemelville.fr\/wp-content\/uploads\/2024\/03\/Donato-Isnard-Labaye-Affiche.png\",\"width\":1529,\"height\":1081},{\"@type\":\"BreadcrumbList\",\"@id\":\"https:\/\/lemelville.fr\/accueil\/evenements\/donato-isnard-labaye-bresil-et-cap-vert\/#breadcrumb\",\"itemListElement\":[{\"@type\":\"ListItem\",\"position\":1,\"name\":\"Accueil\",\"item\":\"https:\/\/lemelville.fr\/accueil\/\"},{\"@type\":\"ListItem\",\"position\":2,\"name\":\"\u00c9v\u00e8nements\",\"item\":\"https:\/\/lemelville.fr\/accueil\/evenements\/\"},{\"@type\":\"ListItem\",\"position\":3,\"name\":\"Donato Isnard Labaye &#8211; Br\u00e9sil et Cap Vert\"}]},{\"@type\":\"WebSite\",\"@id\":\"https:\/\/lemelville.fr\/accueil\/#website\",\"url\":\"https:\/\/lemelville.fr\/accueil\/\",\"name\":\"Le Melville\",\"description\":\"Le Melville c\u2019est l\u2019\u00e9clectisme dans les verres, les assiettes et dans les oreilles. Du Jazz, de la world Music, souvent en live, une carte \u00e9l\u00e9gante de mets \u00e0 picorer et des cocktails sur mesure, le tout dans un \u00e9crin de bois et de velours.\",\"publisher\":{\"@id\":\"https:\/\/lemelville.fr\/accueil\/#organization\"},\"potentialAction\":[{\"@type\":\"SearchAction\",\"target\":{\"@type\":\"EntryPoint\",\"urlTemplate\":\"https:\/\/lemelville.fr\/accueil\/?s={search_term_string}\"},\"query-input\":{\"@type\":\"PropertyValueSpecification\",\"valueRequired\":true,\"valueName\":\"search_term_string\"}}],\"inLanguage\":\"fr-FR\"},{\"@type\":\"Organization\",\"@id\":\"https:\/\/lemelville.fr\/accueil\/#organization\",\"name\":\"Le Melville\",\"url\":\"https:\/\/lemelville.fr\/accueil\/\",\"logo\":{\"@type\":\"ImageObject\",\"inLanguage\":\"fr-FR\",\"@id\":\"https:\/\/lemelville.fr\/accueil\/#\/schema\/logo\/image\/\",\"url\":\"https:\/\/lemelville.fr\/wp-content\/uploads\/2023\/09\/Logo-transparent-1-e1720022580951.png\",\"contentUrl\":\"https:\/\/lemelville.fr\/wp-content\/uploads\/2023\/09\/Logo-transparent-1-e1720022580951.png\",\"width\":2000,\"height\":656,\"caption\":\"Le Melville\"},\"image\":{\"@id\":\"https:\/\/lemelville.fr\/accueil\/#\/schema\/logo\/image\/\"},\"sameAs\":[\"https:\/\/www.facebook.com\/people\/Le-Melville\/100085390055277\/\",\"https:\/\/www.instagram.com\/lemelville_paris\/\"]}]}<\/script>\n<!-- \/ Yoast SEO Premium plugin. -->","yoast_head_json":{"title":"Donato Isnard Labaye - Br\u00e9sil et Cap Vert - Le Melville","robots":{"index":"index","follow":"follow","max-snippet":"max-snippet:-1","max-image-preview":"max-image-preview:large","max-video-preview":"max-video-preview:-1"},"canonical":"https:\/\/lemelville.fr\/accueil\/evenements\/donato-isnard-labaye-bresil-et-cap-vert\/","og_locale":"fr_FR","og_type":"article","og_title":"Donato Isnard Labaye - Br\u00e9sil et Cap Vert","og_description":"Musique br\u00e9silienne et cap verdienne avec ce trio formidable. Matheus Donato est l&#8217;un des meilleurs cavaquinhistes (il joue sur un tr\u00e8s rare cavaquinho \u00e0 six cordes).\u00a0 Timoth\u00e9e Isnard nous a&hellip; Poursuivre la lecture Donato Isnard Labaye &#8211; Br\u00e9sil et Cap Vert","og_url":"https:\/\/lemelville.fr\/accueil\/evenements\/donato-isnard-labaye-bresil-et-cap-vert\/","og_site_name":"Le Melville","article_publisher":"https:\/\/www.facebook.com\/people\/Le-Melville\/100085390055277\/","og_image":[{"width":1529,"height":1081,"url":"http:\/\/lemelville.fr\/wp-content\/uploads\/2024\/03\/Donato-Isnard-Labaye-Affiche.png","type":"image\/png"}],"twitter_card":"summary_large_image","schema":{"@context":"https:\/\/schema.org","@graph":[{"@type":"WebPage","@id":"https:\/\/lemelville.fr\/accueil\/evenements\/donato-isnard-labaye-bresil-et-cap-vert\/","url":"https:\/\/lemelville.fr\/accueil\/evenements\/donato-isnard-labaye-bresil-et-cap-vert\/","name":"Donato Isnard Labaye - Br\u00e9sil et Cap Vert - Le Melville","isPartOf":{"@id":"https:\/\/lemelville.fr\/accueil\/#website"},"primaryImageOfPage":{"@id":"https:\/\/lemelville.fr\/accueil\/evenements\/donato-isnard-labaye-bresil-et-cap-vert\/#primaryimage"},"image":{"@id":"https:\/\/lemelville.fr\/accueil\/evenements\/donato-isnard-labaye-bresil-et-cap-vert\/#primaryimage"},"thumbnailUrl":"https:\/\/lemelville.fr\/wp-content\/uploads\/2024\/03\/Donato-Isnard-Labaye-Affiche.png","datePublished":"2024-03-25T20:29:37+00:00","breadcrumb":{"@id":"https:\/\/lemelville.fr\/accueil\/evenements\/donato-isnard-labaye-bresil-et-cap-vert\/#breadcrumb"},"inLanguage":"fr-FR","potentialAction":[{"@type":"ReadAction","target":["https:\/\/lemelville.fr\/accueil\/evenements\/donato-isnard-labaye-bresil-et-cap-vert\/"]}]},{"@type":"ImageObject","inLanguage":"fr-FR","@id":"https:\/\/lemelville.fr\/accueil\/evenements\/donato-isnard-labaye-bresil-et-cap-vert\/#primaryimage","url":"https:\/\/lemelville.fr\/wp-content\/uploads\/2024\/03\/Donato-Isnard-Labaye-Affiche.png","contentUrl":"https:\/\/lemelville.fr\/wp-content\/uploads\/2024\/03\/Donato-Isnard-Labaye-Affiche.png","width":1529,"height":1081},{"@type":"BreadcrumbList","@id":"https:\/\/lemelville.fr\/accueil\/evenements\/donato-isnard-labaye-bresil-et-cap-vert\/#breadcrumb","itemListElement":[{"@type":"ListItem","position":1,"name":"Accueil","item":"https:\/\/lemelville.fr\/accueil\/"},{"@type":"ListItem","position":2,"name":"\u00c9v\u00e8nements","item":"https:\/\/lemelville.fr\/accueil\/evenements\/"},{"@type":"ListItem","position":3,"name":"Donato Isnard Labaye &#8211; Br\u00e9sil et Cap Vert"}]},{"@type":"WebSite","@id":"https:\/\/lemelville.fr\/accueil\/#website","url":"https:\/\/lemelville.fr\/accueil\/","name":"Le Melville","description":"Le Melville c\u2019est l\u2019\u00e9clectisme dans les verres, les assiettes et dans les oreilles. Du Jazz, de la world Music, souvent en live, une carte \u00e9l\u00e9gante de mets \u00e0 picorer et des cocktails sur mesure, le tout dans un \u00e9crin de bois et de velours.","publisher":{"@id":"https:\/\/lemelville.fr\/accueil\/#organization"},"potentialAction":[{"@type":"SearchAction","target":{"@type":"EntryPoint","urlTemplate":"https:\/\/lemelville.fr\/accueil\/?s={search_term_string}"},"query-input":{"@type":"PropertyValueSpecification","valueRequired":true,"valueName":"search_term_string"}}],"inLanguage":"fr-FR"},{"@type":"Organization","@id":"https:\/\/lemelville.fr\/accueil\/#organization","name":"Le Melville","url":"https:\/\/lemelville.fr\/accueil\/","logo":{"@type":"ImageObject","inLanguage":"fr-FR","@id":"https:\/\/lemelville.fr\/accueil\/#\/schema\/logo\/image\/","url":"https:\/\/lemelville.fr\/wp-content\/uploads\/2023\/09\/Logo-transparent-1-e1720022580951.png","contentUrl":"https:\/\/lemelville.fr\/wp-content\/uploads\/2023\/09\/Logo-transparent-1-e1720022580951.png","width":2000,"height":656,"caption":"Le Melville"},"image":{"@id":"https:\/\/lemelville.fr\/accueil\/#\/schema\/logo\/image\/"},"sameAs":["https:\/\/www.facebook.com\/people\/Le-Melville\/100085390055277\/","https:\/\/www.instagram.com\/lemelville_paris\/"]}]}},"_links":{"self":[{"href":"https:\/\/lemelville.fr\/accueil\/wp-json\/wp\/v2\/tribe_events\/1276","targetHints":{"allow":["GET"]}}],"collection":[{"href":"https:\/\/lemelville.fr\/accueil\/wp-json\/wp\/v2\/tribe_events"}],"about":[{"href":"https:\/\/lemelville.fr\/accueil\/wp-json\/wp\/v2\/types\/tribe_events"}],"author":[{"embeddable":true,"href":"https:\/\/lemelville.fr\/accueil\/wp-json\/wp\/v2\/users\/1"}],"version-history":[{"count":1,"href":"https:\/\/lemelville.fr\/accueil\/wp-json\/wp\/v2\/tribe_events\/1276\/revisions"}],"predecessor-version":[{"id":1278,"href":"https:\/\/lemelville.fr\/accueil\/wp-json\/wp\/v2\/tribe_events\/1276\/revisions\/1278"}],"wp:featuredmedia":[{"embeddable":true,"href":"https:\/\/lemelville.fr\/accueil\/wp-json\/wp\/v2\/media\/1277"}],"wp:attachment":[{"href":"https:\/\/lemelville.fr\/accueil\/wp-json\/wp\/v2\/media?parent=1276"}],"wp:term":[{"taxonomy":"post_tag","embeddable":true,"href":"https:\/\/lemelville.fr\/accueil\/wp-json\/wp\/v2\/tags?post=1276"},{"taxonomy":"tribe_events_cat","embeddable":true,"href":"https:\/\/lemelville.fr\/accueil\/wp-json\/wp\/v2\/tribe_events_cat?post=1276"}],"curies":[{"name":"wp","href":"https:\/\/api.w.org\/{rel}","templated":true}]}}