{"id":1341,"date":"2024-04-19T21:28:06","date_gmt":"2024-04-19T19:28:06","guid":{"rendered":"https:\/\/lemelville.fr\/?post_type=tribe_events&#038;p=1341"},"modified":"2024-12-11T02:15:21","modified_gmt":"2024-12-11T01:15:21","slug":"daniel-gassin-trio","status":"publish","type":"tribe_events","link":"https:\/\/lemelville.fr\/accueil\/evenements\/daniel-gassin-trio\/","title":{"rendered":"Daniel Gassin Trio"},"content":{"rendered":"<p>Daniel Gassin est pianiste franco-australien. N\u00e9 en Australie en 1981 d\u2019une m\u00e8re am\u00e9ricaine et d\u2019un p\u00e8re fran\u00e7ais, il grandit et fait carri\u00e8re \u00e0 Melbourne.<\/p>\n<p>&nbsp;<\/p>\n<p>En 2007, il participe aux finales du prestigieux Concours International de Piano Jazz au Festival de Montreux. En 2008 il est s\u00e9lectionn\u00e9 pour participer au Jazz &amp; Creative Music Workshop \u00e0 Banff, Canada, dirig\u00e9 par Dave Douglas.<\/p>\n<p>&nbsp;<\/p>\n<p>Il enregistre trois disques en tant que leader (dont deux en trio), qui sont nomin\u00e9s pour plusieurs prix, dont \u00ab Meilleur Album de Jazz \u00bb et \u00ab Composition Australienne de l\u2019Ann\u00e9e. \u00bb<\/p>\n<p>&nbsp;<\/p>\n<p>Le Trio multiplie les tourn\u00e9es, et se produit \u00e0 de nombreux festivals internationaux dont le Duba\u00ef International Jazz Festival et le Queenstown International Jazz Festival.<\/p>\n<p>&nbsp;<\/p>\n<p>Apr\u00e8s avoir obtenu le 3e Prix aux prestigieux National Jazz Awards en 2013, il quitte l\u2019Australie pour s\u2019implanter en France, o\u00f9 il int\u00e8gre la sc\u00e8ne parisienne en se produisant r\u00e9guli\u00e8rement sur les sc\u00e8nes de jazz les plus connus de la ville. Il reconstitue un trio de musiciens parisiens, et en 2016 est invit\u00e9 en Su\u00e8de pour une tourn\u00e9e de cinq concerts. En m\u00eame temps, il devient l\u2019un des pianistes les plus sollicit\u00e9s de la sc\u00e8ne locale.<\/p>\n<p>&nbsp;<\/p>\n<p>Il a aussi eu l\u2019occasion de se produire avec des grands du jazz am\u00e9ricain : Dave Liebman, George Garzone, Rick Margitza, Leroy Jones, Bob Sheppard et John Riley.<\/p>\n<p>&nbsp;<\/p>\n<p>Daniel Gassin : piano<\/p>\n<p>Fabricio Nicolas-Garcia : contrebasse<\/p>\n<p>Damien Fran\u00e7on : batterie<\/p>\n<p>&nbsp;<\/p>\n","protected":false},"excerpt":{"rendered":"<p>Daniel Gassin est pianiste franco-australien. N\u00e9 en Australie en 1981 d\u2019une m\u00e8re am\u00e9ricaine et d\u2019un p\u00e8re fran\u00e7ais, il grandit et fait carri\u00e8re \u00e0 Melbourne. &nbsp; En 2007, il participe aux&hellip; <a class=\"more-link\" href=\"https:\/\/lemelville.fr\/accueil\/evenements\/daniel-gassin-trio\/\">Poursuivre la lecture <span class=\"screen-reader-text\">Daniel Gassin Trio<\/span><\/a><\/p>\n","protected":false},"author":1,"featured_media":1342,"template":"","meta":{"_tribe_events_status":"","_tribe_events_status_reason":"","_tribe_events_is_hybrid":"","_tribe_events_is_virtual":"","_tribe_events_virtual_video_source":"","_tribe_events_virtual_embed_video":"","_tribe_events_virtual_linked_button_text":"","_tribe_events_virtual_linked_button":"","_tribe_events_virtual_show_embed_at":"","_tribe_events_virtual_show_embed_to":[],"_tribe_events_virtual_show_on_event":"","_tribe_events_virtual_show_on_views":"","_tribe_events_virtual_url":"","footnotes":""},"tags":[9,13,11,16,14,63],"tribe_events_cat":[88],"class_list":["post-1341","tribe_events","type-tribe_events","status-publish","has-post-thumbnail","hentry","tag-jazz","tag-jazzclub","tag-lemelville","tag-paris","tag-restaurant","tag-soul","tribe_events_cat-jazz-standard","cat_jazz-standard","entry"],"yoast_head":"<!-- This site is optimized with the Yoast SEO Premium plugin v24.3 (Yoast SEO v27.1.1) - https:\/\/yoast.com\/product\/yoast-seo-premium-wordpress\/ -->\n<title>Daniel Gassin Trio - Le Melville<\/title>\n<meta name=\"robots\" content=\"index, follow, max-snippet:-1, max-image-preview:large, max-video-preview:-1\" \/>\n<link rel=\"canonical\" href=\"https:\/\/lemelville.fr\/accueil\/evenements\/daniel-gassin-trio\/\" \/>\n<meta property=\"og:locale\" content=\"fr_FR\" \/>\n<meta property=\"og:type\" content=\"article\" \/>\n<meta property=\"og:title\" content=\"Daniel Gassin Trio\" \/>\n<meta property=\"og:description\" content=\"Daniel Gassin est pianiste franco-australien. N\u00e9 en Australie en 1981 d\u2019une m\u00e8re am\u00e9ricaine et d\u2019un p\u00e8re fran\u00e7ais, il grandit et fait carri\u00e8re \u00e0 Melbourne. &nbsp; En 2007, il participe aux&hellip; Poursuivre la lecture Daniel Gassin Trio\" \/>\n<meta property=\"og:url\" content=\"https:\/\/lemelville.fr\/accueil\/evenements\/daniel-gassin-trio\/\" \/>\n<meta property=\"og:site_name\" content=\"Le Melville\" \/>\n<meta property=\"article:publisher\" content=\"https:\/\/www.facebook.com\/people\/Le-Melville\/100085390055277\/\" \/>\n<meta property=\"article:modified_time\" content=\"2024-12-11T01:15:21+00:00\" \/>\n<meta property=\"og:image\" content=\"http:\/\/lemelville.fr\/wp-content\/uploads\/2024\/04\/Daniel-Gassin-Trio-Affiche.png\" \/>\n\t<meta property=\"og:image:width\" content=\"1529\" \/>\n\t<meta property=\"og:image:height\" content=\"1081\" \/>\n\t<meta property=\"og:image:type\" content=\"image\/png\" \/>\n<meta name=\"twitter:card\" content=\"summary_large_image\" \/>\n<meta name=\"twitter:label1\" content=\"Dur\u00e9e de lecture estim\u00e9e\" \/>\n\t<meta name=\"twitter:data1\" content=\"2 minutes\" \/>\n<script type=\"application\/ld+json\" class=\"yoast-schema-graph\">{\"@context\":\"https:\/\/schema.org\",\"@graph\":[{\"@type\":\"WebPage\",\"@id\":\"https:\/\/lemelville.fr\/accueil\/evenements\/daniel-gassin-trio\/\",\"url\":\"https:\/\/lemelville.fr\/accueil\/evenements\/daniel-gassin-trio\/\",\"name\":\"Daniel Gassin Trio - Le Melville\",\"isPartOf\":{\"@id\":\"https:\/\/lemelville.fr\/accueil\/#website\"},\"primaryImageOfPage\":{\"@id\":\"https:\/\/lemelville.fr\/accueil\/evenements\/daniel-gassin-trio\/#primaryimage\"},\"image\":{\"@id\":\"https:\/\/lemelville.fr\/accueil\/evenements\/daniel-gassin-trio\/#primaryimage\"},\"thumbnailUrl\":\"https:\/\/lemelville.fr\/wp-content\/uploads\/2024\/04\/Daniel-Gassin-Trio-Affiche.png\",\"datePublished\":\"2024-04-19T19:28:06+00:00\",\"dateModified\":\"2024-12-11T01:15:21+00:00\",\"breadcrumb\":{\"@id\":\"https:\/\/lemelville.fr\/accueil\/evenements\/daniel-gassin-trio\/#breadcrumb\"},\"inLanguage\":\"fr-FR\",\"potentialAction\":[{\"@type\":\"ReadAction\",\"target\":[\"https:\/\/lemelville.fr\/accueil\/evenements\/daniel-gassin-trio\/\"]}]},{\"@type\":\"ImageObject\",\"inLanguage\":\"fr-FR\",\"@id\":\"https:\/\/lemelville.fr\/accueil\/evenements\/daniel-gassin-trio\/#primaryimage\",\"url\":\"https:\/\/lemelville.fr\/wp-content\/uploads\/2024\/04\/Daniel-Gassin-Trio-Affiche.png\",\"contentUrl\":\"https:\/\/lemelville.fr\/wp-content\/uploads\/2024\/04\/Daniel-Gassin-Trio-Affiche.png\",\"width\":1529,\"height\":1081},{\"@type\":\"BreadcrumbList\",\"@id\":\"https:\/\/lemelville.fr\/accueil\/evenements\/daniel-gassin-trio\/#breadcrumb\",\"itemListElement\":[{\"@type\":\"ListItem\",\"position\":1,\"name\":\"Accueil\",\"item\":\"https:\/\/lemelville.fr\/accueil\/\"},{\"@type\":\"ListItem\",\"position\":2,\"name\":\"\u00c9v\u00e8nements\",\"item\":\"https:\/\/lemelville.fr\/accueil\/evenements\/\"},{\"@type\":\"ListItem\",\"position\":3,\"name\":\"Daniel Gassin Trio\"}]},{\"@type\":\"WebSite\",\"@id\":\"https:\/\/lemelville.fr\/accueil\/#website\",\"url\":\"https:\/\/lemelville.fr\/accueil\/\",\"name\":\"Le Melville\",\"description\":\"Le Melville c\u2019est l\u2019\u00e9clectisme dans les verres, les assiettes et dans les oreilles. Du Jazz, de la world Music, souvent en live, une carte \u00e9l\u00e9gante de mets \u00e0 picorer et des cocktails sur mesure, le tout dans un \u00e9crin de bois et de velours.\",\"publisher\":{\"@id\":\"https:\/\/lemelville.fr\/accueil\/#organization\"},\"potentialAction\":[{\"@type\":\"SearchAction\",\"target\":{\"@type\":\"EntryPoint\",\"urlTemplate\":\"https:\/\/lemelville.fr\/accueil\/?s={search_term_string}\"},\"query-input\":{\"@type\":\"PropertyValueSpecification\",\"valueRequired\":true,\"valueName\":\"search_term_string\"}}],\"inLanguage\":\"fr-FR\"},{\"@type\":\"Organization\",\"@id\":\"https:\/\/lemelville.fr\/accueil\/#organization\",\"name\":\"Le Melville\",\"url\":\"https:\/\/lemelville.fr\/accueil\/\",\"logo\":{\"@type\":\"ImageObject\",\"inLanguage\":\"fr-FR\",\"@id\":\"https:\/\/lemelville.fr\/accueil\/#\/schema\/logo\/image\/\",\"url\":\"https:\/\/lemelville.fr\/wp-content\/uploads\/2023\/09\/Logo-transparent-1-e1720022580951.png\",\"contentUrl\":\"https:\/\/lemelville.fr\/wp-content\/uploads\/2023\/09\/Logo-transparent-1-e1720022580951.png\",\"width\":2000,\"height\":656,\"caption\":\"Le Melville\"},\"image\":{\"@id\":\"https:\/\/lemelville.fr\/accueil\/#\/schema\/logo\/image\/\"},\"sameAs\":[\"https:\/\/www.facebook.com\/people\/Le-Melville\/100085390055277\/\",\"https:\/\/www.instagram.com\/lemelville_paris\/\"]}]}<\/script>\n<!-- \/ Yoast SEO Premium plugin. -->","yoast_head_json":{"title":"Daniel Gassin Trio - Le Melville","robots":{"index":"index","follow":"follow","max-snippet":"max-snippet:-1","max-image-preview":"max-image-preview:large","max-video-preview":"max-video-preview:-1"},"canonical":"https:\/\/lemelville.fr\/accueil\/evenements\/daniel-gassin-trio\/","og_locale":"fr_FR","og_type":"article","og_title":"Daniel Gassin Trio","og_description":"Daniel Gassin est pianiste franco-australien. N\u00e9 en Australie en 1981 d\u2019une m\u00e8re am\u00e9ricaine et d\u2019un p\u00e8re fran\u00e7ais, il grandit et fait carri\u00e8re \u00e0 Melbourne. &nbsp; En 2007, il participe aux&hellip; Poursuivre la lecture Daniel Gassin Trio","og_url":"https:\/\/lemelville.fr\/accueil\/evenements\/daniel-gassin-trio\/","og_site_name":"Le Melville","article_publisher":"https:\/\/www.facebook.com\/people\/Le-Melville\/100085390055277\/","article_modified_time":"2024-12-11T01:15:21+00:00","og_image":[{"width":1529,"height":1081,"url":"http:\/\/lemelville.fr\/wp-content\/uploads\/2024\/04\/Daniel-Gassin-Trio-Affiche.png","type":"image\/png"}],"twitter_card":"summary_large_image","twitter_misc":{"Dur\u00e9e de lecture estim\u00e9e":"2 minutes"},"schema":{"@context":"https:\/\/schema.org","@graph":[{"@type":"WebPage","@id":"https:\/\/lemelville.fr\/accueil\/evenements\/daniel-gassin-trio\/","url":"https:\/\/lemelville.fr\/accueil\/evenements\/daniel-gassin-trio\/","name":"Daniel Gassin Trio - Le Melville","isPartOf":{"@id":"https:\/\/lemelville.fr\/accueil\/#website"},"primaryImageOfPage":{"@id":"https:\/\/lemelville.fr\/accueil\/evenements\/daniel-gassin-trio\/#primaryimage"},"image":{"@id":"https:\/\/lemelville.fr\/accueil\/evenements\/daniel-gassin-trio\/#primaryimage"},"thumbnailUrl":"https:\/\/lemelville.fr\/wp-content\/uploads\/2024\/04\/Daniel-Gassin-Trio-Affiche.png","datePublished":"2024-04-19T19:28:06+00:00","dateModified":"2024-12-11T01:15:21+00:00","breadcrumb":{"@id":"https:\/\/lemelville.fr\/accueil\/evenements\/daniel-gassin-trio\/#breadcrumb"},"inLanguage":"fr-FR","potentialAction":[{"@type":"ReadAction","target":["https:\/\/lemelville.fr\/accueil\/evenements\/daniel-gassin-trio\/"]}]},{"@type":"ImageObject","inLanguage":"fr-FR","@id":"https:\/\/lemelville.fr\/accueil\/evenements\/daniel-gassin-trio\/#primaryimage","url":"https:\/\/lemelville.fr\/wp-content\/uploads\/2024\/04\/Daniel-Gassin-Trio-Affiche.png","contentUrl":"https:\/\/lemelville.fr\/wp-content\/uploads\/2024\/04\/Daniel-Gassin-Trio-Affiche.png","width":1529,"height":1081},{"@type":"BreadcrumbList","@id":"https:\/\/lemelville.fr\/accueil\/evenements\/daniel-gassin-trio\/#breadcrumb","itemListElement":[{"@type":"ListItem","position":1,"name":"Accueil","item":"https:\/\/lemelville.fr\/accueil\/"},{"@type":"ListItem","position":2,"name":"\u00c9v\u00e8nements","item":"https:\/\/lemelville.fr\/accueil\/evenements\/"},{"@type":"ListItem","position":3,"name":"Daniel Gassin Trio"}]},{"@type":"WebSite","@id":"https:\/\/lemelville.fr\/accueil\/#website","url":"https:\/\/lemelville.fr\/accueil\/","name":"Le Melville","description":"Le Melville c\u2019est l\u2019\u00e9clectisme dans les verres, les assiettes et dans les oreilles. Du Jazz, de la world Music, souvent en live, une carte \u00e9l\u00e9gante de mets \u00e0 picorer et des cocktails sur mesure, le tout dans un \u00e9crin de bois et de velours.","publisher":{"@id":"https:\/\/lemelville.fr\/accueil\/#organization"},"potentialAction":[{"@type":"SearchAction","target":{"@type":"EntryPoint","urlTemplate":"https:\/\/lemelville.fr\/accueil\/?s={search_term_string}"},"query-input":{"@type":"PropertyValueSpecification","valueRequired":true,"valueName":"search_term_string"}}],"inLanguage":"fr-FR"},{"@type":"Organization","@id":"https:\/\/lemelville.fr\/accueil\/#organization","name":"Le Melville","url":"https:\/\/lemelville.fr\/accueil\/","logo":{"@type":"ImageObject","inLanguage":"fr-FR","@id":"https:\/\/lemelville.fr\/accueil\/#\/schema\/logo\/image\/","url":"https:\/\/lemelville.fr\/wp-content\/uploads\/2023\/09\/Logo-transparent-1-e1720022580951.png","contentUrl":"https:\/\/lemelville.fr\/wp-content\/uploads\/2023\/09\/Logo-transparent-1-e1720022580951.png","width":2000,"height":656,"caption":"Le Melville"},"image":{"@id":"https:\/\/lemelville.fr\/accueil\/#\/schema\/logo\/image\/"},"sameAs":["https:\/\/www.facebook.com\/people\/Le-Melville\/100085390055277\/","https:\/\/www.instagram.com\/lemelville_paris\/"]}]}},"_links":{"self":[{"href":"https:\/\/lemelville.fr\/accueil\/wp-json\/wp\/v2\/tribe_events\/1341","targetHints":{"allow":["GET"]}}],"collection":[{"href":"https:\/\/lemelville.fr\/accueil\/wp-json\/wp\/v2\/tribe_events"}],"about":[{"href":"https:\/\/lemelville.fr\/accueil\/wp-json\/wp\/v2\/types\/tribe_events"}],"author":[{"embeddable":true,"href":"https:\/\/lemelville.fr\/accueil\/wp-json\/wp\/v2\/users\/1"}],"version-history":[{"count":1,"href":"https:\/\/lemelville.fr\/accueil\/wp-json\/wp\/v2\/tribe_events\/1341\/revisions"}],"predecessor-version":[{"id":1343,"href":"https:\/\/lemelville.fr\/accueil\/wp-json\/wp\/v2\/tribe_events\/1341\/revisions\/1343"}],"wp:featuredmedia":[{"embeddable":true,"href":"https:\/\/lemelville.fr\/accueil\/wp-json\/wp\/v2\/media\/1342"}],"wp:attachment":[{"href":"https:\/\/lemelville.fr\/accueil\/wp-json\/wp\/v2\/media?parent=1341"}],"wp:term":[{"taxonomy":"post_tag","embeddable":true,"href":"https:\/\/lemelville.fr\/accueil\/wp-json\/wp\/v2\/tags?post=1341"},{"taxonomy":"tribe_events_cat","embeddable":true,"href":"https:\/\/lemelville.fr\/accueil\/wp-json\/wp\/v2\/tribe_events_cat?post=1341"}],"curies":[{"name":"wp","href":"https:\/\/api.w.org\/{rel}","templated":true}]}}