{"id":1378,"date":"2024-04-20T09:25:05","date_gmt":"2024-04-20T07:25:05","guid":{"rendered":"https:\/\/lemelville.fr\/?post_type=tribe_events&#038;p=1378"},"modified":"2024-06-11T12:02:53","modified_gmt":"2024-06-11T10:02:53","slug":"georgie-brown-leo-labarriere","status":"publish","type":"tribe_events","link":"https:\/\/lemelville.fr\/accueil\/evenements\/georgie-brown-leo-labarriere\/","title":{"rendered":"Georgie Brown &#038; L\u00e9o Labarri\u00e8re"},"content":{"rendered":"<p><span data-contrast=\"none\">Ce duo r\u00e9unit deux jeunes musiciens passionn\u00e9s : Georgie Brown au chant et L\u00e9o Labarri\u00e8re au piano. Apr\u00e8s s&#8217;\u00eatre rencontr\u00e9s dans le cadre de leurs \u00e9tudes de jazz \u00e0 l&#8217;IMEP &#8211; Paris College of Music, ils ont cr\u00e9\u00e9 leur propre duo, alliant leur amour du chant et du piano pour vous offrir une setlist douce de leurs compositions originales et d&#8217;arrangements de standards de jazz.\u00a0<\/span><span data-contrast=\"auto\">\u00a0<\/span><span data-ccp-props=\"{&quot;201341983&quot;:0,&quot;335559739&quot;:160,&quot;335559740&quot;:259}\">\u00a0<\/span><\/p>\n<p><span data-contrast=\"auto\">Georgie Brown : voix<\/span><span data-ccp-props=\"{&quot;201341983&quot;:0,&quot;335559739&quot;:160,&quot;335559740&quot;:259}\">\u00a0<\/span><\/p>\n<p><span data-contrast=\"auto\">L\u00e9o Labarri\u00e8re : piano<\/span><span data-ccp-props=\"{&quot;201341983&quot;:0,&quot;335559739&quot;:160,&quot;335559740&quot;:259}\">\u00a0<\/span><\/p>\n","protected":false},"excerpt":{"rendered":"<p>Ce duo r\u00e9unit deux jeunes musiciens passionn\u00e9s : Georgie Brown au chant et L\u00e9o Labarri\u00e8re au piano. Apr\u00e8s s&#8217;\u00eatre rencontr\u00e9s dans le cadre de leurs \u00e9tudes de jazz \u00e0 l&#8217;IMEP&hellip; <a class=\"more-link\" href=\"https:\/\/lemelville.fr\/accueil\/evenements\/georgie-brown-leo-labarriere\/\">Poursuivre la lecture <span class=\"screen-reader-text\">Georgie Brown &#038; L\u00e9o Labarri\u00e8re<\/span><\/a><\/p>\n","protected":false},"author":1,"featured_media":1379,"template":"","meta":{"_tribe_events_status":"","_tribe_events_status_reason":"","_tribe_events_is_hybrid":"","_tribe_events_is_virtual":"","_tribe_events_virtual_video_source":"","_tribe_events_virtual_embed_video":"","_tribe_events_virtual_linked_button_text":"","_tribe_events_virtual_linked_button":"","_tribe_events_virtual_show_embed_at":"","_tribe_events_virtual_show_embed_to":[],"_tribe_events_virtual_show_on_event":"","_tribe_events_virtual_show_on_views":"","_tribe_events_virtual_url":"","footnotes":""},"tags":[],"tribe_events_cat":[89],"class_list":["post-1378","tribe_events","type-tribe_events","status-publish","has-post-thumbnail","hentry","tribe_events_cat-vocal-standard-jazz","cat_vocal-standard-jazz","entry"],"yoast_head":"<!-- This site is optimized with the Yoast SEO Premium plugin v24.3 (Yoast SEO v27.1.1) - https:\/\/yoast.com\/product\/yoast-seo-premium-wordpress\/ -->\n<title>Georgie Brown &amp; L\u00e9o Labarri\u00e8re - Le Melville<\/title>\n<meta name=\"robots\" content=\"index, follow, max-snippet:-1, max-image-preview:large, max-video-preview:-1\" \/>\n<link rel=\"canonical\" href=\"https:\/\/lemelville.fr\/accueil\/evenements\/georgie-brown-leo-labarriere\/\" \/>\n<meta property=\"og:locale\" content=\"fr_FR\" \/>\n<meta property=\"og:type\" content=\"article\" \/>\n<meta property=\"og:title\" content=\"Georgie Brown &amp; L\u00e9o Labarri\u00e8re\" \/>\n<meta property=\"og:description\" content=\"Ce duo r\u00e9unit deux jeunes musiciens passionn\u00e9s : Georgie Brown au chant et L\u00e9o Labarri\u00e8re au piano. Apr\u00e8s s&#8217;\u00eatre rencontr\u00e9s dans le cadre de leurs \u00e9tudes de jazz \u00e0 l&#8217;IMEP&hellip; Poursuivre la lecture Georgie Brown &#038; L\u00e9o Labarri\u00e8re\" \/>\n<meta property=\"og:url\" content=\"https:\/\/lemelville.fr\/accueil\/evenements\/georgie-brown-leo-labarriere\/\" \/>\n<meta property=\"og:site_name\" content=\"Le Melville\" \/>\n<meta property=\"article:publisher\" content=\"https:\/\/www.facebook.com\/people\/Le-Melville\/100085390055277\/\" \/>\n<meta property=\"article:modified_time\" content=\"2024-06-11T10:02:53+00:00\" \/>\n<meta property=\"og:image\" content=\"https:\/\/lemelville.fr\/wp-content\/uploads\/2024\/04\/GB-et-LL-Affiche.png\" \/>\n\t<meta property=\"og:image:width\" content=\"1232\" \/>\n\t<meta property=\"og:image:height\" content=\"871\" \/>\n\t<meta property=\"og:image:type\" content=\"image\/png\" \/>\n<meta name=\"twitter:card\" content=\"summary_large_image\" \/>\n<script type=\"application\/ld+json\" class=\"yoast-schema-graph\">{\"@context\":\"https:\/\/schema.org\",\"@graph\":[{\"@type\":\"WebPage\",\"@id\":\"https:\/\/lemelville.fr\/accueil\/evenements\/georgie-brown-leo-labarriere\/\",\"url\":\"https:\/\/lemelville.fr\/accueil\/evenements\/georgie-brown-leo-labarriere\/\",\"name\":\"Georgie Brown & L\u00e9o Labarri\u00e8re - Le Melville\",\"isPartOf\":{\"@id\":\"https:\/\/lemelville.fr\/accueil\/#website\"},\"primaryImageOfPage\":{\"@id\":\"https:\/\/lemelville.fr\/accueil\/evenements\/georgie-brown-leo-labarriere\/#primaryimage\"},\"image\":{\"@id\":\"https:\/\/lemelville.fr\/accueil\/evenements\/georgie-brown-leo-labarriere\/#primaryimage\"},\"thumbnailUrl\":\"https:\/\/lemelville.fr\/wp-content\/uploads\/2024\/04\/GB-et-LL-Affiche.png\",\"datePublished\":\"2024-04-20T07:25:05+00:00\",\"dateModified\":\"2024-06-11T10:02:53+00:00\",\"breadcrumb\":{\"@id\":\"https:\/\/lemelville.fr\/accueil\/evenements\/georgie-brown-leo-labarriere\/#breadcrumb\"},\"inLanguage\":\"fr-FR\",\"potentialAction\":[{\"@type\":\"ReadAction\",\"target\":[\"https:\/\/lemelville.fr\/accueil\/evenements\/georgie-brown-leo-labarriere\/\"]}]},{\"@type\":\"ImageObject\",\"inLanguage\":\"fr-FR\",\"@id\":\"https:\/\/lemelville.fr\/accueil\/evenements\/georgie-brown-leo-labarriere\/#primaryimage\",\"url\":\"https:\/\/lemelville.fr\/wp-content\/uploads\/2024\/04\/GB-et-LL-Affiche.png\",\"contentUrl\":\"https:\/\/lemelville.fr\/wp-content\/uploads\/2024\/04\/GB-et-LL-Affiche.png\",\"width\":1232,\"height\":871},{\"@type\":\"BreadcrumbList\",\"@id\":\"https:\/\/lemelville.fr\/accueil\/evenements\/georgie-brown-leo-labarriere\/#breadcrumb\",\"itemListElement\":[{\"@type\":\"ListItem\",\"position\":1,\"name\":\"Accueil\",\"item\":\"https:\/\/lemelville.fr\/accueil\/\"},{\"@type\":\"ListItem\",\"position\":2,\"name\":\"\u00c9v\u00e8nements\",\"item\":\"https:\/\/lemelville.fr\/accueil\/evenements\/\"},{\"@type\":\"ListItem\",\"position\":3,\"name\":\"Georgie Brown &#038; L\u00e9o Labarri\u00e8re\"}]},{\"@type\":\"WebSite\",\"@id\":\"https:\/\/lemelville.fr\/accueil\/#website\",\"url\":\"https:\/\/lemelville.fr\/accueil\/\",\"name\":\"Le Melville\",\"description\":\"Le Melville c\u2019est l\u2019\u00e9clectisme dans les verres, les assiettes et dans les oreilles. Du Jazz, de la world Music, souvent en live, une carte \u00e9l\u00e9gante de mets \u00e0 picorer et des cocktails sur mesure, le tout dans un \u00e9crin de bois et de velours.\",\"publisher\":{\"@id\":\"https:\/\/lemelville.fr\/accueil\/#organization\"},\"potentialAction\":[{\"@type\":\"SearchAction\",\"target\":{\"@type\":\"EntryPoint\",\"urlTemplate\":\"https:\/\/lemelville.fr\/accueil\/?s={search_term_string}\"},\"query-input\":{\"@type\":\"PropertyValueSpecification\",\"valueRequired\":true,\"valueName\":\"search_term_string\"}}],\"inLanguage\":\"fr-FR\"},{\"@type\":\"Organization\",\"@id\":\"https:\/\/lemelville.fr\/accueil\/#organization\",\"name\":\"Le Melville\",\"url\":\"https:\/\/lemelville.fr\/accueil\/\",\"logo\":{\"@type\":\"ImageObject\",\"inLanguage\":\"fr-FR\",\"@id\":\"https:\/\/lemelville.fr\/accueil\/#\/schema\/logo\/image\/\",\"url\":\"https:\/\/lemelville.fr\/wp-content\/uploads\/2023\/09\/Logo-transparent-1-e1720022580951.png\",\"contentUrl\":\"https:\/\/lemelville.fr\/wp-content\/uploads\/2023\/09\/Logo-transparent-1-e1720022580951.png\",\"width\":2000,\"height\":656,\"caption\":\"Le Melville\"},\"image\":{\"@id\":\"https:\/\/lemelville.fr\/accueil\/#\/schema\/logo\/image\/\"},\"sameAs\":[\"https:\/\/www.facebook.com\/people\/Le-Melville\/100085390055277\/\",\"https:\/\/www.instagram.com\/lemelville_paris\/\"]}]}<\/script>\n<!-- \/ Yoast SEO Premium plugin. -->","yoast_head_json":{"title":"Georgie Brown & L\u00e9o Labarri\u00e8re - Le Melville","robots":{"index":"index","follow":"follow","max-snippet":"max-snippet:-1","max-image-preview":"max-image-preview:large","max-video-preview":"max-video-preview:-1"},"canonical":"https:\/\/lemelville.fr\/accueil\/evenements\/georgie-brown-leo-labarriere\/","og_locale":"fr_FR","og_type":"article","og_title":"Georgie Brown & L\u00e9o Labarri\u00e8re","og_description":"Ce duo r\u00e9unit deux jeunes musiciens passionn\u00e9s : Georgie Brown au chant et L\u00e9o Labarri\u00e8re au piano. Apr\u00e8s s&#8217;\u00eatre rencontr\u00e9s dans le cadre de leurs \u00e9tudes de jazz \u00e0 l&#8217;IMEP&hellip; Poursuivre la lecture Georgie Brown &#038; L\u00e9o Labarri\u00e8re","og_url":"https:\/\/lemelville.fr\/accueil\/evenements\/georgie-brown-leo-labarriere\/","og_site_name":"Le Melville","article_publisher":"https:\/\/www.facebook.com\/people\/Le-Melville\/100085390055277\/","article_modified_time":"2024-06-11T10:02:53+00:00","og_image":[{"width":1232,"height":871,"url":"https:\/\/lemelville.fr\/wp-content\/uploads\/2024\/04\/GB-et-LL-Affiche.png","type":"image\/png"}],"twitter_card":"summary_large_image","schema":{"@context":"https:\/\/schema.org","@graph":[{"@type":"WebPage","@id":"https:\/\/lemelville.fr\/accueil\/evenements\/georgie-brown-leo-labarriere\/","url":"https:\/\/lemelville.fr\/accueil\/evenements\/georgie-brown-leo-labarriere\/","name":"Georgie Brown & L\u00e9o Labarri\u00e8re - Le Melville","isPartOf":{"@id":"https:\/\/lemelville.fr\/accueil\/#website"},"primaryImageOfPage":{"@id":"https:\/\/lemelville.fr\/accueil\/evenements\/georgie-brown-leo-labarriere\/#primaryimage"},"image":{"@id":"https:\/\/lemelville.fr\/accueil\/evenements\/georgie-brown-leo-labarriere\/#primaryimage"},"thumbnailUrl":"https:\/\/lemelville.fr\/wp-content\/uploads\/2024\/04\/GB-et-LL-Affiche.png","datePublished":"2024-04-20T07:25:05+00:00","dateModified":"2024-06-11T10:02:53+00:00","breadcrumb":{"@id":"https:\/\/lemelville.fr\/accueil\/evenements\/georgie-brown-leo-labarriere\/#breadcrumb"},"inLanguage":"fr-FR","potentialAction":[{"@type":"ReadAction","target":["https:\/\/lemelville.fr\/accueil\/evenements\/georgie-brown-leo-labarriere\/"]}]},{"@type":"ImageObject","inLanguage":"fr-FR","@id":"https:\/\/lemelville.fr\/accueil\/evenements\/georgie-brown-leo-labarriere\/#primaryimage","url":"https:\/\/lemelville.fr\/wp-content\/uploads\/2024\/04\/GB-et-LL-Affiche.png","contentUrl":"https:\/\/lemelville.fr\/wp-content\/uploads\/2024\/04\/GB-et-LL-Affiche.png","width":1232,"height":871},{"@type":"BreadcrumbList","@id":"https:\/\/lemelville.fr\/accueil\/evenements\/georgie-brown-leo-labarriere\/#breadcrumb","itemListElement":[{"@type":"ListItem","position":1,"name":"Accueil","item":"https:\/\/lemelville.fr\/accueil\/"},{"@type":"ListItem","position":2,"name":"\u00c9v\u00e8nements","item":"https:\/\/lemelville.fr\/accueil\/evenements\/"},{"@type":"ListItem","position":3,"name":"Georgie Brown &#038; L\u00e9o Labarri\u00e8re"}]},{"@type":"WebSite","@id":"https:\/\/lemelville.fr\/accueil\/#website","url":"https:\/\/lemelville.fr\/accueil\/","name":"Le Melville","description":"Le Melville c\u2019est l\u2019\u00e9clectisme dans les verres, les assiettes et dans les oreilles. Du Jazz, de la world Music, souvent en live, une carte \u00e9l\u00e9gante de mets \u00e0 picorer et des cocktails sur mesure, le tout dans un \u00e9crin de bois et de velours.","publisher":{"@id":"https:\/\/lemelville.fr\/accueil\/#organization"},"potentialAction":[{"@type":"SearchAction","target":{"@type":"EntryPoint","urlTemplate":"https:\/\/lemelville.fr\/accueil\/?s={search_term_string}"},"query-input":{"@type":"PropertyValueSpecification","valueRequired":true,"valueName":"search_term_string"}}],"inLanguage":"fr-FR"},{"@type":"Organization","@id":"https:\/\/lemelville.fr\/accueil\/#organization","name":"Le Melville","url":"https:\/\/lemelville.fr\/accueil\/","logo":{"@type":"ImageObject","inLanguage":"fr-FR","@id":"https:\/\/lemelville.fr\/accueil\/#\/schema\/logo\/image\/","url":"https:\/\/lemelville.fr\/wp-content\/uploads\/2023\/09\/Logo-transparent-1-e1720022580951.png","contentUrl":"https:\/\/lemelville.fr\/wp-content\/uploads\/2023\/09\/Logo-transparent-1-e1720022580951.png","width":2000,"height":656,"caption":"Le Melville"},"image":{"@id":"https:\/\/lemelville.fr\/accueil\/#\/schema\/logo\/image\/"},"sameAs":["https:\/\/www.facebook.com\/people\/Le-Melville\/100085390055277\/","https:\/\/www.instagram.com\/lemelville_paris\/"]}]}},"_links":{"self":[{"href":"https:\/\/lemelville.fr\/accueil\/wp-json\/wp\/v2\/tribe_events\/1378","targetHints":{"allow":["GET"]}}],"collection":[{"href":"https:\/\/lemelville.fr\/accueil\/wp-json\/wp\/v2\/tribe_events"}],"about":[{"href":"https:\/\/lemelville.fr\/accueil\/wp-json\/wp\/v2\/types\/tribe_events"}],"author":[{"embeddable":true,"href":"https:\/\/lemelville.fr\/accueil\/wp-json\/wp\/v2\/users\/1"}],"version-history":[{"count":1,"href":"https:\/\/lemelville.fr\/accueil\/wp-json\/wp\/v2\/tribe_events\/1378\/revisions"}],"predecessor-version":[{"id":1380,"href":"https:\/\/lemelville.fr\/accueil\/wp-json\/wp\/v2\/tribe_events\/1378\/revisions\/1380"}],"wp:featuredmedia":[{"embeddable":true,"href":"https:\/\/lemelville.fr\/accueil\/wp-json\/wp\/v2\/media\/1379"}],"wp:attachment":[{"href":"https:\/\/lemelville.fr\/accueil\/wp-json\/wp\/v2\/media?parent=1378"}],"wp:term":[{"taxonomy":"post_tag","embeddable":true,"href":"https:\/\/lemelville.fr\/accueil\/wp-json\/wp\/v2\/tags?post=1378"},{"taxonomy":"tribe_events_cat","embeddable":true,"href":"https:\/\/lemelville.fr\/accueil\/wp-json\/wp\/v2\/tribe_events_cat?post=1378"}],"curies":[{"name":"wp","href":"https:\/\/api.w.org\/{rel}","templated":true}]}}