{"id":3440,"date":"2024-11-11T17:12:21","date_gmt":"2024-11-11T16:12:21","guid":{"rendered":"https:\/\/lemelville.fr\/?post_type=tribe_events&#038;p=3440"},"modified":"2025-01-08T17:41:24","modified_gmt":"2025-01-08T16:41:24","slug":"marijke-jaehrling","status":"publish","type":"tribe_events","link":"https:\/\/lemelville.fr\/accueil\/evenements\/marijke-jaehrling\/","title":{"rendered":"Marijke Jaehrling"},"content":{"rendered":"<p><span class=\"LineBreakBlob BlobObject DragDrop SCXW230232189 BCX0\"><span class=\"SCXW230232189 BCX0\">\u00a0<\/span><br class=\"SCXW230232189 BCX0\" \/><\/span><span class=\"TextRun Highlight SCXW230232189 BCX0\" lang=\"FR-FR\" xml:lang=\"FR-FR\" data-contrast=\"none\"><span class=\"NormalTextRun SCXW230232189 BCX0\">The Billie Holiday Story Elle \u00e9tait une l\u00e9gende du jazz. Et les l\u00e9gendes sont connues pour mourir jeunes. La chanteuse de jazz Billie Holiday est d\u00e9c\u00e9d\u00e9e le 17 juillet 1959 \u00e0 l&#8217;\u00e2ge de 44 ans dans un h\u00f4pital new-yorkais, surveill\u00e9e par la police des drogues, d\u00e9charn\u00e9e et ruin\u00e9e, juste un an apr\u00e8s son grand succ\u00e8s avec ses concerts en Europe, notamment \u00e0 Paris. \u00c0 l&#8217;occasion de ce qui serait son 110e anniversaire en 2025, la chanteuse de jazz Marijke Jaehrling peint un portrait sensible de Lady Day, car au cours de sa courte vie, elle avait cr\u00e9\u00e9 ni plus ni moins que LE r\u00e9pertoire vocal de jazz auquel toutes les chanteuses se r\u00e9f\u00e8rent d\u00e9sormais in\u00e9vitablement. E<\/span><span class=\"NormalTextRun SCXW230232189 BCX0\">lle<\/span><span class=\"NormalTextRun SCXW230232189 BCX0\"> est souvent consid\u00e9r\u00e9e comme une victime des hommes dont elle avait besoin pour progresser. Un clich\u00e9, car en r\u00e9alit\u00e9, c&#8217;\u00e9tait une femme forte qui, en tant qu&#8217;Afro-Am\u00e9ricaine, a eu le courage de jeter le grand<\/span><span class=\"NormalTextRun ContextualSpellingAndGrammarErrorV2Themed SCXW230232189 BCX0\"> \u00abStrange<\/span><span class=\"NormalTextRun SCXW230232189 BCX0\"> Fruit \u00bb \u00e0 la face du monde. Le programme du CD \u00ab Portrait of a Lady \u00bb trace un portrait musical multicouche de Billie Holiday, qui a toujours racont\u00e9 \u00e0 fond son histoire personnelle dans sa musique, entre le d\u00e9sir d&#8217;amour, les d\u00e9pendances et la volont\u00e9 de suivre radicalement sa propre voie.\u00a0<\/span><\/span><\/p>\n<p>&nbsp;<\/p>\n<p>Marijke Jaehrling : chant<br \/>\nGuilhem Andr\u00e9 : sax<br \/>\nS\u00e9bastien Lovato : piano<br \/>\nJoana Martinez : basse<\/p>\n","protected":false},"excerpt":{"rendered":"<p>\u00a0The Billie Holiday Story Elle \u00e9tait une l\u00e9gende du jazz. Et les l\u00e9gendes sont connues pour mourir jeunes. La chanteuse de jazz Billie Holiday est d\u00e9c\u00e9d\u00e9e le 17 juillet 1959&hellip; <a class=\"more-link\" href=\"https:\/\/lemelville.fr\/accueil\/evenements\/marijke-jaehrling\/\">Poursuivre la lecture <span class=\"screen-reader-text\">Marijke Jaehrling<\/span><\/a><\/p>\n","protected":false},"author":1,"featured_media":3443,"template":"","meta":{"_tribe_events_status":"","_tribe_events_status_reason":"","_tribe_events_is_hybrid":"","_tribe_events_is_virtual":"","_tribe_events_virtual_video_source":"","_tribe_events_virtual_embed_video":"","_tribe_events_virtual_linked_button_text":"","_tribe_events_virtual_linked_button":"","_tribe_events_virtual_show_embed_at":"","_tribe_events_virtual_show_embed_to":[],"_tribe_events_virtual_show_on_event":"","_tribe_events_virtual_show_on_views":"","_tribe_events_virtual_url":"","footnotes":""},"tags":[],"tribe_events_cat":[88,89],"class_list":["post-3440","tribe_events","type-tribe_events","status-publish","has-post-thumbnail","hentry","tribe_events_cat-jazz-standard","tribe_events_cat-vocal-standard-jazz","cat_jazz-standard","cat_vocal-standard-jazz","entry"],"yoast_head":"<!-- This site is optimized with the Yoast SEO Premium plugin v24.3 (Yoast SEO v27.1.1) - https:\/\/yoast.com\/product\/yoast-seo-premium-wordpress\/ -->\n<title>Marijke Jaehrling - Le Melville<\/title>\n<meta name=\"robots\" content=\"index, follow, max-snippet:-1, max-image-preview:large, max-video-preview:-1\" \/>\n<link rel=\"canonical\" href=\"https:\/\/lemelville.fr\/accueil\/evenements\/marijke-jaehrling\/\" \/>\n<meta property=\"og:locale\" content=\"fr_FR\" \/>\n<meta property=\"og:type\" content=\"article\" \/>\n<meta property=\"og:title\" content=\"Marijke Jaehrling\" \/>\n<meta property=\"og:description\" content=\"\u00a0The Billie Holiday Story Elle \u00e9tait une l\u00e9gende du jazz. Et les l\u00e9gendes sont connues pour mourir jeunes. La chanteuse de jazz Billie Holiday est d\u00e9c\u00e9d\u00e9e le 17 juillet 1959&hellip; Poursuivre la lecture Marijke Jaehrling\" \/>\n<meta property=\"og:url\" content=\"https:\/\/lemelville.fr\/accueil\/evenements\/marijke-jaehrling\/\" \/>\n<meta property=\"og:site_name\" content=\"Le Melville\" \/>\n<meta property=\"article:publisher\" content=\"https:\/\/www.facebook.com\/people\/Le-Melville\/100085390055277\/\" \/>\n<meta property=\"article:modified_time\" content=\"2025-01-08T16:41:24+00:00\" \/>\n<meta property=\"og:image\" content=\"http:\/\/lemelville.fr\/wp-content\/uploads\/2024\/11\/Marijke-Jaehrling-Affiche-NF.png\" \/>\n\t<meta property=\"og:image:width\" content=\"1280\" \/>\n\t<meta property=\"og:image:height\" content=\"800\" \/>\n\t<meta property=\"og:image:type\" content=\"image\/png\" \/>\n<meta name=\"twitter:card\" content=\"summary_large_image\" \/>\n<meta name=\"twitter:label1\" content=\"Dur\u00e9e de lecture estim\u00e9e\" \/>\n\t<meta name=\"twitter:data1\" content=\"2 minutes\" \/>\n<script type=\"application\/ld+json\" class=\"yoast-schema-graph\">{\"@context\":\"https:\/\/schema.org\",\"@graph\":[{\"@type\":\"WebPage\",\"@id\":\"https:\/\/lemelville.fr\/accueil\/evenements\/marijke-jaehrling\/\",\"url\":\"https:\/\/lemelville.fr\/accueil\/evenements\/marijke-jaehrling\/\",\"name\":\"Marijke Jaehrling - Le Melville\",\"isPartOf\":{\"@id\":\"https:\/\/lemelville.fr\/accueil\/#website\"},\"primaryImageOfPage\":{\"@id\":\"https:\/\/lemelville.fr\/accueil\/evenements\/marijke-jaehrling\/#primaryimage\"},\"image\":{\"@id\":\"https:\/\/lemelville.fr\/accueil\/evenements\/marijke-jaehrling\/#primaryimage\"},\"thumbnailUrl\":\"https:\/\/lemelville.fr\/wp-content\/uploads\/2024\/11\/Marijke-Jaehrling-Affiche-NF.png\",\"datePublished\":\"2024-11-11T16:12:21+00:00\",\"dateModified\":\"2025-01-08T16:41:24+00:00\",\"breadcrumb\":{\"@id\":\"https:\/\/lemelville.fr\/accueil\/evenements\/marijke-jaehrling\/#breadcrumb\"},\"inLanguage\":\"fr-FR\",\"potentialAction\":[{\"@type\":\"ReadAction\",\"target\":[\"https:\/\/lemelville.fr\/accueil\/evenements\/marijke-jaehrling\/\"]}]},{\"@type\":\"ImageObject\",\"inLanguage\":\"fr-FR\",\"@id\":\"https:\/\/lemelville.fr\/accueil\/evenements\/marijke-jaehrling\/#primaryimage\",\"url\":\"https:\/\/lemelville.fr\/wp-content\/uploads\/2024\/11\/Marijke-Jaehrling-Affiche-NF.png\",\"contentUrl\":\"https:\/\/lemelville.fr\/wp-content\/uploads\/2024\/11\/Marijke-Jaehrling-Affiche-NF.png\",\"width\":1280,\"height\":800},{\"@type\":\"BreadcrumbList\",\"@id\":\"https:\/\/lemelville.fr\/accueil\/evenements\/marijke-jaehrling\/#breadcrumb\",\"itemListElement\":[{\"@type\":\"ListItem\",\"position\":1,\"name\":\"Accueil\",\"item\":\"https:\/\/lemelville.fr\/accueil\/\"},{\"@type\":\"ListItem\",\"position\":2,\"name\":\"\u00c9v\u00e8nements\",\"item\":\"https:\/\/lemelville.fr\/accueil\/evenements\/\"},{\"@type\":\"ListItem\",\"position\":3,\"name\":\"Marijke Jaehrling\"}]},{\"@type\":\"WebSite\",\"@id\":\"https:\/\/lemelville.fr\/accueil\/#website\",\"url\":\"https:\/\/lemelville.fr\/accueil\/\",\"name\":\"Le Melville\",\"description\":\"Le Melville c\u2019est l\u2019\u00e9clectisme dans les verres, les assiettes et dans les oreilles. Du Jazz, de la world Music, souvent en live, une carte \u00e9l\u00e9gante de mets \u00e0 picorer et des cocktails sur mesure, le tout dans un \u00e9crin de bois et de velours.\",\"publisher\":{\"@id\":\"https:\/\/lemelville.fr\/accueil\/#organization\"},\"potentialAction\":[{\"@type\":\"SearchAction\",\"target\":{\"@type\":\"EntryPoint\",\"urlTemplate\":\"https:\/\/lemelville.fr\/accueil\/?s={search_term_string}\"},\"query-input\":{\"@type\":\"PropertyValueSpecification\",\"valueRequired\":true,\"valueName\":\"search_term_string\"}}],\"inLanguage\":\"fr-FR\"},{\"@type\":\"Organization\",\"@id\":\"https:\/\/lemelville.fr\/accueil\/#organization\",\"name\":\"Le Melville\",\"url\":\"https:\/\/lemelville.fr\/accueil\/\",\"logo\":{\"@type\":\"ImageObject\",\"inLanguage\":\"fr-FR\",\"@id\":\"https:\/\/lemelville.fr\/accueil\/#\/schema\/logo\/image\/\",\"url\":\"https:\/\/lemelville.fr\/wp-content\/uploads\/2023\/09\/Logo-transparent-1-e1720022580951.png\",\"contentUrl\":\"https:\/\/lemelville.fr\/wp-content\/uploads\/2023\/09\/Logo-transparent-1-e1720022580951.png\",\"width\":2000,\"height\":656,\"caption\":\"Le Melville\"},\"image\":{\"@id\":\"https:\/\/lemelville.fr\/accueil\/#\/schema\/logo\/image\/\"},\"sameAs\":[\"https:\/\/www.facebook.com\/people\/Le-Melville\/100085390055277\/\",\"https:\/\/www.instagram.com\/lemelville_paris\/\"]}]}<\/script>\n<!-- \/ Yoast SEO Premium plugin. -->","yoast_head_json":{"title":"Marijke Jaehrling - Le Melville","robots":{"index":"index","follow":"follow","max-snippet":"max-snippet:-1","max-image-preview":"max-image-preview:large","max-video-preview":"max-video-preview:-1"},"canonical":"https:\/\/lemelville.fr\/accueil\/evenements\/marijke-jaehrling\/","og_locale":"fr_FR","og_type":"article","og_title":"Marijke Jaehrling","og_description":"\u00a0The Billie Holiday Story Elle \u00e9tait une l\u00e9gende du jazz. Et les l\u00e9gendes sont connues pour mourir jeunes. La chanteuse de jazz Billie Holiday est d\u00e9c\u00e9d\u00e9e le 17 juillet 1959&hellip; Poursuivre la lecture Marijke Jaehrling","og_url":"https:\/\/lemelville.fr\/accueil\/evenements\/marijke-jaehrling\/","og_site_name":"Le Melville","article_publisher":"https:\/\/www.facebook.com\/people\/Le-Melville\/100085390055277\/","article_modified_time":"2025-01-08T16:41:24+00:00","og_image":[{"width":1280,"height":800,"url":"http:\/\/lemelville.fr\/wp-content\/uploads\/2024\/11\/Marijke-Jaehrling-Affiche-NF.png","type":"image\/png"}],"twitter_card":"summary_large_image","twitter_misc":{"Dur\u00e9e de lecture estim\u00e9e":"2 minutes"},"schema":{"@context":"https:\/\/schema.org","@graph":[{"@type":"WebPage","@id":"https:\/\/lemelville.fr\/accueil\/evenements\/marijke-jaehrling\/","url":"https:\/\/lemelville.fr\/accueil\/evenements\/marijke-jaehrling\/","name":"Marijke Jaehrling - Le Melville","isPartOf":{"@id":"https:\/\/lemelville.fr\/accueil\/#website"},"primaryImageOfPage":{"@id":"https:\/\/lemelville.fr\/accueil\/evenements\/marijke-jaehrling\/#primaryimage"},"image":{"@id":"https:\/\/lemelville.fr\/accueil\/evenements\/marijke-jaehrling\/#primaryimage"},"thumbnailUrl":"https:\/\/lemelville.fr\/wp-content\/uploads\/2024\/11\/Marijke-Jaehrling-Affiche-NF.png","datePublished":"2024-11-11T16:12:21+00:00","dateModified":"2025-01-08T16:41:24+00:00","breadcrumb":{"@id":"https:\/\/lemelville.fr\/accueil\/evenements\/marijke-jaehrling\/#breadcrumb"},"inLanguage":"fr-FR","potentialAction":[{"@type":"ReadAction","target":["https:\/\/lemelville.fr\/accueil\/evenements\/marijke-jaehrling\/"]}]},{"@type":"ImageObject","inLanguage":"fr-FR","@id":"https:\/\/lemelville.fr\/accueil\/evenements\/marijke-jaehrling\/#primaryimage","url":"https:\/\/lemelville.fr\/wp-content\/uploads\/2024\/11\/Marijke-Jaehrling-Affiche-NF.png","contentUrl":"https:\/\/lemelville.fr\/wp-content\/uploads\/2024\/11\/Marijke-Jaehrling-Affiche-NF.png","width":1280,"height":800},{"@type":"BreadcrumbList","@id":"https:\/\/lemelville.fr\/accueil\/evenements\/marijke-jaehrling\/#breadcrumb","itemListElement":[{"@type":"ListItem","position":1,"name":"Accueil","item":"https:\/\/lemelville.fr\/accueil\/"},{"@type":"ListItem","position":2,"name":"\u00c9v\u00e8nements","item":"https:\/\/lemelville.fr\/accueil\/evenements\/"},{"@type":"ListItem","position":3,"name":"Marijke Jaehrling"}]},{"@type":"WebSite","@id":"https:\/\/lemelville.fr\/accueil\/#website","url":"https:\/\/lemelville.fr\/accueil\/","name":"Le Melville","description":"Le Melville c\u2019est l\u2019\u00e9clectisme dans les verres, les assiettes et dans les oreilles. Du Jazz, de la world Music, souvent en live, une carte \u00e9l\u00e9gante de mets \u00e0 picorer et des cocktails sur mesure, le tout dans un \u00e9crin de bois et de velours.","publisher":{"@id":"https:\/\/lemelville.fr\/accueil\/#organization"},"potentialAction":[{"@type":"SearchAction","target":{"@type":"EntryPoint","urlTemplate":"https:\/\/lemelville.fr\/accueil\/?s={search_term_string}"},"query-input":{"@type":"PropertyValueSpecification","valueRequired":true,"valueName":"search_term_string"}}],"inLanguage":"fr-FR"},{"@type":"Organization","@id":"https:\/\/lemelville.fr\/accueil\/#organization","name":"Le Melville","url":"https:\/\/lemelville.fr\/accueil\/","logo":{"@type":"ImageObject","inLanguage":"fr-FR","@id":"https:\/\/lemelville.fr\/accueil\/#\/schema\/logo\/image\/","url":"https:\/\/lemelville.fr\/wp-content\/uploads\/2023\/09\/Logo-transparent-1-e1720022580951.png","contentUrl":"https:\/\/lemelville.fr\/wp-content\/uploads\/2023\/09\/Logo-transparent-1-e1720022580951.png","width":2000,"height":656,"caption":"Le Melville"},"image":{"@id":"https:\/\/lemelville.fr\/accueil\/#\/schema\/logo\/image\/"},"sameAs":["https:\/\/www.facebook.com\/people\/Le-Melville\/100085390055277\/","https:\/\/www.instagram.com\/lemelville_paris\/"]}]}},"_links":{"self":[{"href":"https:\/\/lemelville.fr\/accueil\/wp-json\/wp\/v2\/tribe_events\/3440","targetHints":{"allow":["GET"]}}],"collection":[{"href":"https:\/\/lemelville.fr\/accueil\/wp-json\/wp\/v2\/tribe_events"}],"about":[{"href":"https:\/\/lemelville.fr\/accueil\/wp-json\/wp\/v2\/types\/tribe_events"}],"author":[{"embeddable":true,"href":"https:\/\/lemelville.fr\/accueil\/wp-json\/wp\/v2\/users\/1"}],"version-history":[{"count":4,"href":"https:\/\/lemelville.fr\/accueil\/wp-json\/wp\/v2\/tribe_events\/3440\/revisions"}],"predecessor-version":[{"id":3643,"href":"https:\/\/lemelville.fr\/accueil\/wp-json\/wp\/v2\/tribe_events\/3440\/revisions\/3643"}],"wp:featuredmedia":[{"embeddable":true,"href":"https:\/\/lemelville.fr\/accueil\/wp-json\/wp\/v2\/media\/3443"}],"wp:attachment":[{"href":"https:\/\/lemelville.fr\/accueil\/wp-json\/wp\/v2\/media?parent=3440"}],"wp:term":[{"taxonomy":"post_tag","embeddable":true,"href":"https:\/\/lemelville.fr\/accueil\/wp-json\/wp\/v2\/tags?post=3440"},{"taxonomy":"tribe_events_cat","embeddable":true,"href":"https:\/\/lemelville.fr\/accueil\/wp-json\/wp\/v2\/tribe_events_cat?post=3440"}],"curies":[{"name":"wp","href":"https:\/\/api.w.org\/{rel}","templated":true}]}}