{"id":3569,"date":"2024-12-11T01:05:05","date_gmt":"2024-12-11T00:05:05","guid":{"rendered":"https:\/\/lemelville.fr\/?post_type=tribe_events&#038;p=3569"},"modified":"2024-12-11T01:06:25","modified_gmt":"2024-12-11T00:06:25","slug":"3569","status":"publish","type":"tribe_events","link":"https:\/\/lemelville.fr\/accueil\/evenements\/3569\/","title":{"rendered":"Lana Gray"},"content":{"rendered":"<p><span class=\"NormalTextRun SCXW21886747 BCX0\">L\u00e0 o\u00f9 il y a des r\u00eaves, de l\u2019amour et de l\u2019inspiration, vous ne pourrez pas vous tromper. \u00bb Le parcours de Lana GRAY semble avoir \u00e9t\u00e9 \u00e9clair\u00e9 par cette pens\u00e9e d\u2019Ella FITZGERALD<\/span><span class=\"NormalTextRun SCXW21886747 BCX0\">.<\/span> <span class=\"NormalTextRun SCXW21886747 BCX0\">L\u2019autrice-compositrice et chanteuse, Lana Gray, est n\u00e9e au S\u00e9n\u00e9gal et ses origines diverses\u202fs\u2019\u00e9tendent de l\u2019Europe du Sud, aux rivages du Sud-Est asiatique et de l\u2019Afrique de l\u2019Ouest. Ainsi, Sa voix de velours envo\u00fbtante porte en elle <\/span><span class=\"NormalTextRun SCXW21886747 BCX0\">l&#8217;infinit\u00e9\u202fd&#8217;un<\/span> <span class=\"NormalTextRun SCXW21886747 BCX0\">monde<\/span> <span class=\"NormalTextRun SCXW21886747 BCX0\">enrichi\u202fde\u202fmultiples<\/span> <span class=\"NormalTextRun SCXW21886747 BCX0\">croisements\u202fartistiques<\/span><span class=\"NormalTextRun SCXW21886747 BCX0\">. Son univers musical m\u00e9tiss\u00e9 offre un jazz aux accents swing et latin. Lana a enregistr\u00e9 des albums avec<\/span><span class=\"NormalTextRun SCXW21886747 BCX0\"> Philippe Baden Powell<\/span><span class=\"NormalTextRun SCXW21886747 BCX0\">,<\/span> <span class=\"NormalTextRun SCXW21886747 BCX0\">Thierry <\/span><span class=\"NormalTextRun SCXW21886747 BCX0\">\u00c9liez et<\/span><span class=\"NormalTextRun SCXW21886747 BCX0\"> Alain Jean-Marie<\/span><span class=\"NormalTextRun SCXW21886747 BCX0\">. Lana sera accompagn\u00e9e du <\/span><span class=\"NormalTextRun SCXW21886747 BCX0\">guitariste<\/span><span class=\"NormalTextRun SCXW21886747 BCX0\"> et chanteur<\/span><span class=\"NormalTextRun SCXW21886747 BCX0\"> br\u00e9silien Sidney Rodrigues<\/span><span class=\"NormalTextRun SCXW21886747 BCX0\"> et du pianiste Hiroshi Murayama au son de <\/span><span class=\"NormalTextRun SCXW21886747 BCX0\">ses <\/span><span class=\"NormalTextRun SCXW21886747 BCX0\">compositions, de standards et de bossa nova.<\/span><\/p>\n<p>Lana Gray : chant<\/p>\n<p>Hiroshi Murayama : piano<\/p>\n<p>Sidney Rodrigues : guitare<\/p>\n","protected":false},"excerpt":{"rendered":"<p>L\u00e0 o\u00f9 il y a des r\u00eaves, de l\u2019amour et de l\u2019inspiration, vous ne pourrez pas vous tromper. \u00bb Le parcours de Lana GRAY semble avoir \u00e9t\u00e9 \u00e9clair\u00e9 par cette&hellip; <a class=\"more-link\" href=\"https:\/\/lemelville.fr\/accueil\/evenements\/3569\/\">Poursuivre la lecture <span class=\"screen-reader-text\">Lana Gray<\/span><\/a><\/p>\n","protected":false},"author":1,"featured_media":3570,"template":"","meta":{"_tribe_events_status":"","_tribe_events_status_reason":"","_tribe_events_is_hybrid":"","_tribe_events_is_virtual":"","_tribe_events_virtual_video_source":"","_tribe_events_virtual_embed_video":"","_tribe_events_virtual_linked_button_text":"","_tribe_events_virtual_linked_button":"","_tribe_events_virtual_show_embed_at":"","_tribe_events_virtual_show_embed_to":[],"_tribe_events_virtual_show_on_event":"","_tribe_events_virtual_show_on_views":"","_tribe_events_virtual_url":"","footnotes":""},"tags":[],"tribe_events_cat":[89],"class_list":["post-3569","tribe_events","type-tribe_events","status-publish","has-post-thumbnail","hentry","tribe_events_cat-vocal-standard-jazz","cat_vocal-standard-jazz","entry"],"yoast_head":"<!-- This site is optimized with the Yoast SEO Premium plugin v24.3 (Yoast SEO v27.1.1) - https:\/\/yoast.com\/product\/yoast-seo-premium-wordpress\/ -->\n<title>Lana Gray - Le Melville<\/title>\n<meta name=\"robots\" content=\"index, follow, max-snippet:-1, max-image-preview:large, max-video-preview:-1\" \/>\n<link rel=\"canonical\" href=\"https:\/\/lemelville.fr\/accueil\/evenements\/3569\/\" \/>\n<meta property=\"og:locale\" content=\"fr_FR\" \/>\n<meta property=\"og:type\" content=\"article\" \/>\n<meta property=\"og:title\" content=\"Lana Gray\" \/>\n<meta property=\"og:description\" content=\"L\u00e0 o\u00f9 il y a des r\u00eaves, de l\u2019amour et de l\u2019inspiration, vous ne pourrez pas vous tromper. \u00bb Le parcours de Lana GRAY semble avoir \u00e9t\u00e9 \u00e9clair\u00e9 par cette&hellip; Poursuivre la lecture Lana Gray\" \/>\n<meta property=\"og:url\" content=\"https:\/\/lemelville.fr\/accueil\/evenements\/3569\/\" \/>\n<meta property=\"og:site_name\" content=\"Le Melville\" \/>\n<meta property=\"article:publisher\" content=\"https:\/\/www.facebook.com\/people\/Le-Melville\/100085390055277\/\" \/>\n<meta property=\"article:modified_time\" content=\"2024-12-11T00:06:25+00:00\" \/>\n<meta property=\"og:image\" content=\"http:\/\/lemelville.fr\/wp-content\/uploads\/2024\/12\/Lana-Gray-Affiche-NF.png\" \/>\n\t<meta property=\"og:image:width\" content=\"1280\" \/>\n\t<meta property=\"og:image:height\" content=\"800\" \/>\n\t<meta property=\"og:image:type\" content=\"image\/png\" \/>\n<meta name=\"twitter:card\" content=\"summary_large_image\" \/>\n<meta name=\"twitter:label1\" content=\"Dur\u00e9e de lecture estim\u00e9e\" \/>\n\t<meta name=\"twitter:data1\" content=\"1 minute\" \/>\n<script type=\"application\/ld+json\" class=\"yoast-schema-graph\">{\"@context\":\"https:\/\/schema.org\",\"@graph\":[{\"@type\":\"WebPage\",\"@id\":\"https:\/\/lemelville.fr\/accueil\/evenements\/3569\/\",\"url\":\"https:\/\/lemelville.fr\/accueil\/evenements\/3569\/\",\"name\":\"Lana Gray - Le Melville\",\"isPartOf\":{\"@id\":\"https:\/\/lemelville.fr\/accueil\/#website\"},\"primaryImageOfPage\":{\"@id\":\"https:\/\/lemelville.fr\/accueil\/evenements\/3569\/#primaryimage\"},\"image\":{\"@id\":\"https:\/\/lemelville.fr\/accueil\/evenements\/3569\/#primaryimage\"},\"thumbnailUrl\":\"https:\/\/lemelville.fr\/wp-content\/uploads\/2024\/12\/Lana-Gray-Affiche-NF.png\",\"datePublished\":\"2024-12-11T00:05:05+00:00\",\"dateModified\":\"2024-12-11T00:06:25+00:00\",\"breadcrumb\":{\"@id\":\"https:\/\/lemelville.fr\/accueil\/evenements\/3569\/#breadcrumb\"},\"inLanguage\":\"fr-FR\",\"potentialAction\":[{\"@type\":\"ReadAction\",\"target\":[\"https:\/\/lemelville.fr\/accueil\/evenements\/3569\/\"]}]},{\"@type\":\"ImageObject\",\"inLanguage\":\"fr-FR\",\"@id\":\"https:\/\/lemelville.fr\/accueil\/evenements\/3569\/#primaryimage\",\"url\":\"https:\/\/lemelville.fr\/wp-content\/uploads\/2024\/12\/Lana-Gray-Affiche-NF.png\",\"contentUrl\":\"https:\/\/lemelville.fr\/wp-content\/uploads\/2024\/12\/Lana-Gray-Affiche-NF.png\",\"width\":1280,\"height\":800},{\"@type\":\"BreadcrumbList\",\"@id\":\"https:\/\/lemelville.fr\/accueil\/evenements\/3569\/#breadcrumb\",\"itemListElement\":[{\"@type\":\"ListItem\",\"position\":1,\"name\":\"Accueil\",\"item\":\"https:\/\/lemelville.fr\/accueil\/\"},{\"@type\":\"ListItem\",\"position\":2,\"name\":\"\u00c9v\u00e8nements\",\"item\":\"https:\/\/lemelville.fr\/accueil\/evenements\/\"},{\"@type\":\"ListItem\",\"position\":3,\"name\":\"Lana Gray\"}]},{\"@type\":\"WebSite\",\"@id\":\"https:\/\/lemelville.fr\/accueil\/#website\",\"url\":\"https:\/\/lemelville.fr\/accueil\/\",\"name\":\"Le Melville\",\"description\":\"Le Melville c\u2019est l\u2019\u00e9clectisme dans les verres, les assiettes et dans les oreilles. Du Jazz, de la world Music, souvent en live, une carte \u00e9l\u00e9gante de mets \u00e0 picorer et des cocktails sur mesure, le tout dans un \u00e9crin de bois et de velours.\",\"publisher\":{\"@id\":\"https:\/\/lemelville.fr\/accueil\/#organization\"},\"potentialAction\":[{\"@type\":\"SearchAction\",\"target\":{\"@type\":\"EntryPoint\",\"urlTemplate\":\"https:\/\/lemelville.fr\/accueil\/?s={search_term_string}\"},\"query-input\":{\"@type\":\"PropertyValueSpecification\",\"valueRequired\":true,\"valueName\":\"search_term_string\"}}],\"inLanguage\":\"fr-FR\"},{\"@type\":\"Organization\",\"@id\":\"https:\/\/lemelville.fr\/accueil\/#organization\",\"name\":\"Le Melville\",\"url\":\"https:\/\/lemelville.fr\/accueil\/\",\"logo\":{\"@type\":\"ImageObject\",\"inLanguage\":\"fr-FR\",\"@id\":\"https:\/\/lemelville.fr\/accueil\/#\/schema\/logo\/image\/\",\"url\":\"https:\/\/lemelville.fr\/wp-content\/uploads\/2023\/09\/Logo-transparent-1-e1720022580951.png\",\"contentUrl\":\"https:\/\/lemelville.fr\/wp-content\/uploads\/2023\/09\/Logo-transparent-1-e1720022580951.png\",\"width\":2000,\"height\":656,\"caption\":\"Le Melville\"},\"image\":{\"@id\":\"https:\/\/lemelville.fr\/accueil\/#\/schema\/logo\/image\/\"},\"sameAs\":[\"https:\/\/www.facebook.com\/people\/Le-Melville\/100085390055277\/\",\"https:\/\/www.instagram.com\/lemelville_paris\/\"]}]}<\/script>\n<!-- \/ Yoast SEO Premium plugin. -->","yoast_head_json":{"title":"Lana Gray - Le Melville","robots":{"index":"index","follow":"follow","max-snippet":"max-snippet:-1","max-image-preview":"max-image-preview:large","max-video-preview":"max-video-preview:-1"},"canonical":"https:\/\/lemelville.fr\/accueil\/evenements\/3569\/","og_locale":"fr_FR","og_type":"article","og_title":"Lana Gray","og_description":"L\u00e0 o\u00f9 il y a des r\u00eaves, de l\u2019amour et de l\u2019inspiration, vous ne pourrez pas vous tromper. \u00bb Le parcours de Lana GRAY semble avoir \u00e9t\u00e9 \u00e9clair\u00e9 par cette&hellip; Poursuivre la lecture Lana Gray","og_url":"https:\/\/lemelville.fr\/accueil\/evenements\/3569\/","og_site_name":"Le Melville","article_publisher":"https:\/\/www.facebook.com\/people\/Le-Melville\/100085390055277\/","article_modified_time":"2024-12-11T00:06:25+00:00","og_image":[{"width":1280,"height":800,"url":"http:\/\/lemelville.fr\/wp-content\/uploads\/2024\/12\/Lana-Gray-Affiche-NF.png","type":"image\/png"}],"twitter_card":"summary_large_image","twitter_misc":{"Dur\u00e9e de lecture estim\u00e9e":"1 minute"},"schema":{"@context":"https:\/\/schema.org","@graph":[{"@type":"WebPage","@id":"https:\/\/lemelville.fr\/accueil\/evenements\/3569\/","url":"https:\/\/lemelville.fr\/accueil\/evenements\/3569\/","name":"Lana Gray - Le Melville","isPartOf":{"@id":"https:\/\/lemelville.fr\/accueil\/#website"},"primaryImageOfPage":{"@id":"https:\/\/lemelville.fr\/accueil\/evenements\/3569\/#primaryimage"},"image":{"@id":"https:\/\/lemelville.fr\/accueil\/evenements\/3569\/#primaryimage"},"thumbnailUrl":"https:\/\/lemelville.fr\/wp-content\/uploads\/2024\/12\/Lana-Gray-Affiche-NF.png","datePublished":"2024-12-11T00:05:05+00:00","dateModified":"2024-12-11T00:06:25+00:00","breadcrumb":{"@id":"https:\/\/lemelville.fr\/accueil\/evenements\/3569\/#breadcrumb"},"inLanguage":"fr-FR","potentialAction":[{"@type":"ReadAction","target":["https:\/\/lemelville.fr\/accueil\/evenements\/3569\/"]}]},{"@type":"ImageObject","inLanguage":"fr-FR","@id":"https:\/\/lemelville.fr\/accueil\/evenements\/3569\/#primaryimage","url":"https:\/\/lemelville.fr\/wp-content\/uploads\/2024\/12\/Lana-Gray-Affiche-NF.png","contentUrl":"https:\/\/lemelville.fr\/wp-content\/uploads\/2024\/12\/Lana-Gray-Affiche-NF.png","width":1280,"height":800},{"@type":"BreadcrumbList","@id":"https:\/\/lemelville.fr\/accueil\/evenements\/3569\/#breadcrumb","itemListElement":[{"@type":"ListItem","position":1,"name":"Accueil","item":"https:\/\/lemelville.fr\/accueil\/"},{"@type":"ListItem","position":2,"name":"\u00c9v\u00e8nements","item":"https:\/\/lemelville.fr\/accueil\/evenements\/"},{"@type":"ListItem","position":3,"name":"Lana Gray"}]},{"@type":"WebSite","@id":"https:\/\/lemelville.fr\/accueil\/#website","url":"https:\/\/lemelville.fr\/accueil\/","name":"Le Melville","description":"Le Melville c\u2019est l\u2019\u00e9clectisme dans les verres, les assiettes et dans les oreilles. Du Jazz, de la world Music, souvent en live, une carte \u00e9l\u00e9gante de mets \u00e0 picorer et des cocktails sur mesure, le tout dans un \u00e9crin de bois et de velours.","publisher":{"@id":"https:\/\/lemelville.fr\/accueil\/#organization"},"potentialAction":[{"@type":"SearchAction","target":{"@type":"EntryPoint","urlTemplate":"https:\/\/lemelville.fr\/accueil\/?s={search_term_string}"},"query-input":{"@type":"PropertyValueSpecification","valueRequired":true,"valueName":"search_term_string"}}],"inLanguage":"fr-FR"},{"@type":"Organization","@id":"https:\/\/lemelville.fr\/accueil\/#organization","name":"Le Melville","url":"https:\/\/lemelville.fr\/accueil\/","logo":{"@type":"ImageObject","inLanguage":"fr-FR","@id":"https:\/\/lemelville.fr\/accueil\/#\/schema\/logo\/image\/","url":"https:\/\/lemelville.fr\/wp-content\/uploads\/2023\/09\/Logo-transparent-1-e1720022580951.png","contentUrl":"https:\/\/lemelville.fr\/wp-content\/uploads\/2023\/09\/Logo-transparent-1-e1720022580951.png","width":2000,"height":656,"caption":"Le Melville"},"image":{"@id":"https:\/\/lemelville.fr\/accueil\/#\/schema\/logo\/image\/"},"sameAs":["https:\/\/www.facebook.com\/people\/Le-Melville\/100085390055277\/","https:\/\/www.instagram.com\/lemelville_paris\/"]}]}},"_links":{"self":[{"href":"https:\/\/lemelville.fr\/accueil\/wp-json\/wp\/v2\/tribe_events\/3569","targetHints":{"allow":["GET"]}}],"collection":[{"href":"https:\/\/lemelville.fr\/accueil\/wp-json\/wp\/v2\/tribe_events"}],"about":[{"href":"https:\/\/lemelville.fr\/accueil\/wp-json\/wp\/v2\/types\/tribe_events"}],"author":[{"embeddable":true,"href":"https:\/\/lemelville.fr\/accueil\/wp-json\/wp\/v2\/users\/1"}],"version-history":[{"count":2,"href":"https:\/\/lemelville.fr\/accueil\/wp-json\/wp\/v2\/tribe_events\/3569\/revisions"}],"predecessor-version":[{"id":3572,"href":"https:\/\/lemelville.fr\/accueil\/wp-json\/wp\/v2\/tribe_events\/3569\/revisions\/3572"}],"wp:featuredmedia":[{"embeddable":true,"href":"https:\/\/lemelville.fr\/accueil\/wp-json\/wp\/v2\/media\/3570"}],"wp:attachment":[{"href":"https:\/\/lemelville.fr\/accueil\/wp-json\/wp\/v2\/media?parent=3569"}],"wp:term":[{"taxonomy":"post_tag","embeddable":true,"href":"https:\/\/lemelville.fr\/accueil\/wp-json\/wp\/v2\/tags?post=3569"},{"taxonomy":"tribe_events_cat","embeddable":true,"href":"https:\/\/lemelville.fr\/accueil\/wp-json\/wp\/v2\/tribe_events_cat?post=3569"}],"curies":[{"name":"wp","href":"https:\/\/api.w.org\/{rel}","templated":true}]}}