{"id":3768,"date":"2025-01-18T15:46:57","date_gmt":"2025-01-18T14:46:57","guid":{"rendered":"https:\/\/lemelville.fr\/evenements\/french-masters\/"},"modified":"2025-01-26T13:49:00","modified_gmt":"2025-01-26T12:49:00","slug":"french-masters","status":"publish","type":"tribe_events","link":"https:\/\/lemelville.fr\/accueil\/evenements\/french-masters\/","title":{"rendered":"French Masters"},"content":{"rendered":"<p>Antoine Dessane et Cl\u00e9ment Griffault fusionnent musique classique fran\u00e7aise et jazz dans \u00ab\u202fFrench Masters\u202f\u00bb. En revisitant les grands compositeurs fran\u00e7ais avec des po\u00e8mes in\u00e9dits et des standards de jazz, ils rendent accessible et vibrant l&#8217;h\u00e9ritage musical \u00e0 un large public. Un projet fusionnant cultures et valeurs humanistes.<\/p>\n<p>Apr\u00e8s avoir \u00e9tudi\u00e9 la musique Classique et le Jazz au Conservatoire de Paris, Antoine Dessane a d\u00e9cid\u00e9 de cr\u00e9er le projet \u00ab\u202fFrench Masters\u202f\u00bb avec le pianiste Cl\u00e9ment Griffault o\u00f9 les grandes \u0153uvres des compositeurs Fran\u00e7ais sont revisit\u00e9es et adapt\u00e9es aux standards de jazz.   <\/p>\n<p>Les standards, principalement issus des com\u00e9dies musicales am\u00e9ricaines, sont des chansons, similaires aux airs d\u2019op\u00e9ra.  C\u2019est lorsque la population Afro-am\u00e9ricaine s\u2019est empar\u00e9 de ces chansons que sont n\u00e9s ce qu\u2019on appelle les standards de jazz. <\/p>\n<p>Dans un processus similaire, nous avons adapt\u00e9 les \u0153uvres instrumentales des ma\u00eetres fran\u00e7ais pour la voix en les agr\u00e9mentant de po\u00e8mes in\u00e9dits dont l\u2019histoire tisse un r\u00e9cit imaginaire inspir\u00e9 par l\u2019atmosph\u00e8re de chaque \u0153uvre. <\/p>\n<p>Cette d\u00e9marche \u00e0 un double but &#58; tout d\u2019abord rendre hommage \u00e0 la musique fran\u00e7aise mais aussi de d\u00e9mocratiser notre h\u00e9ritage musical afin de le rendre accessible au grand public par l\u2019interm\u00e9diaire de la chanson. <\/p>\n<p>C\u2019est la raison pour laquelle les po\u00e8mes, compos\u00e9s par Antoine Dessane, sont majoritairement en langue anglaise &#58; afin de diffuser \u00e0 l\u2019international l\u2019h\u00e9ritage musical de nos anc\u00eatres. <\/p>\n<p>C\u2019est \u00e0 l\u2019\u00e2ge d\u2019or de la musique fran\u00e7aise Classique que nous rendons hommage \u00e0 travers les \u0153uvres d\u2019Erik SATIE, Maurice RAVEL, Claude DEBUSSY, Gabriel FAURE, etc. <\/p>\n<p>Il est de notori\u00e9t\u00e9 publique que les compositeurs am\u00e9ricains, tout genre confondu, ont puis\u00e9s sans r\u00e9serve dans le patrimoine fran\u00e7ais pour alimenter leur inspiration. <\/p>\n<p>Dans cette continuit\u00e9, nous avons d\u00e9cid\u00e9 de faire une place aux compositeurs am\u00e9ricains de com\u00e9dies musicales se situant entre la musique Classique et le Jazz tels que George GERSHWIN, Richard RODGERS, Cole PORTER, etc.  <\/p>\n<p>Si la musique a le pouvoir d\u2019adoucir les m\u0153urs, elle a \u00e9galement le pouvoir de rassembler les peuples et de faire passer des messages. Rassembler, \u00e9mouvoir et \u0153uvrer pour la culture sont les ma\u00eetre-mots de ce projet. <\/p>\n<p>Rendre possible la rencontre entre diff\u00e9rents cercles fran\u00e7ais et anglophones, sensibiliser la jeunesse \u00e0 notre h\u00e9ritage culturel et transmettre des id\u00e9es humanistes \u00e0 travers la musique et la po\u00e9sie sont les objectifs de notre spectacle. <\/p>\n<p>Antoine Dessanne : chant<br \/>\nCl\u00e9ment Griffault : piano<br \/>\nGilles Naturel : contrebasse<\/p>\n","protected":false},"excerpt":{"rendered":"<p>Antoine Dessane et Cl\u00e9ment Griffault fusionnent musique classique fran\u00e7aise et jazz dans \u00ab\u202fFrench Masters\u202f\u00bb. En revisitant les grands compositeurs fran\u00e7ais avec des po\u00e8mes in\u00e9dits et des standards de jazz, ils&hellip; <a class=\"more-link\" href=\"https:\/\/lemelville.fr\/accueil\/evenements\/french-masters\/\">Poursuivre la lecture <span class=\"screen-reader-text\">French Masters<\/span><\/a><\/p>\n","protected":false},"author":3,"featured_media":3767,"template":"","meta":{"_tribe_events_status":"","_tribe_events_status_reason":"","_tribe_events_is_hybrid":"","_tribe_events_is_virtual":"","_tribe_events_virtual_video_source":"","_tribe_events_virtual_embed_video":"","_tribe_events_virtual_linked_button_text":"","_tribe_events_virtual_linked_button":"","_tribe_events_virtual_show_embed_at":"","_tribe_events_virtual_show_embed_to":[],"_tribe_events_virtual_show_on_event":"","_tribe_events_virtual_show_on_views":"","_tribe_events_virtual_url":"","footnotes":""},"tags":[],"tribe_events_cat":[88],"class_list":["post-3768","tribe_events","type-tribe_events","status-publish","has-post-thumbnail","hentry","tribe_events_cat-jazz-standard","cat_jazz-standard","entry"],"yoast_head":"<!-- This site is optimized with the Yoast SEO Premium plugin v24.3 (Yoast SEO v27.1.1) - https:\/\/yoast.com\/product\/yoast-seo-premium-wordpress\/ -->\n<title>French Masters - Le Melville<\/title>\n<meta name=\"robots\" content=\"index, follow, max-snippet:-1, max-image-preview:large, max-video-preview:-1\" \/>\n<link rel=\"canonical\" href=\"https:\/\/lemelville.fr\/accueil\/evenements\/french-masters\/\" \/>\n<meta property=\"og:locale\" content=\"fr_FR\" \/>\n<meta property=\"og:type\" content=\"article\" \/>\n<meta property=\"og:title\" content=\"French Masters\" \/>\n<meta property=\"og:description\" content=\"Antoine Dessane et Cl\u00e9ment Griffault fusionnent musique classique fran\u00e7aise et jazz dans \u00ab\u202fFrench Masters\u202f\u00bb. En revisitant les grands compositeurs fran\u00e7ais avec des po\u00e8mes in\u00e9dits et des standards de jazz, ils&hellip; Poursuivre la lecture French Masters\" \/>\n<meta property=\"og:url\" content=\"https:\/\/lemelville.fr\/accueil\/evenements\/french-masters\/\" \/>\n<meta property=\"og:site_name\" content=\"Le Melville\" \/>\n<meta property=\"article:publisher\" content=\"https:\/\/www.facebook.com\/people\/Le-Melville\/100085390055277\/\" \/>\n<meta property=\"article:modified_time\" content=\"2025-01-26T12:49:00+00:00\" \/>\n<meta property=\"og:image\" content=\"https:\/\/lemelville.fr\/wp-content\/uploads\/2025\/01\/French-Masters-Affiche-NF.png\" \/>\n\t<meta property=\"og:image:width\" content=\"1280\" \/>\n\t<meta property=\"og:image:height\" content=\"800\" \/>\n\t<meta property=\"og:image:type\" content=\"image\/png\" \/>\n<meta name=\"twitter:card\" content=\"summary_large_image\" \/>\n<meta name=\"twitter:label1\" content=\"Dur\u00e9e de lecture estim\u00e9e\" \/>\n\t<meta name=\"twitter:data1\" content=\"2 minutes\" \/>\n<script type=\"application\/ld+json\" class=\"yoast-schema-graph\">{\"@context\":\"https:\/\/schema.org\",\"@graph\":[{\"@type\":\"WebPage\",\"@id\":\"https:\/\/lemelville.fr\/accueil\/evenements\/french-masters\/\",\"url\":\"https:\/\/lemelville.fr\/accueil\/evenements\/french-masters\/\",\"name\":\"French Masters - Le Melville\",\"isPartOf\":{\"@id\":\"https:\/\/lemelville.fr\/accueil\/#website\"},\"primaryImageOfPage\":{\"@id\":\"https:\/\/lemelville.fr\/accueil\/evenements\/french-masters\/#primaryimage\"},\"image\":{\"@id\":\"https:\/\/lemelville.fr\/accueil\/evenements\/french-masters\/#primaryimage\"},\"thumbnailUrl\":\"https:\/\/lemelville.fr\/wp-content\/uploads\/2025\/01\/French-Masters-Affiche-NF.png\",\"datePublished\":\"2025-01-18T14:46:57+00:00\",\"dateModified\":\"2025-01-26T12:49:00+00:00\",\"breadcrumb\":{\"@id\":\"https:\/\/lemelville.fr\/accueil\/evenements\/french-masters\/#breadcrumb\"},\"inLanguage\":\"fr-FR\",\"potentialAction\":[{\"@type\":\"ReadAction\",\"target\":[\"https:\/\/lemelville.fr\/accueil\/evenements\/french-masters\/\"]}]},{\"@type\":\"ImageObject\",\"inLanguage\":\"fr-FR\",\"@id\":\"https:\/\/lemelville.fr\/accueil\/evenements\/french-masters\/#primaryimage\",\"url\":\"https:\/\/lemelville.fr\/wp-content\/uploads\/2025\/01\/French-Masters-Affiche-NF.png\",\"contentUrl\":\"https:\/\/lemelville.fr\/wp-content\/uploads\/2025\/01\/French-Masters-Affiche-NF.png\",\"width\":1280,\"height\":800},{\"@type\":\"BreadcrumbList\",\"@id\":\"https:\/\/lemelville.fr\/accueil\/evenements\/french-masters\/#breadcrumb\",\"itemListElement\":[{\"@type\":\"ListItem\",\"position\":1,\"name\":\"Accueil\",\"item\":\"https:\/\/lemelville.fr\/accueil\/\"},{\"@type\":\"ListItem\",\"position\":2,\"name\":\"\u00c9v\u00e8nements\",\"item\":\"https:\/\/lemelville.fr\/accueil\/evenements\/\"},{\"@type\":\"ListItem\",\"position\":3,\"name\":\"French Masters\"}]},{\"@type\":\"WebSite\",\"@id\":\"https:\/\/lemelville.fr\/accueil\/#website\",\"url\":\"https:\/\/lemelville.fr\/accueil\/\",\"name\":\"Le Melville\",\"description\":\"Le Melville c\u2019est l\u2019\u00e9clectisme dans les verres, les assiettes et dans les oreilles. Du Jazz, de la world Music, souvent en live, une carte \u00e9l\u00e9gante de mets \u00e0 picorer et des cocktails sur mesure, le tout dans un \u00e9crin de bois et de velours.\",\"publisher\":{\"@id\":\"https:\/\/lemelville.fr\/accueil\/#organization\"},\"potentialAction\":[{\"@type\":\"SearchAction\",\"target\":{\"@type\":\"EntryPoint\",\"urlTemplate\":\"https:\/\/lemelville.fr\/accueil\/?s={search_term_string}\"},\"query-input\":{\"@type\":\"PropertyValueSpecification\",\"valueRequired\":true,\"valueName\":\"search_term_string\"}}],\"inLanguage\":\"fr-FR\"},{\"@type\":\"Organization\",\"@id\":\"https:\/\/lemelville.fr\/accueil\/#organization\",\"name\":\"Le Melville\",\"url\":\"https:\/\/lemelville.fr\/accueil\/\",\"logo\":{\"@type\":\"ImageObject\",\"inLanguage\":\"fr-FR\",\"@id\":\"https:\/\/lemelville.fr\/accueil\/#\/schema\/logo\/image\/\",\"url\":\"https:\/\/lemelville.fr\/wp-content\/uploads\/2023\/09\/Logo-transparent-1-e1720022580951.png\",\"contentUrl\":\"https:\/\/lemelville.fr\/wp-content\/uploads\/2023\/09\/Logo-transparent-1-e1720022580951.png\",\"width\":2000,\"height\":656,\"caption\":\"Le Melville\"},\"image\":{\"@id\":\"https:\/\/lemelville.fr\/accueil\/#\/schema\/logo\/image\/\"},\"sameAs\":[\"https:\/\/www.facebook.com\/people\/Le-Melville\/100085390055277\/\",\"https:\/\/www.instagram.com\/lemelville_paris\/\"]}]}<\/script>\n<!-- \/ Yoast SEO Premium plugin. -->","yoast_head_json":{"title":"French Masters - Le Melville","robots":{"index":"index","follow":"follow","max-snippet":"max-snippet:-1","max-image-preview":"max-image-preview:large","max-video-preview":"max-video-preview:-1"},"canonical":"https:\/\/lemelville.fr\/accueil\/evenements\/french-masters\/","og_locale":"fr_FR","og_type":"article","og_title":"French Masters","og_description":"Antoine Dessane et Cl\u00e9ment Griffault fusionnent musique classique fran\u00e7aise et jazz dans \u00ab\u202fFrench Masters\u202f\u00bb. En revisitant les grands compositeurs fran\u00e7ais avec des po\u00e8mes in\u00e9dits et des standards de jazz, ils&hellip; Poursuivre la lecture French Masters","og_url":"https:\/\/lemelville.fr\/accueil\/evenements\/french-masters\/","og_site_name":"Le Melville","article_publisher":"https:\/\/www.facebook.com\/people\/Le-Melville\/100085390055277\/","article_modified_time":"2025-01-26T12:49:00+00:00","og_image":[{"width":1280,"height":800,"url":"https:\/\/lemelville.fr\/wp-content\/uploads\/2025\/01\/French-Masters-Affiche-NF.png","type":"image\/png"}],"twitter_card":"summary_large_image","twitter_misc":{"Dur\u00e9e de lecture estim\u00e9e":"2 minutes"},"schema":{"@context":"https:\/\/schema.org","@graph":[{"@type":"WebPage","@id":"https:\/\/lemelville.fr\/accueil\/evenements\/french-masters\/","url":"https:\/\/lemelville.fr\/accueil\/evenements\/french-masters\/","name":"French Masters - Le Melville","isPartOf":{"@id":"https:\/\/lemelville.fr\/accueil\/#website"},"primaryImageOfPage":{"@id":"https:\/\/lemelville.fr\/accueil\/evenements\/french-masters\/#primaryimage"},"image":{"@id":"https:\/\/lemelville.fr\/accueil\/evenements\/french-masters\/#primaryimage"},"thumbnailUrl":"https:\/\/lemelville.fr\/wp-content\/uploads\/2025\/01\/French-Masters-Affiche-NF.png","datePublished":"2025-01-18T14:46:57+00:00","dateModified":"2025-01-26T12:49:00+00:00","breadcrumb":{"@id":"https:\/\/lemelville.fr\/accueil\/evenements\/french-masters\/#breadcrumb"},"inLanguage":"fr-FR","potentialAction":[{"@type":"ReadAction","target":["https:\/\/lemelville.fr\/accueil\/evenements\/french-masters\/"]}]},{"@type":"ImageObject","inLanguage":"fr-FR","@id":"https:\/\/lemelville.fr\/accueil\/evenements\/french-masters\/#primaryimage","url":"https:\/\/lemelville.fr\/wp-content\/uploads\/2025\/01\/French-Masters-Affiche-NF.png","contentUrl":"https:\/\/lemelville.fr\/wp-content\/uploads\/2025\/01\/French-Masters-Affiche-NF.png","width":1280,"height":800},{"@type":"BreadcrumbList","@id":"https:\/\/lemelville.fr\/accueil\/evenements\/french-masters\/#breadcrumb","itemListElement":[{"@type":"ListItem","position":1,"name":"Accueil","item":"https:\/\/lemelville.fr\/accueil\/"},{"@type":"ListItem","position":2,"name":"\u00c9v\u00e8nements","item":"https:\/\/lemelville.fr\/accueil\/evenements\/"},{"@type":"ListItem","position":3,"name":"French Masters"}]},{"@type":"WebSite","@id":"https:\/\/lemelville.fr\/accueil\/#website","url":"https:\/\/lemelville.fr\/accueil\/","name":"Le Melville","description":"Le Melville c\u2019est l\u2019\u00e9clectisme dans les verres, les assiettes et dans les oreilles. Du Jazz, de la world Music, souvent en live, une carte \u00e9l\u00e9gante de mets \u00e0 picorer et des cocktails sur mesure, le tout dans un \u00e9crin de bois et de velours.","publisher":{"@id":"https:\/\/lemelville.fr\/accueil\/#organization"},"potentialAction":[{"@type":"SearchAction","target":{"@type":"EntryPoint","urlTemplate":"https:\/\/lemelville.fr\/accueil\/?s={search_term_string}"},"query-input":{"@type":"PropertyValueSpecification","valueRequired":true,"valueName":"search_term_string"}}],"inLanguage":"fr-FR"},{"@type":"Organization","@id":"https:\/\/lemelville.fr\/accueil\/#organization","name":"Le Melville","url":"https:\/\/lemelville.fr\/accueil\/","logo":{"@type":"ImageObject","inLanguage":"fr-FR","@id":"https:\/\/lemelville.fr\/accueil\/#\/schema\/logo\/image\/","url":"https:\/\/lemelville.fr\/wp-content\/uploads\/2023\/09\/Logo-transparent-1-e1720022580951.png","contentUrl":"https:\/\/lemelville.fr\/wp-content\/uploads\/2023\/09\/Logo-transparent-1-e1720022580951.png","width":2000,"height":656,"caption":"Le Melville"},"image":{"@id":"https:\/\/lemelville.fr\/accueil\/#\/schema\/logo\/image\/"},"sameAs":["https:\/\/www.facebook.com\/people\/Le-Melville\/100085390055277\/","https:\/\/www.instagram.com\/lemelville_paris\/"]}]}},"_links":{"self":[{"href":"https:\/\/lemelville.fr\/accueil\/wp-json\/wp\/v2\/tribe_events\/3768","targetHints":{"allow":["GET"]}}],"collection":[{"href":"https:\/\/lemelville.fr\/accueil\/wp-json\/wp\/v2\/tribe_events"}],"about":[{"href":"https:\/\/lemelville.fr\/accueil\/wp-json\/wp\/v2\/types\/tribe_events"}],"author":[{"embeddable":true,"href":"https:\/\/lemelville.fr\/accueil\/wp-json\/wp\/v2\/users\/3"}],"version-history":[{"count":1,"href":"https:\/\/lemelville.fr\/accueil\/wp-json\/wp\/v2\/tribe_events\/3768\/revisions"}],"predecessor-version":[{"id":3888,"href":"https:\/\/lemelville.fr\/accueil\/wp-json\/wp\/v2\/tribe_events\/3768\/revisions\/3888"}],"wp:featuredmedia":[{"embeddable":true,"href":"https:\/\/lemelville.fr\/accueil\/wp-json\/wp\/v2\/media\/3767"}],"wp:attachment":[{"href":"https:\/\/lemelville.fr\/accueil\/wp-json\/wp\/v2\/media?parent=3768"}],"wp:term":[{"taxonomy":"post_tag","embeddable":true,"href":"https:\/\/lemelville.fr\/accueil\/wp-json\/wp\/v2\/tags?post=3768"},{"taxonomy":"tribe_events_cat","embeddable":true,"href":"https:\/\/lemelville.fr\/accueil\/wp-json\/wp\/v2\/tribe_events_cat?post=3768"}],"curies":[{"name":"wp","href":"https:\/\/api.w.org\/{rel}","templated":true}]}}