{"id":3770,"date":"2025-01-18T15:52:16","date_gmt":"2025-01-18T14:52:16","guid":{"rendered":"https:\/\/lemelville.fr\/evenements\/larry-browne-project\/"},"modified":"2025-01-18T15:52:16","modified_gmt":"2025-01-18T14:52:16","slug":"larry-browne-project","status":"publish","type":"tribe_events","link":"https:\/\/lemelville.fr\/accueil\/evenements\/larry-browne-project\/","title":{"rendered":"Larry Browne Project"},"content":{"rendered":"<p>Larry Browne, l&#8217;Am\u00e9ricain \u00e0 Paris, fusionne jazz et feeling avec sa voix et sa trompette. Sa musique, un cocktail exquis d&#8217;\u00e9nergie et de tendresse, revisite les classiques et c\u00e9l\u00e8bre la nouveaut\u00e9. Accompagn\u00e9 de Zo\u00e9 S\u00e9dano et Octave Potier, la soir\u00e9e s&#8217;annonce vibrante !<\/p>\n<p>Encourag\u00e9 par Mark Murphy et Jimmy Scott et inspir\u00e9 par Joe Williams,<br \/>\nNat King Cole et Clark Terry, Larry Browne est un Am\u00e9ricain \u00e0 Paris,<br \/>\nqui vit le jazz \u00e0 travers son chant et sa trompette. Ancien membre des<br \/>\nVoice Messengers, ayant enregistr\u00e9 plusieurs disques \u00e0 son nom<br \/>\n(\u00abSwing Bean\u00bb produit par Jimmy Scott, \u00abSweet &#038; Lovely\u00bb, \u00abLeap<br \/>\nYear\u00bb, \u00abSouth Sound\u00bb, \u00abLikeness\u00bb dit Lawrence Edwin), il propose des<br \/>\nconcerts dans des formules vari\u00e9es \u00e0 Paris et ailleurs.<br \/>\nIl puise dans le r\u00e9pertoire des standards am\u00e9ricains, du blues \u00e0 la<br \/>\nbossa nova en passant par les ballades, mais sait se renouveler en<br \/>\npermanence : arrangements in\u00e9dits de morceaux choisis, compositions<br \/>\npersonnelles, improvisations, \u00e9nergie, humour et tendresse sont au<br \/>\nrendez-vous.<br \/>\nIl se produit ce soir avec Zo\u00e9 S\u00e9dano au piano et Octave Potier \u00e0 la<br \/>\ncontrebasse, partenaires de jeu tr\u00e8s complices et engag\u00e9s, participant<br \/>\npar ailleurs \u00e0 divers projets et formations sur la sc\u00e8ne musicale<br \/>\nparisienne.<br \/>\nBonne humeur, swing, belles m\u00e9lodies, arrangements p\u00eachus et bonne<br \/>\nambiance garantis pour ce concert qui promet d&#8217;\u00eatre exceptionnel !<\/p>\n<p>Larry Browne : chant, trompette<br \/>\nZo\u00e9 S\u00e9dano : piano<br \/>\nOctave Potier : contrebasse<\/p>\n","protected":false},"excerpt":{"rendered":"<p>Larry Browne, l&#8217;Am\u00e9ricain \u00e0 Paris, fusionne jazz et feeling avec sa voix et sa trompette. Sa musique, un cocktail exquis d&#8217;\u00e9nergie et de tendresse, revisite les classiques et c\u00e9l\u00e8bre la&hellip; <a class=\"more-link\" href=\"https:\/\/lemelville.fr\/accueil\/evenements\/larry-browne-project\/\">Poursuivre la lecture <span class=\"screen-reader-text\">Larry Browne Project<\/span><\/a><\/p>\n","protected":false},"author":3,"featured_media":3769,"template":"","meta":{"_tribe_events_status":"","_tribe_events_status_reason":"","_tribe_events_is_hybrid":"","_tribe_events_is_virtual":"","_tribe_events_virtual_video_source":"","_tribe_events_virtual_embed_video":"","_tribe_events_virtual_linked_button_text":"","_tribe_events_virtual_linked_button":"","_tribe_events_virtual_show_embed_at":"","_tribe_events_virtual_show_embed_to":[],"_tribe_events_virtual_show_on_event":"","_tribe_events_virtual_show_on_views":"","_tribe_events_virtual_url":"","footnotes":""},"tags":[],"tribe_events_cat":[88],"class_list":["post-3770","tribe_events","type-tribe_events","status-publish","has-post-thumbnail","hentry","tribe_events_cat-jazz-standard","cat_jazz-standard","entry"],"yoast_head":"<!-- This site is optimized with the Yoast SEO Premium plugin v24.3 (Yoast SEO v27.1.1) - https:\/\/yoast.com\/product\/yoast-seo-premium-wordpress\/ -->\n<title>Larry Browne Project - Le Melville<\/title>\n<meta name=\"robots\" content=\"index, follow, max-snippet:-1, max-image-preview:large, max-video-preview:-1\" \/>\n<link rel=\"canonical\" href=\"https:\/\/lemelville.fr\/accueil\/evenements\/larry-browne-project\/\" \/>\n<meta property=\"og:locale\" content=\"fr_FR\" \/>\n<meta property=\"og:type\" content=\"article\" \/>\n<meta property=\"og:title\" content=\"Larry Browne Project\" \/>\n<meta property=\"og:description\" content=\"Larry Browne, l&#8217;Am\u00e9ricain \u00e0 Paris, fusionne jazz et feeling avec sa voix et sa trompette. Sa musique, un cocktail exquis d&#8217;\u00e9nergie et de tendresse, revisite les classiques et c\u00e9l\u00e8bre la&hellip; Poursuivre la lecture Larry Browne Project\" \/>\n<meta property=\"og:url\" content=\"https:\/\/lemelville.fr\/accueil\/evenements\/larry-browne-project\/\" \/>\n<meta property=\"og:site_name\" content=\"Le Melville\" \/>\n<meta property=\"article:publisher\" content=\"https:\/\/www.facebook.com\/people\/Le-Melville\/100085390055277\/\" \/>\n<meta property=\"og:image\" content=\"https:\/\/lemelville.fr\/wp-content\/uploads\/2025\/01\/Larry-Browne-Affiche-NF.png\" \/>\n\t<meta property=\"og:image:width\" content=\"1280\" \/>\n\t<meta property=\"og:image:height\" content=\"800\" \/>\n\t<meta property=\"og:image:type\" content=\"image\/png\" \/>\n<meta name=\"twitter:card\" content=\"summary_large_image\" \/>\n<meta name=\"twitter:label1\" content=\"Dur\u00e9e de lecture estim\u00e9e\" \/>\n\t<meta name=\"twitter:data1\" content=\"1 minute\" \/>\n<script type=\"application\/ld+json\" class=\"yoast-schema-graph\">{\"@context\":\"https:\/\/schema.org\",\"@graph\":[{\"@type\":\"WebPage\",\"@id\":\"https:\/\/lemelville.fr\/accueil\/evenements\/larry-browne-project\/\",\"url\":\"https:\/\/lemelville.fr\/accueil\/evenements\/larry-browne-project\/\",\"name\":\"Larry Browne Project - Le Melville\",\"isPartOf\":{\"@id\":\"https:\/\/lemelville.fr\/accueil\/#website\"},\"primaryImageOfPage\":{\"@id\":\"https:\/\/lemelville.fr\/accueil\/evenements\/larry-browne-project\/#primaryimage\"},\"image\":{\"@id\":\"https:\/\/lemelville.fr\/accueil\/evenements\/larry-browne-project\/#primaryimage\"},\"thumbnailUrl\":\"https:\/\/lemelville.fr\/wp-content\/uploads\/2025\/01\/Larry-Browne-Affiche-NF.png\",\"datePublished\":\"2025-01-18T14:52:16+00:00\",\"breadcrumb\":{\"@id\":\"https:\/\/lemelville.fr\/accueil\/evenements\/larry-browne-project\/#breadcrumb\"},\"inLanguage\":\"fr-FR\",\"potentialAction\":[{\"@type\":\"ReadAction\",\"target\":[\"https:\/\/lemelville.fr\/accueil\/evenements\/larry-browne-project\/\"]}]},{\"@type\":\"ImageObject\",\"inLanguage\":\"fr-FR\",\"@id\":\"https:\/\/lemelville.fr\/accueil\/evenements\/larry-browne-project\/#primaryimage\",\"url\":\"https:\/\/lemelville.fr\/wp-content\/uploads\/2025\/01\/Larry-Browne-Affiche-NF.png\",\"contentUrl\":\"https:\/\/lemelville.fr\/wp-content\/uploads\/2025\/01\/Larry-Browne-Affiche-NF.png\",\"width\":1280,\"height\":800},{\"@type\":\"BreadcrumbList\",\"@id\":\"https:\/\/lemelville.fr\/accueil\/evenements\/larry-browne-project\/#breadcrumb\",\"itemListElement\":[{\"@type\":\"ListItem\",\"position\":1,\"name\":\"Accueil\",\"item\":\"https:\/\/lemelville.fr\/accueil\/\"},{\"@type\":\"ListItem\",\"position\":2,\"name\":\"\u00c9v\u00e8nements\",\"item\":\"https:\/\/lemelville.fr\/accueil\/evenements\/\"},{\"@type\":\"ListItem\",\"position\":3,\"name\":\"Larry Browne Project\"}]},{\"@type\":\"WebSite\",\"@id\":\"https:\/\/lemelville.fr\/accueil\/#website\",\"url\":\"https:\/\/lemelville.fr\/accueil\/\",\"name\":\"Le Melville\",\"description\":\"Le Melville c\u2019est l\u2019\u00e9clectisme dans les verres, les assiettes et dans les oreilles. Du Jazz, de la world Music, souvent en live, une carte \u00e9l\u00e9gante de mets \u00e0 picorer et des cocktails sur mesure, le tout dans un \u00e9crin de bois et de velours.\",\"publisher\":{\"@id\":\"https:\/\/lemelville.fr\/accueil\/#organization\"},\"potentialAction\":[{\"@type\":\"SearchAction\",\"target\":{\"@type\":\"EntryPoint\",\"urlTemplate\":\"https:\/\/lemelville.fr\/accueil\/?s={search_term_string}\"},\"query-input\":{\"@type\":\"PropertyValueSpecification\",\"valueRequired\":true,\"valueName\":\"search_term_string\"}}],\"inLanguage\":\"fr-FR\"},{\"@type\":\"Organization\",\"@id\":\"https:\/\/lemelville.fr\/accueil\/#organization\",\"name\":\"Le Melville\",\"url\":\"https:\/\/lemelville.fr\/accueil\/\",\"logo\":{\"@type\":\"ImageObject\",\"inLanguage\":\"fr-FR\",\"@id\":\"https:\/\/lemelville.fr\/accueil\/#\/schema\/logo\/image\/\",\"url\":\"https:\/\/lemelville.fr\/wp-content\/uploads\/2023\/09\/Logo-transparent-1-e1720022580951.png\",\"contentUrl\":\"https:\/\/lemelville.fr\/wp-content\/uploads\/2023\/09\/Logo-transparent-1-e1720022580951.png\",\"width\":2000,\"height\":656,\"caption\":\"Le Melville\"},\"image\":{\"@id\":\"https:\/\/lemelville.fr\/accueil\/#\/schema\/logo\/image\/\"},\"sameAs\":[\"https:\/\/www.facebook.com\/people\/Le-Melville\/100085390055277\/\",\"https:\/\/www.instagram.com\/lemelville_paris\/\"]}]}<\/script>\n<!-- \/ Yoast SEO Premium plugin. -->","yoast_head_json":{"title":"Larry Browne Project - Le Melville","robots":{"index":"index","follow":"follow","max-snippet":"max-snippet:-1","max-image-preview":"max-image-preview:large","max-video-preview":"max-video-preview:-1"},"canonical":"https:\/\/lemelville.fr\/accueil\/evenements\/larry-browne-project\/","og_locale":"fr_FR","og_type":"article","og_title":"Larry Browne Project","og_description":"Larry Browne, l&#8217;Am\u00e9ricain \u00e0 Paris, fusionne jazz et feeling avec sa voix et sa trompette. Sa musique, un cocktail exquis d&#8217;\u00e9nergie et de tendresse, revisite les classiques et c\u00e9l\u00e8bre la&hellip; Poursuivre la lecture Larry Browne Project","og_url":"https:\/\/lemelville.fr\/accueil\/evenements\/larry-browne-project\/","og_site_name":"Le Melville","article_publisher":"https:\/\/www.facebook.com\/people\/Le-Melville\/100085390055277\/","og_image":[{"width":1280,"height":800,"url":"https:\/\/lemelville.fr\/wp-content\/uploads\/2025\/01\/Larry-Browne-Affiche-NF.png","type":"image\/png"}],"twitter_card":"summary_large_image","twitter_misc":{"Dur\u00e9e de lecture estim\u00e9e":"1 minute"},"schema":{"@context":"https:\/\/schema.org","@graph":[{"@type":"WebPage","@id":"https:\/\/lemelville.fr\/accueil\/evenements\/larry-browne-project\/","url":"https:\/\/lemelville.fr\/accueil\/evenements\/larry-browne-project\/","name":"Larry Browne Project - Le Melville","isPartOf":{"@id":"https:\/\/lemelville.fr\/accueil\/#website"},"primaryImageOfPage":{"@id":"https:\/\/lemelville.fr\/accueil\/evenements\/larry-browne-project\/#primaryimage"},"image":{"@id":"https:\/\/lemelville.fr\/accueil\/evenements\/larry-browne-project\/#primaryimage"},"thumbnailUrl":"https:\/\/lemelville.fr\/wp-content\/uploads\/2025\/01\/Larry-Browne-Affiche-NF.png","datePublished":"2025-01-18T14:52:16+00:00","breadcrumb":{"@id":"https:\/\/lemelville.fr\/accueil\/evenements\/larry-browne-project\/#breadcrumb"},"inLanguage":"fr-FR","potentialAction":[{"@type":"ReadAction","target":["https:\/\/lemelville.fr\/accueil\/evenements\/larry-browne-project\/"]}]},{"@type":"ImageObject","inLanguage":"fr-FR","@id":"https:\/\/lemelville.fr\/accueil\/evenements\/larry-browne-project\/#primaryimage","url":"https:\/\/lemelville.fr\/wp-content\/uploads\/2025\/01\/Larry-Browne-Affiche-NF.png","contentUrl":"https:\/\/lemelville.fr\/wp-content\/uploads\/2025\/01\/Larry-Browne-Affiche-NF.png","width":1280,"height":800},{"@type":"BreadcrumbList","@id":"https:\/\/lemelville.fr\/accueil\/evenements\/larry-browne-project\/#breadcrumb","itemListElement":[{"@type":"ListItem","position":1,"name":"Accueil","item":"https:\/\/lemelville.fr\/accueil\/"},{"@type":"ListItem","position":2,"name":"\u00c9v\u00e8nements","item":"https:\/\/lemelville.fr\/accueil\/evenements\/"},{"@type":"ListItem","position":3,"name":"Larry Browne Project"}]},{"@type":"WebSite","@id":"https:\/\/lemelville.fr\/accueil\/#website","url":"https:\/\/lemelville.fr\/accueil\/","name":"Le Melville","description":"Le Melville c\u2019est l\u2019\u00e9clectisme dans les verres, les assiettes et dans les oreilles. Du Jazz, de la world Music, souvent en live, une carte \u00e9l\u00e9gante de mets \u00e0 picorer et des cocktails sur mesure, le tout dans un \u00e9crin de bois et de velours.","publisher":{"@id":"https:\/\/lemelville.fr\/accueil\/#organization"},"potentialAction":[{"@type":"SearchAction","target":{"@type":"EntryPoint","urlTemplate":"https:\/\/lemelville.fr\/accueil\/?s={search_term_string}"},"query-input":{"@type":"PropertyValueSpecification","valueRequired":true,"valueName":"search_term_string"}}],"inLanguage":"fr-FR"},{"@type":"Organization","@id":"https:\/\/lemelville.fr\/accueil\/#organization","name":"Le Melville","url":"https:\/\/lemelville.fr\/accueil\/","logo":{"@type":"ImageObject","inLanguage":"fr-FR","@id":"https:\/\/lemelville.fr\/accueil\/#\/schema\/logo\/image\/","url":"https:\/\/lemelville.fr\/wp-content\/uploads\/2023\/09\/Logo-transparent-1-e1720022580951.png","contentUrl":"https:\/\/lemelville.fr\/wp-content\/uploads\/2023\/09\/Logo-transparent-1-e1720022580951.png","width":2000,"height":656,"caption":"Le Melville"},"image":{"@id":"https:\/\/lemelville.fr\/accueil\/#\/schema\/logo\/image\/"},"sameAs":["https:\/\/www.facebook.com\/people\/Le-Melville\/100085390055277\/","https:\/\/www.instagram.com\/lemelville_paris\/"]}]}},"_links":{"self":[{"href":"https:\/\/lemelville.fr\/accueil\/wp-json\/wp\/v2\/tribe_events\/3770","targetHints":{"allow":["GET"]}}],"collection":[{"href":"https:\/\/lemelville.fr\/accueil\/wp-json\/wp\/v2\/tribe_events"}],"about":[{"href":"https:\/\/lemelville.fr\/accueil\/wp-json\/wp\/v2\/types\/tribe_events"}],"author":[{"embeddable":true,"href":"https:\/\/lemelville.fr\/accueil\/wp-json\/wp\/v2\/users\/3"}],"version-history":[{"count":0,"href":"https:\/\/lemelville.fr\/accueil\/wp-json\/wp\/v2\/tribe_events\/3770\/revisions"}],"wp:featuredmedia":[{"embeddable":true,"href":"https:\/\/lemelville.fr\/accueil\/wp-json\/wp\/v2\/media\/3769"}],"wp:attachment":[{"href":"https:\/\/lemelville.fr\/accueil\/wp-json\/wp\/v2\/media?parent=3770"}],"wp:term":[{"taxonomy":"post_tag","embeddable":true,"href":"https:\/\/lemelville.fr\/accueil\/wp-json\/wp\/v2\/tags?post=3770"},{"taxonomy":"tribe_events_cat","embeddable":true,"href":"https:\/\/lemelville.fr\/accueil\/wp-json\/wp\/v2\/tribe_events_cat?post=3770"}],"curies":[{"name":"wp","href":"https:\/\/api.w.org\/{rel}","templated":true}]}}