{"id":3799,"date":"2025-01-18T18:13:48","date_gmt":"2025-01-18T17:13:48","guid":{"rendered":"https:\/\/lemelville.fr\/evenements\/irundi-4tet-2\/"},"modified":"2025-01-18T18:13:48","modified_gmt":"2025-01-18T17:13:48","slug":"irundi-4tet-2","status":"publish","type":"tribe_events","link":"https:\/\/lemelville.fr\/accueil\/evenements\/irundi-4tet-2\/","title":{"rendered":"Irundi 4tet"},"content":{"rendered":"<p>Un quartet br\u00e9silien enflamm\u00e9, fusionnant musique br\u00e9silienne et choro classique. Samba, bossa nova, bai\u00e3o &#8211; un cocktail exotique de sons joyeux et puissants. Avec Caio Marcio, Matheus Donato, Miguel Couto et Darcy Gomes, la tradition populaire prend vie !<\/p>\n<p>Compos\u00e9 par Caio Marcio Santos \u00e0 la guitare, Matheus Donato au Cavaquinho, Miguel Couto \u00e0 la batterie et Darcy Gomes \u00e0 la basse, notre quartet allie la richesse de la musique br\u00e9silienne \u00e0 une solide formation du choro, la musique classique du Br\u00e9sil. Nous m\u00ealons avec passion samba, bossa nova, bai\u00e3o et choro, tout en restant profond\u00e9ment ancr\u00e9s dans la tradition de la musique populaire, tr\u00e8s puissante et joyeuse.<\/p>\n<p>Caio Marcio : guitare<br \/>\nMatheus Donato : cavaquinho<br \/>\nMiguel Couto : batterie<br \/>\nDarcy Gomes : basse<\/p>\n","protected":false},"excerpt":{"rendered":"<p>Un quartet br\u00e9silien enflamm\u00e9, fusionnant musique br\u00e9silienne et choro classique. Samba, bossa nova, bai\u00e3o &#8211; un cocktail exotique de sons joyeux et puissants. Avec Caio Marcio, Matheus Donato, Miguel Couto&hellip; <a class=\"more-link\" href=\"https:\/\/lemelville.fr\/accueil\/evenements\/irundi-4tet-2\/\">Poursuivre la lecture <span class=\"screen-reader-text\">Irundi 4tet<\/span><\/a><\/p>\n","protected":false},"author":3,"featured_media":3798,"template":"","meta":{"_tribe_events_status":"","_tribe_events_status_reason":"","_tribe_events_is_hybrid":"","_tribe_events_is_virtual":"","_tribe_events_virtual_video_source":"","_tribe_events_virtual_embed_video":"","_tribe_events_virtual_linked_button_text":"","_tribe_events_virtual_linked_button":"","_tribe_events_virtual_show_embed_at":"","_tribe_events_virtual_show_embed_to":[],"_tribe_events_virtual_show_on_event":"","_tribe_events_virtual_show_on_views":"","_tribe_events_virtual_url":"","footnotes":""},"tags":[],"tribe_events_cat":[141],"class_list":["post-3799","tribe_events","type-tribe_events","status-publish","has-post-thumbnail","hentry","tribe_events_cat-world-latin-jazz","cat_world-latin-jazz","entry"],"yoast_head":"<!-- This site is optimized with the Yoast SEO Premium plugin v24.3 (Yoast SEO v27.1.1) - https:\/\/yoast.com\/product\/yoast-seo-premium-wordpress\/ -->\n<title>Irundi 4tet - Le Melville<\/title>\n<meta name=\"robots\" content=\"index, follow, max-snippet:-1, max-image-preview:large, max-video-preview:-1\" \/>\n<link rel=\"canonical\" href=\"https:\/\/lemelville.fr\/accueil\/evenements\/irundi-4tet-2\/\" \/>\n<meta property=\"og:locale\" content=\"fr_FR\" \/>\n<meta property=\"og:type\" content=\"article\" \/>\n<meta property=\"og:title\" content=\"Irundi 4tet\" \/>\n<meta property=\"og:description\" content=\"Un quartet br\u00e9silien enflamm\u00e9, fusionnant musique br\u00e9silienne et choro classique. Samba, bossa nova, bai\u00e3o &#8211; un cocktail exotique de sons joyeux et puissants. Avec Caio Marcio, Matheus Donato, Miguel Couto&hellip; Poursuivre la lecture Irundi 4tet\" \/>\n<meta property=\"og:url\" content=\"https:\/\/lemelville.fr\/accueil\/evenements\/irundi-4tet-2\/\" \/>\n<meta property=\"og:site_name\" content=\"Le Melville\" \/>\n<meta property=\"article:publisher\" content=\"https:\/\/www.facebook.com\/people\/Le-Melville\/100085390055277\/\" \/>\n<meta property=\"og:image\" content=\"https:\/\/lemelville.fr\/wp-content\/uploads\/2025\/01\/Irundi-4tet-Affiche-NF.png\" \/>\n\t<meta property=\"og:image:width\" content=\"1280\" \/>\n\t<meta property=\"og:image:height\" content=\"800\" \/>\n\t<meta property=\"og:image:type\" content=\"image\/png\" \/>\n<meta name=\"twitter:card\" content=\"summary_large_image\" \/>\n<meta name=\"twitter:label1\" content=\"Dur\u00e9e de lecture estim\u00e9e\" \/>\n\t<meta name=\"twitter:data1\" content=\"1 minute\" \/>\n<script type=\"application\/ld+json\" class=\"yoast-schema-graph\">{\"@context\":\"https:\/\/schema.org\",\"@graph\":[{\"@type\":\"WebPage\",\"@id\":\"https:\/\/lemelville.fr\/accueil\/evenements\/irundi-4tet-2\/\",\"url\":\"https:\/\/lemelville.fr\/accueil\/evenements\/irundi-4tet-2\/\",\"name\":\"Irundi 4tet - Le Melville\",\"isPartOf\":{\"@id\":\"https:\/\/lemelville.fr\/accueil\/#website\"},\"primaryImageOfPage\":{\"@id\":\"https:\/\/lemelville.fr\/accueil\/evenements\/irundi-4tet-2\/#primaryimage\"},\"image\":{\"@id\":\"https:\/\/lemelville.fr\/accueil\/evenements\/irundi-4tet-2\/#primaryimage\"},\"thumbnailUrl\":\"https:\/\/lemelville.fr\/wp-content\/uploads\/2025\/01\/Irundi-4tet-Affiche-NF.png\",\"datePublished\":\"2025-01-18T17:13:48+00:00\",\"breadcrumb\":{\"@id\":\"https:\/\/lemelville.fr\/accueil\/evenements\/irundi-4tet-2\/#breadcrumb\"},\"inLanguage\":\"fr-FR\",\"potentialAction\":[{\"@type\":\"ReadAction\",\"target\":[\"https:\/\/lemelville.fr\/accueil\/evenements\/irundi-4tet-2\/\"]}]},{\"@type\":\"ImageObject\",\"inLanguage\":\"fr-FR\",\"@id\":\"https:\/\/lemelville.fr\/accueil\/evenements\/irundi-4tet-2\/#primaryimage\",\"url\":\"https:\/\/lemelville.fr\/wp-content\/uploads\/2025\/01\/Irundi-4tet-Affiche-NF.png\",\"contentUrl\":\"https:\/\/lemelville.fr\/wp-content\/uploads\/2025\/01\/Irundi-4tet-Affiche-NF.png\",\"width\":1280,\"height\":800},{\"@type\":\"BreadcrumbList\",\"@id\":\"https:\/\/lemelville.fr\/accueil\/evenements\/irundi-4tet-2\/#breadcrumb\",\"itemListElement\":[{\"@type\":\"ListItem\",\"position\":1,\"name\":\"Accueil\",\"item\":\"https:\/\/lemelville.fr\/accueil\/\"},{\"@type\":\"ListItem\",\"position\":2,\"name\":\"\u00c9v\u00e8nements\",\"item\":\"https:\/\/lemelville.fr\/accueil\/evenements\/\"},{\"@type\":\"ListItem\",\"position\":3,\"name\":\"Irundi 4tet\"}]},{\"@type\":\"WebSite\",\"@id\":\"https:\/\/lemelville.fr\/accueil\/#website\",\"url\":\"https:\/\/lemelville.fr\/accueil\/\",\"name\":\"Le Melville\",\"description\":\"Le Melville c\u2019est l\u2019\u00e9clectisme dans les verres, les assiettes et dans les oreilles. Du Jazz, de la world Music, souvent en live, une carte \u00e9l\u00e9gante de mets \u00e0 picorer et des cocktails sur mesure, le tout dans un \u00e9crin de bois et de velours.\",\"publisher\":{\"@id\":\"https:\/\/lemelville.fr\/accueil\/#organization\"},\"potentialAction\":[{\"@type\":\"SearchAction\",\"target\":{\"@type\":\"EntryPoint\",\"urlTemplate\":\"https:\/\/lemelville.fr\/accueil\/?s={search_term_string}\"},\"query-input\":{\"@type\":\"PropertyValueSpecification\",\"valueRequired\":true,\"valueName\":\"search_term_string\"}}],\"inLanguage\":\"fr-FR\"},{\"@type\":\"Organization\",\"@id\":\"https:\/\/lemelville.fr\/accueil\/#organization\",\"name\":\"Le Melville\",\"url\":\"https:\/\/lemelville.fr\/accueil\/\",\"logo\":{\"@type\":\"ImageObject\",\"inLanguage\":\"fr-FR\",\"@id\":\"https:\/\/lemelville.fr\/accueil\/#\/schema\/logo\/image\/\",\"url\":\"https:\/\/lemelville.fr\/wp-content\/uploads\/2023\/09\/Logo-transparent-1-e1720022580951.png\",\"contentUrl\":\"https:\/\/lemelville.fr\/wp-content\/uploads\/2023\/09\/Logo-transparent-1-e1720022580951.png\",\"width\":2000,\"height\":656,\"caption\":\"Le Melville\"},\"image\":{\"@id\":\"https:\/\/lemelville.fr\/accueil\/#\/schema\/logo\/image\/\"},\"sameAs\":[\"https:\/\/www.facebook.com\/people\/Le-Melville\/100085390055277\/\",\"https:\/\/www.instagram.com\/lemelville_paris\/\"]}]}<\/script>\n<!-- \/ Yoast SEO Premium plugin. -->","yoast_head_json":{"title":"Irundi 4tet - Le Melville","robots":{"index":"index","follow":"follow","max-snippet":"max-snippet:-1","max-image-preview":"max-image-preview:large","max-video-preview":"max-video-preview:-1"},"canonical":"https:\/\/lemelville.fr\/accueil\/evenements\/irundi-4tet-2\/","og_locale":"fr_FR","og_type":"article","og_title":"Irundi 4tet","og_description":"Un quartet br\u00e9silien enflamm\u00e9, fusionnant musique br\u00e9silienne et choro classique. Samba, bossa nova, bai\u00e3o &#8211; un cocktail exotique de sons joyeux et puissants. Avec Caio Marcio, Matheus Donato, Miguel Couto&hellip; Poursuivre la lecture Irundi 4tet","og_url":"https:\/\/lemelville.fr\/accueil\/evenements\/irundi-4tet-2\/","og_site_name":"Le Melville","article_publisher":"https:\/\/www.facebook.com\/people\/Le-Melville\/100085390055277\/","og_image":[{"width":1280,"height":800,"url":"https:\/\/lemelville.fr\/wp-content\/uploads\/2025\/01\/Irundi-4tet-Affiche-NF.png","type":"image\/png"}],"twitter_card":"summary_large_image","twitter_misc":{"Dur\u00e9e de lecture estim\u00e9e":"1 minute"},"schema":{"@context":"https:\/\/schema.org","@graph":[{"@type":"WebPage","@id":"https:\/\/lemelville.fr\/accueil\/evenements\/irundi-4tet-2\/","url":"https:\/\/lemelville.fr\/accueil\/evenements\/irundi-4tet-2\/","name":"Irundi 4tet - Le Melville","isPartOf":{"@id":"https:\/\/lemelville.fr\/accueil\/#website"},"primaryImageOfPage":{"@id":"https:\/\/lemelville.fr\/accueil\/evenements\/irundi-4tet-2\/#primaryimage"},"image":{"@id":"https:\/\/lemelville.fr\/accueil\/evenements\/irundi-4tet-2\/#primaryimage"},"thumbnailUrl":"https:\/\/lemelville.fr\/wp-content\/uploads\/2025\/01\/Irundi-4tet-Affiche-NF.png","datePublished":"2025-01-18T17:13:48+00:00","breadcrumb":{"@id":"https:\/\/lemelville.fr\/accueil\/evenements\/irundi-4tet-2\/#breadcrumb"},"inLanguage":"fr-FR","potentialAction":[{"@type":"ReadAction","target":["https:\/\/lemelville.fr\/accueil\/evenements\/irundi-4tet-2\/"]}]},{"@type":"ImageObject","inLanguage":"fr-FR","@id":"https:\/\/lemelville.fr\/accueil\/evenements\/irundi-4tet-2\/#primaryimage","url":"https:\/\/lemelville.fr\/wp-content\/uploads\/2025\/01\/Irundi-4tet-Affiche-NF.png","contentUrl":"https:\/\/lemelville.fr\/wp-content\/uploads\/2025\/01\/Irundi-4tet-Affiche-NF.png","width":1280,"height":800},{"@type":"BreadcrumbList","@id":"https:\/\/lemelville.fr\/accueil\/evenements\/irundi-4tet-2\/#breadcrumb","itemListElement":[{"@type":"ListItem","position":1,"name":"Accueil","item":"https:\/\/lemelville.fr\/accueil\/"},{"@type":"ListItem","position":2,"name":"\u00c9v\u00e8nements","item":"https:\/\/lemelville.fr\/accueil\/evenements\/"},{"@type":"ListItem","position":3,"name":"Irundi 4tet"}]},{"@type":"WebSite","@id":"https:\/\/lemelville.fr\/accueil\/#website","url":"https:\/\/lemelville.fr\/accueil\/","name":"Le Melville","description":"Le Melville c\u2019est l\u2019\u00e9clectisme dans les verres, les assiettes et dans les oreilles. Du Jazz, de la world Music, souvent en live, une carte \u00e9l\u00e9gante de mets \u00e0 picorer et des cocktails sur mesure, le tout dans un \u00e9crin de bois et de velours.","publisher":{"@id":"https:\/\/lemelville.fr\/accueil\/#organization"},"potentialAction":[{"@type":"SearchAction","target":{"@type":"EntryPoint","urlTemplate":"https:\/\/lemelville.fr\/accueil\/?s={search_term_string}"},"query-input":{"@type":"PropertyValueSpecification","valueRequired":true,"valueName":"search_term_string"}}],"inLanguage":"fr-FR"},{"@type":"Organization","@id":"https:\/\/lemelville.fr\/accueil\/#organization","name":"Le Melville","url":"https:\/\/lemelville.fr\/accueil\/","logo":{"@type":"ImageObject","inLanguage":"fr-FR","@id":"https:\/\/lemelville.fr\/accueil\/#\/schema\/logo\/image\/","url":"https:\/\/lemelville.fr\/wp-content\/uploads\/2023\/09\/Logo-transparent-1-e1720022580951.png","contentUrl":"https:\/\/lemelville.fr\/wp-content\/uploads\/2023\/09\/Logo-transparent-1-e1720022580951.png","width":2000,"height":656,"caption":"Le Melville"},"image":{"@id":"https:\/\/lemelville.fr\/accueil\/#\/schema\/logo\/image\/"},"sameAs":["https:\/\/www.facebook.com\/people\/Le-Melville\/100085390055277\/","https:\/\/www.instagram.com\/lemelville_paris\/"]}]}},"_links":{"self":[{"href":"https:\/\/lemelville.fr\/accueil\/wp-json\/wp\/v2\/tribe_events\/3799","targetHints":{"allow":["GET"]}}],"collection":[{"href":"https:\/\/lemelville.fr\/accueil\/wp-json\/wp\/v2\/tribe_events"}],"about":[{"href":"https:\/\/lemelville.fr\/accueil\/wp-json\/wp\/v2\/types\/tribe_events"}],"author":[{"embeddable":true,"href":"https:\/\/lemelville.fr\/accueil\/wp-json\/wp\/v2\/users\/3"}],"version-history":[{"count":0,"href":"https:\/\/lemelville.fr\/accueil\/wp-json\/wp\/v2\/tribe_events\/3799\/revisions"}],"wp:featuredmedia":[{"embeddable":true,"href":"https:\/\/lemelville.fr\/accueil\/wp-json\/wp\/v2\/media\/3798"}],"wp:attachment":[{"href":"https:\/\/lemelville.fr\/accueil\/wp-json\/wp\/v2\/media?parent=3799"}],"wp:term":[{"taxonomy":"post_tag","embeddable":true,"href":"https:\/\/lemelville.fr\/accueil\/wp-json\/wp\/v2\/tags?post=3799"},{"taxonomy":"tribe_events_cat","embeddable":true,"href":"https:\/\/lemelville.fr\/accueil\/wp-json\/wp\/v2\/tribe_events_cat?post=3799"}],"curies":[{"name":"wp","href":"https:\/\/api.w.org\/{rel}","templated":true}]}}