{"id":3881,"date":"2025-01-26T13:23:47","date_gmt":"2025-01-26T12:23:47","guid":{"rendered":"https:\/\/lemelville.fr\/evenements\/sam-burckhardt-lucas-montagnier-organ-4tet\/"},"modified":"2025-01-26T13:23:47","modified_gmt":"2025-01-26T12:23:47","slug":"sam-burckhardt-lucas-montagnier-organ-4tet","status":"publish","type":"tribe_events","link":"https:\/\/lemelville.fr\/accueil\/evenements\/sam-burckhardt-lucas-montagnier-organ-4tet\/","title":{"rendered":"Sam Burckhardt &#038; Lucas Montagnier Organ 4tet"},"content":{"rendered":"<p>D\u00e9couvertes musicales, amiti\u00e9 et complicit\u00e9: Sam et Lucas se rencontrent, se lient d&#8217;amiti\u00e9 puis enregistrent un premier album hallucinant \u00e0 Chicago. Sax, guitare, orgue et batterie s&#8217;associent pour une explosion de talents.<\/p>\n<p>Apr\u00e8s avoir entendu Sam jouer au l\u00e9gendaire Green Mill de Chicago \u00e0 l\u2019\u00e9t\u00e9 2015, Lucas poste une vid\u00e9o sur Facebook, reprenant l\u2019une des composition du saxophoniste  : \u201cEarly Bird Blues\u201d.<br \/>\nS\u2019en suit un \u00e9change d\u2019email, puis une premi\u00e8re rencontre \u00e0 Paris avec une s\u00e9rie de concerts au Caveau de la Huchette.<br \/>\nDevenu amis, Sam et Lucas se retrouvent de fa\u00e7on r\u00e9guli\u00e8re pour des concerts en France et en Suisse. A l\u2019hiver 2019, ils enregistrent leur premier album commun \u00e0 Chicago : \u201d Sam Burckhardt \/ Lucas Montagnier\u201d  (AIRWAY records).<\/p>\n<p>Sam Burckhardt : sax\/chant<br \/>\nLucas Montagnier : guitare\/chant<br \/>\nCl\u00e9ment Prioul : orgue<br \/>\nPascal Mucci: batterie<\/p>\n","protected":false},"excerpt":{"rendered":"<p>D\u00e9couvertes musicales, amiti\u00e9 et complicit\u00e9: Sam et Lucas se rencontrent, se lient d&#8217;amiti\u00e9 puis enregistrent un premier album hallucinant \u00e0 Chicago. Sax, guitare, orgue et batterie s&#8217;associent pour une explosion&hellip; <a class=\"more-link\" href=\"https:\/\/lemelville.fr\/accueil\/evenements\/sam-burckhardt-lucas-montagnier-organ-4tet\/\">Poursuivre la lecture <span class=\"screen-reader-text\">Sam Burckhardt &#038; Lucas Montagnier Organ 4tet<\/span><\/a><\/p>\n","protected":false},"author":3,"featured_media":3880,"template":"","meta":{"_tribe_events_status":"","_tribe_events_status_reason":"","_tribe_events_is_hybrid":"","_tribe_events_is_virtual":"","_tribe_events_virtual_video_source":"","_tribe_events_virtual_embed_video":"","_tribe_events_virtual_linked_button_text":"","_tribe_events_virtual_linked_button":"","_tribe_events_virtual_show_embed_at":"","_tribe_events_virtual_show_embed_to":[],"_tribe_events_virtual_show_on_event":"","_tribe_events_virtual_show_on_views":"","_tribe_events_virtual_url":"","footnotes":""},"tags":[],"tribe_events_cat":[88],"class_list":["post-3881","tribe_events","type-tribe_events","status-publish","has-post-thumbnail","hentry","tribe_events_cat-jazz-standard","cat_jazz-standard","entry"],"yoast_head":"<!-- This site is optimized with the Yoast SEO Premium plugin v24.3 (Yoast SEO v27.1.1) - https:\/\/yoast.com\/product\/yoast-seo-premium-wordpress\/ -->\n<title>Sam Burckhardt &amp; Lucas Montagnier Organ 4tet - Le Melville<\/title>\n<meta name=\"robots\" content=\"index, follow, max-snippet:-1, max-image-preview:large, max-video-preview:-1\" \/>\n<link rel=\"canonical\" href=\"https:\/\/lemelville.fr\/accueil\/evenements\/sam-burckhardt-lucas-montagnier-organ-4tet\/\" \/>\n<meta property=\"og:locale\" content=\"fr_FR\" \/>\n<meta property=\"og:type\" content=\"article\" \/>\n<meta property=\"og:title\" content=\"Sam Burckhardt &amp; Lucas Montagnier Organ 4tet\" \/>\n<meta property=\"og:description\" content=\"D\u00e9couvertes musicales, amiti\u00e9 et complicit\u00e9: Sam et Lucas se rencontrent, se lient d&#8217;amiti\u00e9 puis enregistrent un premier album hallucinant \u00e0 Chicago. Sax, guitare, orgue et batterie s&#8217;associent pour une explosion&hellip; Poursuivre la lecture Sam Burckhardt &#038; Lucas Montagnier Organ 4tet\" \/>\n<meta property=\"og:url\" content=\"https:\/\/lemelville.fr\/accueil\/evenements\/sam-burckhardt-lucas-montagnier-organ-4tet\/\" \/>\n<meta property=\"og:site_name\" content=\"Le Melville\" \/>\n<meta property=\"article:publisher\" content=\"https:\/\/www.facebook.com\/people\/Le-Melville\/100085390055277\/\" \/>\n<meta property=\"og:image\" content=\"https:\/\/lemelville.fr\/wp-content\/uploads\/2025\/01\/Burchardt-Montagnier-Affiche-NF.png\" \/>\n\t<meta property=\"og:image:width\" content=\"1280\" \/>\n\t<meta property=\"og:image:height\" content=\"800\" \/>\n\t<meta property=\"og:image:type\" content=\"image\/png\" \/>\n<meta name=\"twitter:card\" content=\"summary_large_image\" \/>\n<meta name=\"twitter:label1\" content=\"Dur\u00e9e de lecture estim\u00e9e\" \/>\n\t<meta name=\"twitter:data1\" content=\"1 minute\" \/>\n<script type=\"application\/ld+json\" class=\"yoast-schema-graph\">{\"@context\":\"https:\/\/schema.org\",\"@graph\":[{\"@type\":\"WebPage\",\"@id\":\"https:\/\/lemelville.fr\/accueil\/evenements\/sam-burckhardt-lucas-montagnier-organ-4tet\/\",\"url\":\"https:\/\/lemelville.fr\/accueil\/evenements\/sam-burckhardt-lucas-montagnier-organ-4tet\/\",\"name\":\"Sam Burckhardt & Lucas Montagnier Organ 4tet - Le Melville\",\"isPartOf\":{\"@id\":\"https:\/\/lemelville.fr\/accueil\/#website\"},\"primaryImageOfPage\":{\"@id\":\"https:\/\/lemelville.fr\/accueil\/evenements\/sam-burckhardt-lucas-montagnier-organ-4tet\/#primaryimage\"},\"image\":{\"@id\":\"https:\/\/lemelville.fr\/accueil\/evenements\/sam-burckhardt-lucas-montagnier-organ-4tet\/#primaryimage\"},\"thumbnailUrl\":\"https:\/\/lemelville.fr\/wp-content\/uploads\/2025\/01\/Burchardt-Montagnier-Affiche-NF.png\",\"datePublished\":\"2025-01-26T12:23:47+00:00\",\"breadcrumb\":{\"@id\":\"https:\/\/lemelville.fr\/accueil\/evenements\/sam-burckhardt-lucas-montagnier-organ-4tet\/#breadcrumb\"},\"inLanguage\":\"fr-FR\",\"potentialAction\":[{\"@type\":\"ReadAction\",\"target\":[\"https:\/\/lemelville.fr\/accueil\/evenements\/sam-burckhardt-lucas-montagnier-organ-4tet\/\"]}]},{\"@type\":\"ImageObject\",\"inLanguage\":\"fr-FR\",\"@id\":\"https:\/\/lemelville.fr\/accueil\/evenements\/sam-burckhardt-lucas-montagnier-organ-4tet\/#primaryimage\",\"url\":\"https:\/\/lemelville.fr\/wp-content\/uploads\/2025\/01\/Burchardt-Montagnier-Affiche-NF.png\",\"contentUrl\":\"https:\/\/lemelville.fr\/wp-content\/uploads\/2025\/01\/Burchardt-Montagnier-Affiche-NF.png\",\"width\":1280,\"height\":800},{\"@type\":\"BreadcrumbList\",\"@id\":\"https:\/\/lemelville.fr\/accueil\/evenements\/sam-burckhardt-lucas-montagnier-organ-4tet\/#breadcrumb\",\"itemListElement\":[{\"@type\":\"ListItem\",\"position\":1,\"name\":\"Accueil\",\"item\":\"https:\/\/lemelville.fr\/accueil\/\"},{\"@type\":\"ListItem\",\"position\":2,\"name\":\"\u00c9v\u00e8nements\",\"item\":\"https:\/\/lemelville.fr\/accueil\/evenements\/\"},{\"@type\":\"ListItem\",\"position\":3,\"name\":\"Sam Burckhardt &#038; Lucas Montagnier Organ 4tet\"}]},{\"@type\":\"WebSite\",\"@id\":\"https:\/\/lemelville.fr\/accueil\/#website\",\"url\":\"https:\/\/lemelville.fr\/accueil\/\",\"name\":\"Le Melville\",\"description\":\"Le Melville c\u2019est l\u2019\u00e9clectisme dans les verres, les assiettes et dans les oreilles. Du Jazz, de la world Music, souvent en live, une carte \u00e9l\u00e9gante de mets \u00e0 picorer et des cocktails sur mesure, le tout dans un \u00e9crin de bois et de velours.\",\"publisher\":{\"@id\":\"https:\/\/lemelville.fr\/accueil\/#organization\"},\"potentialAction\":[{\"@type\":\"SearchAction\",\"target\":{\"@type\":\"EntryPoint\",\"urlTemplate\":\"https:\/\/lemelville.fr\/accueil\/?s={search_term_string}\"},\"query-input\":{\"@type\":\"PropertyValueSpecification\",\"valueRequired\":true,\"valueName\":\"search_term_string\"}}],\"inLanguage\":\"fr-FR\"},{\"@type\":\"Organization\",\"@id\":\"https:\/\/lemelville.fr\/accueil\/#organization\",\"name\":\"Le Melville\",\"url\":\"https:\/\/lemelville.fr\/accueil\/\",\"logo\":{\"@type\":\"ImageObject\",\"inLanguage\":\"fr-FR\",\"@id\":\"https:\/\/lemelville.fr\/accueil\/#\/schema\/logo\/image\/\",\"url\":\"https:\/\/lemelville.fr\/wp-content\/uploads\/2023\/09\/Logo-transparent-1-e1720022580951.png\",\"contentUrl\":\"https:\/\/lemelville.fr\/wp-content\/uploads\/2023\/09\/Logo-transparent-1-e1720022580951.png\",\"width\":2000,\"height\":656,\"caption\":\"Le Melville\"},\"image\":{\"@id\":\"https:\/\/lemelville.fr\/accueil\/#\/schema\/logo\/image\/\"},\"sameAs\":[\"https:\/\/www.facebook.com\/people\/Le-Melville\/100085390055277\/\",\"https:\/\/www.instagram.com\/lemelville_paris\/\"]}]}<\/script>\n<!-- \/ Yoast SEO Premium plugin. -->","yoast_head_json":{"title":"Sam Burckhardt & Lucas Montagnier Organ 4tet - Le Melville","robots":{"index":"index","follow":"follow","max-snippet":"max-snippet:-1","max-image-preview":"max-image-preview:large","max-video-preview":"max-video-preview:-1"},"canonical":"https:\/\/lemelville.fr\/accueil\/evenements\/sam-burckhardt-lucas-montagnier-organ-4tet\/","og_locale":"fr_FR","og_type":"article","og_title":"Sam Burckhardt & Lucas Montagnier Organ 4tet","og_description":"D\u00e9couvertes musicales, amiti\u00e9 et complicit\u00e9: Sam et Lucas se rencontrent, se lient d&#8217;amiti\u00e9 puis enregistrent un premier album hallucinant \u00e0 Chicago. Sax, guitare, orgue et batterie s&#8217;associent pour une explosion&hellip; Poursuivre la lecture Sam Burckhardt &#038; Lucas Montagnier Organ 4tet","og_url":"https:\/\/lemelville.fr\/accueil\/evenements\/sam-burckhardt-lucas-montagnier-organ-4tet\/","og_site_name":"Le Melville","article_publisher":"https:\/\/www.facebook.com\/people\/Le-Melville\/100085390055277\/","og_image":[{"width":1280,"height":800,"url":"https:\/\/lemelville.fr\/wp-content\/uploads\/2025\/01\/Burchardt-Montagnier-Affiche-NF.png","type":"image\/png"}],"twitter_card":"summary_large_image","twitter_misc":{"Dur\u00e9e de lecture estim\u00e9e":"1 minute"},"schema":{"@context":"https:\/\/schema.org","@graph":[{"@type":"WebPage","@id":"https:\/\/lemelville.fr\/accueil\/evenements\/sam-burckhardt-lucas-montagnier-organ-4tet\/","url":"https:\/\/lemelville.fr\/accueil\/evenements\/sam-burckhardt-lucas-montagnier-organ-4tet\/","name":"Sam Burckhardt & Lucas Montagnier Organ 4tet - Le Melville","isPartOf":{"@id":"https:\/\/lemelville.fr\/accueil\/#website"},"primaryImageOfPage":{"@id":"https:\/\/lemelville.fr\/accueil\/evenements\/sam-burckhardt-lucas-montagnier-organ-4tet\/#primaryimage"},"image":{"@id":"https:\/\/lemelville.fr\/accueil\/evenements\/sam-burckhardt-lucas-montagnier-organ-4tet\/#primaryimage"},"thumbnailUrl":"https:\/\/lemelville.fr\/wp-content\/uploads\/2025\/01\/Burchardt-Montagnier-Affiche-NF.png","datePublished":"2025-01-26T12:23:47+00:00","breadcrumb":{"@id":"https:\/\/lemelville.fr\/accueil\/evenements\/sam-burckhardt-lucas-montagnier-organ-4tet\/#breadcrumb"},"inLanguage":"fr-FR","potentialAction":[{"@type":"ReadAction","target":["https:\/\/lemelville.fr\/accueil\/evenements\/sam-burckhardt-lucas-montagnier-organ-4tet\/"]}]},{"@type":"ImageObject","inLanguage":"fr-FR","@id":"https:\/\/lemelville.fr\/accueil\/evenements\/sam-burckhardt-lucas-montagnier-organ-4tet\/#primaryimage","url":"https:\/\/lemelville.fr\/wp-content\/uploads\/2025\/01\/Burchardt-Montagnier-Affiche-NF.png","contentUrl":"https:\/\/lemelville.fr\/wp-content\/uploads\/2025\/01\/Burchardt-Montagnier-Affiche-NF.png","width":1280,"height":800},{"@type":"BreadcrumbList","@id":"https:\/\/lemelville.fr\/accueil\/evenements\/sam-burckhardt-lucas-montagnier-organ-4tet\/#breadcrumb","itemListElement":[{"@type":"ListItem","position":1,"name":"Accueil","item":"https:\/\/lemelville.fr\/accueil\/"},{"@type":"ListItem","position":2,"name":"\u00c9v\u00e8nements","item":"https:\/\/lemelville.fr\/accueil\/evenements\/"},{"@type":"ListItem","position":3,"name":"Sam Burckhardt &#038; Lucas Montagnier Organ 4tet"}]},{"@type":"WebSite","@id":"https:\/\/lemelville.fr\/accueil\/#website","url":"https:\/\/lemelville.fr\/accueil\/","name":"Le Melville","description":"Le Melville c\u2019est l\u2019\u00e9clectisme dans les verres, les assiettes et dans les oreilles. Du Jazz, de la world Music, souvent en live, une carte \u00e9l\u00e9gante de mets \u00e0 picorer et des cocktails sur mesure, le tout dans un \u00e9crin de bois et de velours.","publisher":{"@id":"https:\/\/lemelville.fr\/accueil\/#organization"},"potentialAction":[{"@type":"SearchAction","target":{"@type":"EntryPoint","urlTemplate":"https:\/\/lemelville.fr\/accueil\/?s={search_term_string}"},"query-input":{"@type":"PropertyValueSpecification","valueRequired":true,"valueName":"search_term_string"}}],"inLanguage":"fr-FR"},{"@type":"Organization","@id":"https:\/\/lemelville.fr\/accueil\/#organization","name":"Le Melville","url":"https:\/\/lemelville.fr\/accueil\/","logo":{"@type":"ImageObject","inLanguage":"fr-FR","@id":"https:\/\/lemelville.fr\/accueil\/#\/schema\/logo\/image\/","url":"https:\/\/lemelville.fr\/wp-content\/uploads\/2023\/09\/Logo-transparent-1-e1720022580951.png","contentUrl":"https:\/\/lemelville.fr\/wp-content\/uploads\/2023\/09\/Logo-transparent-1-e1720022580951.png","width":2000,"height":656,"caption":"Le Melville"},"image":{"@id":"https:\/\/lemelville.fr\/accueil\/#\/schema\/logo\/image\/"},"sameAs":["https:\/\/www.facebook.com\/people\/Le-Melville\/100085390055277\/","https:\/\/www.instagram.com\/lemelville_paris\/"]}]}},"_links":{"self":[{"href":"https:\/\/lemelville.fr\/accueil\/wp-json\/wp\/v2\/tribe_events\/3881","targetHints":{"allow":["GET"]}}],"collection":[{"href":"https:\/\/lemelville.fr\/accueil\/wp-json\/wp\/v2\/tribe_events"}],"about":[{"href":"https:\/\/lemelville.fr\/accueil\/wp-json\/wp\/v2\/types\/tribe_events"}],"author":[{"embeddable":true,"href":"https:\/\/lemelville.fr\/accueil\/wp-json\/wp\/v2\/users\/3"}],"version-history":[{"count":0,"href":"https:\/\/lemelville.fr\/accueil\/wp-json\/wp\/v2\/tribe_events\/3881\/revisions"}],"wp:featuredmedia":[{"embeddable":true,"href":"https:\/\/lemelville.fr\/accueil\/wp-json\/wp\/v2\/media\/3880"}],"wp:attachment":[{"href":"https:\/\/lemelville.fr\/accueil\/wp-json\/wp\/v2\/media?parent=3881"}],"wp:term":[{"taxonomy":"post_tag","embeddable":true,"href":"https:\/\/lemelville.fr\/accueil\/wp-json\/wp\/v2\/tags?post=3881"},{"taxonomy":"tribe_events_cat","embeddable":true,"href":"https:\/\/lemelville.fr\/accueil\/wp-json\/wp\/v2\/tribe_events_cat?post=3881"}],"curies":[{"name":"wp","href":"https:\/\/api.w.org\/{rel}","templated":true}]}}