{"id":3895,"date":"2025-01-28T09:50:59","date_gmt":"2025-01-28T08:50:59","guid":{"rendered":"https:\/\/lemelville.fr\/evenements\/sara-miette-trio\/"},"modified":"2025-01-28T09:50:59","modified_gmt":"2025-01-28T08:50:59","slug":"sara-miette-trio","status":"publish","type":"tribe_events","link":"https:\/\/lemelville.fr\/accueil\/evenements\/sara-miette-trio\/","title":{"rendered":"Sara Miette Trio"},"content":{"rendered":"<p>Un trio dynamique de la sc\u00e8ne parisienne fusionne samba, choro et mpb avec passion. Sara envo\u00fbte avec sa voix, Edouard enchante au piano et Yoorim enivre \u00e0 la fl\u00fbte. Une explosion musicale \u00e0 ne pas rater ! <\/p>\n<p>R\u00e9unis autour de leur amour de la musique br\u00e9silienne, ces trois jeunes musiciens de la sc\u00e8ne parisienne explorent ensemble le r\u00e9pertoire du samba, choro et mpb. Forts de leurs voyages au Br\u00e9sil, on retrouve le m\u00e9lodique Edouard Ravelomanantsoa au piano ; la fl\u00fbtiste prolifique Yoorim Won ; et Sara Miette, chanteuse \u00e9nergique et pleine de fraicheur (T\u00e9l\u00e9rama). Une \u00e9quipe dynamique de musiciens de la nouvelle sc\u00e8ne \u00e0 ne pas manquer !<\/p>\n<p>Sara Miette : chant<br \/>\nEdouard Ravelomanantsoa : piano<br \/>\nYoorim Won : flute<\/p>\n","protected":false},"excerpt":{"rendered":"<p>Un trio dynamique de la sc\u00e8ne parisienne fusionne samba, choro et mpb avec passion. Sara envo\u00fbte avec sa voix, Edouard enchante au piano et Yoorim enivre \u00e0 la fl\u00fbte. Une&hellip; <a class=\"more-link\" href=\"https:\/\/lemelville.fr\/accueil\/evenements\/sara-miette-trio\/\">Poursuivre la lecture <span class=\"screen-reader-text\">Sara Miette Trio<\/span><\/a><\/p>\n","protected":false},"author":3,"featured_media":3894,"template":"","meta":{"_tribe_events_status":"","_tribe_events_status_reason":"","_tribe_events_is_hybrid":"","_tribe_events_is_virtual":"","_tribe_events_virtual_video_source":"","_tribe_events_virtual_embed_video":"","_tribe_events_virtual_linked_button_text":"","_tribe_events_virtual_linked_button":"","_tribe_events_virtual_show_embed_at":"","_tribe_events_virtual_show_embed_to":[],"_tribe_events_virtual_show_on_event":"","_tribe_events_virtual_show_on_views":"","_tribe_events_virtual_url":"","footnotes":""},"tags":[],"tribe_events_cat":[139],"class_list":["post-3895","tribe_events","type-tribe_events","status-publish","has-post-thumbnail","hentry","tribe_events_cat-latin-jazz","cat_latin-jazz","entry"],"yoast_head":"<!-- This site is optimized with the Yoast SEO Premium plugin v24.3 (Yoast SEO v27.1.1) - https:\/\/yoast.com\/product\/yoast-seo-premium-wordpress\/ -->\n<title>Sara Miette Trio - Le Melville<\/title>\n<meta name=\"robots\" content=\"index, follow, max-snippet:-1, max-image-preview:large, max-video-preview:-1\" \/>\n<link rel=\"canonical\" href=\"https:\/\/lemelville.fr\/accueil\/evenements\/sara-miette-trio\/\" \/>\n<meta property=\"og:locale\" content=\"fr_FR\" \/>\n<meta property=\"og:type\" content=\"article\" \/>\n<meta property=\"og:title\" content=\"Sara Miette Trio\" \/>\n<meta property=\"og:description\" content=\"Un trio dynamique de la sc\u00e8ne parisienne fusionne samba, choro et mpb avec passion. Sara envo\u00fbte avec sa voix, Edouard enchante au piano et Yoorim enivre \u00e0 la fl\u00fbte. Une&hellip; Poursuivre la lecture Sara Miette Trio\" \/>\n<meta property=\"og:url\" content=\"https:\/\/lemelville.fr\/accueil\/evenements\/sara-miette-trio\/\" \/>\n<meta property=\"og:site_name\" content=\"Le Melville\" \/>\n<meta property=\"article:publisher\" content=\"https:\/\/www.facebook.com\/people\/Le-Melville\/100085390055277\/\" \/>\n<meta property=\"og:image\" content=\"https:\/\/lemelville.fr\/wp-content\/uploads\/2025\/01\/Sara-Miette-Affiche-NF.png\" \/>\n\t<meta property=\"og:image:width\" content=\"1280\" \/>\n\t<meta property=\"og:image:height\" content=\"800\" \/>\n\t<meta property=\"og:image:type\" content=\"image\/png\" \/>\n<meta name=\"twitter:card\" content=\"summary_large_image\" \/>\n<meta name=\"twitter:label1\" content=\"Dur\u00e9e de lecture estim\u00e9e\" \/>\n\t<meta name=\"twitter:data1\" content=\"1 minute\" \/>\n<script type=\"application\/ld+json\" class=\"yoast-schema-graph\">{\"@context\":\"https:\/\/schema.org\",\"@graph\":[{\"@type\":\"WebPage\",\"@id\":\"https:\/\/lemelville.fr\/accueil\/evenements\/sara-miette-trio\/\",\"url\":\"https:\/\/lemelville.fr\/accueil\/evenements\/sara-miette-trio\/\",\"name\":\"Sara Miette Trio - Le Melville\",\"isPartOf\":{\"@id\":\"https:\/\/lemelville.fr\/accueil\/#website\"},\"primaryImageOfPage\":{\"@id\":\"https:\/\/lemelville.fr\/accueil\/evenements\/sara-miette-trio\/#primaryimage\"},\"image\":{\"@id\":\"https:\/\/lemelville.fr\/accueil\/evenements\/sara-miette-trio\/#primaryimage\"},\"thumbnailUrl\":\"https:\/\/lemelville.fr\/wp-content\/uploads\/2025\/01\/Sara-Miette-Affiche-NF.png\",\"datePublished\":\"2025-01-28T08:50:59+00:00\",\"breadcrumb\":{\"@id\":\"https:\/\/lemelville.fr\/accueil\/evenements\/sara-miette-trio\/#breadcrumb\"},\"inLanguage\":\"fr-FR\",\"potentialAction\":[{\"@type\":\"ReadAction\",\"target\":[\"https:\/\/lemelville.fr\/accueil\/evenements\/sara-miette-trio\/\"]}]},{\"@type\":\"ImageObject\",\"inLanguage\":\"fr-FR\",\"@id\":\"https:\/\/lemelville.fr\/accueil\/evenements\/sara-miette-trio\/#primaryimage\",\"url\":\"https:\/\/lemelville.fr\/wp-content\/uploads\/2025\/01\/Sara-Miette-Affiche-NF.png\",\"contentUrl\":\"https:\/\/lemelville.fr\/wp-content\/uploads\/2025\/01\/Sara-Miette-Affiche-NF.png\",\"width\":1280,\"height\":800},{\"@type\":\"BreadcrumbList\",\"@id\":\"https:\/\/lemelville.fr\/accueil\/evenements\/sara-miette-trio\/#breadcrumb\",\"itemListElement\":[{\"@type\":\"ListItem\",\"position\":1,\"name\":\"Accueil\",\"item\":\"https:\/\/lemelville.fr\/accueil\/\"},{\"@type\":\"ListItem\",\"position\":2,\"name\":\"\u00c9v\u00e8nements\",\"item\":\"https:\/\/lemelville.fr\/accueil\/evenements\/\"},{\"@type\":\"ListItem\",\"position\":3,\"name\":\"Sara Miette Trio\"}]},{\"@type\":\"WebSite\",\"@id\":\"https:\/\/lemelville.fr\/accueil\/#website\",\"url\":\"https:\/\/lemelville.fr\/accueil\/\",\"name\":\"Le Melville\",\"description\":\"Le Melville c\u2019est l\u2019\u00e9clectisme dans les verres, les assiettes et dans les oreilles. Du Jazz, de la world Music, souvent en live, une carte \u00e9l\u00e9gante de mets \u00e0 picorer et des cocktails sur mesure, le tout dans un \u00e9crin de bois et de velours.\",\"publisher\":{\"@id\":\"https:\/\/lemelville.fr\/accueil\/#organization\"},\"potentialAction\":[{\"@type\":\"SearchAction\",\"target\":{\"@type\":\"EntryPoint\",\"urlTemplate\":\"https:\/\/lemelville.fr\/accueil\/?s={search_term_string}\"},\"query-input\":{\"@type\":\"PropertyValueSpecification\",\"valueRequired\":true,\"valueName\":\"search_term_string\"}}],\"inLanguage\":\"fr-FR\"},{\"@type\":\"Organization\",\"@id\":\"https:\/\/lemelville.fr\/accueil\/#organization\",\"name\":\"Le Melville\",\"url\":\"https:\/\/lemelville.fr\/accueil\/\",\"logo\":{\"@type\":\"ImageObject\",\"inLanguage\":\"fr-FR\",\"@id\":\"https:\/\/lemelville.fr\/accueil\/#\/schema\/logo\/image\/\",\"url\":\"https:\/\/lemelville.fr\/wp-content\/uploads\/2023\/09\/Logo-transparent-1-e1720022580951.png\",\"contentUrl\":\"https:\/\/lemelville.fr\/wp-content\/uploads\/2023\/09\/Logo-transparent-1-e1720022580951.png\",\"width\":2000,\"height\":656,\"caption\":\"Le Melville\"},\"image\":{\"@id\":\"https:\/\/lemelville.fr\/accueil\/#\/schema\/logo\/image\/\"},\"sameAs\":[\"https:\/\/www.facebook.com\/people\/Le-Melville\/100085390055277\/\",\"https:\/\/www.instagram.com\/lemelville_paris\/\"]}]}<\/script>\n<!-- \/ Yoast SEO Premium plugin. -->","yoast_head_json":{"title":"Sara Miette Trio - Le Melville","robots":{"index":"index","follow":"follow","max-snippet":"max-snippet:-1","max-image-preview":"max-image-preview:large","max-video-preview":"max-video-preview:-1"},"canonical":"https:\/\/lemelville.fr\/accueil\/evenements\/sara-miette-trio\/","og_locale":"fr_FR","og_type":"article","og_title":"Sara Miette Trio","og_description":"Un trio dynamique de la sc\u00e8ne parisienne fusionne samba, choro et mpb avec passion. Sara envo\u00fbte avec sa voix, Edouard enchante au piano et Yoorim enivre \u00e0 la fl\u00fbte. Une&hellip; Poursuivre la lecture Sara Miette Trio","og_url":"https:\/\/lemelville.fr\/accueil\/evenements\/sara-miette-trio\/","og_site_name":"Le Melville","article_publisher":"https:\/\/www.facebook.com\/people\/Le-Melville\/100085390055277\/","og_image":[{"width":1280,"height":800,"url":"https:\/\/lemelville.fr\/wp-content\/uploads\/2025\/01\/Sara-Miette-Affiche-NF.png","type":"image\/png"}],"twitter_card":"summary_large_image","twitter_misc":{"Dur\u00e9e de lecture estim\u00e9e":"1 minute"},"schema":{"@context":"https:\/\/schema.org","@graph":[{"@type":"WebPage","@id":"https:\/\/lemelville.fr\/accueil\/evenements\/sara-miette-trio\/","url":"https:\/\/lemelville.fr\/accueil\/evenements\/sara-miette-trio\/","name":"Sara Miette Trio - Le Melville","isPartOf":{"@id":"https:\/\/lemelville.fr\/accueil\/#website"},"primaryImageOfPage":{"@id":"https:\/\/lemelville.fr\/accueil\/evenements\/sara-miette-trio\/#primaryimage"},"image":{"@id":"https:\/\/lemelville.fr\/accueil\/evenements\/sara-miette-trio\/#primaryimage"},"thumbnailUrl":"https:\/\/lemelville.fr\/wp-content\/uploads\/2025\/01\/Sara-Miette-Affiche-NF.png","datePublished":"2025-01-28T08:50:59+00:00","breadcrumb":{"@id":"https:\/\/lemelville.fr\/accueil\/evenements\/sara-miette-trio\/#breadcrumb"},"inLanguage":"fr-FR","potentialAction":[{"@type":"ReadAction","target":["https:\/\/lemelville.fr\/accueil\/evenements\/sara-miette-trio\/"]}]},{"@type":"ImageObject","inLanguage":"fr-FR","@id":"https:\/\/lemelville.fr\/accueil\/evenements\/sara-miette-trio\/#primaryimage","url":"https:\/\/lemelville.fr\/wp-content\/uploads\/2025\/01\/Sara-Miette-Affiche-NF.png","contentUrl":"https:\/\/lemelville.fr\/wp-content\/uploads\/2025\/01\/Sara-Miette-Affiche-NF.png","width":1280,"height":800},{"@type":"BreadcrumbList","@id":"https:\/\/lemelville.fr\/accueil\/evenements\/sara-miette-trio\/#breadcrumb","itemListElement":[{"@type":"ListItem","position":1,"name":"Accueil","item":"https:\/\/lemelville.fr\/accueil\/"},{"@type":"ListItem","position":2,"name":"\u00c9v\u00e8nements","item":"https:\/\/lemelville.fr\/accueil\/evenements\/"},{"@type":"ListItem","position":3,"name":"Sara Miette Trio"}]},{"@type":"WebSite","@id":"https:\/\/lemelville.fr\/accueil\/#website","url":"https:\/\/lemelville.fr\/accueil\/","name":"Le Melville","description":"Le Melville c\u2019est l\u2019\u00e9clectisme dans les verres, les assiettes et dans les oreilles. Du Jazz, de la world Music, souvent en live, une carte \u00e9l\u00e9gante de mets \u00e0 picorer et des cocktails sur mesure, le tout dans un \u00e9crin de bois et de velours.","publisher":{"@id":"https:\/\/lemelville.fr\/accueil\/#organization"},"potentialAction":[{"@type":"SearchAction","target":{"@type":"EntryPoint","urlTemplate":"https:\/\/lemelville.fr\/accueil\/?s={search_term_string}"},"query-input":{"@type":"PropertyValueSpecification","valueRequired":true,"valueName":"search_term_string"}}],"inLanguage":"fr-FR"},{"@type":"Organization","@id":"https:\/\/lemelville.fr\/accueil\/#organization","name":"Le Melville","url":"https:\/\/lemelville.fr\/accueil\/","logo":{"@type":"ImageObject","inLanguage":"fr-FR","@id":"https:\/\/lemelville.fr\/accueil\/#\/schema\/logo\/image\/","url":"https:\/\/lemelville.fr\/wp-content\/uploads\/2023\/09\/Logo-transparent-1-e1720022580951.png","contentUrl":"https:\/\/lemelville.fr\/wp-content\/uploads\/2023\/09\/Logo-transparent-1-e1720022580951.png","width":2000,"height":656,"caption":"Le Melville"},"image":{"@id":"https:\/\/lemelville.fr\/accueil\/#\/schema\/logo\/image\/"},"sameAs":["https:\/\/www.facebook.com\/people\/Le-Melville\/100085390055277\/","https:\/\/www.instagram.com\/lemelville_paris\/"]}]}},"_links":{"self":[{"href":"https:\/\/lemelville.fr\/accueil\/wp-json\/wp\/v2\/tribe_events\/3895","targetHints":{"allow":["GET"]}}],"collection":[{"href":"https:\/\/lemelville.fr\/accueil\/wp-json\/wp\/v2\/tribe_events"}],"about":[{"href":"https:\/\/lemelville.fr\/accueil\/wp-json\/wp\/v2\/types\/tribe_events"}],"author":[{"embeddable":true,"href":"https:\/\/lemelville.fr\/accueil\/wp-json\/wp\/v2\/users\/3"}],"version-history":[{"count":0,"href":"https:\/\/lemelville.fr\/accueil\/wp-json\/wp\/v2\/tribe_events\/3895\/revisions"}],"wp:featuredmedia":[{"embeddable":true,"href":"https:\/\/lemelville.fr\/accueil\/wp-json\/wp\/v2\/media\/3894"}],"wp:attachment":[{"href":"https:\/\/lemelville.fr\/accueil\/wp-json\/wp\/v2\/media?parent=3895"}],"wp:term":[{"taxonomy":"post_tag","embeddable":true,"href":"https:\/\/lemelville.fr\/accueil\/wp-json\/wp\/v2\/tags?post=3895"},{"taxonomy":"tribe_events_cat","embeddable":true,"href":"https:\/\/lemelville.fr\/accueil\/wp-json\/wp\/v2\/tribe_events_cat?post=3895"}],"curies":[{"name":"wp","href":"https:\/\/api.w.org\/{rel}","templated":true}]}}