{"id":3897,"date":"2025-01-28T09:52:11","date_gmt":"2025-01-28T08:52:11","guid":{"rendered":"https:\/\/lemelville.fr\/evenements\/alexis-valet-invite-richard-sears\/"},"modified":"2025-01-28T09:52:11","modified_gmt":"2025-01-28T08:52:11","slug":"alexis-valet-invite-richard-sears","status":"publish","type":"tribe_events","link":"https:\/\/lemelville.fr\/accueil\/evenements\/alexis-valet-invite-richard-sears\/","title":{"rendered":"Alexis Valet invite Richard Sears"},"content":{"rendered":"<p>Le Melville accueille le vibraphoniste Alexis Valet et son quartet d&#8217;exception ! Avec Malte Arndal \u00e0 la batterie, Yoni Zelnik \u00e0 la contrebasse, et Richard Sears en invit\u00e9 sp\u00e9cial au piano, attendez-vous \u00e0 un show \u00e9poustouflant m\u00ealant standards du Great American Songbook et compositions originales.<\/p>\n<p>Le vibraphoniste Alexis Valet revient au Melville avec un quartet de haut vol. Le swingueur Malte Arndal \u00e0 la batterie, l&#8217;incontournable Yoni Zelnik \u00e0 la contrebasse et en invit\u00e9 sp\u00e9cial le pianiste californien Richard Sears. Ils mettront les standards du Great American Songbook \u00e0 l&#8217;honneur ainsi que quelques compositions. <\/p>\n<p>Alexis Vallet : vibraphone<br \/>\nRichard Sears : piano<br \/>\nYoni Zelnik : contre basse<br \/>\nMalte Arndal : batterie<\/p>\n","protected":false},"excerpt":{"rendered":"<p>Le Melville accueille le vibraphoniste Alexis Valet et son quartet d&#8217;exception ! Avec Malte Arndal \u00e0 la batterie, Yoni Zelnik \u00e0 la contrebasse, et Richard Sears en invit\u00e9 sp\u00e9cial au&hellip; <a class=\"more-link\" href=\"https:\/\/lemelville.fr\/accueil\/evenements\/alexis-valet-invite-richard-sears\/\">Poursuivre la lecture <span class=\"screen-reader-text\">Alexis Valet invite Richard Sears<\/span><\/a><\/p>\n","protected":false},"author":3,"featured_media":3896,"template":"","meta":{"_tribe_events_status":"","_tribe_events_status_reason":"","_tribe_events_is_hybrid":"","_tribe_events_is_virtual":"","_tribe_events_virtual_video_source":"","_tribe_events_virtual_embed_video":"","_tribe_events_virtual_linked_button_text":"","_tribe_events_virtual_linked_button":"","_tribe_events_virtual_show_embed_at":"","_tribe_events_virtual_show_embed_to":[],"_tribe_events_virtual_show_on_event":"","_tribe_events_virtual_show_on_views":"","_tribe_events_virtual_url":"","footnotes":""},"tags":[],"tribe_events_cat":[88],"class_list":["post-3897","tribe_events","type-tribe_events","status-publish","has-post-thumbnail","hentry","tribe_events_cat-jazz-standard","cat_jazz-standard","entry"],"yoast_head":"<!-- This site is optimized with the Yoast SEO Premium plugin v24.3 (Yoast SEO v27.1.1) - https:\/\/yoast.com\/product\/yoast-seo-premium-wordpress\/ -->\n<title>Alexis Valet invite Richard Sears - Le Melville<\/title>\n<meta name=\"robots\" content=\"index, follow, max-snippet:-1, max-image-preview:large, max-video-preview:-1\" \/>\n<link rel=\"canonical\" href=\"https:\/\/lemelville.fr\/accueil\/evenements\/alexis-valet-invite-richard-sears\/\" \/>\n<meta property=\"og:locale\" content=\"fr_FR\" \/>\n<meta property=\"og:type\" content=\"article\" \/>\n<meta property=\"og:title\" content=\"Alexis Valet invite Richard Sears\" \/>\n<meta property=\"og:description\" content=\"Le Melville accueille le vibraphoniste Alexis Valet et son quartet d&#8217;exception ! Avec Malte Arndal \u00e0 la batterie, Yoni Zelnik \u00e0 la contrebasse, et Richard Sears en invit\u00e9 sp\u00e9cial au&hellip; Poursuivre la lecture Alexis Valet invite Richard Sears\" \/>\n<meta property=\"og:url\" content=\"https:\/\/lemelville.fr\/accueil\/evenements\/alexis-valet-invite-richard-sears\/\" \/>\n<meta property=\"og:site_name\" content=\"Le Melville\" \/>\n<meta property=\"article:publisher\" content=\"https:\/\/www.facebook.com\/people\/Le-Melville\/100085390055277\/\" \/>\n<meta property=\"og:image\" content=\"http:\/\/lemelville.fr\/wp-content\/uploads\/2025\/01\/Valet-Sears-Affiche-NF.png\" \/>\n\t<meta property=\"og:image:width\" content=\"1280\" \/>\n\t<meta property=\"og:image:height\" content=\"800\" \/>\n\t<meta property=\"og:image:type\" content=\"image\/png\" \/>\n<meta name=\"twitter:card\" content=\"summary_large_image\" \/>\n<meta name=\"twitter:label1\" content=\"Dur\u00e9e de lecture estim\u00e9e\" \/>\n\t<meta name=\"twitter:data1\" content=\"1 minute\" \/>\n<script type=\"application\/ld+json\" class=\"yoast-schema-graph\">{\"@context\":\"https:\/\/schema.org\",\"@graph\":[{\"@type\":\"WebPage\",\"@id\":\"https:\/\/lemelville.fr\/accueil\/evenements\/alexis-valet-invite-richard-sears\/\",\"url\":\"https:\/\/lemelville.fr\/accueil\/evenements\/alexis-valet-invite-richard-sears\/\",\"name\":\"Alexis Valet invite Richard Sears - Le Melville\",\"isPartOf\":{\"@id\":\"https:\/\/lemelville.fr\/accueil\/#website\"},\"primaryImageOfPage\":{\"@id\":\"https:\/\/lemelville.fr\/accueil\/evenements\/alexis-valet-invite-richard-sears\/#primaryimage\"},\"image\":{\"@id\":\"https:\/\/lemelville.fr\/accueil\/evenements\/alexis-valet-invite-richard-sears\/#primaryimage\"},\"thumbnailUrl\":\"https:\/\/lemelville.fr\/wp-content\/uploads\/2025\/01\/Valet-Sears-Affiche-NF.png\",\"datePublished\":\"2025-01-28T08:52:11+00:00\",\"breadcrumb\":{\"@id\":\"https:\/\/lemelville.fr\/accueil\/evenements\/alexis-valet-invite-richard-sears\/#breadcrumb\"},\"inLanguage\":\"fr-FR\",\"potentialAction\":[{\"@type\":\"ReadAction\",\"target\":[\"https:\/\/lemelville.fr\/accueil\/evenements\/alexis-valet-invite-richard-sears\/\"]}]},{\"@type\":\"ImageObject\",\"inLanguage\":\"fr-FR\",\"@id\":\"https:\/\/lemelville.fr\/accueil\/evenements\/alexis-valet-invite-richard-sears\/#primaryimage\",\"url\":\"https:\/\/lemelville.fr\/wp-content\/uploads\/2025\/01\/Valet-Sears-Affiche-NF.png\",\"contentUrl\":\"https:\/\/lemelville.fr\/wp-content\/uploads\/2025\/01\/Valet-Sears-Affiche-NF.png\",\"width\":1280,\"height\":800},{\"@type\":\"BreadcrumbList\",\"@id\":\"https:\/\/lemelville.fr\/accueil\/evenements\/alexis-valet-invite-richard-sears\/#breadcrumb\",\"itemListElement\":[{\"@type\":\"ListItem\",\"position\":1,\"name\":\"Accueil\",\"item\":\"https:\/\/lemelville.fr\/accueil\/\"},{\"@type\":\"ListItem\",\"position\":2,\"name\":\"\u00c9v\u00e8nements\",\"item\":\"https:\/\/lemelville.fr\/accueil\/evenements\/\"},{\"@type\":\"ListItem\",\"position\":3,\"name\":\"Alexis Valet invite Richard Sears\"}]},{\"@type\":\"WebSite\",\"@id\":\"https:\/\/lemelville.fr\/accueil\/#website\",\"url\":\"https:\/\/lemelville.fr\/accueil\/\",\"name\":\"Le Melville\",\"description\":\"Le Melville c\u2019est l\u2019\u00e9clectisme dans les verres, les assiettes et dans les oreilles. Du Jazz, de la world Music, souvent en live, une carte \u00e9l\u00e9gante de mets \u00e0 picorer et des cocktails sur mesure, le tout dans un \u00e9crin de bois et de velours.\",\"publisher\":{\"@id\":\"https:\/\/lemelville.fr\/accueil\/#organization\"},\"potentialAction\":[{\"@type\":\"SearchAction\",\"target\":{\"@type\":\"EntryPoint\",\"urlTemplate\":\"https:\/\/lemelville.fr\/accueil\/?s={search_term_string}\"},\"query-input\":{\"@type\":\"PropertyValueSpecification\",\"valueRequired\":true,\"valueName\":\"search_term_string\"}}],\"inLanguage\":\"fr-FR\"},{\"@type\":\"Organization\",\"@id\":\"https:\/\/lemelville.fr\/accueil\/#organization\",\"name\":\"Le Melville\",\"url\":\"https:\/\/lemelville.fr\/accueil\/\",\"logo\":{\"@type\":\"ImageObject\",\"inLanguage\":\"fr-FR\",\"@id\":\"https:\/\/lemelville.fr\/accueil\/#\/schema\/logo\/image\/\",\"url\":\"https:\/\/lemelville.fr\/wp-content\/uploads\/2023\/09\/Logo-transparent-1-e1720022580951.png\",\"contentUrl\":\"https:\/\/lemelville.fr\/wp-content\/uploads\/2023\/09\/Logo-transparent-1-e1720022580951.png\",\"width\":2000,\"height\":656,\"caption\":\"Le Melville\"},\"image\":{\"@id\":\"https:\/\/lemelville.fr\/accueil\/#\/schema\/logo\/image\/\"},\"sameAs\":[\"https:\/\/www.facebook.com\/people\/Le-Melville\/100085390055277\/\",\"https:\/\/www.instagram.com\/lemelville_paris\/\"]}]}<\/script>\n<!-- \/ Yoast SEO Premium plugin. -->","yoast_head_json":{"title":"Alexis Valet invite Richard Sears - Le Melville","robots":{"index":"index","follow":"follow","max-snippet":"max-snippet:-1","max-image-preview":"max-image-preview:large","max-video-preview":"max-video-preview:-1"},"canonical":"https:\/\/lemelville.fr\/accueil\/evenements\/alexis-valet-invite-richard-sears\/","og_locale":"fr_FR","og_type":"article","og_title":"Alexis Valet invite Richard Sears","og_description":"Le Melville accueille le vibraphoniste Alexis Valet et son quartet d&#8217;exception ! Avec Malte Arndal \u00e0 la batterie, Yoni Zelnik \u00e0 la contrebasse, et Richard Sears en invit\u00e9 sp\u00e9cial au&hellip; Poursuivre la lecture Alexis Valet invite Richard Sears","og_url":"https:\/\/lemelville.fr\/accueil\/evenements\/alexis-valet-invite-richard-sears\/","og_site_name":"Le Melville","article_publisher":"https:\/\/www.facebook.com\/people\/Le-Melville\/100085390055277\/","og_image":[{"width":1280,"height":800,"url":"http:\/\/lemelville.fr\/wp-content\/uploads\/2025\/01\/Valet-Sears-Affiche-NF.png","type":"image\/png"}],"twitter_card":"summary_large_image","twitter_misc":{"Dur\u00e9e de lecture estim\u00e9e":"1 minute"},"schema":{"@context":"https:\/\/schema.org","@graph":[{"@type":"WebPage","@id":"https:\/\/lemelville.fr\/accueil\/evenements\/alexis-valet-invite-richard-sears\/","url":"https:\/\/lemelville.fr\/accueil\/evenements\/alexis-valet-invite-richard-sears\/","name":"Alexis Valet invite Richard Sears - Le Melville","isPartOf":{"@id":"https:\/\/lemelville.fr\/accueil\/#website"},"primaryImageOfPage":{"@id":"https:\/\/lemelville.fr\/accueil\/evenements\/alexis-valet-invite-richard-sears\/#primaryimage"},"image":{"@id":"https:\/\/lemelville.fr\/accueil\/evenements\/alexis-valet-invite-richard-sears\/#primaryimage"},"thumbnailUrl":"https:\/\/lemelville.fr\/wp-content\/uploads\/2025\/01\/Valet-Sears-Affiche-NF.png","datePublished":"2025-01-28T08:52:11+00:00","breadcrumb":{"@id":"https:\/\/lemelville.fr\/accueil\/evenements\/alexis-valet-invite-richard-sears\/#breadcrumb"},"inLanguage":"fr-FR","potentialAction":[{"@type":"ReadAction","target":["https:\/\/lemelville.fr\/accueil\/evenements\/alexis-valet-invite-richard-sears\/"]}]},{"@type":"ImageObject","inLanguage":"fr-FR","@id":"https:\/\/lemelville.fr\/accueil\/evenements\/alexis-valet-invite-richard-sears\/#primaryimage","url":"https:\/\/lemelville.fr\/wp-content\/uploads\/2025\/01\/Valet-Sears-Affiche-NF.png","contentUrl":"https:\/\/lemelville.fr\/wp-content\/uploads\/2025\/01\/Valet-Sears-Affiche-NF.png","width":1280,"height":800},{"@type":"BreadcrumbList","@id":"https:\/\/lemelville.fr\/accueil\/evenements\/alexis-valet-invite-richard-sears\/#breadcrumb","itemListElement":[{"@type":"ListItem","position":1,"name":"Accueil","item":"https:\/\/lemelville.fr\/accueil\/"},{"@type":"ListItem","position":2,"name":"\u00c9v\u00e8nements","item":"https:\/\/lemelville.fr\/accueil\/evenements\/"},{"@type":"ListItem","position":3,"name":"Alexis Valet invite Richard Sears"}]},{"@type":"WebSite","@id":"https:\/\/lemelville.fr\/accueil\/#website","url":"https:\/\/lemelville.fr\/accueil\/","name":"Le Melville","description":"Le Melville c\u2019est l\u2019\u00e9clectisme dans les verres, les assiettes et dans les oreilles. Du Jazz, de la world Music, souvent en live, une carte \u00e9l\u00e9gante de mets \u00e0 picorer et des cocktails sur mesure, le tout dans un \u00e9crin de bois et de velours.","publisher":{"@id":"https:\/\/lemelville.fr\/accueil\/#organization"},"potentialAction":[{"@type":"SearchAction","target":{"@type":"EntryPoint","urlTemplate":"https:\/\/lemelville.fr\/accueil\/?s={search_term_string}"},"query-input":{"@type":"PropertyValueSpecification","valueRequired":true,"valueName":"search_term_string"}}],"inLanguage":"fr-FR"},{"@type":"Organization","@id":"https:\/\/lemelville.fr\/accueil\/#organization","name":"Le Melville","url":"https:\/\/lemelville.fr\/accueil\/","logo":{"@type":"ImageObject","inLanguage":"fr-FR","@id":"https:\/\/lemelville.fr\/accueil\/#\/schema\/logo\/image\/","url":"https:\/\/lemelville.fr\/wp-content\/uploads\/2023\/09\/Logo-transparent-1-e1720022580951.png","contentUrl":"https:\/\/lemelville.fr\/wp-content\/uploads\/2023\/09\/Logo-transparent-1-e1720022580951.png","width":2000,"height":656,"caption":"Le Melville"},"image":{"@id":"https:\/\/lemelville.fr\/accueil\/#\/schema\/logo\/image\/"},"sameAs":["https:\/\/www.facebook.com\/people\/Le-Melville\/100085390055277\/","https:\/\/www.instagram.com\/lemelville_paris\/"]}]}},"_links":{"self":[{"href":"https:\/\/lemelville.fr\/accueil\/wp-json\/wp\/v2\/tribe_events\/3897","targetHints":{"allow":["GET"]}}],"collection":[{"href":"https:\/\/lemelville.fr\/accueil\/wp-json\/wp\/v2\/tribe_events"}],"about":[{"href":"https:\/\/lemelville.fr\/accueil\/wp-json\/wp\/v2\/types\/tribe_events"}],"author":[{"embeddable":true,"href":"https:\/\/lemelville.fr\/accueil\/wp-json\/wp\/v2\/users\/3"}],"version-history":[{"count":0,"href":"https:\/\/lemelville.fr\/accueil\/wp-json\/wp\/v2\/tribe_events\/3897\/revisions"}],"wp:featuredmedia":[{"embeddable":true,"href":"https:\/\/lemelville.fr\/accueil\/wp-json\/wp\/v2\/media\/3896"}],"wp:attachment":[{"href":"https:\/\/lemelville.fr\/accueil\/wp-json\/wp\/v2\/media?parent=3897"}],"wp:term":[{"taxonomy":"post_tag","embeddable":true,"href":"https:\/\/lemelville.fr\/accueil\/wp-json\/wp\/v2\/tags?post=3897"},{"taxonomy":"tribe_events_cat","embeddable":true,"href":"https:\/\/lemelville.fr\/accueil\/wp-json\/wp\/v2\/tribe_events_cat?post=3897"}],"curies":[{"name":"wp","href":"https:\/\/api.w.org\/{rel}","templated":true}]}}