{"id":3932,"date":"2025-02-13T10:50:04","date_gmt":"2025-02-13T09:50:04","guid":{"rendered":"https:\/\/lemelville.fr\/evenements\/estelle-perrault-gabriel-pierre-et-gustave-reichert-trio\/"},"modified":"2025-07-17T18:42:57","modified_gmt":"2025-07-17T16:42:57","slug":"estelle-perrault-gabriel-pierre-et-gustave-reichert-trio","status":"publish","type":"tribe_events","link":"https:\/\/lemelville.fr\/accueil\/evenements\/estelle-perrault-gabriel-pierre-et-gustave-reichert-trio\/","title":{"rendered":"Estelle Perrault Gabriel Pierre et Gianluca Figliola Trio"},"content":{"rendered":"<p>Un voyage dans l&#8217;univers envo\u00fbtant du trio jazz parisien : Gianluca Figliola \u00e0 la guitare, Gabriel Pierre \u00e0 la contrebasse et Estelle Perrault au chant. Leur musique allie passion, \u00e9motions et influences vari\u00e9es pour une exp\u00e9rience musicale vibrante et authentique. Une soir\u00e9e magique !<\/p>\n<p>Gustave Reichert (guitare), Gabriel Pierre (contrebasse) et Estelle Perrault (chant) forment un trio bien connu de la sc\u00e8ne jazz parisienne. Musiciens passionn\u00e9s, ils collaborent depuis sept ans autour de leur amour commun pour le jazz, leur point de d\u00e9part musical. Leur r\u00e9pertoire puise dans l\u2019American Songbook, en y ajoutant des influences groove, RnB, jazz et folk, qu\u2019ils interpr\u00e8tent avec sensibilit\u00e9 et authenticit\u00e9. Une soir\u00e9e pens\u00e9e pour toucher les c\u0153urs et \u00e9voquer une douce nostalgie, tout en c\u00e9l\u00e9brant la richesse de cette musique\u00a0intemporelle.<\/p>\n<p>Gabriel Pierre : contrebasse<br \/>\nEstelle Perrault : chant<br \/>\nGianluca Figliola : guitare<\/p>\n","protected":false},"excerpt":{"rendered":"<p>Un voyage dans l&#8217;univers envo\u00fbtant du trio jazz parisien : Gianluca Figliola \u00e0 la guitare, Gabriel Pierre \u00e0 la contrebasse et Estelle Perrault au chant. Leur musique allie passion, \u00e9motions&hellip; <a class=\"more-link\" href=\"https:\/\/lemelville.fr\/accueil\/evenements\/estelle-perrault-gabriel-pierre-et-gustave-reichert-trio\/\">Poursuivre la lecture <span class=\"screen-reader-text\">Estelle Perrault Gabriel Pierre et Gianluca Figliola Trio<\/span><\/a><\/p>\n","protected":false},"author":3,"featured_media":4553,"template":"","meta":{"_tribe_events_status":"","_tribe_events_status_reason":"","_tribe_events_is_hybrid":"","_tribe_events_is_virtual":"","_tribe_events_virtual_video_source":"","_tribe_events_virtual_embed_video":"","_tribe_events_virtual_linked_button_text":"","_tribe_events_virtual_linked_button":"","_tribe_events_virtual_show_embed_at":"","_tribe_events_virtual_show_embed_to":[],"_tribe_events_virtual_show_on_event":"","_tribe_events_virtual_show_on_views":"","_tribe_events_virtual_url":"","footnotes":""},"tags":[],"tribe_events_cat":[88],"class_list":["post-3932","tribe_events","type-tribe_events","status-publish","has-post-thumbnail","hentry","tribe_events_cat-jazz-standard","cat_jazz-standard","entry"],"yoast_head":"<!-- This site is optimized with the Yoast SEO Premium plugin v24.3 (Yoast SEO v27.1.1) - https:\/\/yoast.com\/product\/yoast-seo-premium-wordpress\/ -->\n<title>Estelle Perrault Gabriel Pierre et Gianluca Figliola Trio - Le Melville<\/title>\n<meta name=\"robots\" content=\"index, follow, max-snippet:-1, max-image-preview:large, max-video-preview:-1\" \/>\n<link rel=\"canonical\" href=\"https:\/\/lemelville.fr\/accueil\/evenements\/estelle-perrault-gabriel-pierre-et-gustave-reichert-trio\/\" \/>\n<meta property=\"og:locale\" content=\"fr_FR\" \/>\n<meta property=\"og:type\" content=\"article\" \/>\n<meta property=\"og:title\" content=\"Estelle Perrault Gabriel Pierre et Gianluca Figliola Trio\" \/>\n<meta property=\"og:description\" content=\"Un voyage dans l&#8217;univers envo\u00fbtant du trio jazz parisien : Gianluca Figliola \u00e0 la guitare, Gabriel Pierre \u00e0 la contrebasse et Estelle Perrault au chant. Leur musique allie passion, \u00e9motions&hellip; Poursuivre la lecture Estelle Perrault Gabriel Pierre et Gianluca Figliola Trio\" \/>\n<meta property=\"og:url\" content=\"https:\/\/lemelville.fr\/accueil\/evenements\/estelle-perrault-gabriel-pierre-et-gustave-reichert-trio\/\" \/>\n<meta property=\"og:site_name\" content=\"Le Melville\" \/>\n<meta property=\"article:publisher\" content=\"https:\/\/www.facebook.com\/people\/Le-Melville\/100085390055277\/\" \/>\n<meta property=\"article:modified_time\" content=\"2025-07-17T16:42:57+00:00\" \/>\n<meta property=\"og:image\" content=\"https:\/\/lemelville.fr\/wp-content\/uploads\/2025\/02\/Perrault-Pierre-V2-Affiche-NF.png\" \/>\n\t<meta property=\"og:image:width\" content=\"1280\" \/>\n\t<meta property=\"og:image:height\" content=\"800\" \/>\n\t<meta property=\"og:image:type\" content=\"image\/png\" \/>\n<meta name=\"twitter:card\" content=\"summary_large_image\" \/>\n<meta name=\"twitter:label1\" content=\"Dur\u00e9e de lecture estim\u00e9e\" \/>\n\t<meta name=\"twitter:data1\" content=\"1 minute\" \/>\n<script type=\"application\/ld+json\" class=\"yoast-schema-graph\">{\"@context\":\"https:\/\/schema.org\",\"@graph\":[{\"@type\":\"WebPage\",\"@id\":\"https:\/\/lemelville.fr\/accueil\/evenements\/estelle-perrault-gabriel-pierre-et-gustave-reichert-trio\/\",\"url\":\"https:\/\/lemelville.fr\/accueil\/evenements\/estelle-perrault-gabriel-pierre-et-gustave-reichert-trio\/\",\"name\":\"Estelle Perrault Gabriel Pierre et Gianluca Figliola Trio - Le Melville\",\"isPartOf\":{\"@id\":\"https:\/\/lemelville.fr\/accueil\/#website\"},\"primaryImageOfPage\":{\"@id\":\"https:\/\/lemelville.fr\/accueil\/evenements\/estelle-perrault-gabriel-pierre-et-gustave-reichert-trio\/#primaryimage\"},\"image\":{\"@id\":\"https:\/\/lemelville.fr\/accueil\/evenements\/estelle-perrault-gabriel-pierre-et-gustave-reichert-trio\/#primaryimage\"},\"thumbnailUrl\":\"https:\/\/lemelville.fr\/wp-content\/uploads\/2025\/02\/Perrault-Pierre-V2-Affiche-NF.png\",\"datePublished\":\"2025-02-13T09:50:04+00:00\",\"dateModified\":\"2025-07-17T16:42:57+00:00\",\"breadcrumb\":{\"@id\":\"https:\/\/lemelville.fr\/accueil\/evenements\/estelle-perrault-gabriel-pierre-et-gustave-reichert-trio\/#breadcrumb\"},\"inLanguage\":\"fr-FR\",\"potentialAction\":[{\"@type\":\"ReadAction\",\"target\":[\"https:\/\/lemelville.fr\/accueil\/evenements\/estelle-perrault-gabriel-pierre-et-gustave-reichert-trio\/\"]}]},{\"@type\":\"ImageObject\",\"inLanguage\":\"fr-FR\",\"@id\":\"https:\/\/lemelville.fr\/accueil\/evenements\/estelle-perrault-gabriel-pierre-et-gustave-reichert-trio\/#primaryimage\",\"url\":\"https:\/\/lemelville.fr\/wp-content\/uploads\/2025\/02\/Perrault-Pierre-V2-Affiche-NF.png\",\"contentUrl\":\"https:\/\/lemelville.fr\/wp-content\/uploads\/2025\/02\/Perrault-Pierre-V2-Affiche-NF.png\",\"width\":1280,\"height\":800},{\"@type\":\"BreadcrumbList\",\"@id\":\"https:\/\/lemelville.fr\/accueil\/evenements\/estelle-perrault-gabriel-pierre-et-gustave-reichert-trio\/#breadcrumb\",\"itemListElement\":[{\"@type\":\"ListItem\",\"position\":1,\"name\":\"Accueil\",\"item\":\"https:\/\/lemelville.fr\/accueil\/\"},{\"@type\":\"ListItem\",\"position\":2,\"name\":\"\u00c9v\u00e8nements\",\"item\":\"https:\/\/lemelville.fr\/accueil\/evenements\/\"},{\"@type\":\"ListItem\",\"position\":3,\"name\":\"Estelle Perrault Gabriel Pierre et Gianluca Figliola Trio\"}]},{\"@type\":\"WebSite\",\"@id\":\"https:\/\/lemelville.fr\/accueil\/#website\",\"url\":\"https:\/\/lemelville.fr\/accueil\/\",\"name\":\"Le Melville\",\"description\":\"Le Melville c\u2019est l\u2019\u00e9clectisme dans les verres, les assiettes et dans les oreilles. Du Jazz, de la world Music, souvent en live, une carte \u00e9l\u00e9gante de mets \u00e0 picorer et des cocktails sur mesure, le tout dans un \u00e9crin de bois et de velours.\",\"publisher\":{\"@id\":\"https:\/\/lemelville.fr\/accueil\/#organization\"},\"potentialAction\":[{\"@type\":\"SearchAction\",\"target\":{\"@type\":\"EntryPoint\",\"urlTemplate\":\"https:\/\/lemelville.fr\/accueil\/?s={search_term_string}\"},\"query-input\":{\"@type\":\"PropertyValueSpecification\",\"valueRequired\":true,\"valueName\":\"search_term_string\"}}],\"inLanguage\":\"fr-FR\"},{\"@type\":\"Organization\",\"@id\":\"https:\/\/lemelville.fr\/accueil\/#organization\",\"name\":\"Le Melville\",\"url\":\"https:\/\/lemelville.fr\/accueil\/\",\"logo\":{\"@type\":\"ImageObject\",\"inLanguage\":\"fr-FR\",\"@id\":\"https:\/\/lemelville.fr\/accueil\/#\/schema\/logo\/image\/\",\"url\":\"https:\/\/lemelville.fr\/wp-content\/uploads\/2023\/09\/Logo-transparent-1-e1720022580951.png\",\"contentUrl\":\"https:\/\/lemelville.fr\/wp-content\/uploads\/2023\/09\/Logo-transparent-1-e1720022580951.png\",\"width\":2000,\"height\":656,\"caption\":\"Le Melville\"},\"image\":{\"@id\":\"https:\/\/lemelville.fr\/accueil\/#\/schema\/logo\/image\/\"},\"sameAs\":[\"https:\/\/www.facebook.com\/people\/Le-Melville\/100085390055277\/\",\"https:\/\/www.instagram.com\/lemelville_paris\/\"]}]}<\/script>\n<!-- \/ Yoast SEO Premium plugin. -->","yoast_head_json":{"title":"Estelle Perrault Gabriel Pierre et Gianluca Figliola Trio - Le Melville","robots":{"index":"index","follow":"follow","max-snippet":"max-snippet:-1","max-image-preview":"max-image-preview:large","max-video-preview":"max-video-preview:-1"},"canonical":"https:\/\/lemelville.fr\/accueil\/evenements\/estelle-perrault-gabriel-pierre-et-gustave-reichert-trio\/","og_locale":"fr_FR","og_type":"article","og_title":"Estelle Perrault Gabriel Pierre et Gianluca Figliola Trio","og_description":"Un voyage dans l&#8217;univers envo\u00fbtant du trio jazz parisien : Gianluca Figliola \u00e0 la guitare, Gabriel Pierre \u00e0 la contrebasse et Estelle Perrault au chant. Leur musique allie passion, \u00e9motions&hellip; Poursuivre la lecture Estelle Perrault Gabriel Pierre et Gianluca Figliola Trio","og_url":"https:\/\/lemelville.fr\/accueil\/evenements\/estelle-perrault-gabriel-pierre-et-gustave-reichert-trio\/","og_site_name":"Le Melville","article_publisher":"https:\/\/www.facebook.com\/people\/Le-Melville\/100085390055277\/","article_modified_time":"2025-07-17T16:42:57+00:00","og_image":[{"width":1280,"height":800,"url":"https:\/\/lemelville.fr\/wp-content\/uploads\/2025\/02\/Perrault-Pierre-V2-Affiche-NF.png","type":"image\/png"}],"twitter_card":"summary_large_image","twitter_misc":{"Dur\u00e9e de lecture estim\u00e9e":"1 minute"},"schema":{"@context":"https:\/\/schema.org","@graph":[{"@type":"WebPage","@id":"https:\/\/lemelville.fr\/accueil\/evenements\/estelle-perrault-gabriel-pierre-et-gustave-reichert-trio\/","url":"https:\/\/lemelville.fr\/accueil\/evenements\/estelle-perrault-gabriel-pierre-et-gustave-reichert-trio\/","name":"Estelle Perrault Gabriel Pierre et Gianluca Figliola Trio - Le Melville","isPartOf":{"@id":"https:\/\/lemelville.fr\/accueil\/#website"},"primaryImageOfPage":{"@id":"https:\/\/lemelville.fr\/accueil\/evenements\/estelle-perrault-gabriel-pierre-et-gustave-reichert-trio\/#primaryimage"},"image":{"@id":"https:\/\/lemelville.fr\/accueil\/evenements\/estelle-perrault-gabriel-pierre-et-gustave-reichert-trio\/#primaryimage"},"thumbnailUrl":"https:\/\/lemelville.fr\/wp-content\/uploads\/2025\/02\/Perrault-Pierre-V2-Affiche-NF.png","datePublished":"2025-02-13T09:50:04+00:00","dateModified":"2025-07-17T16:42:57+00:00","breadcrumb":{"@id":"https:\/\/lemelville.fr\/accueil\/evenements\/estelle-perrault-gabriel-pierre-et-gustave-reichert-trio\/#breadcrumb"},"inLanguage":"fr-FR","potentialAction":[{"@type":"ReadAction","target":["https:\/\/lemelville.fr\/accueil\/evenements\/estelle-perrault-gabriel-pierre-et-gustave-reichert-trio\/"]}]},{"@type":"ImageObject","inLanguage":"fr-FR","@id":"https:\/\/lemelville.fr\/accueil\/evenements\/estelle-perrault-gabriel-pierre-et-gustave-reichert-trio\/#primaryimage","url":"https:\/\/lemelville.fr\/wp-content\/uploads\/2025\/02\/Perrault-Pierre-V2-Affiche-NF.png","contentUrl":"https:\/\/lemelville.fr\/wp-content\/uploads\/2025\/02\/Perrault-Pierre-V2-Affiche-NF.png","width":1280,"height":800},{"@type":"BreadcrumbList","@id":"https:\/\/lemelville.fr\/accueil\/evenements\/estelle-perrault-gabriel-pierre-et-gustave-reichert-trio\/#breadcrumb","itemListElement":[{"@type":"ListItem","position":1,"name":"Accueil","item":"https:\/\/lemelville.fr\/accueil\/"},{"@type":"ListItem","position":2,"name":"\u00c9v\u00e8nements","item":"https:\/\/lemelville.fr\/accueil\/evenements\/"},{"@type":"ListItem","position":3,"name":"Estelle Perrault Gabriel Pierre et Gianluca Figliola Trio"}]},{"@type":"WebSite","@id":"https:\/\/lemelville.fr\/accueil\/#website","url":"https:\/\/lemelville.fr\/accueil\/","name":"Le Melville","description":"Le Melville c\u2019est l\u2019\u00e9clectisme dans les verres, les assiettes et dans les oreilles. Du Jazz, de la world Music, souvent en live, une carte \u00e9l\u00e9gante de mets \u00e0 picorer et des cocktails sur mesure, le tout dans un \u00e9crin de bois et de velours.","publisher":{"@id":"https:\/\/lemelville.fr\/accueil\/#organization"},"potentialAction":[{"@type":"SearchAction","target":{"@type":"EntryPoint","urlTemplate":"https:\/\/lemelville.fr\/accueil\/?s={search_term_string}"},"query-input":{"@type":"PropertyValueSpecification","valueRequired":true,"valueName":"search_term_string"}}],"inLanguage":"fr-FR"},{"@type":"Organization","@id":"https:\/\/lemelville.fr\/accueil\/#organization","name":"Le Melville","url":"https:\/\/lemelville.fr\/accueil\/","logo":{"@type":"ImageObject","inLanguage":"fr-FR","@id":"https:\/\/lemelville.fr\/accueil\/#\/schema\/logo\/image\/","url":"https:\/\/lemelville.fr\/wp-content\/uploads\/2023\/09\/Logo-transparent-1-e1720022580951.png","contentUrl":"https:\/\/lemelville.fr\/wp-content\/uploads\/2023\/09\/Logo-transparent-1-e1720022580951.png","width":2000,"height":656,"caption":"Le Melville"},"image":{"@id":"https:\/\/lemelville.fr\/accueil\/#\/schema\/logo\/image\/"},"sameAs":["https:\/\/www.facebook.com\/people\/Le-Melville\/100085390055277\/","https:\/\/www.instagram.com\/lemelville_paris\/"]}]}},"_links":{"self":[{"href":"https:\/\/lemelville.fr\/accueil\/wp-json\/wp\/v2\/tribe_events\/3932","targetHints":{"allow":["GET"]}}],"collection":[{"href":"https:\/\/lemelville.fr\/accueil\/wp-json\/wp\/v2\/tribe_events"}],"about":[{"href":"https:\/\/lemelville.fr\/accueil\/wp-json\/wp\/v2\/types\/tribe_events"}],"author":[{"embeddable":true,"href":"https:\/\/lemelville.fr\/accueil\/wp-json\/wp\/v2\/users\/3"}],"version-history":[{"count":2,"href":"https:\/\/lemelville.fr\/accueil\/wp-json\/wp\/v2\/tribe_events\/3932\/revisions"}],"predecessor-version":[{"id":4555,"href":"https:\/\/lemelville.fr\/accueil\/wp-json\/wp\/v2\/tribe_events\/3932\/revisions\/4555"}],"wp:featuredmedia":[{"embeddable":true,"href":"https:\/\/lemelville.fr\/accueil\/wp-json\/wp\/v2\/media\/4553"}],"wp:attachment":[{"href":"https:\/\/lemelville.fr\/accueil\/wp-json\/wp\/v2\/media?parent=3932"}],"wp:term":[{"taxonomy":"post_tag","embeddable":true,"href":"https:\/\/lemelville.fr\/accueil\/wp-json\/wp\/v2\/tags?post=3932"},{"taxonomy":"tribe_events_cat","embeddable":true,"href":"https:\/\/lemelville.fr\/accueil\/wp-json\/wp\/v2\/tribe_events_cat?post=3932"}],"curies":[{"name":"wp","href":"https:\/\/api.w.org\/{rel}","templated":true}]}}