{"id":3998,"date":"2025-02-27T14:44:01","date_gmt":"2025-02-27T13:44:01","guid":{"rendered":"https:\/\/lemelville.fr\/evenements\/ramona-horvath-david-sauzay-4tet\/"},"modified":"2025-02-27T14:44:01","modified_gmt":"2025-02-27T13:44:01","slug":"ramona-horvath-david-sauzay-4tet","status":"publish","type":"tribe_events","link":"https:\/\/lemelville.fr\/accueil\/evenements\/ramona-horvath-david-sauzay-4tet\/","title":{"rendered":"Ramona Horvath &#038; David Sauzay 4tet"},"content":{"rendered":"<p>La pianiste Ramona Horvath et son quartet de choc, avec David Sauzay au saxo, Nicolas Rageau \u00e0 la contrebasse et Oscar Georges \u00e0 la batterie, allient virtuosit\u00e9, rythme et passion pour un concert \u00e9clectique et envo\u00fbtant. Une soir\u00e9e musicale d&#8217;exception \u00e0 vivre intens\u00e9ment !<\/p>\n<p>Ramona Horvath\u202fpianiste virtuose \u00e9clectique, inspir\u00e9e par les grands pianistes de jazz, vous propose un concert en quartet en compagnie de la fine fleur des boppers parisiens :\u202fDavid Sauzay, excellent saxophoniste t\u00e9nor, l&#8217;un de plus brillants repr\u00e9sentants du style, virtuose et expressif.\u202f<br \/>\nNicolas Rageau,\u202fcontrebassiste qui a fait ses classes \u00e0 New York, avec son jeu rythmique solide et sa cr\u00e9ativit\u00e9 harmonique apportent une assise solide \u00e0 l&#8217;ensemble.<br \/>\nLe jeune batteur\u202fOscar Georges\u202fcompl\u00e8tera avec sa finesse rythmique et son sens subtil de l&#8217;interaction ce quartet.<br \/>\nUne soir\u00e9e o\u00f9 l&#8217;excellence musicale et la passion fusionnent. Une soir\u00e9e \u00e0 ne pas manquer ! <\/p>\n<p>Ramona Horvath : piano<br \/>\nDavid Sauzay : sax t\u00e9nor<br \/>\nNicolas Rageau : contrebasse<br \/>\nOscar Georges  : batterie<\/p>\n","protected":false},"excerpt":{"rendered":"<p>La pianiste Ramona Horvath et son quartet de choc, avec David Sauzay au saxo, Nicolas Rageau \u00e0 la contrebasse et Oscar Georges \u00e0 la batterie, allient virtuosit\u00e9, rythme et passion&hellip; <a class=\"more-link\" href=\"https:\/\/lemelville.fr\/accueil\/evenements\/ramona-horvath-david-sauzay-4tet\/\">Poursuivre la lecture <span class=\"screen-reader-text\">Ramona Horvath &#038; David Sauzay 4tet<\/span><\/a><\/p>\n","protected":false},"author":3,"featured_media":3997,"template":"","meta":{"_tribe_events_status":"","_tribe_events_status_reason":"","_tribe_events_is_hybrid":"","_tribe_events_is_virtual":"","_tribe_events_virtual_video_source":"","_tribe_events_virtual_embed_video":"","_tribe_events_virtual_linked_button_text":"","_tribe_events_virtual_linked_button":"","_tribe_events_virtual_show_embed_at":"","_tribe_events_virtual_show_embed_to":[],"_tribe_events_virtual_show_on_event":"","_tribe_events_virtual_show_on_views":"","_tribe_events_virtual_url":"","footnotes":""},"tags":[],"tribe_events_cat":[88],"class_list":["post-3998","tribe_events","type-tribe_events","status-publish","has-post-thumbnail","hentry","tribe_events_cat-jazz-standard","cat_jazz-standard","entry"],"yoast_head":"<!-- This site is optimized with the Yoast SEO Premium plugin v24.3 (Yoast SEO v27.1.1) - https:\/\/yoast.com\/product\/yoast-seo-premium-wordpress\/ -->\n<title>Ramona Horvath &amp; David Sauzay 4tet - Le Melville<\/title>\n<meta name=\"robots\" content=\"index, follow, max-snippet:-1, max-image-preview:large, max-video-preview:-1\" \/>\n<link rel=\"canonical\" href=\"https:\/\/lemelville.fr\/accueil\/evenements\/ramona-horvath-david-sauzay-4tet\/\" \/>\n<meta property=\"og:locale\" content=\"fr_FR\" \/>\n<meta property=\"og:type\" content=\"article\" \/>\n<meta property=\"og:title\" content=\"Ramona Horvath &amp; David Sauzay 4tet\" \/>\n<meta property=\"og:description\" content=\"La pianiste Ramona Horvath et son quartet de choc, avec David Sauzay au saxo, Nicolas Rageau \u00e0 la contrebasse et Oscar Georges \u00e0 la batterie, allient virtuosit\u00e9, rythme et passion&hellip; Poursuivre la lecture Ramona Horvath &#038; David Sauzay 4tet\" \/>\n<meta property=\"og:url\" content=\"https:\/\/lemelville.fr\/accueil\/evenements\/ramona-horvath-david-sauzay-4tet\/\" \/>\n<meta property=\"og:site_name\" content=\"Le Melville\" \/>\n<meta property=\"article:publisher\" content=\"https:\/\/www.facebook.com\/people\/Le-Melville\/100085390055277\/\" \/>\n<meta property=\"og:image\" content=\"https:\/\/lemelville.fr\/wp-content\/uploads\/2025\/02\/Ramona-Horvath-250423-Affiche-NF.png\" \/>\n\t<meta property=\"og:image:width\" content=\"1280\" \/>\n\t<meta property=\"og:image:height\" content=\"800\" \/>\n\t<meta property=\"og:image:type\" content=\"image\/png\" \/>\n<meta name=\"twitter:card\" content=\"summary_large_image\" \/>\n<meta name=\"twitter:label1\" content=\"Dur\u00e9e de lecture estim\u00e9e\" \/>\n\t<meta name=\"twitter:data1\" content=\"1 minute\" \/>\n<script type=\"application\/ld+json\" class=\"yoast-schema-graph\">{\"@context\":\"https:\/\/schema.org\",\"@graph\":[{\"@type\":\"WebPage\",\"@id\":\"https:\/\/lemelville.fr\/accueil\/evenements\/ramona-horvath-david-sauzay-4tet\/\",\"url\":\"https:\/\/lemelville.fr\/accueil\/evenements\/ramona-horvath-david-sauzay-4tet\/\",\"name\":\"Ramona Horvath & David Sauzay 4tet - Le Melville\",\"isPartOf\":{\"@id\":\"https:\/\/lemelville.fr\/accueil\/#website\"},\"primaryImageOfPage\":{\"@id\":\"https:\/\/lemelville.fr\/accueil\/evenements\/ramona-horvath-david-sauzay-4tet\/#primaryimage\"},\"image\":{\"@id\":\"https:\/\/lemelville.fr\/accueil\/evenements\/ramona-horvath-david-sauzay-4tet\/#primaryimage\"},\"thumbnailUrl\":\"https:\/\/lemelville.fr\/wp-content\/uploads\/2025\/02\/Ramona-Horvath-250423-Affiche-NF.png\",\"datePublished\":\"2025-02-27T13:44:01+00:00\",\"breadcrumb\":{\"@id\":\"https:\/\/lemelville.fr\/accueil\/evenements\/ramona-horvath-david-sauzay-4tet\/#breadcrumb\"},\"inLanguage\":\"fr-FR\",\"potentialAction\":[{\"@type\":\"ReadAction\",\"target\":[\"https:\/\/lemelville.fr\/accueil\/evenements\/ramona-horvath-david-sauzay-4tet\/\"]}]},{\"@type\":\"ImageObject\",\"inLanguage\":\"fr-FR\",\"@id\":\"https:\/\/lemelville.fr\/accueil\/evenements\/ramona-horvath-david-sauzay-4tet\/#primaryimage\",\"url\":\"https:\/\/lemelville.fr\/wp-content\/uploads\/2025\/02\/Ramona-Horvath-250423-Affiche-NF.png\",\"contentUrl\":\"https:\/\/lemelville.fr\/wp-content\/uploads\/2025\/02\/Ramona-Horvath-250423-Affiche-NF.png\",\"width\":1280,\"height\":800},{\"@type\":\"BreadcrumbList\",\"@id\":\"https:\/\/lemelville.fr\/accueil\/evenements\/ramona-horvath-david-sauzay-4tet\/#breadcrumb\",\"itemListElement\":[{\"@type\":\"ListItem\",\"position\":1,\"name\":\"Accueil\",\"item\":\"https:\/\/lemelville.fr\/accueil\/\"},{\"@type\":\"ListItem\",\"position\":2,\"name\":\"\u00c9v\u00e8nements\",\"item\":\"https:\/\/lemelville.fr\/accueil\/evenements\/\"},{\"@type\":\"ListItem\",\"position\":3,\"name\":\"Ramona Horvath &#038; David Sauzay 4tet\"}]},{\"@type\":\"WebSite\",\"@id\":\"https:\/\/lemelville.fr\/accueil\/#website\",\"url\":\"https:\/\/lemelville.fr\/accueil\/\",\"name\":\"Le Melville\",\"description\":\"Le Melville c\u2019est l\u2019\u00e9clectisme dans les verres, les assiettes et dans les oreilles. Du Jazz, de la world Music, souvent en live, une carte \u00e9l\u00e9gante de mets \u00e0 picorer et des cocktails sur mesure, le tout dans un \u00e9crin de bois et de velours.\",\"publisher\":{\"@id\":\"https:\/\/lemelville.fr\/accueil\/#organization\"},\"potentialAction\":[{\"@type\":\"SearchAction\",\"target\":{\"@type\":\"EntryPoint\",\"urlTemplate\":\"https:\/\/lemelville.fr\/accueil\/?s={search_term_string}\"},\"query-input\":{\"@type\":\"PropertyValueSpecification\",\"valueRequired\":true,\"valueName\":\"search_term_string\"}}],\"inLanguage\":\"fr-FR\"},{\"@type\":\"Organization\",\"@id\":\"https:\/\/lemelville.fr\/accueil\/#organization\",\"name\":\"Le Melville\",\"url\":\"https:\/\/lemelville.fr\/accueil\/\",\"logo\":{\"@type\":\"ImageObject\",\"inLanguage\":\"fr-FR\",\"@id\":\"https:\/\/lemelville.fr\/accueil\/#\/schema\/logo\/image\/\",\"url\":\"https:\/\/lemelville.fr\/wp-content\/uploads\/2023\/09\/Logo-transparent-1-e1720022580951.png\",\"contentUrl\":\"https:\/\/lemelville.fr\/wp-content\/uploads\/2023\/09\/Logo-transparent-1-e1720022580951.png\",\"width\":2000,\"height\":656,\"caption\":\"Le Melville\"},\"image\":{\"@id\":\"https:\/\/lemelville.fr\/accueil\/#\/schema\/logo\/image\/\"},\"sameAs\":[\"https:\/\/www.facebook.com\/people\/Le-Melville\/100085390055277\/\",\"https:\/\/www.instagram.com\/lemelville_paris\/\"]}]}<\/script>\n<!-- \/ Yoast SEO Premium plugin. -->","yoast_head_json":{"title":"Ramona Horvath & David Sauzay 4tet - Le Melville","robots":{"index":"index","follow":"follow","max-snippet":"max-snippet:-1","max-image-preview":"max-image-preview:large","max-video-preview":"max-video-preview:-1"},"canonical":"https:\/\/lemelville.fr\/accueil\/evenements\/ramona-horvath-david-sauzay-4tet\/","og_locale":"fr_FR","og_type":"article","og_title":"Ramona Horvath & David Sauzay 4tet","og_description":"La pianiste Ramona Horvath et son quartet de choc, avec David Sauzay au saxo, Nicolas Rageau \u00e0 la contrebasse et Oscar Georges \u00e0 la batterie, allient virtuosit\u00e9, rythme et passion&hellip; Poursuivre la lecture Ramona Horvath &#038; David Sauzay 4tet","og_url":"https:\/\/lemelville.fr\/accueil\/evenements\/ramona-horvath-david-sauzay-4tet\/","og_site_name":"Le Melville","article_publisher":"https:\/\/www.facebook.com\/people\/Le-Melville\/100085390055277\/","og_image":[{"width":1280,"height":800,"url":"https:\/\/lemelville.fr\/wp-content\/uploads\/2025\/02\/Ramona-Horvath-250423-Affiche-NF.png","type":"image\/png"}],"twitter_card":"summary_large_image","twitter_misc":{"Dur\u00e9e de lecture estim\u00e9e":"1 minute"},"schema":{"@context":"https:\/\/schema.org","@graph":[{"@type":"WebPage","@id":"https:\/\/lemelville.fr\/accueil\/evenements\/ramona-horvath-david-sauzay-4tet\/","url":"https:\/\/lemelville.fr\/accueil\/evenements\/ramona-horvath-david-sauzay-4tet\/","name":"Ramona Horvath & David Sauzay 4tet - Le Melville","isPartOf":{"@id":"https:\/\/lemelville.fr\/accueil\/#website"},"primaryImageOfPage":{"@id":"https:\/\/lemelville.fr\/accueil\/evenements\/ramona-horvath-david-sauzay-4tet\/#primaryimage"},"image":{"@id":"https:\/\/lemelville.fr\/accueil\/evenements\/ramona-horvath-david-sauzay-4tet\/#primaryimage"},"thumbnailUrl":"https:\/\/lemelville.fr\/wp-content\/uploads\/2025\/02\/Ramona-Horvath-250423-Affiche-NF.png","datePublished":"2025-02-27T13:44:01+00:00","breadcrumb":{"@id":"https:\/\/lemelville.fr\/accueil\/evenements\/ramona-horvath-david-sauzay-4tet\/#breadcrumb"},"inLanguage":"fr-FR","potentialAction":[{"@type":"ReadAction","target":["https:\/\/lemelville.fr\/accueil\/evenements\/ramona-horvath-david-sauzay-4tet\/"]}]},{"@type":"ImageObject","inLanguage":"fr-FR","@id":"https:\/\/lemelville.fr\/accueil\/evenements\/ramona-horvath-david-sauzay-4tet\/#primaryimage","url":"https:\/\/lemelville.fr\/wp-content\/uploads\/2025\/02\/Ramona-Horvath-250423-Affiche-NF.png","contentUrl":"https:\/\/lemelville.fr\/wp-content\/uploads\/2025\/02\/Ramona-Horvath-250423-Affiche-NF.png","width":1280,"height":800},{"@type":"BreadcrumbList","@id":"https:\/\/lemelville.fr\/accueil\/evenements\/ramona-horvath-david-sauzay-4tet\/#breadcrumb","itemListElement":[{"@type":"ListItem","position":1,"name":"Accueil","item":"https:\/\/lemelville.fr\/accueil\/"},{"@type":"ListItem","position":2,"name":"\u00c9v\u00e8nements","item":"https:\/\/lemelville.fr\/accueil\/evenements\/"},{"@type":"ListItem","position":3,"name":"Ramona Horvath &#038; David Sauzay 4tet"}]},{"@type":"WebSite","@id":"https:\/\/lemelville.fr\/accueil\/#website","url":"https:\/\/lemelville.fr\/accueil\/","name":"Le Melville","description":"Le Melville c\u2019est l\u2019\u00e9clectisme dans les verres, les assiettes et dans les oreilles. Du Jazz, de la world Music, souvent en live, une carte \u00e9l\u00e9gante de mets \u00e0 picorer et des cocktails sur mesure, le tout dans un \u00e9crin de bois et de velours.","publisher":{"@id":"https:\/\/lemelville.fr\/accueil\/#organization"},"potentialAction":[{"@type":"SearchAction","target":{"@type":"EntryPoint","urlTemplate":"https:\/\/lemelville.fr\/accueil\/?s={search_term_string}"},"query-input":{"@type":"PropertyValueSpecification","valueRequired":true,"valueName":"search_term_string"}}],"inLanguage":"fr-FR"},{"@type":"Organization","@id":"https:\/\/lemelville.fr\/accueil\/#organization","name":"Le Melville","url":"https:\/\/lemelville.fr\/accueil\/","logo":{"@type":"ImageObject","inLanguage":"fr-FR","@id":"https:\/\/lemelville.fr\/accueil\/#\/schema\/logo\/image\/","url":"https:\/\/lemelville.fr\/wp-content\/uploads\/2023\/09\/Logo-transparent-1-e1720022580951.png","contentUrl":"https:\/\/lemelville.fr\/wp-content\/uploads\/2023\/09\/Logo-transparent-1-e1720022580951.png","width":2000,"height":656,"caption":"Le Melville"},"image":{"@id":"https:\/\/lemelville.fr\/accueil\/#\/schema\/logo\/image\/"},"sameAs":["https:\/\/www.facebook.com\/people\/Le-Melville\/100085390055277\/","https:\/\/www.instagram.com\/lemelville_paris\/"]}]}},"_links":{"self":[{"href":"https:\/\/lemelville.fr\/accueil\/wp-json\/wp\/v2\/tribe_events\/3998","targetHints":{"allow":["GET"]}}],"collection":[{"href":"https:\/\/lemelville.fr\/accueil\/wp-json\/wp\/v2\/tribe_events"}],"about":[{"href":"https:\/\/lemelville.fr\/accueil\/wp-json\/wp\/v2\/types\/tribe_events"}],"author":[{"embeddable":true,"href":"https:\/\/lemelville.fr\/accueil\/wp-json\/wp\/v2\/users\/3"}],"version-history":[{"count":0,"href":"https:\/\/lemelville.fr\/accueil\/wp-json\/wp\/v2\/tribe_events\/3998\/revisions"}],"wp:featuredmedia":[{"embeddable":true,"href":"https:\/\/lemelville.fr\/accueil\/wp-json\/wp\/v2\/media\/3997"}],"wp:attachment":[{"href":"https:\/\/lemelville.fr\/accueil\/wp-json\/wp\/v2\/media?parent=3998"}],"wp:term":[{"taxonomy":"post_tag","embeddable":true,"href":"https:\/\/lemelville.fr\/accueil\/wp-json\/wp\/v2\/tags?post=3998"},{"taxonomy":"tribe_events_cat","embeddable":true,"href":"https:\/\/lemelville.fr\/accueil\/wp-json\/wp\/v2\/tribe_events_cat?post=3998"}],"curies":[{"name":"wp","href":"https:\/\/api.w.org\/{rel}","templated":true}]}}