{"id":4003,"date":"2025-02-27T15:06:30","date_gmt":"2025-02-27T14:06:30","guid":{"rendered":"https:\/\/lemelville.fr\/evenements\/blue-moon-6\/"},"modified":"2025-02-27T15:06:30","modified_gmt":"2025-02-27T14:06:30","slug":"blue-moon-6","status":"publish","type":"tribe_events","link":"https:\/\/lemelville.fr\/accueil\/evenements\/blue-moon-6\/","title":{"rendered":"Blue Moon"},"content":{"rendered":"<p>Henry Kisiel \u00e0 la contrebasse, Bernard Faulon au piano, Jonathan Orland au sax, Jean Bardy \u00e0 la trompette et Vincent Frade \u00e0 la batterie : un combo musical explosif pour des performances inoubliables ! <\/p>\n<p>Les personnalit\u00e9s du quintet sont des l\u00e9gendes du jazz&#8230;<br \/>\nAu c\u00f4t\u00e9 de Henry Kiesel (contrebasse),<br \/>\nBernard Faulon piano (qui est aussi le patron du Studio de Meudon o\u00f9 ont enregistr\u00e9 et enregistrent les plus grands du Jazz),<br \/>\nJean Bardy, Trump et Bass, sideman des plus grands depuis toujours (a jou\u00e9 avec des musiciens comme Chet Baker, Sonny Stitt, Johnny Griffin, Jimmy Cobb, Nat Adderley, Roy Haynes, Georges Arvanitas, Robin Monsanti,  Andr\u00e9 Ceccarelli, Alain Jean-Marie, Jean-Loup Longnon, Richard Galliano, \u00c9lisabeth Kontomanou, Dee Dee Bridgewater, Pepper Adams, Kenny Clarke, Glenn Ferris, Sara Lazarus, Flavio Boltro, Fran\u00e7ois Chassagnite, Paolo Fresu&#8230;),<br \/>\nJonathan Orland Sax (vient de faire un 5eme abum avec Jean-Michel Pilck),<br \/>\nVincent Frade \u00e0 la batterie !<\/p>\n<p>Bernard Faulon : piano<br \/>\nJonhatan Orland : sax<br \/>\nHenry Kisiel : contrebasse<br \/>\nJean Bardy : trompette<br \/>\nVincent De Jesus Frade : batterie<\/p>\n","protected":false},"excerpt":{"rendered":"<p>Henry Kisiel \u00e0 la contrebasse, Bernard Faulon au piano, Jonathan Orland au sax, Jean Bardy \u00e0 la trompette et Vincent Frade \u00e0 la batterie : un combo musical explosif pour&hellip; <a class=\"more-link\" href=\"https:\/\/lemelville.fr\/accueil\/evenements\/blue-moon-6\/\">Poursuivre la lecture <span class=\"screen-reader-text\">Blue Moon<\/span><\/a><\/p>\n","protected":false},"author":3,"featured_media":4002,"template":"","meta":{"_tribe_events_status":"","_tribe_events_status_reason":"","_tribe_events_is_hybrid":"","_tribe_events_is_virtual":"","_tribe_events_virtual_video_source":"","_tribe_events_virtual_embed_video":"","_tribe_events_virtual_linked_button_text":"","_tribe_events_virtual_linked_button":"","_tribe_events_virtual_show_embed_at":"","_tribe_events_virtual_show_embed_to":[],"_tribe_events_virtual_show_on_event":"","_tribe_events_virtual_show_on_views":"","_tribe_events_virtual_url":"","footnotes":""},"tags":[],"tribe_events_cat":[88],"class_list":["post-4003","tribe_events","type-tribe_events","status-publish","has-post-thumbnail","hentry","tribe_events_cat-jazz-standard","cat_jazz-standard","entry"],"yoast_head":"<!-- This site is optimized with the Yoast SEO Premium plugin v24.3 (Yoast SEO v27.1.1) - https:\/\/yoast.com\/product\/yoast-seo-premium-wordpress\/ -->\n<title>Blue Moon - Le Melville<\/title>\n<meta name=\"robots\" content=\"index, follow, max-snippet:-1, max-image-preview:large, max-video-preview:-1\" \/>\n<link rel=\"canonical\" href=\"https:\/\/lemelville.fr\/accueil\/evenements\/blue-moon-6\/\" \/>\n<meta property=\"og:locale\" content=\"fr_FR\" \/>\n<meta property=\"og:type\" content=\"article\" \/>\n<meta property=\"og:title\" content=\"Blue Moon\" \/>\n<meta property=\"og:description\" content=\"Henry Kisiel \u00e0 la contrebasse, Bernard Faulon au piano, Jonathan Orland au sax, Jean Bardy \u00e0 la trompette et Vincent Frade \u00e0 la batterie : un combo musical explosif pour&hellip; Poursuivre la lecture Blue Moon\" \/>\n<meta property=\"og:url\" content=\"https:\/\/lemelville.fr\/accueil\/evenements\/blue-moon-6\/\" \/>\n<meta property=\"og:site_name\" content=\"Le Melville\" \/>\n<meta property=\"article:publisher\" content=\"https:\/\/www.facebook.com\/people\/Le-Melville\/100085390055277\/\" \/>\n<meta property=\"og:image\" content=\"http:\/\/lemelville.fr\/wp-content\/uploads\/2025\/02\/Blue-Moon-Affiche-250430-NF-1.png\" \/>\n\t<meta property=\"og:image:width\" content=\"1280\" \/>\n\t<meta property=\"og:image:height\" content=\"800\" \/>\n\t<meta property=\"og:image:type\" content=\"image\/png\" \/>\n<meta name=\"twitter:card\" content=\"summary_large_image\" \/>\n<meta name=\"twitter:label1\" content=\"Dur\u00e9e de lecture estim\u00e9e\" \/>\n\t<meta name=\"twitter:data1\" content=\"1 minute\" \/>\n<script type=\"application\/ld+json\" class=\"yoast-schema-graph\">{\"@context\":\"https:\/\/schema.org\",\"@graph\":[{\"@type\":\"WebPage\",\"@id\":\"https:\/\/lemelville.fr\/accueil\/evenements\/blue-moon-6\/\",\"url\":\"https:\/\/lemelville.fr\/accueil\/evenements\/blue-moon-6\/\",\"name\":\"Blue Moon - Le Melville\",\"isPartOf\":{\"@id\":\"https:\/\/lemelville.fr\/accueil\/#website\"},\"primaryImageOfPage\":{\"@id\":\"https:\/\/lemelville.fr\/accueil\/evenements\/blue-moon-6\/#primaryimage\"},\"image\":{\"@id\":\"https:\/\/lemelville.fr\/accueil\/evenements\/blue-moon-6\/#primaryimage\"},\"thumbnailUrl\":\"https:\/\/lemelville.fr\/wp-content\/uploads\/2025\/02\/Blue-Moon-Affiche-250430-NF-1.png\",\"datePublished\":\"2025-02-27T14:06:30+00:00\",\"breadcrumb\":{\"@id\":\"https:\/\/lemelville.fr\/accueil\/evenements\/blue-moon-6\/#breadcrumb\"},\"inLanguage\":\"fr-FR\",\"potentialAction\":[{\"@type\":\"ReadAction\",\"target\":[\"https:\/\/lemelville.fr\/accueil\/evenements\/blue-moon-6\/\"]}]},{\"@type\":\"ImageObject\",\"inLanguage\":\"fr-FR\",\"@id\":\"https:\/\/lemelville.fr\/accueil\/evenements\/blue-moon-6\/#primaryimage\",\"url\":\"https:\/\/lemelville.fr\/wp-content\/uploads\/2025\/02\/Blue-Moon-Affiche-250430-NF-1.png\",\"contentUrl\":\"https:\/\/lemelville.fr\/wp-content\/uploads\/2025\/02\/Blue-Moon-Affiche-250430-NF-1.png\",\"width\":1280,\"height\":800},{\"@type\":\"BreadcrumbList\",\"@id\":\"https:\/\/lemelville.fr\/accueil\/evenements\/blue-moon-6\/#breadcrumb\",\"itemListElement\":[{\"@type\":\"ListItem\",\"position\":1,\"name\":\"Accueil\",\"item\":\"https:\/\/lemelville.fr\/accueil\/\"},{\"@type\":\"ListItem\",\"position\":2,\"name\":\"\u00c9v\u00e8nements\",\"item\":\"https:\/\/lemelville.fr\/accueil\/evenements\/\"},{\"@type\":\"ListItem\",\"position\":3,\"name\":\"Blue Moon\"}]},{\"@type\":\"WebSite\",\"@id\":\"https:\/\/lemelville.fr\/accueil\/#website\",\"url\":\"https:\/\/lemelville.fr\/accueil\/\",\"name\":\"Le Melville\",\"description\":\"Le Melville c\u2019est l\u2019\u00e9clectisme dans les verres, les assiettes et dans les oreilles. Du Jazz, de la world Music, souvent en live, une carte \u00e9l\u00e9gante de mets \u00e0 picorer et des cocktails sur mesure, le tout dans un \u00e9crin de bois et de velours.\",\"publisher\":{\"@id\":\"https:\/\/lemelville.fr\/accueil\/#organization\"},\"potentialAction\":[{\"@type\":\"SearchAction\",\"target\":{\"@type\":\"EntryPoint\",\"urlTemplate\":\"https:\/\/lemelville.fr\/accueil\/?s={search_term_string}\"},\"query-input\":{\"@type\":\"PropertyValueSpecification\",\"valueRequired\":true,\"valueName\":\"search_term_string\"}}],\"inLanguage\":\"fr-FR\"},{\"@type\":\"Organization\",\"@id\":\"https:\/\/lemelville.fr\/accueil\/#organization\",\"name\":\"Le Melville\",\"url\":\"https:\/\/lemelville.fr\/accueil\/\",\"logo\":{\"@type\":\"ImageObject\",\"inLanguage\":\"fr-FR\",\"@id\":\"https:\/\/lemelville.fr\/accueil\/#\/schema\/logo\/image\/\",\"url\":\"https:\/\/lemelville.fr\/wp-content\/uploads\/2023\/09\/Logo-transparent-1-e1720022580951.png\",\"contentUrl\":\"https:\/\/lemelville.fr\/wp-content\/uploads\/2023\/09\/Logo-transparent-1-e1720022580951.png\",\"width\":2000,\"height\":656,\"caption\":\"Le Melville\"},\"image\":{\"@id\":\"https:\/\/lemelville.fr\/accueil\/#\/schema\/logo\/image\/\"},\"sameAs\":[\"https:\/\/www.facebook.com\/people\/Le-Melville\/100085390055277\/\",\"https:\/\/www.instagram.com\/lemelville_paris\/\"]}]}<\/script>\n<!-- \/ Yoast SEO Premium plugin. -->","yoast_head_json":{"title":"Blue Moon - Le Melville","robots":{"index":"index","follow":"follow","max-snippet":"max-snippet:-1","max-image-preview":"max-image-preview:large","max-video-preview":"max-video-preview:-1"},"canonical":"https:\/\/lemelville.fr\/accueil\/evenements\/blue-moon-6\/","og_locale":"fr_FR","og_type":"article","og_title":"Blue Moon","og_description":"Henry Kisiel \u00e0 la contrebasse, Bernard Faulon au piano, Jonathan Orland au sax, Jean Bardy \u00e0 la trompette et Vincent Frade \u00e0 la batterie : un combo musical explosif pour&hellip; Poursuivre la lecture Blue Moon","og_url":"https:\/\/lemelville.fr\/accueil\/evenements\/blue-moon-6\/","og_site_name":"Le Melville","article_publisher":"https:\/\/www.facebook.com\/people\/Le-Melville\/100085390055277\/","og_image":[{"width":1280,"height":800,"url":"http:\/\/lemelville.fr\/wp-content\/uploads\/2025\/02\/Blue-Moon-Affiche-250430-NF-1.png","type":"image\/png"}],"twitter_card":"summary_large_image","twitter_misc":{"Dur\u00e9e de lecture estim\u00e9e":"1 minute"},"schema":{"@context":"https:\/\/schema.org","@graph":[{"@type":"WebPage","@id":"https:\/\/lemelville.fr\/accueil\/evenements\/blue-moon-6\/","url":"https:\/\/lemelville.fr\/accueil\/evenements\/blue-moon-6\/","name":"Blue Moon - Le Melville","isPartOf":{"@id":"https:\/\/lemelville.fr\/accueil\/#website"},"primaryImageOfPage":{"@id":"https:\/\/lemelville.fr\/accueil\/evenements\/blue-moon-6\/#primaryimage"},"image":{"@id":"https:\/\/lemelville.fr\/accueil\/evenements\/blue-moon-6\/#primaryimage"},"thumbnailUrl":"https:\/\/lemelville.fr\/wp-content\/uploads\/2025\/02\/Blue-Moon-Affiche-250430-NF-1.png","datePublished":"2025-02-27T14:06:30+00:00","breadcrumb":{"@id":"https:\/\/lemelville.fr\/accueil\/evenements\/blue-moon-6\/#breadcrumb"},"inLanguage":"fr-FR","potentialAction":[{"@type":"ReadAction","target":["https:\/\/lemelville.fr\/accueil\/evenements\/blue-moon-6\/"]}]},{"@type":"ImageObject","inLanguage":"fr-FR","@id":"https:\/\/lemelville.fr\/accueil\/evenements\/blue-moon-6\/#primaryimage","url":"https:\/\/lemelville.fr\/wp-content\/uploads\/2025\/02\/Blue-Moon-Affiche-250430-NF-1.png","contentUrl":"https:\/\/lemelville.fr\/wp-content\/uploads\/2025\/02\/Blue-Moon-Affiche-250430-NF-1.png","width":1280,"height":800},{"@type":"BreadcrumbList","@id":"https:\/\/lemelville.fr\/accueil\/evenements\/blue-moon-6\/#breadcrumb","itemListElement":[{"@type":"ListItem","position":1,"name":"Accueil","item":"https:\/\/lemelville.fr\/accueil\/"},{"@type":"ListItem","position":2,"name":"\u00c9v\u00e8nements","item":"https:\/\/lemelville.fr\/accueil\/evenements\/"},{"@type":"ListItem","position":3,"name":"Blue Moon"}]},{"@type":"WebSite","@id":"https:\/\/lemelville.fr\/accueil\/#website","url":"https:\/\/lemelville.fr\/accueil\/","name":"Le Melville","description":"Le Melville c\u2019est l\u2019\u00e9clectisme dans les verres, les assiettes et dans les oreilles. Du Jazz, de la world Music, souvent en live, une carte \u00e9l\u00e9gante de mets \u00e0 picorer et des cocktails sur mesure, le tout dans un \u00e9crin de bois et de velours.","publisher":{"@id":"https:\/\/lemelville.fr\/accueil\/#organization"},"potentialAction":[{"@type":"SearchAction","target":{"@type":"EntryPoint","urlTemplate":"https:\/\/lemelville.fr\/accueil\/?s={search_term_string}"},"query-input":{"@type":"PropertyValueSpecification","valueRequired":true,"valueName":"search_term_string"}}],"inLanguage":"fr-FR"},{"@type":"Organization","@id":"https:\/\/lemelville.fr\/accueil\/#organization","name":"Le Melville","url":"https:\/\/lemelville.fr\/accueil\/","logo":{"@type":"ImageObject","inLanguage":"fr-FR","@id":"https:\/\/lemelville.fr\/accueil\/#\/schema\/logo\/image\/","url":"https:\/\/lemelville.fr\/wp-content\/uploads\/2023\/09\/Logo-transparent-1-e1720022580951.png","contentUrl":"https:\/\/lemelville.fr\/wp-content\/uploads\/2023\/09\/Logo-transparent-1-e1720022580951.png","width":2000,"height":656,"caption":"Le Melville"},"image":{"@id":"https:\/\/lemelville.fr\/accueil\/#\/schema\/logo\/image\/"},"sameAs":["https:\/\/www.facebook.com\/people\/Le-Melville\/100085390055277\/","https:\/\/www.instagram.com\/lemelville_paris\/"]}]}},"_links":{"self":[{"href":"https:\/\/lemelville.fr\/accueil\/wp-json\/wp\/v2\/tribe_events\/4003","targetHints":{"allow":["GET"]}}],"collection":[{"href":"https:\/\/lemelville.fr\/accueil\/wp-json\/wp\/v2\/tribe_events"}],"about":[{"href":"https:\/\/lemelville.fr\/accueil\/wp-json\/wp\/v2\/types\/tribe_events"}],"author":[{"embeddable":true,"href":"https:\/\/lemelville.fr\/accueil\/wp-json\/wp\/v2\/users\/3"}],"version-history":[{"count":0,"href":"https:\/\/lemelville.fr\/accueil\/wp-json\/wp\/v2\/tribe_events\/4003\/revisions"}],"wp:featuredmedia":[{"embeddable":true,"href":"https:\/\/lemelville.fr\/accueil\/wp-json\/wp\/v2\/media\/4002"}],"wp:attachment":[{"href":"https:\/\/lemelville.fr\/accueil\/wp-json\/wp\/v2\/media?parent=4003"}],"wp:term":[{"taxonomy":"post_tag","embeddable":true,"href":"https:\/\/lemelville.fr\/accueil\/wp-json\/wp\/v2\/tags?post=4003"},{"taxonomy":"tribe_events_cat","embeddable":true,"href":"https:\/\/lemelville.fr\/accueil\/wp-json\/wp\/v2\/tribe_events_cat?post=4003"}],"curies":[{"name":"wp","href":"https:\/\/api.w.org\/{rel}","templated":true}]}}