{"id":4007,"date":"2025-02-28T11:07:31","date_gmt":"2025-02-28T10:07:31","guid":{"rendered":"https:\/\/lemelville.fr\/evenements\/griffith-santos-jazz-samba-band\/"},"modified":"2025-02-28T11:07:31","modified_gmt":"2025-02-28T10:07:31","slug":"griffith-santos-jazz-samba-band","status":"publish","type":"tribe_events","link":"https:\/\/lemelville.fr\/accueil\/evenements\/griffith-santos-jazz-samba-band\/","title":{"rendered":"Griffith-Santos Jazz Samba Band"},"content":{"rendered":"<p>Oliver Griffith et Caio Marcio Santos fusionnent les rythmes br\u00e9siliens et le jazz latino avec brio ! Accompagn\u00e9s par le talentueux Miguel Couto et Nicola Sabato, ils offrent une exp\u00e9rience musicale enivrante. Des artistes aux parcours fascinants \u00e0 d\u00e9couvrir sur Spotify ! <\/p>\n<p>\u202fLe saxophoniste\/flutiste am\u00e9ricain Oliver Griffith et le guitariste virtuose br\u00e9silien Caio Marco Santos pr\u00e9sentent un programme de sambas, bossa novas, choros, et jazz latino dans la tradition de Stan Getz avec Charlie Byrd, Luis Bonfa, Joao Gilberto, et Antonio Carlos Jobim. Ils seront accompagn\u00e9s par le percussionniste br\u00e9silien Miguel Couto et le reconnu bassiste Franco-Italien Nicola Sabato.\u202f<\/p>\n<p>Oliver Griffith, qui a \u00e9tudi\u00e9 le jazz et l\u2019ethnomusicologie, a organis\u00e9 des groupes de jazz et a jou\u00e9 dans des festivals en Afrique, en Am\u00e9rique du Sud, et en Europe. Il a \u00e9t\u00e9 soliste avec des stars internationales comme Franco de Vita et Mary Wilson and the Supreme, a enregistr\u00e9 un album avec les reconnus musiciens Dave Friedman et Joe Cohn, et a jou\u00e9 sur trois autres. <\/p>\n<p><iframe title=\"Spotify Embed: Oliver Griffith\" style=\"border-radius: 12px\" width=\"100%\" height=\"352\" frameborder=\"0\" allowfullscreen allow=\"autoplay; clipboard-write; encrypted-media; fullscreen; picture-in-picture\" loading=\"lazy\" src=\"https:\/\/open.spotify.com\/embed\/artist\/0eKtUfUpjlPAzeXjon9b2b?utm_source=oembed\"><\/iframe> <\/p>\n<p>https:\/\/www.griffithjazz.com\/ <\/p>\n<p>Caio Marcio Santos, membre d\u2019une famille \u00e9minente de musiciens, est dipl\u00f4m\u00e9 en guitare et composition classique au Br\u00e9sil ou il a jou\u00e9 avec des stars internationales telles que Maria B\u00e9thania, Yamand\u00fa Costa, Hamilton de Holanda, et Guinga, entre autres.  Il a remport\u00e9 des prix de composition et \u00e9crit r\u00e9guli\u00e8rement pour des films. Il a produit deux de ses propres albums et a jou\u00e9 sur plusieurs autres.  <\/p>\n<p><iframe title=\"Spotify Embed: Caio Marcio Santos\" style=\"border-radius: 12px\" width=\"100%\" height=\"352\" frameborder=\"0\" allowfullscreen allow=\"autoplay; clipboard-write; encrypted-media; fullscreen; picture-in-picture\" loading=\"lazy\" src=\"https:\/\/open.spotify.com\/embed\/artist\/0O5ydY5JgI10hLIOEz6184?utm_source=oembed\"><\/iframe> <\/p>\n<p>https:\/\/linkaband.com\/caio-marcio-santos <\/p>\n<p>Nicola Sabato joue r\u00e9guli\u00e8rement avec les meilleurs jazzmen fran\u00e7ais tels que Pierrick Pedron, Dany Doriz, Fabien Mary, Marc Fosset, et Michel Sardaby et, lors de leurs tourn\u00e9s en France, et appel\u00e9 par les stars am\u00e9ricaines tel que Harry Allen, Jeff Hamilton, Kirk Lightsey, Craig Handy, Ted Curson, et Doug Raney. Il a jou\u00e9 dans la plupart des grands festivals de jazz en France et a sign\u00e9 cinq albums.  <\/p>\n<p><iframe title=\"Spotify Embed: Nicola Sabato\" style=\"border-radius: 12px\" width=\"100%\" height=\"352\" frameborder=\"0\" allowfullscreen allow=\"autoplay; clipboard-write; encrypted-media; fullscreen; picture-in-picture\" loading=\"lazy\" src=\"https:\/\/open.spotify.com\/embed\/artist\/3FGx234zwmXTXt33Psei1n?utm_source=oembed\"><\/iframe> <\/p>\n<p>Miguel Couto est dipl\u00f4m\u00e9 en percussion symphonique au Br\u00e9sil ou il a accompagn\u00e9 des artistes populaires tels que Adriana Calcanhoto, Luiz Melodia, Jards Macal\u00e9, et M\u00e1rcio Faraco. Il a jou\u00e9 comme percussionniste symphonique avec les plus grands orchestres du pays et a compos\u00e9 pour des clients tels que Google, Nike, Petrobras, et TV Globo. <\/p>\n<p>Oliver Griffith : sax<br \/>\nCa\u00efo Marcio : guitare<br \/>\nMiguel Brigido Brandao Couto : batterie<br \/>\nNicola Sabato : contrebasse<\/p>\n","protected":false},"excerpt":{"rendered":"<p>Oliver Griffith et Caio Marcio Santos fusionnent les rythmes br\u00e9siliens et le jazz latino avec brio ! Accompagn\u00e9s par le talentueux Miguel Couto et Nicola Sabato, ils offrent une exp\u00e9rience&hellip; <a class=\"more-link\" href=\"https:\/\/lemelville.fr\/accueil\/evenements\/griffith-santos-jazz-samba-band\/\">Poursuivre la lecture <span class=\"screen-reader-text\">Griffith-Santos Jazz Samba Band<\/span><\/a><\/p>\n","protected":false},"author":3,"featured_media":4006,"template":"","meta":{"_tribe_events_status":"","_tribe_events_status_reason":"","_tribe_events_is_hybrid":"","_tribe_events_is_virtual":"","_tribe_events_virtual_video_source":"","_tribe_events_virtual_embed_video":"","_tribe_events_virtual_linked_button_text":"","_tribe_events_virtual_linked_button":"","_tribe_events_virtual_show_embed_at":"","_tribe_events_virtual_show_embed_to":[],"_tribe_events_virtual_show_on_event":"","_tribe_events_virtual_show_on_views":"","_tribe_events_virtual_url":"","footnotes":""},"tags":[],"tribe_events_cat":[139,145],"class_list":["post-4007","tribe_events","type-tribe_events","status-publish","has-post-thumbnail","hentry","tribe_events_cat-latin-jazz","tribe_events_cat-samba","cat_latin-jazz","cat_samba","entry"],"yoast_head":"<!-- This site is optimized with the Yoast SEO Premium plugin v24.3 (Yoast SEO v27.1.1) - https:\/\/yoast.com\/product\/yoast-seo-premium-wordpress\/ -->\n<title>Griffith-Santos Jazz Samba Band - Le Melville<\/title>\n<meta name=\"robots\" content=\"index, follow, max-snippet:-1, max-image-preview:large, max-video-preview:-1\" \/>\n<link rel=\"canonical\" href=\"https:\/\/lemelville.fr\/accueil\/evenements\/griffith-santos-jazz-samba-band\/\" \/>\n<meta property=\"og:locale\" content=\"fr_FR\" \/>\n<meta property=\"og:type\" content=\"article\" \/>\n<meta property=\"og:title\" content=\"Griffith-Santos Jazz Samba Band\" \/>\n<meta property=\"og:description\" content=\"Oliver Griffith et Caio Marcio Santos fusionnent les rythmes br\u00e9siliens et le jazz latino avec brio ! Accompagn\u00e9s par le talentueux Miguel Couto et Nicola Sabato, ils offrent une exp\u00e9rience&hellip; Poursuivre la lecture Griffith-Santos Jazz Samba Band\" \/>\n<meta property=\"og:url\" content=\"https:\/\/lemelville.fr\/accueil\/evenements\/griffith-santos-jazz-samba-band\/\" \/>\n<meta property=\"og:site_name\" content=\"Le Melville\" \/>\n<meta property=\"article:publisher\" content=\"https:\/\/www.facebook.com\/people\/Le-Melville\/100085390055277\/\" \/>\n<meta property=\"og:image\" content=\"http:\/\/lemelville.fr\/wp-content\/uploads\/2025\/02\/Griffith-Santos-Jazz-Samba-Affiche-NF.png\" \/>\n\t<meta property=\"og:image:width\" content=\"1280\" \/>\n\t<meta property=\"og:image:height\" content=\"800\" \/>\n\t<meta property=\"og:image:type\" content=\"image\/png\" \/>\n<meta name=\"twitter:card\" content=\"summary_large_image\" \/>\n<meta name=\"twitter:label1\" content=\"Dur\u00e9e de lecture estim\u00e9e\" \/>\n\t<meta name=\"twitter:data1\" content=\"2 minutes\" \/>\n<script type=\"application\/ld+json\" class=\"yoast-schema-graph\">{\"@context\":\"https:\/\/schema.org\",\"@graph\":[{\"@type\":\"WebPage\",\"@id\":\"https:\/\/lemelville.fr\/accueil\/evenements\/griffith-santos-jazz-samba-band\/\",\"url\":\"https:\/\/lemelville.fr\/accueil\/evenements\/griffith-santos-jazz-samba-band\/\",\"name\":\"Griffith-Santos Jazz Samba Band - Le Melville\",\"isPartOf\":{\"@id\":\"https:\/\/lemelville.fr\/accueil\/#website\"},\"primaryImageOfPage\":{\"@id\":\"https:\/\/lemelville.fr\/accueil\/evenements\/griffith-santos-jazz-samba-band\/#primaryimage\"},\"image\":{\"@id\":\"https:\/\/lemelville.fr\/accueil\/evenements\/griffith-santos-jazz-samba-band\/#primaryimage\"},\"thumbnailUrl\":\"https:\/\/lemelville.fr\/wp-content\/uploads\/2025\/02\/Griffith-Santos-Jazz-Samba-Affiche-NF.png\",\"datePublished\":\"2025-02-28T10:07:31+00:00\",\"breadcrumb\":{\"@id\":\"https:\/\/lemelville.fr\/accueil\/evenements\/griffith-santos-jazz-samba-band\/#breadcrumb\"},\"inLanguage\":\"fr-FR\",\"potentialAction\":[{\"@type\":\"ReadAction\",\"target\":[\"https:\/\/lemelville.fr\/accueil\/evenements\/griffith-santos-jazz-samba-band\/\"]}]},{\"@type\":\"ImageObject\",\"inLanguage\":\"fr-FR\",\"@id\":\"https:\/\/lemelville.fr\/accueil\/evenements\/griffith-santos-jazz-samba-band\/#primaryimage\",\"url\":\"https:\/\/lemelville.fr\/wp-content\/uploads\/2025\/02\/Griffith-Santos-Jazz-Samba-Affiche-NF.png\",\"contentUrl\":\"https:\/\/lemelville.fr\/wp-content\/uploads\/2025\/02\/Griffith-Santos-Jazz-Samba-Affiche-NF.png\",\"width\":1280,\"height\":800},{\"@type\":\"BreadcrumbList\",\"@id\":\"https:\/\/lemelville.fr\/accueil\/evenements\/griffith-santos-jazz-samba-band\/#breadcrumb\",\"itemListElement\":[{\"@type\":\"ListItem\",\"position\":1,\"name\":\"Accueil\",\"item\":\"https:\/\/lemelville.fr\/accueil\/\"},{\"@type\":\"ListItem\",\"position\":2,\"name\":\"\u00c9v\u00e8nements\",\"item\":\"https:\/\/lemelville.fr\/accueil\/evenements\/\"},{\"@type\":\"ListItem\",\"position\":3,\"name\":\"Griffith-Santos Jazz Samba Band\"}]},{\"@type\":\"WebSite\",\"@id\":\"https:\/\/lemelville.fr\/accueil\/#website\",\"url\":\"https:\/\/lemelville.fr\/accueil\/\",\"name\":\"Le Melville\",\"description\":\"Le Melville c\u2019est l\u2019\u00e9clectisme dans les verres, les assiettes et dans les oreilles. Du Jazz, de la world Music, souvent en live, une carte \u00e9l\u00e9gante de mets \u00e0 picorer et des cocktails sur mesure, le tout dans un \u00e9crin de bois et de velours.\",\"publisher\":{\"@id\":\"https:\/\/lemelville.fr\/accueil\/#organization\"},\"potentialAction\":[{\"@type\":\"SearchAction\",\"target\":{\"@type\":\"EntryPoint\",\"urlTemplate\":\"https:\/\/lemelville.fr\/accueil\/?s={search_term_string}\"},\"query-input\":{\"@type\":\"PropertyValueSpecification\",\"valueRequired\":true,\"valueName\":\"search_term_string\"}}],\"inLanguage\":\"fr-FR\"},{\"@type\":\"Organization\",\"@id\":\"https:\/\/lemelville.fr\/accueil\/#organization\",\"name\":\"Le Melville\",\"url\":\"https:\/\/lemelville.fr\/accueil\/\",\"logo\":{\"@type\":\"ImageObject\",\"inLanguage\":\"fr-FR\",\"@id\":\"https:\/\/lemelville.fr\/accueil\/#\/schema\/logo\/image\/\",\"url\":\"https:\/\/lemelville.fr\/wp-content\/uploads\/2023\/09\/Logo-transparent-1-e1720022580951.png\",\"contentUrl\":\"https:\/\/lemelville.fr\/wp-content\/uploads\/2023\/09\/Logo-transparent-1-e1720022580951.png\",\"width\":2000,\"height\":656,\"caption\":\"Le Melville\"},\"image\":{\"@id\":\"https:\/\/lemelville.fr\/accueil\/#\/schema\/logo\/image\/\"},\"sameAs\":[\"https:\/\/www.facebook.com\/people\/Le-Melville\/100085390055277\/\",\"https:\/\/www.instagram.com\/lemelville_paris\/\"]}]}<\/script>\n<!-- \/ Yoast SEO Premium plugin. -->","yoast_head_json":{"title":"Griffith-Santos Jazz Samba Band - Le Melville","robots":{"index":"index","follow":"follow","max-snippet":"max-snippet:-1","max-image-preview":"max-image-preview:large","max-video-preview":"max-video-preview:-1"},"canonical":"https:\/\/lemelville.fr\/accueil\/evenements\/griffith-santos-jazz-samba-band\/","og_locale":"fr_FR","og_type":"article","og_title":"Griffith-Santos Jazz Samba Band","og_description":"Oliver Griffith et Caio Marcio Santos fusionnent les rythmes br\u00e9siliens et le jazz latino avec brio ! Accompagn\u00e9s par le talentueux Miguel Couto et Nicola Sabato, ils offrent une exp\u00e9rience&hellip; Poursuivre la lecture Griffith-Santos Jazz Samba Band","og_url":"https:\/\/lemelville.fr\/accueil\/evenements\/griffith-santos-jazz-samba-band\/","og_site_name":"Le Melville","article_publisher":"https:\/\/www.facebook.com\/people\/Le-Melville\/100085390055277\/","og_image":[{"width":1280,"height":800,"url":"http:\/\/lemelville.fr\/wp-content\/uploads\/2025\/02\/Griffith-Santos-Jazz-Samba-Affiche-NF.png","type":"image\/png"}],"twitter_card":"summary_large_image","twitter_misc":{"Dur\u00e9e de lecture estim\u00e9e":"2 minutes"},"schema":{"@context":"https:\/\/schema.org","@graph":[{"@type":"WebPage","@id":"https:\/\/lemelville.fr\/accueil\/evenements\/griffith-santos-jazz-samba-band\/","url":"https:\/\/lemelville.fr\/accueil\/evenements\/griffith-santos-jazz-samba-band\/","name":"Griffith-Santos Jazz Samba Band - Le Melville","isPartOf":{"@id":"https:\/\/lemelville.fr\/accueil\/#website"},"primaryImageOfPage":{"@id":"https:\/\/lemelville.fr\/accueil\/evenements\/griffith-santos-jazz-samba-band\/#primaryimage"},"image":{"@id":"https:\/\/lemelville.fr\/accueil\/evenements\/griffith-santos-jazz-samba-band\/#primaryimage"},"thumbnailUrl":"https:\/\/lemelville.fr\/wp-content\/uploads\/2025\/02\/Griffith-Santos-Jazz-Samba-Affiche-NF.png","datePublished":"2025-02-28T10:07:31+00:00","breadcrumb":{"@id":"https:\/\/lemelville.fr\/accueil\/evenements\/griffith-santos-jazz-samba-band\/#breadcrumb"},"inLanguage":"fr-FR","potentialAction":[{"@type":"ReadAction","target":["https:\/\/lemelville.fr\/accueil\/evenements\/griffith-santos-jazz-samba-band\/"]}]},{"@type":"ImageObject","inLanguage":"fr-FR","@id":"https:\/\/lemelville.fr\/accueil\/evenements\/griffith-santos-jazz-samba-band\/#primaryimage","url":"https:\/\/lemelville.fr\/wp-content\/uploads\/2025\/02\/Griffith-Santos-Jazz-Samba-Affiche-NF.png","contentUrl":"https:\/\/lemelville.fr\/wp-content\/uploads\/2025\/02\/Griffith-Santos-Jazz-Samba-Affiche-NF.png","width":1280,"height":800},{"@type":"BreadcrumbList","@id":"https:\/\/lemelville.fr\/accueil\/evenements\/griffith-santos-jazz-samba-band\/#breadcrumb","itemListElement":[{"@type":"ListItem","position":1,"name":"Accueil","item":"https:\/\/lemelville.fr\/accueil\/"},{"@type":"ListItem","position":2,"name":"\u00c9v\u00e8nements","item":"https:\/\/lemelville.fr\/accueil\/evenements\/"},{"@type":"ListItem","position":3,"name":"Griffith-Santos Jazz Samba Band"}]},{"@type":"WebSite","@id":"https:\/\/lemelville.fr\/accueil\/#website","url":"https:\/\/lemelville.fr\/accueil\/","name":"Le Melville","description":"Le Melville c\u2019est l\u2019\u00e9clectisme dans les verres, les assiettes et dans les oreilles. Du Jazz, de la world Music, souvent en live, une carte \u00e9l\u00e9gante de mets \u00e0 picorer et des cocktails sur mesure, le tout dans un \u00e9crin de bois et de velours.","publisher":{"@id":"https:\/\/lemelville.fr\/accueil\/#organization"},"potentialAction":[{"@type":"SearchAction","target":{"@type":"EntryPoint","urlTemplate":"https:\/\/lemelville.fr\/accueil\/?s={search_term_string}"},"query-input":{"@type":"PropertyValueSpecification","valueRequired":true,"valueName":"search_term_string"}}],"inLanguage":"fr-FR"},{"@type":"Organization","@id":"https:\/\/lemelville.fr\/accueil\/#organization","name":"Le Melville","url":"https:\/\/lemelville.fr\/accueil\/","logo":{"@type":"ImageObject","inLanguage":"fr-FR","@id":"https:\/\/lemelville.fr\/accueil\/#\/schema\/logo\/image\/","url":"https:\/\/lemelville.fr\/wp-content\/uploads\/2023\/09\/Logo-transparent-1-e1720022580951.png","contentUrl":"https:\/\/lemelville.fr\/wp-content\/uploads\/2023\/09\/Logo-transparent-1-e1720022580951.png","width":2000,"height":656,"caption":"Le Melville"},"image":{"@id":"https:\/\/lemelville.fr\/accueil\/#\/schema\/logo\/image\/"},"sameAs":["https:\/\/www.facebook.com\/people\/Le-Melville\/100085390055277\/","https:\/\/www.instagram.com\/lemelville_paris\/"]}]}},"_links":{"self":[{"href":"https:\/\/lemelville.fr\/accueil\/wp-json\/wp\/v2\/tribe_events\/4007","targetHints":{"allow":["GET"]}}],"collection":[{"href":"https:\/\/lemelville.fr\/accueil\/wp-json\/wp\/v2\/tribe_events"}],"about":[{"href":"https:\/\/lemelville.fr\/accueil\/wp-json\/wp\/v2\/types\/tribe_events"}],"author":[{"embeddable":true,"href":"https:\/\/lemelville.fr\/accueil\/wp-json\/wp\/v2\/users\/3"}],"version-history":[{"count":0,"href":"https:\/\/lemelville.fr\/accueil\/wp-json\/wp\/v2\/tribe_events\/4007\/revisions"}],"wp:featuredmedia":[{"embeddable":true,"href":"https:\/\/lemelville.fr\/accueil\/wp-json\/wp\/v2\/media\/4006"}],"wp:attachment":[{"href":"https:\/\/lemelville.fr\/accueil\/wp-json\/wp\/v2\/media?parent=4007"}],"wp:term":[{"taxonomy":"post_tag","embeddable":true,"href":"https:\/\/lemelville.fr\/accueil\/wp-json\/wp\/v2\/tags?post=4007"},{"taxonomy":"tribe_events_cat","embeddable":true,"href":"https:\/\/lemelville.fr\/accueil\/wp-json\/wp\/v2\/tribe_events_cat?post=4007"}],"curies":[{"name":"wp","href":"https:\/\/api.w.org\/{rel}","templated":true}]}}