{"id":4031,"date":"2025-03-17T15:21:09","date_gmt":"2025-03-17T14:21:09","guid":{"rendered":"https:\/\/lemelville.fr\/evenements\/chivallon-varaillon-adsuar-trio\/"},"modified":"2025-04-01T05:10:19","modified_gmt":"2025-04-01T03:10:19","slug":"chivallon-varaillon-adsuar-trio","status":"publish","type":"tribe_events","link":"https:\/\/lemelville.fr\/accueil\/evenements\/chivallon-varaillon-adsuar-trio\/","title":{"rendered":"Chivallon Varaillon Adsuar trio"},"content":{"rendered":"<p>Simon Chivallon, prodige du jazz fran\u00e7ais, enchante en jonglant entre Monk et les Beatles, Faur\u00e9 et Brassens. Inspir\u00e9 par Brad Mehldau, ce pianiste dou\u00e9 nous transporte avec son feeling et son lyrisme uniques. Une personnalit\u00e9 jazz indiscutablement captivante.<\/p>\n<p>Pianiste amoureux des chansons. Nouveau talent du jazz hexagonal, Simon Chivallon s\u2019affirme comme l\u2019un des plus talentueux pianistes de sa g\u00e9n\u00e9ration. Passant avec un \u00e9gal bonheur de Thelonious Monk aux Beatles, de Gabriel Faur\u00e9 \u00e0 Georges Brassens, il assume son amour de la m\u00e9lodie au fil d\u2019un r\u00e9pertoire qui puise sa mati\u00e8re \u00e0 diff\u00e9rentes sources et dont, inspir\u00e9 par l\u2019exemple de Brad Mehldau, il fait son miel d\u2019improvisateur. D\u2019une fra\u00eecheur d\u2019inspiration rare, ce pianiste dou\u00e9 impose avec brio son feeling et son lyrisme, affirmant une personnalit\u00e9 pour qui le jazz parle d\u2019\u00e9vidence.<\/p>\n<p>Simon Chivallon : piano<br \/>\nDamien Varaillon : contrebasse<br \/>\nStephane Adsuar : batterie<\/p>\n","protected":false},"excerpt":{"rendered":"<p>Simon Chivallon, prodige du jazz fran\u00e7ais, enchante en jonglant entre Monk et les Beatles, Faur\u00e9 et Brassens. Inspir\u00e9 par Brad Mehldau, ce pianiste dou\u00e9 nous transporte avec son feeling et&hellip; <a class=\"more-link\" href=\"https:\/\/lemelville.fr\/accueil\/evenements\/chivallon-varaillon-adsuar-trio\/\">Poursuivre la lecture <span class=\"screen-reader-text\">Chivallon Varaillon Adsuar trio<\/span><\/a><\/p>\n","protected":false},"author":3,"featured_media":4030,"template":"","meta":{"_tribe_events_status":"","_tribe_events_status_reason":"","_tribe_events_is_hybrid":"","_tribe_events_is_virtual":"","_tribe_events_virtual_video_source":"","_tribe_events_virtual_embed_video":"","_tribe_events_virtual_linked_button_text":"","_tribe_events_virtual_linked_button":"","_tribe_events_virtual_show_embed_at":"","_tribe_events_virtual_show_embed_to":[],"_tribe_events_virtual_show_on_event":"","_tribe_events_virtual_show_on_views":"","_tribe_events_virtual_url":"","footnotes":""},"tags":[147],"tribe_events_cat":[88],"class_list":["post-4031","tribe_events","type-tribe_events","status-publish","has-post-thumbnail","hentry","tag-bagatelle","tribe_events_cat-jazz-standard","cat_jazz-standard","entry"],"yoast_head":"<!-- This site is optimized with the Yoast SEO Premium plugin v24.3 (Yoast SEO v27.1.1) - https:\/\/yoast.com\/product\/yoast-seo-premium-wordpress\/ -->\n<title>Chivallon Varaillon Adsuar trio - Le Melville<\/title>\n<meta name=\"robots\" content=\"index, follow, max-snippet:-1, max-image-preview:large, max-video-preview:-1\" \/>\n<link rel=\"canonical\" href=\"https:\/\/lemelville.fr\/accueil\/evenements\/chivallon-varaillon-adsuar-trio\/\" \/>\n<meta property=\"og:locale\" content=\"fr_FR\" \/>\n<meta property=\"og:type\" content=\"article\" \/>\n<meta property=\"og:title\" content=\"Chivallon Varaillon Adsuar trio\" \/>\n<meta property=\"og:description\" content=\"Simon Chivallon, prodige du jazz fran\u00e7ais, enchante en jonglant entre Monk et les Beatles, Faur\u00e9 et Brassens. Inspir\u00e9 par Brad Mehldau, ce pianiste dou\u00e9 nous transporte avec son feeling et&hellip; Poursuivre la lecture Chivallon Varaillon Adsuar trio\" \/>\n<meta property=\"og:url\" content=\"https:\/\/lemelville.fr\/accueil\/evenements\/chivallon-varaillon-adsuar-trio\/\" \/>\n<meta property=\"og:site_name\" content=\"Le Melville\" \/>\n<meta property=\"article:publisher\" content=\"https:\/\/www.facebook.com\/people\/Le-Melville\/100085390055277\/\" \/>\n<meta property=\"article:modified_time\" content=\"2025-04-01T03:10:19+00:00\" \/>\n<meta property=\"og:image\" content=\"http:\/\/lemelville.fr\/wp-content\/uploads\/2025\/03\/Chivallon-Varaillon-Adsuar-Trio-Affiche-NF.png\" \/>\n\t<meta property=\"og:image:width\" content=\"1280\" \/>\n\t<meta property=\"og:image:height\" content=\"800\" \/>\n\t<meta property=\"og:image:type\" content=\"image\/png\" \/>\n<meta name=\"twitter:card\" content=\"summary_large_image\" \/>\n<meta name=\"twitter:label1\" content=\"Dur\u00e9e de lecture estim\u00e9e\" \/>\n\t<meta name=\"twitter:data1\" content=\"1 minute\" \/>\n<script type=\"application\/ld+json\" class=\"yoast-schema-graph\">{\"@context\":\"https:\/\/schema.org\",\"@graph\":[{\"@type\":\"WebPage\",\"@id\":\"https:\/\/lemelville.fr\/accueil\/evenements\/chivallon-varaillon-adsuar-trio\/\",\"url\":\"https:\/\/lemelville.fr\/accueil\/evenements\/chivallon-varaillon-adsuar-trio\/\",\"name\":\"Chivallon Varaillon Adsuar trio - Le Melville\",\"isPartOf\":{\"@id\":\"https:\/\/lemelville.fr\/accueil\/#website\"},\"primaryImageOfPage\":{\"@id\":\"https:\/\/lemelville.fr\/accueil\/evenements\/chivallon-varaillon-adsuar-trio\/#primaryimage\"},\"image\":{\"@id\":\"https:\/\/lemelville.fr\/accueil\/evenements\/chivallon-varaillon-adsuar-trio\/#primaryimage\"},\"thumbnailUrl\":\"https:\/\/lemelville.fr\/wp-content\/uploads\/2025\/03\/Chivallon-Varaillon-Adsuar-Trio-Affiche-NF.png\",\"datePublished\":\"2025-03-17T14:21:09+00:00\",\"dateModified\":\"2025-04-01T03:10:19+00:00\",\"breadcrumb\":{\"@id\":\"https:\/\/lemelville.fr\/accueil\/evenements\/chivallon-varaillon-adsuar-trio\/#breadcrumb\"},\"inLanguage\":\"fr-FR\",\"potentialAction\":[{\"@type\":\"ReadAction\",\"target\":[\"https:\/\/lemelville.fr\/accueil\/evenements\/chivallon-varaillon-adsuar-trio\/\"]}]},{\"@type\":\"ImageObject\",\"inLanguage\":\"fr-FR\",\"@id\":\"https:\/\/lemelville.fr\/accueil\/evenements\/chivallon-varaillon-adsuar-trio\/#primaryimage\",\"url\":\"https:\/\/lemelville.fr\/wp-content\/uploads\/2025\/03\/Chivallon-Varaillon-Adsuar-Trio-Affiche-NF.png\",\"contentUrl\":\"https:\/\/lemelville.fr\/wp-content\/uploads\/2025\/03\/Chivallon-Varaillon-Adsuar-Trio-Affiche-NF.png\",\"width\":1280,\"height\":800},{\"@type\":\"BreadcrumbList\",\"@id\":\"https:\/\/lemelville.fr\/accueil\/evenements\/chivallon-varaillon-adsuar-trio\/#breadcrumb\",\"itemListElement\":[{\"@type\":\"ListItem\",\"position\":1,\"name\":\"Accueil\",\"item\":\"https:\/\/lemelville.fr\/accueil\/\"},{\"@type\":\"ListItem\",\"position\":2,\"name\":\"\u00c9v\u00e8nements\",\"item\":\"https:\/\/lemelville.fr\/accueil\/evenements\/\"},{\"@type\":\"ListItem\",\"position\":3,\"name\":\"Chivallon Varaillon Adsuar trio\"}]},{\"@type\":\"WebSite\",\"@id\":\"https:\/\/lemelville.fr\/accueil\/#website\",\"url\":\"https:\/\/lemelville.fr\/accueil\/\",\"name\":\"Le Melville\",\"description\":\"Le Melville c\u2019est l\u2019\u00e9clectisme dans les verres, les assiettes et dans les oreilles. Du Jazz, de la world Music, souvent en live, une carte \u00e9l\u00e9gante de mets \u00e0 picorer et des cocktails sur mesure, le tout dans un \u00e9crin de bois et de velours.\",\"publisher\":{\"@id\":\"https:\/\/lemelville.fr\/accueil\/#organization\"},\"potentialAction\":[{\"@type\":\"SearchAction\",\"target\":{\"@type\":\"EntryPoint\",\"urlTemplate\":\"https:\/\/lemelville.fr\/accueil\/?s={search_term_string}\"},\"query-input\":{\"@type\":\"PropertyValueSpecification\",\"valueRequired\":true,\"valueName\":\"search_term_string\"}}],\"inLanguage\":\"fr-FR\"},{\"@type\":\"Organization\",\"@id\":\"https:\/\/lemelville.fr\/accueil\/#organization\",\"name\":\"Le Melville\",\"url\":\"https:\/\/lemelville.fr\/accueil\/\",\"logo\":{\"@type\":\"ImageObject\",\"inLanguage\":\"fr-FR\",\"@id\":\"https:\/\/lemelville.fr\/accueil\/#\/schema\/logo\/image\/\",\"url\":\"https:\/\/lemelville.fr\/wp-content\/uploads\/2023\/09\/Logo-transparent-1-e1720022580951.png\",\"contentUrl\":\"https:\/\/lemelville.fr\/wp-content\/uploads\/2023\/09\/Logo-transparent-1-e1720022580951.png\",\"width\":2000,\"height\":656,\"caption\":\"Le Melville\"},\"image\":{\"@id\":\"https:\/\/lemelville.fr\/accueil\/#\/schema\/logo\/image\/\"},\"sameAs\":[\"https:\/\/www.facebook.com\/people\/Le-Melville\/100085390055277\/\",\"https:\/\/www.instagram.com\/lemelville_paris\/\"]}]}<\/script>\n<!-- \/ Yoast SEO Premium plugin. -->","yoast_head_json":{"title":"Chivallon Varaillon Adsuar trio - Le Melville","robots":{"index":"index","follow":"follow","max-snippet":"max-snippet:-1","max-image-preview":"max-image-preview:large","max-video-preview":"max-video-preview:-1"},"canonical":"https:\/\/lemelville.fr\/accueil\/evenements\/chivallon-varaillon-adsuar-trio\/","og_locale":"fr_FR","og_type":"article","og_title":"Chivallon Varaillon Adsuar trio","og_description":"Simon Chivallon, prodige du jazz fran\u00e7ais, enchante en jonglant entre Monk et les Beatles, Faur\u00e9 et Brassens. Inspir\u00e9 par Brad Mehldau, ce pianiste dou\u00e9 nous transporte avec son feeling et&hellip; Poursuivre la lecture Chivallon Varaillon Adsuar trio","og_url":"https:\/\/lemelville.fr\/accueil\/evenements\/chivallon-varaillon-adsuar-trio\/","og_site_name":"Le Melville","article_publisher":"https:\/\/www.facebook.com\/people\/Le-Melville\/100085390055277\/","article_modified_time":"2025-04-01T03:10:19+00:00","og_image":[{"width":1280,"height":800,"url":"http:\/\/lemelville.fr\/wp-content\/uploads\/2025\/03\/Chivallon-Varaillon-Adsuar-Trio-Affiche-NF.png","type":"image\/png"}],"twitter_card":"summary_large_image","twitter_misc":{"Dur\u00e9e de lecture estim\u00e9e":"1 minute"},"schema":{"@context":"https:\/\/schema.org","@graph":[{"@type":"WebPage","@id":"https:\/\/lemelville.fr\/accueil\/evenements\/chivallon-varaillon-adsuar-trio\/","url":"https:\/\/lemelville.fr\/accueil\/evenements\/chivallon-varaillon-adsuar-trio\/","name":"Chivallon Varaillon Adsuar trio - Le Melville","isPartOf":{"@id":"https:\/\/lemelville.fr\/accueil\/#website"},"primaryImageOfPage":{"@id":"https:\/\/lemelville.fr\/accueil\/evenements\/chivallon-varaillon-adsuar-trio\/#primaryimage"},"image":{"@id":"https:\/\/lemelville.fr\/accueil\/evenements\/chivallon-varaillon-adsuar-trio\/#primaryimage"},"thumbnailUrl":"https:\/\/lemelville.fr\/wp-content\/uploads\/2025\/03\/Chivallon-Varaillon-Adsuar-Trio-Affiche-NF.png","datePublished":"2025-03-17T14:21:09+00:00","dateModified":"2025-04-01T03:10:19+00:00","breadcrumb":{"@id":"https:\/\/lemelville.fr\/accueil\/evenements\/chivallon-varaillon-adsuar-trio\/#breadcrumb"},"inLanguage":"fr-FR","potentialAction":[{"@type":"ReadAction","target":["https:\/\/lemelville.fr\/accueil\/evenements\/chivallon-varaillon-adsuar-trio\/"]}]},{"@type":"ImageObject","inLanguage":"fr-FR","@id":"https:\/\/lemelville.fr\/accueil\/evenements\/chivallon-varaillon-adsuar-trio\/#primaryimage","url":"https:\/\/lemelville.fr\/wp-content\/uploads\/2025\/03\/Chivallon-Varaillon-Adsuar-Trio-Affiche-NF.png","contentUrl":"https:\/\/lemelville.fr\/wp-content\/uploads\/2025\/03\/Chivallon-Varaillon-Adsuar-Trio-Affiche-NF.png","width":1280,"height":800},{"@type":"BreadcrumbList","@id":"https:\/\/lemelville.fr\/accueil\/evenements\/chivallon-varaillon-adsuar-trio\/#breadcrumb","itemListElement":[{"@type":"ListItem","position":1,"name":"Accueil","item":"https:\/\/lemelville.fr\/accueil\/"},{"@type":"ListItem","position":2,"name":"\u00c9v\u00e8nements","item":"https:\/\/lemelville.fr\/accueil\/evenements\/"},{"@type":"ListItem","position":3,"name":"Chivallon Varaillon Adsuar trio"}]},{"@type":"WebSite","@id":"https:\/\/lemelville.fr\/accueil\/#website","url":"https:\/\/lemelville.fr\/accueil\/","name":"Le Melville","description":"Le Melville c\u2019est l\u2019\u00e9clectisme dans les verres, les assiettes et dans les oreilles. Du Jazz, de la world Music, souvent en live, une carte \u00e9l\u00e9gante de mets \u00e0 picorer et des cocktails sur mesure, le tout dans un \u00e9crin de bois et de velours.","publisher":{"@id":"https:\/\/lemelville.fr\/accueil\/#organization"},"potentialAction":[{"@type":"SearchAction","target":{"@type":"EntryPoint","urlTemplate":"https:\/\/lemelville.fr\/accueil\/?s={search_term_string}"},"query-input":{"@type":"PropertyValueSpecification","valueRequired":true,"valueName":"search_term_string"}}],"inLanguage":"fr-FR"},{"@type":"Organization","@id":"https:\/\/lemelville.fr\/accueil\/#organization","name":"Le Melville","url":"https:\/\/lemelville.fr\/accueil\/","logo":{"@type":"ImageObject","inLanguage":"fr-FR","@id":"https:\/\/lemelville.fr\/accueil\/#\/schema\/logo\/image\/","url":"https:\/\/lemelville.fr\/wp-content\/uploads\/2023\/09\/Logo-transparent-1-e1720022580951.png","contentUrl":"https:\/\/lemelville.fr\/wp-content\/uploads\/2023\/09\/Logo-transparent-1-e1720022580951.png","width":2000,"height":656,"caption":"Le Melville"},"image":{"@id":"https:\/\/lemelville.fr\/accueil\/#\/schema\/logo\/image\/"},"sameAs":["https:\/\/www.facebook.com\/people\/Le-Melville\/100085390055277\/","https:\/\/www.instagram.com\/lemelville_paris\/"]}]}},"_links":{"self":[{"href":"https:\/\/lemelville.fr\/accueil\/wp-json\/wp\/v2\/tribe_events\/4031","targetHints":{"allow":["GET"]}}],"collection":[{"href":"https:\/\/lemelville.fr\/accueil\/wp-json\/wp\/v2\/tribe_events"}],"about":[{"href":"https:\/\/lemelville.fr\/accueil\/wp-json\/wp\/v2\/types\/tribe_events"}],"author":[{"embeddable":true,"href":"https:\/\/lemelville.fr\/accueil\/wp-json\/wp\/v2\/users\/3"}],"version-history":[{"count":1,"href":"https:\/\/lemelville.fr\/accueil\/wp-json\/wp\/v2\/tribe_events\/4031\/revisions"}],"predecessor-version":[{"id":4075,"href":"https:\/\/lemelville.fr\/accueil\/wp-json\/wp\/v2\/tribe_events\/4031\/revisions\/4075"}],"wp:featuredmedia":[{"embeddable":true,"href":"https:\/\/lemelville.fr\/accueil\/wp-json\/wp\/v2\/media\/4030"}],"wp:attachment":[{"href":"https:\/\/lemelville.fr\/accueil\/wp-json\/wp\/v2\/media?parent=4031"}],"wp:term":[{"taxonomy":"post_tag","embeddable":true,"href":"https:\/\/lemelville.fr\/accueil\/wp-json\/wp\/v2\/tags?post=4031"},{"taxonomy":"tribe_events_cat","embeddable":true,"href":"https:\/\/lemelville.fr\/accueil\/wp-json\/wp\/v2\/tribe_events_cat?post=4031"}],"curies":[{"name":"wp","href":"https:\/\/api.w.org\/{rel}","templated":true}]}}