{"id":4298,"date":"2025-04-26T17:54:01","date_gmt":"2025-04-26T15:54:01","guid":{"rendered":"https:\/\/lemelville.fr\/evenements\/damien-varaillon-trio\/"},"modified":"2025-04-26T17:54:01","modified_gmt":"2025-04-26T15:54:01","slug":"damien-varaillon-trio","status":"publish","type":"tribe_events","link":"https:\/\/lemelville.fr\/accueil\/evenements\/damien-varaillon-trio\/","title":{"rendered":"Damien Varaillon Trio"},"content":{"rendered":"<p>Trois virtuoses se rejoignent ce soir : Damien Varaillon, contrebassiste au parcours impressionnant; Jorge Vistel, trompettiste cubain inspir\u00e9 par le jazz contemporain; St\u00e9phane Asuar, batteur pr\u00e9cis au jeu moderne. Une soir\u00e9e explosive en perspective ! \ud83c\udfb6<\/p>\n<p>Quel Trio ! Damien Varaillon, Jorge Viste et St\u00e9phane Adsuar.<\/p>\n<p>Damien Varaillon, contrebassiste virtuose, est un artiste au p\u00e9digr\u00e9 impressionnant : une douzaine d\u2019enregistrements d\u2019albums de jazz, tourn\u00e9es internationales (Cor\u00e9e du sud, Mexique, c\u00f4te ouest africaine\u2026), musiques \u00e0 l\u2019images, cr\u00e9ation radiophonique pour France Culture, big band, orchestres symphoniques (Cannes, Marseille\u2026), deuxi\u00e8me prix de groupe \u00e0 Jazz \u00e0 la D\u00e9fense, professeur \u00e0 l\u2019Academie de Musique du Smith College de Northampton aux Etats Unis\u2026<\/p>\n<p>R\u00e9cemment d\u00e9barqu\u00e9 \u00e0 Paris apr\u00e8s vingt ans pass\u00e9s \u00e0 Madrid, Jorge Vistel fait sensation depuis qu\u2019il prom\u00e8ne sa trompette dans les clubs de la capitale. Longtemps associ\u00e9 \u00e0 son fr\u00e8re saxophoniste Maikel au sein des Vistel Brothers, ce remarquable instrumentiste peut s\u2019enorgueillir d\u2019avoir collabor\u00e9 avec David Murray, Roy Hargrove ou, plus r\u00e9cemment, le pianiste Alfredo Rodriguez. \u00c0 l\u2019instar de David Virelles (qui a particip\u00e9 \u00e0 l\u2019un de ses albums), Aruan Ortiz et quelques autres, Jorge Vistel appartient \u00e0 une g\u00e9n\u00e9ration de musiciens cubains pour qui, loin de toute nostalgie, les traditions de leur \u00eele natale constituent un vivier rythmique des plus sophistiqu\u00e9s, qu\u2019ils tentent d\u2019assimiler aux concepts du jazz les plus contemporains. On n\u2019est ainsi pas surpris d\u2019apprendre que notre homme a \u00e9tudi\u00e9 aupr\u00e8s de Steve Coleman et que Greg Osby, dix ans en arri\u00e8re, a publi\u00e9 l\u2019un de ses albums sur son propre label. Les amateurs de la Buena Vista n\u2019y retrouveront pas leurs clich\u00e9s mais les oreilles aventureuses sauront se laisser embarquer par les grooves labyrinthiques de ce sorcier des claves.<\/p>\n<p>Staphane Asuar : Ce batteur originaire de Cannes est all\u00e9 se former aux Etats-Unis o\u00f9 il a notamment \u00e9tudi\u00e9 aupr\u00e8s de Terri Lyne Carrington et Ralph Peterson, avant de venir s\u2019installer \u00e0 Paris o\u00f9 la modernit\u00e9 de son jeu et la pr\u00e9cision de ses frappes n\u2019ont pas manqu\u00e9 de faire parler de lui dans le milieu des musiciens.<\/p>\n<p>Ils seront ensemble ce soir pour une soir\u00e9e excpetionnelle.<\/p>\n<p>Damien Varaillon : contrebasse<br \/>\nStephane Adsuar : batterie<br \/>\nVistel Serrano  Jorge Miguel  : trompette<\/p>\n","protected":false},"excerpt":{"rendered":"<p>Trois virtuoses se rejoignent ce soir : Damien Varaillon, contrebassiste au parcours impressionnant; Jorge Vistel, trompettiste cubain inspir\u00e9 par le jazz contemporain; St\u00e9phane Asuar, batteur pr\u00e9cis au jeu moderne. Une&hellip; <a class=\"more-link\" href=\"https:\/\/lemelville.fr\/accueil\/evenements\/damien-varaillon-trio\/\">Poursuivre la lecture <span class=\"screen-reader-text\">Damien Varaillon Trio<\/span><\/a><\/p>\n","protected":false},"author":3,"featured_media":4297,"template":"","meta":{"_tribe_events_status":"","_tribe_events_status_reason":"","_tribe_events_is_hybrid":"","_tribe_events_is_virtual":"","_tribe_events_virtual_video_source":"","_tribe_events_virtual_embed_video":"","_tribe_events_virtual_linked_button_text":"","_tribe_events_virtual_linked_button":"","_tribe_events_virtual_show_embed_at":"","_tribe_events_virtual_show_embed_to":[],"_tribe_events_virtual_show_on_event":"","_tribe_events_virtual_show_on_views":"","_tribe_events_virtual_url":"","footnotes":""},"tags":[],"tribe_events_cat":[88],"class_list":["post-4298","tribe_events","type-tribe_events","status-publish","has-post-thumbnail","hentry","tribe_events_cat-jazz-standard","cat_jazz-standard","entry"],"yoast_head":"<!-- This site is optimized with the Yoast SEO Premium plugin v24.3 (Yoast SEO v27.1.1) - https:\/\/yoast.com\/product\/yoast-seo-premium-wordpress\/ -->\n<title>Damien Varaillon Trio - Le Melville<\/title>\n<meta name=\"robots\" content=\"index, follow, max-snippet:-1, max-image-preview:large, max-video-preview:-1\" \/>\n<link rel=\"canonical\" href=\"https:\/\/lemelville.fr\/accueil\/evenements\/damien-varaillon-trio\/\" \/>\n<meta property=\"og:locale\" content=\"fr_FR\" \/>\n<meta property=\"og:type\" content=\"article\" \/>\n<meta property=\"og:title\" content=\"Damien Varaillon Trio\" \/>\n<meta property=\"og:description\" content=\"Trois virtuoses se rejoignent ce soir : Damien Varaillon, contrebassiste au parcours impressionnant; Jorge Vistel, trompettiste cubain inspir\u00e9 par le jazz contemporain; St\u00e9phane Asuar, batteur pr\u00e9cis au jeu moderne. Une&hellip; Poursuivre la lecture Damien Varaillon Trio\" \/>\n<meta property=\"og:url\" content=\"https:\/\/lemelville.fr\/accueil\/evenements\/damien-varaillon-trio\/\" \/>\n<meta property=\"og:site_name\" content=\"Le Melville\" \/>\n<meta property=\"article:publisher\" content=\"https:\/\/www.facebook.com\/people\/Le-Melville\/100085390055277\/\" \/>\n<meta property=\"og:image\" content=\"https:\/\/lemelville.fr\/wp-content\/uploads\/2025\/04\/Damien-Varaillon-trio-Affiche-NF-2.png\" \/>\n\t<meta property=\"og:image:width\" content=\"1280\" \/>\n\t<meta property=\"og:image:height\" content=\"800\" \/>\n\t<meta property=\"og:image:type\" content=\"image\/png\" \/>\n<meta name=\"twitter:card\" content=\"summary_large_image\" \/>\n<meta name=\"twitter:label1\" content=\"Dur\u00e9e de lecture estim\u00e9e\" \/>\n\t<meta name=\"twitter:data1\" content=\"2 minutes\" \/>\n<script type=\"application\/ld+json\" class=\"yoast-schema-graph\">{\"@context\":\"https:\/\/schema.org\",\"@graph\":[{\"@type\":\"WebPage\",\"@id\":\"https:\/\/lemelville.fr\/accueil\/evenements\/damien-varaillon-trio\/\",\"url\":\"https:\/\/lemelville.fr\/accueil\/evenements\/damien-varaillon-trio\/\",\"name\":\"Damien Varaillon Trio - Le Melville\",\"isPartOf\":{\"@id\":\"https:\/\/lemelville.fr\/accueil\/#website\"},\"primaryImageOfPage\":{\"@id\":\"https:\/\/lemelville.fr\/accueil\/evenements\/damien-varaillon-trio\/#primaryimage\"},\"image\":{\"@id\":\"https:\/\/lemelville.fr\/accueil\/evenements\/damien-varaillon-trio\/#primaryimage\"},\"thumbnailUrl\":\"https:\/\/lemelville.fr\/wp-content\/uploads\/2025\/04\/Damien-Varaillon-trio-Affiche-NF-2.png\",\"datePublished\":\"2025-04-26T15:54:01+00:00\",\"breadcrumb\":{\"@id\":\"https:\/\/lemelville.fr\/accueil\/evenements\/damien-varaillon-trio\/#breadcrumb\"},\"inLanguage\":\"fr-FR\",\"potentialAction\":[{\"@type\":\"ReadAction\",\"target\":[\"https:\/\/lemelville.fr\/accueil\/evenements\/damien-varaillon-trio\/\"]}]},{\"@type\":\"ImageObject\",\"inLanguage\":\"fr-FR\",\"@id\":\"https:\/\/lemelville.fr\/accueil\/evenements\/damien-varaillon-trio\/#primaryimage\",\"url\":\"https:\/\/lemelville.fr\/wp-content\/uploads\/2025\/04\/Damien-Varaillon-trio-Affiche-NF-2.png\",\"contentUrl\":\"https:\/\/lemelville.fr\/wp-content\/uploads\/2025\/04\/Damien-Varaillon-trio-Affiche-NF-2.png\",\"width\":1280,\"height\":800},{\"@type\":\"BreadcrumbList\",\"@id\":\"https:\/\/lemelville.fr\/accueil\/evenements\/damien-varaillon-trio\/#breadcrumb\",\"itemListElement\":[{\"@type\":\"ListItem\",\"position\":1,\"name\":\"Accueil\",\"item\":\"https:\/\/lemelville.fr\/accueil\/\"},{\"@type\":\"ListItem\",\"position\":2,\"name\":\"\u00c9v\u00e8nements\",\"item\":\"https:\/\/lemelville.fr\/accueil\/evenements\/\"},{\"@type\":\"ListItem\",\"position\":3,\"name\":\"Damien Varaillon Trio\"}]},{\"@type\":\"WebSite\",\"@id\":\"https:\/\/lemelville.fr\/accueil\/#website\",\"url\":\"https:\/\/lemelville.fr\/accueil\/\",\"name\":\"Le Melville\",\"description\":\"Le Melville c\u2019est l\u2019\u00e9clectisme dans les verres, les assiettes et dans les oreilles. Du Jazz, de la world Music, souvent en live, une carte \u00e9l\u00e9gante de mets \u00e0 picorer et des cocktails sur mesure, le tout dans un \u00e9crin de bois et de velours.\",\"publisher\":{\"@id\":\"https:\/\/lemelville.fr\/accueil\/#organization\"},\"potentialAction\":[{\"@type\":\"SearchAction\",\"target\":{\"@type\":\"EntryPoint\",\"urlTemplate\":\"https:\/\/lemelville.fr\/accueil\/?s={search_term_string}\"},\"query-input\":{\"@type\":\"PropertyValueSpecification\",\"valueRequired\":true,\"valueName\":\"search_term_string\"}}],\"inLanguage\":\"fr-FR\"},{\"@type\":\"Organization\",\"@id\":\"https:\/\/lemelville.fr\/accueil\/#organization\",\"name\":\"Le Melville\",\"url\":\"https:\/\/lemelville.fr\/accueil\/\",\"logo\":{\"@type\":\"ImageObject\",\"inLanguage\":\"fr-FR\",\"@id\":\"https:\/\/lemelville.fr\/accueil\/#\/schema\/logo\/image\/\",\"url\":\"https:\/\/lemelville.fr\/wp-content\/uploads\/2023\/09\/Logo-transparent-1-e1720022580951.png\",\"contentUrl\":\"https:\/\/lemelville.fr\/wp-content\/uploads\/2023\/09\/Logo-transparent-1-e1720022580951.png\",\"width\":2000,\"height\":656,\"caption\":\"Le Melville\"},\"image\":{\"@id\":\"https:\/\/lemelville.fr\/accueil\/#\/schema\/logo\/image\/\"},\"sameAs\":[\"https:\/\/www.facebook.com\/people\/Le-Melville\/100085390055277\/\",\"https:\/\/www.instagram.com\/lemelville_paris\/\"]}]}<\/script>\n<!-- \/ Yoast SEO Premium plugin. -->","yoast_head_json":{"title":"Damien Varaillon Trio - Le Melville","robots":{"index":"index","follow":"follow","max-snippet":"max-snippet:-1","max-image-preview":"max-image-preview:large","max-video-preview":"max-video-preview:-1"},"canonical":"https:\/\/lemelville.fr\/accueil\/evenements\/damien-varaillon-trio\/","og_locale":"fr_FR","og_type":"article","og_title":"Damien Varaillon Trio","og_description":"Trois virtuoses se rejoignent ce soir : Damien Varaillon, contrebassiste au parcours impressionnant; Jorge Vistel, trompettiste cubain inspir\u00e9 par le jazz contemporain; St\u00e9phane Asuar, batteur pr\u00e9cis au jeu moderne. Une&hellip; Poursuivre la lecture Damien Varaillon Trio","og_url":"https:\/\/lemelville.fr\/accueil\/evenements\/damien-varaillon-trio\/","og_site_name":"Le Melville","article_publisher":"https:\/\/www.facebook.com\/people\/Le-Melville\/100085390055277\/","og_image":[{"width":1280,"height":800,"url":"https:\/\/lemelville.fr\/wp-content\/uploads\/2025\/04\/Damien-Varaillon-trio-Affiche-NF-2.png","type":"image\/png"}],"twitter_card":"summary_large_image","twitter_misc":{"Dur\u00e9e de lecture estim\u00e9e":"2 minutes"},"schema":{"@context":"https:\/\/schema.org","@graph":[{"@type":"WebPage","@id":"https:\/\/lemelville.fr\/accueil\/evenements\/damien-varaillon-trio\/","url":"https:\/\/lemelville.fr\/accueil\/evenements\/damien-varaillon-trio\/","name":"Damien Varaillon Trio - Le Melville","isPartOf":{"@id":"https:\/\/lemelville.fr\/accueil\/#website"},"primaryImageOfPage":{"@id":"https:\/\/lemelville.fr\/accueil\/evenements\/damien-varaillon-trio\/#primaryimage"},"image":{"@id":"https:\/\/lemelville.fr\/accueil\/evenements\/damien-varaillon-trio\/#primaryimage"},"thumbnailUrl":"https:\/\/lemelville.fr\/wp-content\/uploads\/2025\/04\/Damien-Varaillon-trio-Affiche-NF-2.png","datePublished":"2025-04-26T15:54:01+00:00","breadcrumb":{"@id":"https:\/\/lemelville.fr\/accueil\/evenements\/damien-varaillon-trio\/#breadcrumb"},"inLanguage":"fr-FR","potentialAction":[{"@type":"ReadAction","target":["https:\/\/lemelville.fr\/accueil\/evenements\/damien-varaillon-trio\/"]}]},{"@type":"ImageObject","inLanguage":"fr-FR","@id":"https:\/\/lemelville.fr\/accueil\/evenements\/damien-varaillon-trio\/#primaryimage","url":"https:\/\/lemelville.fr\/wp-content\/uploads\/2025\/04\/Damien-Varaillon-trio-Affiche-NF-2.png","contentUrl":"https:\/\/lemelville.fr\/wp-content\/uploads\/2025\/04\/Damien-Varaillon-trio-Affiche-NF-2.png","width":1280,"height":800},{"@type":"BreadcrumbList","@id":"https:\/\/lemelville.fr\/accueil\/evenements\/damien-varaillon-trio\/#breadcrumb","itemListElement":[{"@type":"ListItem","position":1,"name":"Accueil","item":"https:\/\/lemelville.fr\/accueil\/"},{"@type":"ListItem","position":2,"name":"\u00c9v\u00e8nements","item":"https:\/\/lemelville.fr\/accueil\/evenements\/"},{"@type":"ListItem","position":3,"name":"Damien Varaillon Trio"}]},{"@type":"WebSite","@id":"https:\/\/lemelville.fr\/accueil\/#website","url":"https:\/\/lemelville.fr\/accueil\/","name":"Le Melville","description":"Le Melville c\u2019est l\u2019\u00e9clectisme dans les verres, les assiettes et dans les oreilles. Du Jazz, de la world Music, souvent en live, une carte \u00e9l\u00e9gante de mets \u00e0 picorer et des cocktails sur mesure, le tout dans un \u00e9crin de bois et de velours.","publisher":{"@id":"https:\/\/lemelville.fr\/accueil\/#organization"},"potentialAction":[{"@type":"SearchAction","target":{"@type":"EntryPoint","urlTemplate":"https:\/\/lemelville.fr\/accueil\/?s={search_term_string}"},"query-input":{"@type":"PropertyValueSpecification","valueRequired":true,"valueName":"search_term_string"}}],"inLanguage":"fr-FR"},{"@type":"Organization","@id":"https:\/\/lemelville.fr\/accueil\/#organization","name":"Le Melville","url":"https:\/\/lemelville.fr\/accueil\/","logo":{"@type":"ImageObject","inLanguage":"fr-FR","@id":"https:\/\/lemelville.fr\/accueil\/#\/schema\/logo\/image\/","url":"https:\/\/lemelville.fr\/wp-content\/uploads\/2023\/09\/Logo-transparent-1-e1720022580951.png","contentUrl":"https:\/\/lemelville.fr\/wp-content\/uploads\/2023\/09\/Logo-transparent-1-e1720022580951.png","width":2000,"height":656,"caption":"Le Melville"},"image":{"@id":"https:\/\/lemelville.fr\/accueil\/#\/schema\/logo\/image\/"},"sameAs":["https:\/\/www.facebook.com\/people\/Le-Melville\/100085390055277\/","https:\/\/www.instagram.com\/lemelville_paris\/"]}]}},"_links":{"self":[{"href":"https:\/\/lemelville.fr\/accueil\/wp-json\/wp\/v2\/tribe_events\/4298","targetHints":{"allow":["GET"]}}],"collection":[{"href":"https:\/\/lemelville.fr\/accueil\/wp-json\/wp\/v2\/tribe_events"}],"about":[{"href":"https:\/\/lemelville.fr\/accueil\/wp-json\/wp\/v2\/types\/tribe_events"}],"author":[{"embeddable":true,"href":"https:\/\/lemelville.fr\/accueil\/wp-json\/wp\/v2\/users\/3"}],"version-history":[{"count":0,"href":"https:\/\/lemelville.fr\/accueil\/wp-json\/wp\/v2\/tribe_events\/4298\/revisions"}],"wp:featuredmedia":[{"embeddable":true,"href":"https:\/\/lemelville.fr\/accueil\/wp-json\/wp\/v2\/media\/4297"}],"wp:attachment":[{"href":"https:\/\/lemelville.fr\/accueil\/wp-json\/wp\/v2\/media?parent=4298"}],"wp:term":[{"taxonomy":"post_tag","embeddable":true,"href":"https:\/\/lemelville.fr\/accueil\/wp-json\/wp\/v2\/tags?post=4298"},{"taxonomy":"tribe_events_cat","embeddable":true,"href":"https:\/\/lemelville.fr\/accueil\/wp-json\/wp\/v2\/tribe_events_cat?post=4298"}],"curies":[{"name":"wp","href":"https:\/\/api.w.org\/{rel}","templated":true}]}}