{"id":4323,"date":"2025-07-15T21:00:14","date_gmt":"2025-07-15T19:00:14","guid":{"rendered":"https:\/\/lemelville.fr\/evenements\/blue-moon-7\/"},"modified":"2025-07-16T16:45:33","modified_gmt":"2025-07-16T14:45:33","slug":"blue-moon-7","status":"publish","type":"tribe_events","link":"https:\/\/lemelville.fr\/accueil\/evenements\/blue-moon-7\/","title":{"rendered":"Blue Moon featuring Marc Berthoumieux"},"content":{"rendered":"<p>Plongez dans le monde envo\u00fbtant du jazz avec le quintet de Henry Kiesel, Bernard Faulon, Jean Bardy et Jonathan Orland. Ces l\u00e9gendes du jazz sont des experts dans l&#8217;art de rendre la musique vibrante et captivante. Un cocktail musical explosif vous attend !<\/p>\n<p>Il seront rejoints ce soir exceptionnel par Marc Berthoumieux.\u00a0Musicien reconnu de la sc\u00e8ne jazz, et aupr\u00e8s d&#8217;artistes tels que Charles Aznavour, Harry Belafonte, Maurane, Gilbert B\u00e9caud, \u00a0Andr\u00e9a Bocelli, Placido Domingo, Dee Dee Bridgewater , Zaz, Julien Clerc et beaucoup d\u2019autres, Marc Berthoumieux a forg\u00e9 son art, toujours avec une identit\u00e9 forte et instantan\u00e9ment reconnaissable.<\/p>\n<p>&nbsp;<\/p>\n<p>Les personnalit\u00e9s du quintet sont des l\u00e9gendes du jazz&#8230;<br \/>\nAu c\u00f4t\u00e9 de Henry Kiesel (contrebasse),<br \/>\nBernard Faulon piano (qui est aussi le patron du Studio de Meudon o\u00f9 ont enregistr\u00e9 et enregistrent les plus grands du Jazz),<br \/>\nJean Bardy, Trump et Bass, sideman des plus grands depuis toujours (a jou\u00e9 avec des musiciens comme Chet Baker, Sonny Stitt, Johnny Griffin, Jimmy Cobb, Nat Adderley, Roy Haynes, Georges Arvanitas, Robin Monsanti, Andr\u00e9 Ceccarelli, Alain Jean-Marie, Jean-Loup Longnon, Richard Galliano, \u00c9lisabeth Kontomanou, Dee Dee Bridgewater, Pepper Adams, Kenny Clarke, Glenn Ferris, Sara Lazarus, Flavio Boltro, Fran\u00e7ois Chassagnite, Paolo Fresu&#8230;),<br \/>\nJonathan Orland Sax (vient de faire un 5eme abum avec Jean-Michel Pilck).<\/p>\n<p>Henry Kisiel : contrebasse<br \/>\nBernard Faulon : piano<br \/>\nJonhatan Orland : sax<br \/>\nJean Bardy : trompette<\/p>\n","protected":false},"excerpt":{"rendered":"<p>Plongez dans le monde envo\u00fbtant du jazz avec le quintet de Henry Kiesel, Bernard Faulon, Jean Bardy et Jonathan Orland. Ces l\u00e9gendes du jazz sont des experts dans l&#8217;art de&hellip; <a class=\"more-link\" href=\"https:\/\/lemelville.fr\/accueil\/evenements\/blue-moon-7\/\">Poursuivre la lecture <span class=\"screen-reader-text\">Blue Moon featuring Marc Berthoumieux<\/span><\/a><\/p>\n","protected":false},"author":3,"featured_media":4322,"template":"","meta":{"_tribe_events_status":"","_tribe_events_status_reason":"","_tribe_events_is_hybrid":"","_tribe_events_is_virtual":"","_tribe_events_virtual_video_source":"","_tribe_events_virtual_embed_video":"","_tribe_events_virtual_linked_button_text":"","_tribe_events_virtual_linked_button":"","_tribe_events_virtual_show_embed_at":"","_tribe_events_virtual_show_embed_to":[],"_tribe_events_virtual_show_on_event":"","_tribe_events_virtual_show_on_views":"","_tribe_events_virtual_url":"","footnotes":""},"tags":[147],"tribe_events_cat":[88],"class_list":["post-4323","tribe_events","type-tribe_events","status-publish","has-post-thumbnail","hentry","tag-bagatelle","tribe_events_cat-jazz-standard","cat_jazz-standard","entry"],"yoast_head":"<!-- This site is optimized with the Yoast SEO Premium plugin v24.3 (Yoast SEO v27.1.1) - https:\/\/yoast.com\/product\/yoast-seo-premium-wordpress\/ -->\n<title>Blue Moon featuring Marc Berthoumieux - Le Melville<\/title>\n<meta name=\"robots\" content=\"index, follow, max-snippet:-1, max-image-preview:large, max-video-preview:-1\" \/>\n<link rel=\"canonical\" href=\"https:\/\/lemelville.fr\/accueil\/evenements\/blue-moon-7\/\" \/>\n<meta property=\"og:locale\" content=\"fr_FR\" \/>\n<meta property=\"og:type\" content=\"article\" \/>\n<meta property=\"og:title\" content=\"Blue Moon featuring Marc Berthoumieux\" \/>\n<meta property=\"og:description\" content=\"Plongez dans le monde envo\u00fbtant du jazz avec le quintet de Henry Kiesel, Bernard Faulon, Jean Bardy et Jonathan Orland. Ces l\u00e9gendes du jazz sont des experts dans l&#8217;art de&hellip; Poursuivre la lecture Blue Moon featuring Marc Berthoumieux\" \/>\n<meta property=\"og:url\" content=\"https:\/\/lemelville.fr\/accueil\/evenements\/blue-moon-7\/\" \/>\n<meta property=\"og:site_name\" content=\"Le Melville\" \/>\n<meta property=\"article:publisher\" content=\"https:\/\/www.facebook.com\/people\/Le-Melville\/100085390055277\/\" \/>\n<meta property=\"article:modified_time\" content=\"2025-07-16T14:45:33+00:00\" \/>\n<meta property=\"og:image\" content=\"http:\/\/lemelville.fr\/wp-content\/uploads\/2025\/05\/Blue-Moon-Bagatelle-Affiche.png\" \/>\n\t<meta property=\"og:image:width\" content=\"1280\" \/>\n\t<meta property=\"og:image:height\" content=\"800\" \/>\n\t<meta property=\"og:image:type\" content=\"image\/png\" \/>\n<meta name=\"twitter:card\" content=\"summary_large_image\" \/>\n<meta name=\"twitter:label1\" content=\"Dur\u00e9e de lecture estim\u00e9e\" \/>\n\t<meta name=\"twitter:data1\" content=\"2 minutes\" \/>\n<script type=\"application\/ld+json\" class=\"yoast-schema-graph\">{\"@context\":\"https:\/\/schema.org\",\"@graph\":[{\"@type\":\"WebPage\",\"@id\":\"https:\/\/lemelville.fr\/accueil\/evenements\/blue-moon-7\/\",\"url\":\"https:\/\/lemelville.fr\/accueil\/evenements\/blue-moon-7\/\",\"name\":\"Blue Moon featuring Marc Berthoumieux - Le Melville\",\"isPartOf\":{\"@id\":\"https:\/\/lemelville.fr\/accueil\/#website\"},\"primaryImageOfPage\":{\"@id\":\"https:\/\/lemelville.fr\/accueil\/evenements\/blue-moon-7\/#primaryimage\"},\"image\":{\"@id\":\"https:\/\/lemelville.fr\/accueil\/evenements\/blue-moon-7\/#primaryimage\"},\"thumbnailUrl\":\"https:\/\/lemelville.fr\/wp-content\/uploads\/2025\/05\/Blue-Moon-Bagatelle-Affiche.png\",\"datePublished\":\"2025-07-15T19:00:14+00:00\",\"dateModified\":\"2025-07-16T14:45:33+00:00\",\"breadcrumb\":{\"@id\":\"https:\/\/lemelville.fr\/accueil\/evenements\/blue-moon-7\/#breadcrumb\"},\"inLanguage\":\"fr-FR\",\"potentialAction\":[{\"@type\":\"ReadAction\",\"target\":[\"https:\/\/lemelville.fr\/accueil\/evenements\/blue-moon-7\/\"]}]},{\"@type\":\"ImageObject\",\"inLanguage\":\"fr-FR\",\"@id\":\"https:\/\/lemelville.fr\/accueil\/evenements\/blue-moon-7\/#primaryimage\",\"url\":\"https:\/\/lemelville.fr\/wp-content\/uploads\/2025\/05\/Blue-Moon-Bagatelle-Affiche.png\",\"contentUrl\":\"https:\/\/lemelville.fr\/wp-content\/uploads\/2025\/05\/Blue-Moon-Bagatelle-Affiche.png\",\"width\":1280,\"height\":800},{\"@type\":\"BreadcrumbList\",\"@id\":\"https:\/\/lemelville.fr\/accueil\/evenements\/blue-moon-7\/#breadcrumb\",\"itemListElement\":[{\"@type\":\"ListItem\",\"position\":1,\"name\":\"Accueil\",\"item\":\"https:\/\/lemelville.fr\/accueil\/\"},{\"@type\":\"ListItem\",\"position\":2,\"name\":\"\u00c9v\u00e8nements\",\"item\":\"https:\/\/lemelville.fr\/accueil\/evenements\/\"},{\"@type\":\"ListItem\",\"position\":3,\"name\":\"Blue Moon featuring Marc Berthoumieux\"}]},{\"@type\":\"WebSite\",\"@id\":\"https:\/\/lemelville.fr\/accueil\/#website\",\"url\":\"https:\/\/lemelville.fr\/accueil\/\",\"name\":\"Le Melville\",\"description\":\"Le Melville c\u2019est l\u2019\u00e9clectisme dans les verres, les assiettes et dans les oreilles. Du Jazz, de la world Music, souvent en live, une carte \u00e9l\u00e9gante de mets \u00e0 picorer et des cocktails sur mesure, le tout dans un \u00e9crin de bois et de velours.\",\"publisher\":{\"@id\":\"https:\/\/lemelville.fr\/accueil\/#organization\"},\"potentialAction\":[{\"@type\":\"SearchAction\",\"target\":{\"@type\":\"EntryPoint\",\"urlTemplate\":\"https:\/\/lemelville.fr\/accueil\/?s={search_term_string}\"},\"query-input\":{\"@type\":\"PropertyValueSpecification\",\"valueRequired\":true,\"valueName\":\"search_term_string\"}}],\"inLanguage\":\"fr-FR\"},{\"@type\":\"Organization\",\"@id\":\"https:\/\/lemelville.fr\/accueil\/#organization\",\"name\":\"Le Melville\",\"url\":\"https:\/\/lemelville.fr\/accueil\/\",\"logo\":{\"@type\":\"ImageObject\",\"inLanguage\":\"fr-FR\",\"@id\":\"https:\/\/lemelville.fr\/accueil\/#\/schema\/logo\/image\/\",\"url\":\"https:\/\/lemelville.fr\/wp-content\/uploads\/2023\/09\/Logo-transparent-1-e1720022580951.png\",\"contentUrl\":\"https:\/\/lemelville.fr\/wp-content\/uploads\/2023\/09\/Logo-transparent-1-e1720022580951.png\",\"width\":2000,\"height\":656,\"caption\":\"Le Melville\"},\"image\":{\"@id\":\"https:\/\/lemelville.fr\/accueil\/#\/schema\/logo\/image\/\"},\"sameAs\":[\"https:\/\/www.facebook.com\/people\/Le-Melville\/100085390055277\/\",\"https:\/\/www.instagram.com\/lemelville_paris\/\"]}]}<\/script>\n<!-- \/ Yoast SEO Premium plugin. -->","yoast_head_json":{"title":"Blue Moon featuring Marc Berthoumieux - Le Melville","robots":{"index":"index","follow":"follow","max-snippet":"max-snippet:-1","max-image-preview":"max-image-preview:large","max-video-preview":"max-video-preview:-1"},"canonical":"https:\/\/lemelville.fr\/accueil\/evenements\/blue-moon-7\/","og_locale":"fr_FR","og_type":"article","og_title":"Blue Moon featuring Marc Berthoumieux","og_description":"Plongez dans le monde envo\u00fbtant du jazz avec le quintet de Henry Kiesel, Bernard Faulon, Jean Bardy et Jonathan Orland. Ces l\u00e9gendes du jazz sont des experts dans l&#8217;art de&hellip; Poursuivre la lecture Blue Moon featuring Marc Berthoumieux","og_url":"https:\/\/lemelville.fr\/accueil\/evenements\/blue-moon-7\/","og_site_name":"Le Melville","article_publisher":"https:\/\/www.facebook.com\/people\/Le-Melville\/100085390055277\/","article_modified_time":"2025-07-16T14:45:33+00:00","og_image":[{"width":1280,"height":800,"url":"http:\/\/lemelville.fr\/wp-content\/uploads\/2025\/05\/Blue-Moon-Bagatelle-Affiche.png","type":"image\/png"}],"twitter_card":"summary_large_image","twitter_misc":{"Dur\u00e9e de lecture estim\u00e9e":"2 minutes"},"schema":{"@context":"https:\/\/schema.org","@graph":[{"@type":"WebPage","@id":"https:\/\/lemelville.fr\/accueil\/evenements\/blue-moon-7\/","url":"https:\/\/lemelville.fr\/accueil\/evenements\/blue-moon-7\/","name":"Blue Moon featuring Marc Berthoumieux - Le Melville","isPartOf":{"@id":"https:\/\/lemelville.fr\/accueil\/#website"},"primaryImageOfPage":{"@id":"https:\/\/lemelville.fr\/accueil\/evenements\/blue-moon-7\/#primaryimage"},"image":{"@id":"https:\/\/lemelville.fr\/accueil\/evenements\/blue-moon-7\/#primaryimage"},"thumbnailUrl":"https:\/\/lemelville.fr\/wp-content\/uploads\/2025\/05\/Blue-Moon-Bagatelle-Affiche.png","datePublished":"2025-07-15T19:00:14+00:00","dateModified":"2025-07-16T14:45:33+00:00","breadcrumb":{"@id":"https:\/\/lemelville.fr\/accueil\/evenements\/blue-moon-7\/#breadcrumb"},"inLanguage":"fr-FR","potentialAction":[{"@type":"ReadAction","target":["https:\/\/lemelville.fr\/accueil\/evenements\/blue-moon-7\/"]}]},{"@type":"ImageObject","inLanguage":"fr-FR","@id":"https:\/\/lemelville.fr\/accueil\/evenements\/blue-moon-7\/#primaryimage","url":"https:\/\/lemelville.fr\/wp-content\/uploads\/2025\/05\/Blue-Moon-Bagatelle-Affiche.png","contentUrl":"https:\/\/lemelville.fr\/wp-content\/uploads\/2025\/05\/Blue-Moon-Bagatelle-Affiche.png","width":1280,"height":800},{"@type":"BreadcrumbList","@id":"https:\/\/lemelville.fr\/accueil\/evenements\/blue-moon-7\/#breadcrumb","itemListElement":[{"@type":"ListItem","position":1,"name":"Accueil","item":"https:\/\/lemelville.fr\/accueil\/"},{"@type":"ListItem","position":2,"name":"\u00c9v\u00e8nements","item":"https:\/\/lemelville.fr\/accueil\/evenements\/"},{"@type":"ListItem","position":3,"name":"Blue Moon featuring Marc Berthoumieux"}]},{"@type":"WebSite","@id":"https:\/\/lemelville.fr\/accueil\/#website","url":"https:\/\/lemelville.fr\/accueil\/","name":"Le Melville","description":"Le Melville c\u2019est l\u2019\u00e9clectisme dans les verres, les assiettes et dans les oreilles. Du Jazz, de la world Music, souvent en live, une carte \u00e9l\u00e9gante de mets \u00e0 picorer et des cocktails sur mesure, le tout dans un \u00e9crin de bois et de velours.","publisher":{"@id":"https:\/\/lemelville.fr\/accueil\/#organization"},"potentialAction":[{"@type":"SearchAction","target":{"@type":"EntryPoint","urlTemplate":"https:\/\/lemelville.fr\/accueil\/?s={search_term_string}"},"query-input":{"@type":"PropertyValueSpecification","valueRequired":true,"valueName":"search_term_string"}}],"inLanguage":"fr-FR"},{"@type":"Organization","@id":"https:\/\/lemelville.fr\/accueil\/#organization","name":"Le Melville","url":"https:\/\/lemelville.fr\/accueil\/","logo":{"@type":"ImageObject","inLanguage":"fr-FR","@id":"https:\/\/lemelville.fr\/accueil\/#\/schema\/logo\/image\/","url":"https:\/\/lemelville.fr\/wp-content\/uploads\/2023\/09\/Logo-transparent-1-e1720022580951.png","contentUrl":"https:\/\/lemelville.fr\/wp-content\/uploads\/2023\/09\/Logo-transparent-1-e1720022580951.png","width":2000,"height":656,"caption":"Le Melville"},"image":{"@id":"https:\/\/lemelville.fr\/accueil\/#\/schema\/logo\/image\/"},"sameAs":["https:\/\/www.facebook.com\/people\/Le-Melville\/100085390055277\/","https:\/\/www.instagram.com\/lemelville_paris\/"]}]}},"_links":{"self":[{"href":"https:\/\/lemelville.fr\/accueil\/wp-json\/wp\/v2\/tribe_events\/4323","targetHints":{"allow":["GET"]}}],"collection":[{"href":"https:\/\/lemelville.fr\/accueil\/wp-json\/wp\/v2\/tribe_events"}],"about":[{"href":"https:\/\/lemelville.fr\/accueil\/wp-json\/wp\/v2\/types\/tribe_events"}],"author":[{"embeddable":true,"href":"https:\/\/lemelville.fr\/accueil\/wp-json\/wp\/v2\/users\/3"}],"version-history":[{"count":3,"href":"https:\/\/lemelville.fr\/accueil\/wp-json\/wp\/v2\/tribe_events\/4323\/revisions"}],"predecessor-version":[{"id":4545,"href":"https:\/\/lemelville.fr\/accueil\/wp-json\/wp\/v2\/tribe_events\/4323\/revisions\/4545"}],"wp:featuredmedia":[{"embeddable":true,"href":"https:\/\/lemelville.fr\/accueil\/wp-json\/wp\/v2\/media\/4322"}],"wp:attachment":[{"href":"https:\/\/lemelville.fr\/accueil\/wp-json\/wp\/v2\/media?parent=4323"}],"wp:term":[{"taxonomy":"post_tag","embeddable":true,"href":"https:\/\/lemelville.fr\/accueil\/wp-json\/wp\/v2\/tags?post=4323"},{"taxonomy":"tribe_events_cat","embeddable":true,"href":"https:\/\/lemelville.fr\/accueil\/wp-json\/wp\/v2\/tribe_events_cat?post=4323"}],"curies":[{"name":"wp","href":"https:\/\/api.w.org\/{rel}","templated":true}]}}