{"id":5110,"date":"2025-11-12T19:32:08","date_gmt":"2025-11-12T18:32:08","guid":{"rendered":"https:\/\/lemelville.fr\/accueil\/evenements\/noe-huchard-solo\/"},"modified":"2025-11-12T19:32:08","modified_gmt":"2025-11-12T18:32:08","slug":"noe-huchard-solo","status":"publish","type":"tribe_events","link":"https:\/\/lemelville.fr\/accueil\/evenements\/noe-huchard-solo\/","title":{"rendered":"No\u00e9 Huchard Solo"},"content":{"rendered":"<p>No\u00e9 Huchard, jeune prodige du jazz fran\u00e7ais form\u00e9 au CNSM de Paris, rayonne avec ses performances aux c\u00f4t\u00e9s de grands noms comme Kurt Rosenwinkel. Couronn\u00e9 au Concours de piano Jazz Chorus, pr\u00e9sid\u00e9 par Martial Solal, il va enflammer nos oreilles avec la sortie imminente de son album &#8220;Young and Fine&#8221;<\/p>\n<p>No\u00e9 Huchard s\u2019impose comme l\u2019un des pianistes les plus prometteurs de la nouvelle g\u00e9n\u00e9ration du jazz fran\u00e7ais. Form\u00e9 au CNSM de Paris, il remporte en 2021 le Concours de piano Jazz Chorus \u00e0 Lausanne, pr\u00e9sid\u00e9 par Martial Solal. Il s\u2019est produit aux c\u00f4t\u00e9s de musiciens tels que Kurt Rosenwinkel, Rick Margitza ou St\u00e9phane Belmondo.<br \/>\nSon nouvel album Young and Fine para\u00eetra le 12 d\u00e9cembre 2025&#8230; dans 3 jours !<\/p>\n<p>No\u00e9 Huchard : piano<\/p>\n","protected":false},"excerpt":{"rendered":"<p>No\u00e9 Huchard, jeune prodige du jazz fran\u00e7ais form\u00e9 au CNSM de Paris, rayonne avec ses performances aux c\u00f4t\u00e9s de grands noms comme Kurt Rosenwinkel. Couronn\u00e9 au Concours de piano Jazz&hellip; <a class=\"more-link\" href=\"https:\/\/lemelville.fr\/accueil\/evenements\/noe-huchard-solo\/\">Poursuivre la lecture <span class=\"screen-reader-text\">No\u00e9 Huchard Solo<\/span><\/a><\/p>\n","protected":false},"author":3,"featured_media":5109,"template":"","meta":{"_tribe_events_status":"","_tribe_events_status_reason":"","_tribe_events_is_hybrid":"","_tribe_events_is_virtual":"","_tribe_events_virtual_video_source":"","_tribe_events_virtual_embed_video":"","_tribe_events_virtual_linked_button_text":"","_tribe_events_virtual_linked_button":"","_tribe_events_virtual_show_embed_at":"","_tribe_events_virtual_show_embed_to":[],"_tribe_events_virtual_show_on_event":"","_tribe_events_virtual_show_on_views":"","_tribe_events_virtual_url":"","footnotes":""},"tags":[],"tribe_events_cat":[146],"class_list":["post-5110","tribe_events","type-tribe_events","status-publish","has-post-thumbnail","hentry","tribe_events_cat-jazz","cat_jazz","entry"],"yoast_head":"<!-- This site is optimized with the Yoast SEO Premium plugin v24.3 (Yoast SEO v27.1.1) - https:\/\/yoast.com\/product\/yoast-seo-premium-wordpress\/ -->\n<title>No\u00e9 Huchard Solo - Le Melville<\/title>\n<meta name=\"robots\" content=\"index, follow, max-snippet:-1, max-image-preview:large, max-video-preview:-1\" \/>\n<link rel=\"canonical\" href=\"https:\/\/lemelville.fr\/accueil\/evenements\/noe-huchard-solo\/\" \/>\n<meta property=\"og:locale\" content=\"fr_FR\" \/>\n<meta property=\"og:type\" content=\"article\" \/>\n<meta property=\"og:title\" content=\"No\u00e9 Huchard Solo\" \/>\n<meta property=\"og:description\" content=\"No\u00e9 Huchard, jeune prodige du jazz fran\u00e7ais form\u00e9 au CNSM de Paris, rayonne avec ses performances aux c\u00f4t\u00e9s de grands noms comme Kurt Rosenwinkel. Couronn\u00e9 au Concours de piano Jazz&hellip; Poursuivre la lecture No\u00e9 Huchard Solo\" \/>\n<meta property=\"og:url\" content=\"https:\/\/lemelville.fr\/accueil\/evenements\/noe-huchard-solo\/\" \/>\n<meta property=\"og:site_name\" content=\"Le Melville\" \/>\n<meta property=\"article:publisher\" content=\"https:\/\/www.facebook.com\/people\/Le-Melville\/100085390055277\/\" \/>\n<meta name=\"twitter:card\" content=\"summary_large_image\" \/>\n<meta name=\"twitter:label1\" content=\"Dur\u00e9e de lecture estim\u00e9e\" \/>\n\t<meta name=\"twitter:data1\" content=\"1 minute\" \/>\n<script type=\"application\/ld+json\" class=\"yoast-schema-graph\">{\"@context\":\"https:\/\/schema.org\",\"@graph\":[{\"@type\":\"WebPage\",\"@id\":\"https:\/\/lemelville.fr\/accueil\/evenements\/noe-huchard-solo\/\",\"url\":\"https:\/\/lemelville.fr\/accueil\/evenements\/noe-huchard-solo\/\",\"name\":\"No\u00e9 Huchard Solo - Le Melville\",\"isPartOf\":{\"@id\":\"https:\/\/lemelville.fr\/accueil\/#website\"},\"primaryImageOfPage\":{\"@id\":\"https:\/\/lemelville.fr\/accueil\/evenements\/noe-huchard-solo\/#primaryimage\"},\"image\":{\"@id\":\"https:\/\/lemelville.fr\/accueil\/evenements\/noe-huchard-solo\/#primaryimage\"},\"thumbnailUrl\":\"https:\/\/lemelville.fr\/wp-content\/uploads\/2025\/11\/Noe-Huchard-Solo-Affiche-NF.png\",\"datePublished\":\"2025-11-12T18:32:08+00:00\",\"breadcrumb\":{\"@id\":\"https:\/\/lemelville.fr\/accueil\/evenements\/noe-huchard-solo\/#breadcrumb\"},\"inLanguage\":\"fr-FR\",\"potentialAction\":[{\"@type\":\"ReadAction\",\"target\":[\"https:\/\/lemelville.fr\/accueil\/evenements\/noe-huchard-solo\/\"]}]},{\"@type\":\"ImageObject\",\"inLanguage\":\"fr-FR\",\"@id\":\"https:\/\/lemelville.fr\/accueil\/evenements\/noe-huchard-solo\/#primaryimage\",\"url\":\"https:\/\/lemelville.fr\/wp-content\/uploads\/2025\/11\/Noe-Huchard-Solo-Affiche-NF.png\",\"contentUrl\":\"https:\/\/lemelville.fr\/wp-content\/uploads\/2025\/11\/Noe-Huchard-Solo-Affiche-NF.png\",\"width\":1280,\"height\":800},{\"@type\":\"BreadcrumbList\",\"@id\":\"https:\/\/lemelville.fr\/accueil\/evenements\/noe-huchard-solo\/#breadcrumb\",\"itemListElement\":[{\"@type\":\"ListItem\",\"position\":1,\"name\":\"Accueil\",\"item\":\"https:\/\/lemelville.fr\/accueil\/\"},{\"@type\":\"ListItem\",\"position\":2,\"name\":\"\u00c9v\u00e8nements\",\"item\":\"https:\/\/lemelville.fr\/accueil\/evenements\/\"},{\"@type\":\"ListItem\",\"position\":3,\"name\":\"No\u00e9 Huchard Solo\"}]},{\"@type\":\"WebSite\",\"@id\":\"https:\/\/lemelville.fr\/accueil\/#website\",\"url\":\"https:\/\/lemelville.fr\/accueil\/\",\"name\":\"Le Melville\",\"description\":\"Le Melville c\u2019est l\u2019\u00e9clectisme dans les verres, les assiettes et dans les oreilles. Du Jazz, de la world Music, souvent en live, une carte \u00e9l\u00e9gante de mets \u00e0 picorer et des cocktails sur mesure, le tout dans un \u00e9crin de bois et de velours.\",\"publisher\":{\"@id\":\"https:\/\/lemelville.fr\/accueil\/#organization\"},\"potentialAction\":[{\"@type\":\"SearchAction\",\"target\":{\"@type\":\"EntryPoint\",\"urlTemplate\":\"https:\/\/lemelville.fr\/accueil\/?s={search_term_string}\"},\"query-input\":{\"@type\":\"PropertyValueSpecification\",\"valueRequired\":true,\"valueName\":\"search_term_string\"}}],\"inLanguage\":\"fr-FR\"},{\"@type\":\"Organization\",\"@id\":\"https:\/\/lemelville.fr\/accueil\/#organization\",\"name\":\"Le Melville\",\"url\":\"https:\/\/lemelville.fr\/accueil\/\",\"logo\":{\"@type\":\"ImageObject\",\"inLanguage\":\"fr-FR\",\"@id\":\"https:\/\/lemelville.fr\/accueil\/#\/schema\/logo\/image\/\",\"url\":\"https:\/\/lemelville.fr\/wp-content\/uploads\/2023\/09\/Logo-transparent-1-e1720022580951.png\",\"contentUrl\":\"https:\/\/lemelville.fr\/wp-content\/uploads\/2023\/09\/Logo-transparent-1-e1720022580951.png\",\"width\":2000,\"height\":656,\"caption\":\"Le Melville\"},\"image\":{\"@id\":\"https:\/\/lemelville.fr\/accueil\/#\/schema\/logo\/image\/\"},\"sameAs\":[\"https:\/\/www.facebook.com\/people\/Le-Melville\/100085390055277\/\",\"https:\/\/www.instagram.com\/lemelville_paris\/\"]}]}<\/script>\n<!-- \/ Yoast SEO Premium plugin. -->","yoast_head_json":{"title":"No\u00e9 Huchard Solo - Le Melville","robots":{"index":"index","follow":"follow","max-snippet":"max-snippet:-1","max-image-preview":"max-image-preview:large","max-video-preview":"max-video-preview:-1"},"canonical":"https:\/\/lemelville.fr\/accueil\/evenements\/noe-huchard-solo\/","og_locale":"fr_FR","og_type":"article","og_title":"No\u00e9 Huchard Solo","og_description":"No\u00e9 Huchard, jeune prodige du jazz fran\u00e7ais form\u00e9 au CNSM de Paris, rayonne avec ses performances aux c\u00f4t\u00e9s de grands noms comme Kurt Rosenwinkel. Couronn\u00e9 au Concours de piano Jazz&hellip; Poursuivre la lecture No\u00e9 Huchard Solo","og_url":"https:\/\/lemelville.fr\/accueil\/evenements\/noe-huchard-solo\/","og_site_name":"Le Melville","article_publisher":"https:\/\/www.facebook.com\/people\/Le-Melville\/100085390055277\/","twitter_card":"summary_large_image","twitter_misc":{"Dur\u00e9e de lecture estim\u00e9e":"1 minute"},"schema":{"@context":"https:\/\/schema.org","@graph":[{"@type":"WebPage","@id":"https:\/\/lemelville.fr\/accueil\/evenements\/noe-huchard-solo\/","url":"https:\/\/lemelville.fr\/accueil\/evenements\/noe-huchard-solo\/","name":"No\u00e9 Huchard Solo - Le Melville","isPartOf":{"@id":"https:\/\/lemelville.fr\/accueil\/#website"},"primaryImageOfPage":{"@id":"https:\/\/lemelville.fr\/accueil\/evenements\/noe-huchard-solo\/#primaryimage"},"image":{"@id":"https:\/\/lemelville.fr\/accueil\/evenements\/noe-huchard-solo\/#primaryimage"},"thumbnailUrl":"https:\/\/lemelville.fr\/wp-content\/uploads\/2025\/11\/Noe-Huchard-Solo-Affiche-NF.png","datePublished":"2025-11-12T18:32:08+00:00","breadcrumb":{"@id":"https:\/\/lemelville.fr\/accueil\/evenements\/noe-huchard-solo\/#breadcrumb"},"inLanguage":"fr-FR","potentialAction":[{"@type":"ReadAction","target":["https:\/\/lemelville.fr\/accueil\/evenements\/noe-huchard-solo\/"]}]},{"@type":"ImageObject","inLanguage":"fr-FR","@id":"https:\/\/lemelville.fr\/accueil\/evenements\/noe-huchard-solo\/#primaryimage","url":"https:\/\/lemelville.fr\/wp-content\/uploads\/2025\/11\/Noe-Huchard-Solo-Affiche-NF.png","contentUrl":"https:\/\/lemelville.fr\/wp-content\/uploads\/2025\/11\/Noe-Huchard-Solo-Affiche-NF.png","width":1280,"height":800},{"@type":"BreadcrumbList","@id":"https:\/\/lemelville.fr\/accueil\/evenements\/noe-huchard-solo\/#breadcrumb","itemListElement":[{"@type":"ListItem","position":1,"name":"Accueil","item":"https:\/\/lemelville.fr\/accueil\/"},{"@type":"ListItem","position":2,"name":"\u00c9v\u00e8nements","item":"https:\/\/lemelville.fr\/accueil\/evenements\/"},{"@type":"ListItem","position":3,"name":"No\u00e9 Huchard Solo"}]},{"@type":"WebSite","@id":"https:\/\/lemelville.fr\/accueil\/#website","url":"https:\/\/lemelville.fr\/accueil\/","name":"Le Melville","description":"Le Melville c\u2019est l\u2019\u00e9clectisme dans les verres, les assiettes et dans les oreilles. Du Jazz, de la world Music, souvent en live, une carte \u00e9l\u00e9gante de mets \u00e0 picorer et des cocktails sur mesure, le tout dans un \u00e9crin de bois et de velours.","publisher":{"@id":"https:\/\/lemelville.fr\/accueil\/#organization"},"potentialAction":[{"@type":"SearchAction","target":{"@type":"EntryPoint","urlTemplate":"https:\/\/lemelville.fr\/accueil\/?s={search_term_string}"},"query-input":{"@type":"PropertyValueSpecification","valueRequired":true,"valueName":"search_term_string"}}],"inLanguage":"fr-FR"},{"@type":"Organization","@id":"https:\/\/lemelville.fr\/accueil\/#organization","name":"Le Melville","url":"https:\/\/lemelville.fr\/accueil\/","logo":{"@type":"ImageObject","inLanguage":"fr-FR","@id":"https:\/\/lemelville.fr\/accueil\/#\/schema\/logo\/image\/","url":"https:\/\/lemelville.fr\/wp-content\/uploads\/2023\/09\/Logo-transparent-1-e1720022580951.png","contentUrl":"https:\/\/lemelville.fr\/wp-content\/uploads\/2023\/09\/Logo-transparent-1-e1720022580951.png","width":2000,"height":656,"caption":"Le Melville"},"image":{"@id":"https:\/\/lemelville.fr\/accueil\/#\/schema\/logo\/image\/"},"sameAs":["https:\/\/www.facebook.com\/people\/Le-Melville\/100085390055277\/","https:\/\/www.instagram.com\/lemelville_paris\/"]}]}},"_links":{"self":[{"href":"https:\/\/lemelville.fr\/accueil\/wp-json\/wp\/v2\/tribe_events\/5110","targetHints":{"allow":["GET"]}}],"collection":[{"href":"https:\/\/lemelville.fr\/accueil\/wp-json\/wp\/v2\/tribe_events"}],"about":[{"href":"https:\/\/lemelville.fr\/accueil\/wp-json\/wp\/v2\/types\/tribe_events"}],"author":[{"embeddable":true,"href":"https:\/\/lemelville.fr\/accueil\/wp-json\/wp\/v2\/users\/3"}],"version-history":[{"count":0,"href":"https:\/\/lemelville.fr\/accueil\/wp-json\/wp\/v2\/tribe_events\/5110\/revisions"}],"wp:featuredmedia":[{"embeddable":true,"href":"https:\/\/lemelville.fr\/accueil\/wp-json\/wp\/v2\/media\/5109"}],"wp:attachment":[{"href":"https:\/\/lemelville.fr\/accueil\/wp-json\/wp\/v2\/media?parent=5110"}],"wp:term":[{"taxonomy":"post_tag","embeddable":true,"href":"https:\/\/lemelville.fr\/accueil\/wp-json\/wp\/v2\/tags?post=5110"},{"taxonomy":"tribe_events_cat","embeddable":true,"href":"https:\/\/lemelville.fr\/accueil\/wp-json\/wp\/v2\/tribe_events_cat?post=5110"}],"curies":[{"name":"wp","href":"https:\/\/api.w.org\/{rel}","templated":true}]}}