{"id":5876,"date":"2026-04-29T16:49:37","date_gmt":"2026-04-29T14:49:37","guid":{"rendered":"https:\/\/lemelville.fr\/accueil\/evenements\/theodore-kuzma-trio\/"},"modified":"2026-04-29T16:49:37","modified_gmt":"2026-04-29T14:49:37","slug":"theodore-kuzma-trio","status":"publish","type":"tribe_events","link":"https:\/\/lemelville.fr\/accueil\/evenements\/theodore-kuzma-trio\/","title":{"rendered":"Th\u00e9odore Kuzma Trio"},"content":{"rendered":"<p>\u00c0 Paris, le jeune pianiste Theodore Kuzma, expert en jazz, s&#8217;appr\u00eate \u00e0 enflammer la sc\u00e8ne avec son be-bop et ses standards. Accompagn\u00e9 des l\u00e9gendaires Thomas Bramerie \u00e0 la contrebasse et Francesco Ciniglio \u00e0 la batterie, ce concert promet d&#8217;\u00eatre \u00e9lectrisant ! <\/p>\n<p>Th\u00e9odore Kuzma est un jeune pianiste bas\u00e9 \u00e0 Paris. Il a beaucoup \u00e9tudi\u00e9 la tradition du jazz, et se r\u00e9f\u00e8re principalement au be-bop qu\u2019il a beaucoup \u00e9tudi\u00e9 mais poss\u00e8de aussi une connaissance large du jazz en jouant r\u00e9guli\u00e8rement pour des festivals parfois de swing ou d\u2019autres concerts plus modernes.<br \/>\nIl jouera principalement des standards, et sera accompagn\u00e9 de grands musiciens. Thomas Bramerie \u00e0 la contrebasse, qui a accompagn\u00e9 de tr\u00e8s grands noms du jazz aussi bien aux \u00c9tats-Unis qu\u2019\u00e0 New York et la batterie, Francesco Ciniglio, batteur de renom \u00e9galement. <\/p>\n<p>Th\u00e9odore Kuzma : piano<br \/>\nFrancesco Ciniglio : batterie<br \/>\nThomas Bramerie : basse<\/p>\n","protected":false},"excerpt":{"rendered":"<p>\u00c0 Paris, le jeune pianiste Theodore Kuzma, expert en jazz, s&#8217;appr\u00eate \u00e0 enflammer la sc\u00e8ne avec son be-bop et ses standards. Accompagn\u00e9 des l\u00e9gendaires Thomas Bramerie \u00e0 la contrebasse et&hellip; <a class=\"more-link\" href=\"https:\/\/lemelville.fr\/accueil\/evenements\/theodore-kuzma-trio\/\">Poursuivre la lecture <span class=\"screen-reader-text\">Th\u00e9odore Kuzma Trio<\/span><\/a><\/p>\n","protected":false},"author":3,"featured_media":5875,"template":"","meta":{"_tribe_events_status":"","_tribe_events_status_reason":"","_tribe_events_is_hybrid":"","_tribe_events_is_virtual":"","_tribe_events_virtual_video_source":"","_tribe_events_virtual_embed_video":"","_tribe_events_virtual_linked_button_text":"","_tribe_events_virtual_linked_button":"","_tribe_events_virtual_show_embed_at":"","_tribe_events_virtual_show_embed_to":[],"_tribe_events_virtual_show_on_event":"","_tribe_events_virtual_show_on_views":"","_tribe_events_virtual_url":"","footnotes":""},"tags":[],"tribe_events_cat":[146],"class_list":["post-5876","tribe_events","type-tribe_events","status-publish","has-post-thumbnail","hentry","tribe_events_cat-jazz","cat_jazz","entry"],"yoast_head":"<!-- This site is optimized with the Yoast SEO Premium plugin v24.3 (Yoast SEO v27.1.1) - https:\/\/yoast.com\/product\/yoast-seo-premium-wordpress\/ -->\n<title>Th\u00e9odore Kuzma Trio - Le Melville<\/title>\n<meta name=\"robots\" content=\"index, follow, max-snippet:-1, max-image-preview:large, max-video-preview:-1\" \/>\n<link rel=\"canonical\" href=\"https:\/\/lemelville.fr\/accueil\/evenements\/theodore-kuzma-trio\/\" \/>\n<meta property=\"og:locale\" content=\"fr_FR\" \/>\n<meta property=\"og:type\" content=\"article\" \/>\n<meta property=\"og:title\" content=\"Th\u00e9odore Kuzma Trio\" \/>\n<meta property=\"og:description\" content=\"\u00c0 Paris, le jeune pianiste Theodore Kuzma, expert en jazz, s&#8217;appr\u00eate \u00e0 enflammer la sc\u00e8ne avec son be-bop et ses standards. Accompagn\u00e9 des l\u00e9gendaires Thomas Bramerie \u00e0 la contrebasse et&hellip; Poursuivre la lecture Th\u00e9odore Kuzma Trio\" \/>\n<meta property=\"og:url\" content=\"https:\/\/lemelville.fr\/accueil\/evenements\/theodore-kuzma-trio\/\" \/>\n<meta property=\"og:site_name\" content=\"Le Melville\" \/>\n<meta property=\"article:publisher\" content=\"https:\/\/www.facebook.com\/people\/Le-Melville\/100085390055277\/\" \/>\n<meta name=\"twitter:card\" content=\"summary_large_image\" \/>\n<meta name=\"twitter:label1\" content=\"Dur\u00e9e de lecture estim\u00e9e\" \/>\n\t<meta name=\"twitter:data1\" content=\"1 minute\" \/>\n<script type=\"application\/ld+json\" class=\"yoast-schema-graph\">{\"@context\":\"https:\/\/schema.org\",\"@graph\":[{\"@type\":\"WebPage\",\"@id\":\"https:\/\/lemelville.fr\/accueil\/evenements\/theodore-kuzma-trio\/\",\"url\":\"https:\/\/lemelville.fr\/accueil\/evenements\/theodore-kuzma-trio\/\",\"name\":\"Th\u00e9odore Kuzma Trio - Le Melville\",\"isPartOf\":{\"@id\":\"https:\/\/lemelville.fr\/accueil\/#website\"},\"primaryImageOfPage\":{\"@id\":\"https:\/\/lemelville.fr\/accueil\/evenements\/theodore-kuzma-trio\/#primaryimage\"},\"image\":{\"@id\":\"https:\/\/lemelville.fr\/accueil\/evenements\/theodore-kuzma-trio\/#primaryimage\"},\"thumbnailUrl\":\"https:\/\/lemelville.fr\/wp-content\/uploads\/2026\/04\/Kuzma-Trio-Affiche-NF.png\",\"datePublished\":\"2026-04-29T14:49:37+00:00\",\"breadcrumb\":{\"@id\":\"https:\/\/lemelville.fr\/accueil\/evenements\/theodore-kuzma-trio\/#breadcrumb\"},\"inLanguage\":\"fr-FR\",\"potentialAction\":[{\"@type\":\"ReadAction\",\"target\":[\"https:\/\/lemelville.fr\/accueil\/evenements\/theodore-kuzma-trio\/\"]}]},{\"@type\":\"ImageObject\",\"inLanguage\":\"fr-FR\",\"@id\":\"https:\/\/lemelville.fr\/accueil\/evenements\/theodore-kuzma-trio\/#primaryimage\",\"url\":\"https:\/\/lemelville.fr\/wp-content\/uploads\/2026\/04\/Kuzma-Trio-Affiche-NF.png\",\"contentUrl\":\"https:\/\/lemelville.fr\/wp-content\/uploads\/2026\/04\/Kuzma-Trio-Affiche-NF.png\",\"width\":1280,\"height\":800},{\"@type\":\"BreadcrumbList\",\"@id\":\"https:\/\/lemelville.fr\/accueil\/evenements\/theodore-kuzma-trio\/#breadcrumb\",\"itemListElement\":[{\"@type\":\"ListItem\",\"position\":1,\"name\":\"Accueil\",\"item\":\"https:\/\/lemelville.fr\/accueil\/\"},{\"@type\":\"ListItem\",\"position\":2,\"name\":\"\u00c9v\u00e8nements\",\"item\":\"https:\/\/lemelville.fr\/accueil\/evenements\/\"},{\"@type\":\"ListItem\",\"position\":3,\"name\":\"Th\u00e9odore Kuzma Trio\"}]},{\"@type\":\"WebSite\",\"@id\":\"https:\/\/lemelville.fr\/accueil\/#website\",\"url\":\"https:\/\/lemelville.fr\/accueil\/\",\"name\":\"Le Melville\",\"description\":\"Le Melville c\u2019est l\u2019\u00e9clectisme dans les verres, les assiettes et dans les oreilles. Du Jazz, de la world Music, souvent en live, une carte \u00e9l\u00e9gante de mets \u00e0 picorer et des cocktails sur mesure, le tout dans un \u00e9crin de bois et de velours.\",\"publisher\":{\"@id\":\"https:\/\/lemelville.fr\/accueil\/#organization\"},\"potentialAction\":[{\"@type\":\"SearchAction\",\"target\":{\"@type\":\"EntryPoint\",\"urlTemplate\":\"https:\/\/lemelville.fr\/accueil\/?s={search_term_string}\"},\"query-input\":{\"@type\":\"PropertyValueSpecification\",\"valueRequired\":true,\"valueName\":\"search_term_string\"}}],\"inLanguage\":\"fr-FR\"},{\"@type\":\"Organization\",\"@id\":\"https:\/\/lemelville.fr\/accueil\/#organization\",\"name\":\"Le Melville\",\"url\":\"https:\/\/lemelville.fr\/accueil\/\",\"logo\":{\"@type\":\"ImageObject\",\"inLanguage\":\"fr-FR\",\"@id\":\"https:\/\/lemelville.fr\/accueil\/#\/schema\/logo\/image\/\",\"url\":\"https:\/\/lemelville.fr\/wp-content\/uploads\/2023\/09\/Logo-transparent-1-e1720022580951.png\",\"contentUrl\":\"https:\/\/lemelville.fr\/wp-content\/uploads\/2023\/09\/Logo-transparent-1-e1720022580951.png\",\"width\":2000,\"height\":656,\"caption\":\"Le Melville\"},\"image\":{\"@id\":\"https:\/\/lemelville.fr\/accueil\/#\/schema\/logo\/image\/\"},\"sameAs\":[\"https:\/\/www.facebook.com\/people\/Le-Melville\/100085390055277\/\",\"https:\/\/www.instagram.com\/lemelville_paris\/\"]}]}<\/script>\n<!-- \/ Yoast SEO Premium plugin. -->","yoast_head_json":{"title":"Th\u00e9odore Kuzma Trio - Le Melville","robots":{"index":"index","follow":"follow","max-snippet":"max-snippet:-1","max-image-preview":"max-image-preview:large","max-video-preview":"max-video-preview:-1"},"canonical":"https:\/\/lemelville.fr\/accueil\/evenements\/theodore-kuzma-trio\/","og_locale":"fr_FR","og_type":"article","og_title":"Th\u00e9odore Kuzma Trio","og_description":"\u00c0 Paris, le jeune pianiste Theodore Kuzma, expert en jazz, s&#8217;appr\u00eate \u00e0 enflammer la sc\u00e8ne avec son be-bop et ses standards. Accompagn\u00e9 des l\u00e9gendaires Thomas Bramerie \u00e0 la contrebasse et&hellip; Poursuivre la lecture Th\u00e9odore Kuzma Trio","og_url":"https:\/\/lemelville.fr\/accueil\/evenements\/theodore-kuzma-trio\/","og_site_name":"Le Melville","article_publisher":"https:\/\/www.facebook.com\/people\/Le-Melville\/100085390055277\/","twitter_card":"summary_large_image","twitter_misc":{"Dur\u00e9e de lecture estim\u00e9e":"1 minute"},"schema":{"@context":"https:\/\/schema.org","@graph":[{"@type":"WebPage","@id":"https:\/\/lemelville.fr\/accueil\/evenements\/theodore-kuzma-trio\/","url":"https:\/\/lemelville.fr\/accueil\/evenements\/theodore-kuzma-trio\/","name":"Th\u00e9odore Kuzma Trio - Le Melville","isPartOf":{"@id":"https:\/\/lemelville.fr\/accueil\/#website"},"primaryImageOfPage":{"@id":"https:\/\/lemelville.fr\/accueil\/evenements\/theodore-kuzma-trio\/#primaryimage"},"image":{"@id":"https:\/\/lemelville.fr\/accueil\/evenements\/theodore-kuzma-trio\/#primaryimage"},"thumbnailUrl":"https:\/\/lemelville.fr\/wp-content\/uploads\/2026\/04\/Kuzma-Trio-Affiche-NF.png","datePublished":"2026-04-29T14:49:37+00:00","breadcrumb":{"@id":"https:\/\/lemelville.fr\/accueil\/evenements\/theodore-kuzma-trio\/#breadcrumb"},"inLanguage":"fr-FR","potentialAction":[{"@type":"ReadAction","target":["https:\/\/lemelville.fr\/accueil\/evenements\/theodore-kuzma-trio\/"]}]},{"@type":"ImageObject","inLanguage":"fr-FR","@id":"https:\/\/lemelville.fr\/accueil\/evenements\/theodore-kuzma-trio\/#primaryimage","url":"https:\/\/lemelville.fr\/wp-content\/uploads\/2026\/04\/Kuzma-Trio-Affiche-NF.png","contentUrl":"https:\/\/lemelville.fr\/wp-content\/uploads\/2026\/04\/Kuzma-Trio-Affiche-NF.png","width":1280,"height":800},{"@type":"BreadcrumbList","@id":"https:\/\/lemelville.fr\/accueil\/evenements\/theodore-kuzma-trio\/#breadcrumb","itemListElement":[{"@type":"ListItem","position":1,"name":"Accueil","item":"https:\/\/lemelville.fr\/accueil\/"},{"@type":"ListItem","position":2,"name":"\u00c9v\u00e8nements","item":"https:\/\/lemelville.fr\/accueil\/evenements\/"},{"@type":"ListItem","position":3,"name":"Th\u00e9odore Kuzma Trio"}]},{"@type":"WebSite","@id":"https:\/\/lemelville.fr\/accueil\/#website","url":"https:\/\/lemelville.fr\/accueil\/","name":"Le Melville","description":"Le Melville c\u2019est l\u2019\u00e9clectisme dans les verres, les assiettes et dans les oreilles. Du Jazz, de la world Music, souvent en live, une carte \u00e9l\u00e9gante de mets \u00e0 picorer et des cocktails sur mesure, le tout dans un \u00e9crin de bois et de velours.","publisher":{"@id":"https:\/\/lemelville.fr\/accueil\/#organization"},"potentialAction":[{"@type":"SearchAction","target":{"@type":"EntryPoint","urlTemplate":"https:\/\/lemelville.fr\/accueil\/?s={search_term_string}"},"query-input":{"@type":"PropertyValueSpecification","valueRequired":true,"valueName":"search_term_string"}}],"inLanguage":"fr-FR"},{"@type":"Organization","@id":"https:\/\/lemelville.fr\/accueil\/#organization","name":"Le Melville","url":"https:\/\/lemelville.fr\/accueil\/","logo":{"@type":"ImageObject","inLanguage":"fr-FR","@id":"https:\/\/lemelville.fr\/accueil\/#\/schema\/logo\/image\/","url":"https:\/\/lemelville.fr\/wp-content\/uploads\/2023\/09\/Logo-transparent-1-e1720022580951.png","contentUrl":"https:\/\/lemelville.fr\/wp-content\/uploads\/2023\/09\/Logo-transparent-1-e1720022580951.png","width":2000,"height":656,"caption":"Le Melville"},"image":{"@id":"https:\/\/lemelville.fr\/accueil\/#\/schema\/logo\/image\/"},"sameAs":["https:\/\/www.facebook.com\/people\/Le-Melville\/100085390055277\/","https:\/\/www.instagram.com\/lemelville_paris\/"]}]}},"_links":{"self":[{"href":"https:\/\/lemelville.fr\/accueil\/wp-json\/wp\/v2\/tribe_events\/5876","targetHints":{"allow":["GET"]}}],"collection":[{"href":"https:\/\/lemelville.fr\/accueil\/wp-json\/wp\/v2\/tribe_events"}],"about":[{"href":"https:\/\/lemelville.fr\/accueil\/wp-json\/wp\/v2\/types\/tribe_events"}],"author":[{"embeddable":true,"href":"https:\/\/lemelville.fr\/accueil\/wp-json\/wp\/v2\/users\/3"}],"version-history":[{"count":0,"href":"https:\/\/lemelville.fr\/accueil\/wp-json\/wp\/v2\/tribe_events\/5876\/revisions"}],"wp:featuredmedia":[{"embeddable":true,"href":"https:\/\/lemelville.fr\/accueil\/wp-json\/wp\/v2\/media\/5875"}],"wp:attachment":[{"href":"https:\/\/lemelville.fr\/accueil\/wp-json\/wp\/v2\/media?parent=5876"}],"wp:term":[{"taxonomy":"post_tag","embeddable":true,"href":"https:\/\/lemelville.fr\/accueil\/wp-json\/wp\/v2\/tags?post=5876"},{"taxonomy":"tribe_events_cat","embeddable":true,"href":"https:\/\/lemelville.fr\/accueil\/wp-json\/wp\/v2\/tribe_events_cat?post=5876"}],"curies":[{"name":"wp","href":"https:\/\/api.w.org\/{rel}","templated":true}]}}