{"id":596,"date":"2023-10-06T17:03:01","date_gmt":"2023-10-06T15:03:01","guid":{"rendered":"https:\/\/lemelville.fr\/?post_type=tribe_events&#038;p=596"},"modified":"2024-06-11T12:02:53","modified_gmt":"2024-06-11T10:02:53","slug":"georgie-brown-et-leo-labarriere","status":"publish","type":"tribe_events","link":"https:\/\/lemelville.fr\/accueil\/evenements\/georgie-brown-et-leo-labarriere\/","title":{"rendered":"Georgie Brown et L\u00e9o Labarri\u00e8re"},"content":{"rendered":"<p><span class=\"TextRun SCXW224068305 BCX0\" lang=\"FR-FR\" xml:lang=\"FR-FR\" data-contrast=\"auto\"><span class=\"NormalTextRun SCXW224068305 BCX0\">Un duo d&#8217;une douceur infinie ! La voix chaude et pr\u00e9cise de <\/span><span class=\"NormalTextRun SpellingErrorV2Themed SCXW224068305 BCX0\">Georgie<\/span><span class=\"NormalTextRun SCXW224068305 BCX0\"> est merveilleusement port\u00e9e par le toucher d\u00e9licat de L\u00e9o au piano. Un duo d&#8217;une douceur infinie pour ce mardi soir au Melville. Apr\u00e8s avoir obtenu son dipl\u00f4me d&#8217;\u00e9tudes g\u00e9n\u00e9rales de musique avec <\/span><span class=\"NormalTextRun SpellingErrorV2Themed SCXW224068305 BCX0\">Berklee<\/span> <span class=\"NormalTextRun SpellingErrorV2Themed SCXW224068305 BCX0\">College<\/span><span class=\"NormalTextRun SCXW224068305 BCX0\"> of Music, <\/span><span class=\"NormalTextRun SpellingErrorV2Themed SCXW224068305 BCX0\">Georgie<\/span><span class=\"NormalTextRun SCXW224068305 BCX0\"> a \u00e9tudi\u00e9 pendant une ann\u00e9e au Cours Florent Musique. Elle se produit r\u00e9guli\u00e8rement et suscite une critique enthousiaste, saluant le talent de cette jeune artiste.<\/span><\/span><span class=\"EOP SCXW224068305 BCX0\" data-ccp-props=\"{}\">\u00a0<\/span><\/p>\n","protected":false},"excerpt":{"rendered":"<p>Un duo d&#8217;une douceur infinie ! La voix chaude et pr\u00e9cise de Georgie est merveilleusement port\u00e9e par le toucher d\u00e9licat de L\u00e9o au piano. Un duo d&#8217;une douceur infinie pour&hellip; <a class=\"more-link\" href=\"https:\/\/lemelville.fr\/accueil\/evenements\/georgie-brown-et-leo-labarriere\/\">Poursuivre la lecture <span class=\"screen-reader-text\">Georgie Brown et L\u00e9o Labarri\u00e8re<\/span><\/a><\/p>\n","protected":false},"author":1,"featured_media":597,"template":"","meta":{"_tribe_events_status":"","_tribe_events_status_reason":"","_tribe_events_is_hybrid":"","_tribe_events_is_virtual":"","_tribe_events_virtual_video_source":"","_tribe_events_virtual_embed_video":"","_tribe_events_virtual_linked_button_text":"","_tribe_events_virtual_linked_button":"","_tribe_events_virtual_show_embed_at":"","_tribe_events_virtual_show_embed_to":[],"_tribe_events_virtual_show_on_event":"","_tribe_events_virtual_show_on_views":"","_tribe_events_virtual_url":"","footnotes":""},"tags":[],"tribe_events_cat":[89],"class_list":["post-596","tribe_events","type-tribe_events","status-publish","has-post-thumbnail","hentry","tribe_events_cat-vocal-standard-jazz","cat_vocal-standard-jazz","entry"],"yoast_head":"<!-- This site is optimized with the Yoast SEO Premium plugin v24.3 (Yoast SEO v27.1.1) - https:\/\/yoast.com\/product\/yoast-seo-premium-wordpress\/ -->\n<title>Georgie Brown et L\u00e9o Labarri\u00e8re - Le Melville<\/title>\n<meta name=\"robots\" content=\"index, follow, max-snippet:-1, max-image-preview:large, max-video-preview:-1\" \/>\n<link rel=\"canonical\" href=\"https:\/\/lemelville.fr\/accueil\/evenements\/georgie-brown-et-leo-labarriere\/\" \/>\n<meta property=\"og:locale\" content=\"fr_FR\" \/>\n<meta property=\"og:type\" content=\"article\" \/>\n<meta property=\"og:title\" content=\"Georgie Brown et L\u00e9o Labarri\u00e8re\" \/>\n<meta property=\"og:description\" content=\"Un duo d&#8217;une douceur infinie ! La voix chaude et pr\u00e9cise de Georgie est merveilleusement port\u00e9e par le toucher d\u00e9licat de L\u00e9o au piano. Un duo d&#8217;une douceur infinie pour&hellip; Poursuivre la lecture Georgie Brown et L\u00e9o Labarri\u00e8re\" \/>\n<meta property=\"og:url\" content=\"https:\/\/lemelville.fr\/accueil\/evenements\/georgie-brown-et-leo-labarriere\/\" \/>\n<meta property=\"og:site_name\" content=\"Le Melville\" \/>\n<meta property=\"article:publisher\" content=\"https:\/\/www.facebook.com\/people\/Le-Melville\/100085390055277\/\" \/>\n<meta property=\"article:modified_time\" content=\"2024-06-11T10:02:53+00:00\" \/>\n<meta property=\"og:image\" content=\"https:\/\/lemelville.fr\/wp-content\/uploads\/2023\/10\/Georgie-Brown-et-Leo-Labarriere.png\" \/>\n\t<meta property=\"og:image:width\" content=\"1529\" \/>\n\t<meta property=\"og:image:height\" content=\"1081\" \/>\n\t<meta property=\"og:image:type\" content=\"image\/png\" \/>\n<meta name=\"twitter:card\" content=\"summary_large_image\" \/>\n<script type=\"application\/ld+json\" class=\"yoast-schema-graph\">{\"@context\":\"https:\/\/schema.org\",\"@graph\":[{\"@type\":\"WebPage\",\"@id\":\"https:\/\/lemelville.fr\/accueil\/evenements\/georgie-brown-et-leo-labarriere\/\",\"url\":\"https:\/\/lemelville.fr\/accueil\/evenements\/georgie-brown-et-leo-labarriere\/\",\"name\":\"Georgie Brown et L\u00e9o Labarri\u00e8re - Le Melville\",\"isPartOf\":{\"@id\":\"https:\/\/lemelville.fr\/accueil\/#website\"},\"primaryImageOfPage\":{\"@id\":\"https:\/\/lemelville.fr\/accueil\/evenements\/georgie-brown-et-leo-labarriere\/#primaryimage\"},\"image\":{\"@id\":\"https:\/\/lemelville.fr\/accueil\/evenements\/georgie-brown-et-leo-labarriere\/#primaryimage\"},\"thumbnailUrl\":\"https:\/\/lemelville.fr\/wp-content\/uploads\/2023\/10\/Georgie-Brown-et-Leo-Labarriere.png\",\"datePublished\":\"2023-10-06T15:03:01+00:00\",\"dateModified\":\"2024-06-11T10:02:53+00:00\",\"breadcrumb\":{\"@id\":\"https:\/\/lemelville.fr\/accueil\/evenements\/georgie-brown-et-leo-labarriere\/#breadcrumb\"},\"inLanguage\":\"fr-FR\",\"potentialAction\":[{\"@type\":\"ReadAction\",\"target\":[\"https:\/\/lemelville.fr\/accueil\/evenements\/georgie-brown-et-leo-labarriere\/\"]}]},{\"@type\":\"ImageObject\",\"inLanguage\":\"fr-FR\",\"@id\":\"https:\/\/lemelville.fr\/accueil\/evenements\/georgie-brown-et-leo-labarriere\/#primaryimage\",\"url\":\"https:\/\/lemelville.fr\/wp-content\/uploads\/2023\/10\/Georgie-Brown-et-Leo-Labarriere.png\",\"contentUrl\":\"https:\/\/lemelville.fr\/wp-content\/uploads\/2023\/10\/Georgie-Brown-et-Leo-Labarriere.png\",\"width\":1529,\"height\":1081},{\"@type\":\"BreadcrumbList\",\"@id\":\"https:\/\/lemelville.fr\/accueil\/evenements\/georgie-brown-et-leo-labarriere\/#breadcrumb\",\"itemListElement\":[{\"@type\":\"ListItem\",\"position\":1,\"name\":\"Accueil\",\"item\":\"https:\/\/lemelville.fr\/accueil\/\"},{\"@type\":\"ListItem\",\"position\":2,\"name\":\"\u00c9v\u00e8nements\",\"item\":\"https:\/\/lemelville.fr\/accueil\/evenements\/\"},{\"@type\":\"ListItem\",\"position\":3,\"name\":\"Georgie Brown et L\u00e9o Labarri\u00e8re\"}]},{\"@type\":\"WebSite\",\"@id\":\"https:\/\/lemelville.fr\/accueil\/#website\",\"url\":\"https:\/\/lemelville.fr\/accueil\/\",\"name\":\"Le Melville\",\"description\":\"Le Melville c\u2019est l\u2019\u00e9clectisme dans les verres, les assiettes et dans les oreilles. Du Jazz, de la world Music, souvent en live, une carte \u00e9l\u00e9gante de mets \u00e0 picorer et des cocktails sur mesure, le tout dans un \u00e9crin de bois et de velours.\",\"publisher\":{\"@id\":\"https:\/\/lemelville.fr\/accueil\/#organization\"},\"potentialAction\":[{\"@type\":\"SearchAction\",\"target\":{\"@type\":\"EntryPoint\",\"urlTemplate\":\"https:\/\/lemelville.fr\/accueil\/?s={search_term_string}\"},\"query-input\":{\"@type\":\"PropertyValueSpecification\",\"valueRequired\":true,\"valueName\":\"search_term_string\"}}],\"inLanguage\":\"fr-FR\"},{\"@type\":\"Organization\",\"@id\":\"https:\/\/lemelville.fr\/accueil\/#organization\",\"name\":\"Le Melville\",\"url\":\"https:\/\/lemelville.fr\/accueil\/\",\"logo\":{\"@type\":\"ImageObject\",\"inLanguage\":\"fr-FR\",\"@id\":\"https:\/\/lemelville.fr\/accueil\/#\/schema\/logo\/image\/\",\"url\":\"https:\/\/lemelville.fr\/wp-content\/uploads\/2023\/09\/Logo-transparent-1-e1720022580951.png\",\"contentUrl\":\"https:\/\/lemelville.fr\/wp-content\/uploads\/2023\/09\/Logo-transparent-1-e1720022580951.png\",\"width\":2000,\"height\":656,\"caption\":\"Le Melville\"},\"image\":{\"@id\":\"https:\/\/lemelville.fr\/accueil\/#\/schema\/logo\/image\/\"},\"sameAs\":[\"https:\/\/www.facebook.com\/people\/Le-Melville\/100085390055277\/\",\"https:\/\/www.instagram.com\/lemelville_paris\/\"]}]}<\/script>\n<!-- \/ Yoast SEO Premium plugin. -->","yoast_head_json":{"title":"Georgie Brown et L\u00e9o Labarri\u00e8re - Le Melville","robots":{"index":"index","follow":"follow","max-snippet":"max-snippet:-1","max-image-preview":"max-image-preview:large","max-video-preview":"max-video-preview:-1"},"canonical":"https:\/\/lemelville.fr\/accueil\/evenements\/georgie-brown-et-leo-labarriere\/","og_locale":"fr_FR","og_type":"article","og_title":"Georgie Brown et L\u00e9o Labarri\u00e8re","og_description":"Un duo d&#8217;une douceur infinie ! La voix chaude et pr\u00e9cise de Georgie est merveilleusement port\u00e9e par le toucher d\u00e9licat de L\u00e9o au piano. Un duo d&#8217;une douceur infinie pour&hellip; Poursuivre la lecture Georgie Brown et L\u00e9o Labarri\u00e8re","og_url":"https:\/\/lemelville.fr\/accueil\/evenements\/georgie-brown-et-leo-labarriere\/","og_site_name":"Le Melville","article_publisher":"https:\/\/www.facebook.com\/people\/Le-Melville\/100085390055277\/","article_modified_time":"2024-06-11T10:02:53+00:00","og_image":[{"width":1529,"height":1081,"url":"https:\/\/lemelville.fr\/wp-content\/uploads\/2023\/10\/Georgie-Brown-et-Leo-Labarriere.png","type":"image\/png"}],"twitter_card":"summary_large_image","schema":{"@context":"https:\/\/schema.org","@graph":[{"@type":"WebPage","@id":"https:\/\/lemelville.fr\/accueil\/evenements\/georgie-brown-et-leo-labarriere\/","url":"https:\/\/lemelville.fr\/accueil\/evenements\/georgie-brown-et-leo-labarriere\/","name":"Georgie Brown et L\u00e9o Labarri\u00e8re - Le Melville","isPartOf":{"@id":"https:\/\/lemelville.fr\/accueil\/#website"},"primaryImageOfPage":{"@id":"https:\/\/lemelville.fr\/accueil\/evenements\/georgie-brown-et-leo-labarriere\/#primaryimage"},"image":{"@id":"https:\/\/lemelville.fr\/accueil\/evenements\/georgie-brown-et-leo-labarriere\/#primaryimage"},"thumbnailUrl":"https:\/\/lemelville.fr\/wp-content\/uploads\/2023\/10\/Georgie-Brown-et-Leo-Labarriere.png","datePublished":"2023-10-06T15:03:01+00:00","dateModified":"2024-06-11T10:02:53+00:00","breadcrumb":{"@id":"https:\/\/lemelville.fr\/accueil\/evenements\/georgie-brown-et-leo-labarriere\/#breadcrumb"},"inLanguage":"fr-FR","potentialAction":[{"@type":"ReadAction","target":["https:\/\/lemelville.fr\/accueil\/evenements\/georgie-brown-et-leo-labarriere\/"]}]},{"@type":"ImageObject","inLanguage":"fr-FR","@id":"https:\/\/lemelville.fr\/accueil\/evenements\/georgie-brown-et-leo-labarriere\/#primaryimage","url":"https:\/\/lemelville.fr\/wp-content\/uploads\/2023\/10\/Georgie-Brown-et-Leo-Labarriere.png","contentUrl":"https:\/\/lemelville.fr\/wp-content\/uploads\/2023\/10\/Georgie-Brown-et-Leo-Labarriere.png","width":1529,"height":1081},{"@type":"BreadcrumbList","@id":"https:\/\/lemelville.fr\/accueil\/evenements\/georgie-brown-et-leo-labarriere\/#breadcrumb","itemListElement":[{"@type":"ListItem","position":1,"name":"Accueil","item":"https:\/\/lemelville.fr\/accueil\/"},{"@type":"ListItem","position":2,"name":"\u00c9v\u00e8nements","item":"https:\/\/lemelville.fr\/accueil\/evenements\/"},{"@type":"ListItem","position":3,"name":"Georgie Brown et L\u00e9o Labarri\u00e8re"}]},{"@type":"WebSite","@id":"https:\/\/lemelville.fr\/accueil\/#website","url":"https:\/\/lemelville.fr\/accueil\/","name":"Le Melville","description":"Le Melville c\u2019est l\u2019\u00e9clectisme dans les verres, les assiettes et dans les oreilles. Du Jazz, de la world Music, souvent en live, une carte \u00e9l\u00e9gante de mets \u00e0 picorer et des cocktails sur mesure, le tout dans un \u00e9crin de bois et de velours.","publisher":{"@id":"https:\/\/lemelville.fr\/accueil\/#organization"},"potentialAction":[{"@type":"SearchAction","target":{"@type":"EntryPoint","urlTemplate":"https:\/\/lemelville.fr\/accueil\/?s={search_term_string}"},"query-input":{"@type":"PropertyValueSpecification","valueRequired":true,"valueName":"search_term_string"}}],"inLanguage":"fr-FR"},{"@type":"Organization","@id":"https:\/\/lemelville.fr\/accueil\/#organization","name":"Le Melville","url":"https:\/\/lemelville.fr\/accueil\/","logo":{"@type":"ImageObject","inLanguage":"fr-FR","@id":"https:\/\/lemelville.fr\/accueil\/#\/schema\/logo\/image\/","url":"https:\/\/lemelville.fr\/wp-content\/uploads\/2023\/09\/Logo-transparent-1-e1720022580951.png","contentUrl":"https:\/\/lemelville.fr\/wp-content\/uploads\/2023\/09\/Logo-transparent-1-e1720022580951.png","width":2000,"height":656,"caption":"Le Melville"},"image":{"@id":"https:\/\/lemelville.fr\/accueil\/#\/schema\/logo\/image\/"},"sameAs":["https:\/\/www.facebook.com\/people\/Le-Melville\/100085390055277\/","https:\/\/www.instagram.com\/lemelville_paris\/"]}]}},"_links":{"self":[{"href":"https:\/\/lemelville.fr\/accueil\/wp-json\/wp\/v2\/tribe_events\/596","targetHints":{"allow":["GET"]}}],"collection":[{"href":"https:\/\/lemelville.fr\/accueil\/wp-json\/wp\/v2\/tribe_events"}],"about":[{"href":"https:\/\/lemelville.fr\/accueil\/wp-json\/wp\/v2\/types\/tribe_events"}],"author":[{"embeddable":true,"href":"https:\/\/lemelville.fr\/accueil\/wp-json\/wp\/v2\/users\/1"}],"version-history":[{"count":1,"href":"https:\/\/lemelville.fr\/accueil\/wp-json\/wp\/v2\/tribe_events\/596\/revisions"}],"predecessor-version":[{"id":598,"href":"https:\/\/lemelville.fr\/accueil\/wp-json\/wp\/v2\/tribe_events\/596\/revisions\/598"}],"wp:featuredmedia":[{"embeddable":true,"href":"https:\/\/lemelville.fr\/accueil\/wp-json\/wp\/v2\/media\/597"}],"wp:attachment":[{"href":"https:\/\/lemelville.fr\/accueil\/wp-json\/wp\/v2\/media?parent=596"}],"wp:term":[{"taxonomy":"post_tag","embeddable":true,"href":"https:\/\/lemelville.fr\/accueil\/wp-json\/wp\/v2\/tags?post=596"},{"taxonomy":"tribe_events_cat","embeddable":true,"href":"https:\/\/lemelville.fr\/accueil\/wp-json\/wp\/v2\/tribe_events_cat?post=596"}],"curies":[{"name":"wp","href":"https:\/\/api.w.org\/{rel}","templated":true}]}}