{"id":743,"date":"2023-11-04T15:59:18","date_gmt":"2023-11-04T14:59:18","guid":{"rendered":"https:\/\/lemelville.fr\/?post_type=tribe_events&#038;p=743"},"modified":"2024-06-11T12:05:13","modified_gmt":"2024-06-11T10:05:13","slug":"galawesh-friends-2","status":"publish","type":"tribe_events","link":"https:\/\/lemelville.fr\/accueil\/evenements\/galawesh-friends-2\/","title":{"rendered":"Galawesh &#038; Friends"},"content":{"rendered":"<p>Galawesh rejoint Square noon pour entra\u00eener les gar\u00e7ons vers le R&#8217;nB et la Soul.<br \/>\nSquare Noon, c&#8217;est Alexandre Lombard-Buffet, Axel Allright et Arthur Cayuelas, qui vitalisent leur musique comme aux premi\u00e8res heures du jazz.<br \/>\nLa joie communicative de ces amis de promo de l&#8217;Imep (Paris College of Music) fait vibrer le Melville sur des rythme\u00a0Soul\u00a0et\u00a0R&#8217;nB<\/p>\n","protected":false},"excerpt":{"rendered":"<p>Galawesh rejoint Square noon pour entra\u00eener les gar\u00e7ons vers le R&#8217;nB et la Soul. Square Noon, c&#8217;est Alexandre Lombard-Buffet, Axel Allright et Arthur Cayuelas, qui vitalisent leur musique comme aux&hellip; <a class=\"more-link\" href=\"https:\/\/lemelville.fr\/accueil\/evenements\/galawesh-friends-2\/\">Poursuivre la lecture <span class=\"screen-reader-text\">Galawesh &#038; Friends<\/span><\/a><\/p>\n","protected":false},"author":1,"featured_media":471,"template":"","meta":{"_tribe_events_status":"","_tribe_events_status_reason":"","_tribe_events_is_hybrid":"","_tribe_events_is_virtual":"","_tribe_events_virtual_video_source":"","_tribe_events_virtual_embed_video":"","_tribe_events_virtual_linked_button_text":"","_tribe_events_virtual_linked_button":"","_tribe_events_virtual_show_embed_at":"","_tribe_events_virtual_show_embed_to":[],"_tribe_events_virtual_show_on_event":"","_tribe_events_virtual_show_on_views":"","_tribe_events_virtual_url":"","footnotes":""},"tags":[],"tribe_events_cat":[89],"class_list":["post-743","tribe_events","type-tribe_events","status-publish","has-post-thumbnail","hentry","tribe_events_cat-vocal-standard-jazz","cat_vocal-standard-jazz","entry"],"yoast_head":"<!-- This site is optimized with the Yoast SEO Premium plugin v24.3 (Yoast SEO v27.1.1) - https:\/\/yoast.com\/product\/yoast-seo-premium-wordpress\/ -->\n<title>Galawesh &amp; Friends - Le Melville<\/title>\n<meta name=\"robots\" content=\"index, follow, max-snippet:-1, max-image-preview:large, max-video-preview:-1\" \/>\n<link rel=\"canonical\" href=\"https:\/\/lemelville.fr\/accueil\/evenements\/galawesh-friends-2\/\" \/>\n<meta property=\"og:locale\" content=\"fr_FR\" \/>\n<meta property=\"og:type\" content=\"article\" \/>\n<meta property=\"og:title\" content=\"Galawesh &amp; Friends\" \/>\n<meta property=\"og:description\" content=\"Galawesh rejoint Square noon pour entra\u00eener les gar\u00e7ons vers le R&#8217;nB et la Soul. Square Noon, c&#8217;est Alexandre Lombard-Buffet, Axel Allright et Arthur Cayuelas, qui vitalisent leur musique comme aux&hellip; Poursuivre la lecture Galawesh &#038; Friends\" \/>\n<meta property=\"og:url\" content=\"https:\/\/lemelville.fr\/accueil\/evenements\/galawesh-friends-2\/\" \/>\n<meta property=\"og:site_name\" content=\"Le Melville\" \/>\n<meta property=\"article:publisher\" content=\"https:\/\/www.facebook.com\/people\/Le-Melville\/100085390055277\/\" \/>\n<meta property=\"article:modified_time\" content=\"2024-06-11T10:05:13+00:00\" \/>\n<meta property=\"og:image\" content=\"http:\/\/lemelville.fr\/wp-content\/uploads\/2023\/09\/Galawesh.png\" \/>\n\t<meta property=\"og:image:width\" content=\"1529\" \/>\n\t<meta property=\"og:image:height\" content=\"1081\" \/>\n\t<meta property=\"og:image:type\" content=\"image\/png\" \/>\n<meta name=\"twitter:card\" content=\"summary_large_image\" \/>\n<script type=\"application\/ld+json\" class=\"yoast-schema-graph\">{\"@context\":\"https:\/\/schema.org\",\"@graph\":[{\"@type\":\"WebPage\",\"@id\":\"https:\/\/lemelville.fr\/accueil\/evenements\/galawesh-friends-2\/\",\"url\":\"https:\/\/lemelville.fr\/accueil\/evenements\/galawesh-friends-2\/\",\"name\":\"Galawesh & Friends - Le Melville\",\"isPartOf\":{\"@id\":\"https:\/\/lemelville.fr\/accueil\/#website\"},\"primaryImageOfPage\":{\"@id\":\"https:\/\/lemelville.fr\/accueil\/evenements\/galawesh-friends-2\/#primaryimage\"},\"image\":{\"@id\":\"https:\/\/lemelville.fr\/accueil\/evenements\/galawesh-friends-2\/#primaryimage\"},\"thumbnailUrl\":\"https:\/\/lemelville.fr\/wp-content\/uploads\/2023\/09\/Galawesh.png\",\"datePublished\":\"2023-11-04T14:59:18+00:00\",\"dateModified\":\"2024-06-11T10:05:13+00:00\",\"breadcrumb\":{\"@id\":\"https:\/\/lemelville.fr\/accueil\/evenements\/galawesh-friends-2\/#breadcrumb\"},\"inLanguage\":\"fr-FR\",\"potentialAction\":[{\"@type\":\"ReadAction\",\"target\":[\"https:\/\/lemelville.fr\/accueil\/evenements\/galawesh-friends-2\/\"]}]},{\"@type\":\"ImageObject\",\"inLanguage\":\"fr-FR\",\"@id\":\"https:\/\/lemelville.fr\/accueil\/evenements\/galawesh-friends-2\/#primaryimage\",\"url\":\"https:\/\/lemelville.fr\/wp-content\/uploads\/2023\/09\/Galawesh.png\",\"contentUrl\":\"https:\/\/lemelville.fr\/wp-content\/uploads\/2023\/09\/Galawesh.png\",\"width\":1529,\"height\":1081},{\"@type\":\"BreadcrumbList\",\"@id\":\"https:\/\/lemelville.fr\/accueil\/evenements\/galawesh-friends-2\/#breadcrumb\",\"itemListElement\":[{\"@type\":\"ListItem\",\"position\":1,\"name\":\"Accueil\",\"item\":\"https:\/\/lemelville.fr\/accueil\/\"},{\"@type\":\"ListItem\",\"position\":2,\"name\":\"\u00c9v\u00e8nements\",\"item\":\"https:\/\/lemelville.fr\/accueil\/evenements\/\"},{\"@type\":\"ListItem\",\"position\":3,\"name\":\"Galawesh &#038; Friends\"}]},{\"@type\":\"WebSite\",\"@id\":\"https:\/\/lemelville.fr\/accueil\/#website\",\"url\":\"https:\/\/lemelville.fr\/accueil\/\",\"name\":\"Le Melville\",\"description\":\"Le Melville c\u2019est l\u2019\u00e9clectisme dans les verres, les assiettes et dans les oreilles. Du Jazz, de la world Music, souvent en live, une carte \u00e9l\u00e9gante de mets \u00e0 picorer et des cocktails sur mesure, le tout dans un \u00e9crin de bois et de velours.\",\"publisher\":{\"@id\":\"https:\/\/lemelville.fr\/accueil\/#organization\"},\"potentialAction\":[{\"@type\":\"SearchAction\",\"target\":{\"@type\":\"EntryPoint\",\"urlTemplate\":\"https:\/\/lemelville.fr\/accueil\/?s={search_term_string}\"},\"query-input\":{\"@type\":\"PropertyValueSpecification\",\"valueRequired\":true,\"valueName\":\"search_term_string\"}}],\"inLanguage\":\"fr-FR\"},{\"@type\":\"Organization\",\"@id\":\"https:\/\/lemelville.fr\/accueil\/#organization\",\"name\":\"Le Melville\",\"url\":\"https:\/\/lemelville.fr\/accueil\/\",\"logo\":{\"@type\":\"ImageObject\",\"inLanguage\":\"fr-FR\",\"@id\":\"https:\/\/lemelville.fr\/accueil\/#\/schema\/logo\/image\/\",\"url\":\"https:\/\/lemelville.fr\/wp-content\/uploads\/2023\/09\/Logo-transparent-1-e1720022580951.png\",\"contentUrl\":\"https:\/\/lemelville.fr\/wp-content\/uploads\/2023\/09\/Logo-transparent-1-e1720022580951.png\",\"width\":2000,\"height\":656,\"caption\":\"Le Melville\"},\"image\":{\"@id\":\"https:\/\/lemelville.fr\/accueil\/#\/schema\/logo\/image\/\"},\"sameAs\":[\"https:\/\/www.facebook.com\/people\/Le-Melville\/100085390055277\/\",\"https:\/\/www.instagram.com\/lemelville_paris\/\"]}]}<\/script>\n<!-- \/ Yoast SEO Premium plugin. -->","yoast_head_json":{"title":"Galawesh & Friends - Le Melville","robots":{"index":"index","follow":"follow","max-snippet":"max-snippet:-1","max-image-preview":"max-image-preview:large","max-video-preview":"max-video-preview:-1"},"canonical":"https:\/\/lemelville.fr\/accueil\/evenements\/galawesh-friends-2\/","og_locale":"fr_FR","og_type":"article","og_title":"Galawesh & Friends","og_description":"Galawesh rejoint Square noon pour entra\u00eener les gar\u00e7ons vers le R&#8217;nB et la Soul. Square Noon, c&#8217;est Alexandre Lombard-Buffet, Axel Allright et Arthur Cayuelas, qui vitalisent leur musique comme aux&hellip; Poursuivre la lecture Galawesh &#038; Friends","og_url":"https:\/\/lemelville.fr\/accueil\/evenements\/galawesh-friends-2\/","og_site_name":"Le Melville","article_publisher":"https:\/\/www.facebook.com\/people\/Le-Melville\/100085390055277\/","article_modified_time":"2024-06-11T10:05:13+00:00","og_image":[{"width":1529,"height":1081,"url":"http:\/\/lemelville.fr\/wp-content\/uploads\/2023\/09\/Galawesh.png","type":"image\/png"}],"twitter_card":"summary_large_image","schema":{"@context":"https:\/\/schema.org","@graph":[{"@type":"WebPage","@id":"https:\/\/lemelville.fr\/accueil\/evenements\/galawesh-friends-2\/","url":"https:\/\/lemelville.fr\/accueil\/evenements\/galawesh-friends-2\/","name":"Galawesh & Friends - Le Melville","isPartOf":{"@id":"https:\/\/lemelville.fr\/accueil\/#website"},"primaryImageOfPage":{"@id":"https:\/\/lemelville.fr\/accueil\/evenements\/galawesh-friends-2\/#primaryimage"},"image":{"@id":"https:\/\/lemelville.fr\/accueil\/evenements\/galawesh-friends-2\/#primaryimage"},"thumbnailUrl":"https:\/\/lemelville.fr\/wp-content\/uploads\/2023\/09\/Galawesh.png","datePublished":"2023-11-04T14:59:18+00:00","dateModified":"2024-06-11T10:05:13+00:00","breadcrumb":{"@id":"https:\/\/lemelville.fr\/accueil\/evenements\/galawesh-friends-2\/#breadcrumb"},"inLanguage":"fr-FR","potentialAction":[{"@type":"ReadAction","target":["https:\/\/lemelville.fr\/accueil\/evenements\/galawesh-friends-2\/"]}]},{"@type":"ImageObject","inLanguage":"fr-FR","@id":"https:\/\/lemelville.fr\/accueil\/evenements\/galawesh-friends-2\/#primaryimage","url":"https:\/\/lemelville.fr\/wp-content\/uploads\/2023\/09\/Galawesh.png","contentUrl":"https:\/\/lemelville.fr\/wp-content\/uploads\/2023\/09\/Galawesh.png","width":1529,"height":1081},{"@type":"BreadcrumbList","@id":"https:\/\/lemelville.fr\/accueil\/evenements\/galawesh-friends-2\/#breadcrumb","itemListElement":[{"@type":"ListItem","position":1,"name":"Accueil","item":"https:\/\/lemelville.fr\/accueil\/"},{"@type":"ListItem","position":2,"name":"\u00c9v\u00e8nements","item":"https:\/\/lemelville.fr\/accueil\/evenements\/"},{"@type":"ListItem","position":3,"name":"Galawesh &#038; Friends"}]},{"@type":"WebSite","@id":"https:\/\/lemelville.fr\/accueil\/#website","url":"https:\/\/lemelville.fr\/accueil\/","name":"Le Melville","description":"Le Melville c\u2019est l\u2019\u00e9clectisme dans les verres, les assiettes et dans les oreilles. Du Jazz, de la world Music, souvent en live, une carte \u00e9l\u00e9gante de mets \u00e0 picorer et des cocktails sur mesure, le tout dans un \u00e9crin de bois et de velours.","publisher":{"@id":"https:\/\/lemelville.fr\/accueil\/#organization"},"potentialAction":[{"@type":"SearchAction","target":{"@type":"EntryPoint","urlTemplate":"https:\/\/lemelville.fr\/accueil\/?s={search_term_string}"},"query-input":{"@type":"PropertyValueSpecification","valueRequired":true,"valueName":"search_term_string"}}],"inLanguage":"fr-FR"},{"@type":"Organization","@id":"https:\/\/lemelville.fr\/accueil\/#organization","name":"Le Melville","url":"https:\/\/lemelville.fr\/accueil\/","logo":{"@type":"ImageObject","inLanguage":"fr-FR","@id":"https:\/\/lemelville.fr\/accueil\/#\/schema\/logo\/image\/","url":"https:\/\/lemelville.fr\/wp-content\/uploads\/2023\/09\/Logo-transparent-1-e1720022580951.png","contentUrl":"https:\/\/lemelville.fr\/wp-content\/uploads\/2023\/09\/Logo-transparent-1-e1720022580951.png","width":2000,"height":656,"caption":"Le Melville"},"image":{"@id":"https:\/\/lemelville.fr\/accueil\/#\/schema\/logo\/image\/"},"sameAs":["https:\/\/www.facebook.com\/people\/Le-Melville\/100085390055277\/","https:\/\/www.instagram.com\/lemelville_paris\/"]}]}},"_links":{"self":[{"href":"https:\/\/lemelville.fr\/accueil\/wp-json\/wp\/v2\/tribe_events\/743","targetHints":{"allow":["GET"]}}],"collection":[{"href":"https:\/\/lemelville.fr\/accueil\/wp-json\/wp\/v2\/tribe_events"}],"about":[{"href":"https:\/\/lemelville.fr\/accueil\/wp-json\/wp\/v2\/types\/tribe_events"}],"author":[{"embeddable":true,"href":"https:\/\/lemelville.fr\/accueil\/wp-json\/wp\/v2\/users\/1"}],"version-history":[{"count":1,"href":"https:\/\/lemelville.fr\/accueil\/wp-json\/wp\/v2\/tribe_events\/743\/revisions"}],"predecessor-version":[{"id":744,"href":"https:\/\/lemelville.fr\/accueil\/wp-json\/wp\/v2\/tribe_events\/743\/revisions\/744"}],"wp:featuredmedia":[{"embeddable":true,"href":"https:\/\/lemelville.fr\/accueil\/wp-json\/wp\/v2\/media\/471"}],"wp:attachment":[{"href":"https:\/\/lemelville.fr\/accueil\/wp-json\/wp\/v2\/media?parent=743"}],"wp:term":[{"taxonomy":"post_tag","embeddable":true,"href":"https:\/\/lemelville.fr\/accueil\/wp-json\/wp\/v2\/tags?post=743"},{"taxonomy":"tribe_events_cat","embeddable":true,"href":"https:\/\/lemelville.fr\/accueil\/wp-json\/wp\/v2\/tribe_events_cat?post=743"}],"curies":[{"name":"wp","href":"https:\/\/api.w.org\/{rel}","templated":true}]}}